{"id":6619,"date":"2023-05-27T13:22:43","date_gmt":"2023-05-27T13:22:43","guid":{"rendered":"https:\/\/naturliebeharz.gaeste-mappe.com\/?page_id=6619"},"modified":"2025-11-10T16:09:58","modified_gmt":"2025-11-10T16:09:58","slug":"sommerprogramm","status":"publish","type":"page","link":"https:\/\/haus-piesendorf.gaeste-mappe.at\/de\/sommerprogramm\/","title":{"rendered":"Sommerprogramm"},"content":{"rendered":"\t\t<div data-elementor-type=\"wp-page\" data-elementor-id=\"6619\" class=\"elementor elementor-6619\" data-elementor-post-type=\"page\">\n\t\t\t\t\t\t<section class=\"elementor-section elementor-top-section elementor-element elementor-element-56542d35 elementor-section-boxed elementor-section-height-default elementor-section-height-default\" data-id=\"56542d35\" data-element_type=\"section\" data-e-type=\"section\" id=\"maandag\" data-settings=\"{&quot;background_background&quot;:&quot;classic&quot;,&quot;sticky&quot;:&quot;top&quot;,&quot;sticky_on&quot;:[],&quot;sticky_offset&quot;:0,&quot;sticky_effects_offset&quot;:0,&quot;sticky_anchor_link_offset&quot;:0}\">\n\t\t\t\t\t\t<div class=\"elementor-container elementor-column-gap-default\">\n\t\t\t\t\t<div class=\"elementor-column elementor-col-100 elementor-top-column elementor-element elementor-element-7948b7df\" data-id=\"7948b7df\" data-element_type=\"column\" data-e-type=\"column\">\n\t\t\t<div class=\"elementor-widget-wrap elementor-element-populated\">\n\t\t\t\t\t\t<div class=\"elementor-element elementor-element-6dc74b20 kopf elementor-icon-list--layout-traditional elementor-list-item-link-full_width elementor-widget elementor-widget-icon-list\" data-id=\"6dc74b20\" data-element_type=\"widget\" data-e-type=\"widget\" data-widget_type=\"icon-list.default\">\n\t\t\t\t<div class=\"elementor-widget-container\">\n\t\t\t\t\t\t\t<ul class=\"elementor-icon-list-items\">\n\t\t\t\t\t\t\t<li class=\"elementor-icon-list-item\">\n\t\t\t\t\t\t\t\t\t\t\t<span class=\"elementor-icon-list-icon\">\n\t\t\t\t\t\t\t<svg xmlns=\"http:\/\/www.w3.org\/2000\/svg\" xmlns:xlink=\"http:\/\/www.w3.org\/1999\/xlink\" width=\"512\" height=\"512\" x=\"0\" y=\"0\" viewBox=\"0 0 682.667 682.667\" style=\"enable-background:new 0 0 512 512\" xml:space=\"preserve\"><g><defs><clipPath id=\"a\" clipPathUnits=\"userSpaceOnUse\"><path d=\"M0 512h512V0H0Z\" fill=\"#ffffff\" opacity=\"1\" data-original=\"#000000\"><\/path><\/clipPath><\/defs><g clip-path=\"url(#a)\" transform=\"matrix(1.33333 0 0 -1.33333 0 682.667)\"><path d=\"M0 0h20\" style=\"stroke-width:40;stroke-linecap:round;stroke-linejoin:round;stroke-miterlimit:10;stroke-dasharray:none;stroke-opacity:1\" transform=\"translate(472 256.01)\" fill=\"none\" stroke=\"#ffffff\" stroke-width=\"40\" stroke-linecap=\"round\" stroke-linejoin=\"round\" stroke-miterlimit=\"10\" stroke-dasharray=\"none\" stroke-opacity=\"\" data-original=\"#000000\" opacity=\"1\"><\/path><path d=\"M0 0h-20\" style=\"stroke-width:40;stroke-linecap:round;stroke-linejoin:round;stroke-miterlimit:10;stroke-dasharray:none;stroke-opacity:1\" transform=\"translate(40 256.01)\" fill=\"none\" stroke=\"#ffffff\" stroke-width=\"40\" stroke-linecap=\"round\" stroke-linejoin=\"round\" stroke-miterlimit=\"10\" stroke-dasharray=\"none\" stroke-opacity=\"\" data-original=\"#000000\" opacity=\"1\"><\/path><path d=\"m0 0-10.001 17.32\" style=\"stroke-width:40;stroke-linecap:round;stroke-linejoin:round;stroke-miterlimit:10;stroke-dasharray:none;stroke-opacity:1\" transform=\"translate(147.987 443.064)\" fill=\"none\" stroke=\"#ffffff\" stroke-width=\"40\" stroke-linecap=\"round\" stroke-linejoin=\"round\" stroke-miterlimit=\"10\" stroke-dasharray=\"none\" stroke-opacity=\"\" data-original=\"#000000\" opacity=\"1\"><\/path><path d=\"m0 0 17.427-9.813\" style=\"stroke-width:40;stroke-linecap:round;stroke-linejoin:round;stroke-miterlimit:10;stroke-dasharray:none;stroke-opacity:1\" transform=\"translate(444.086 150.03)\" fill=\"none\" stroke=\"#ffffff\" stroke-width=\"40\" stroke-linecap=\"round\" stroke-linejoin=\"round\" stroke-miterlimit=\"10\" stroke-dasharray=\"none\" stroke-opacity=\"\" data-original=\"#000000\" opacity=\"1\"><\/path><path d=\"m0 0-17.427 9.813\" style=\"stroke-width:40;stroke-linecap:round;stroke-linejoin:round;stroke-miterlimit:10;stroke-dasharray:none;stroke-opacity:1\" transform=\"translate(67.663 361.997)\" fill=\"none\" stroke=\"#ffffff\" stroke-width=\"40\" stroke-linecap=\"round\" stroke-linejoin=\"round\" stroke-miterlimit=\"10\" stroke-dasharray=\"none\" stroke-opacity=\"\" data-original=\"#000000\" opacity=\"1\"><\/path><path d=\"M0 0v19.999\" style=\"stroke-width:40;stroke-linecap:round;stroke-linejoin:round;stroke-miterlimit:10;stroke-dasharray:none;stroke-opacity:1\" transform=\"translate(253 472.001)\" fill=\"none\" stroke=\"#ffffff\" stroke-width=\"40\" stroke-linecap=\"round\" stroke-linejoin=\"round\" stroke-miterlimit=\"10\" stroke-dasharray=\"none\" stroke-opacity=\"\" data-original=\"#000000\" opacity=\"1\"><\/path><path d=\"m0 0-17.487-9.705\" style=\"stroke-width:40;stroke-linecap:round;stroke-linejoin:round;stroke-miterlimit:10;stroke-dasharray:none;stroke-opacity:1\" transform=\"translate(67.01 151.197)\" fill=\"none\" stroke=\"#ffffff\" stroke-width=\"40\" stroke-linecap=\"round\" stroke-linejoin=\"round\" stroke-miterlimit=\"10\" stroke-dasharray=\"none\" stroke-opacity=\"\" data-original=\"#000000\" opacity=\"1\"><\/path><path d=\"m0 0 10.442-17.058\" style=\"stroke-width:40;stroke-linecap:round;stroke-linejoin:round;stroke-miterlimit:10;stroke-dasharray:none;stroke-opacity:1\" transform=\"translate(368.775 71.768)\" fill=\"none\" stroke=\"#ffffff\" stroke-width=\"40\" stroke-linecap=\"round\" stroke-linejoin=\"round\" stroke-miterlimit=\"10\" stroke-dasharray=\"none\" stroke-opacity=\"\" data-original=\"#000000\" opacity=\"1\"><\/path><path d=\"m0 0-10.001-17.32\" style=\"stroke-width:40;stroke-linecap:round;stroke-linejoin:round;stroke-miterlimit:10;stroke-dasharray:none;stroke-opacity:1\" transform=\"translate(147.987 68.936)\" fill=\"none\" stroke=\"#ffffff\" stroke-width=\"40\" stroke-linecap=\"round\" stroke-linejoin=\"round\" stroke-miterlimit=\"10\" stroke-dasharray=\"none\" stroke-opacity=\"\" data-original=\"#000000\" opacity=\"1\"><\/path><path d=\"M0 0v-19.999\" style=\"stroke-width:40;stroke-linecap:round;stroke-linejoin:round;stroke-miterlimit:10;stroke-dasharray:none;stroke-opacity:1\" transform=\"translate(253 39.999)\" fill=\"none\" stroke=\"#ffffff\" stroke-width=\"40\" stroke-linecap=\"round\" stroke-linejoin=\"round\" stroke-miterlimit=\"10\" stroke-dasharray=\"none\" stroke-opacity=\"\" data-original=\"#000000\" opacity=\"1\"><\/path><path d=\"m0 0 10.442 17.058\" style=\"stroke-width:40;stroke-linecap:round;stroke-linejoin:round;stroke-miterlimit:10;stroke-dasharray:none;stroke-opacity:1\" transform=\"translate(368.775 440.232)\" fill=\"none\" stroke=\"#ffffff\" stroke-width=\"40\" stroke-linecap=\"round\" stroke-linejoin=\"round\" stroke-miterlimit=\"10\" stroke-dasharray=\"none\" stroke-opacity=\"\" data-original=\"#000000\" opacity=\"1\"><\/path><path d=\"m0 0 17.468 9.74\" style=\"stroke-width:40;stroke-linecap:round;stroke-linejoin:round;stroke-miterlimit:10;stroke-dasharray:none;stroke-opacity:1\" transform=\"translate(444.532 361.2)\" fill=\"none\" stroke=\"#ffffff\" stroke-width=\"40\" stroke-linecap=\"round\" stroke-linejoin=\"round\" stroke-miterlimit=\"10\" stroke-dasharray=\"none\" stroke-opacity=\"\" data-original=\"#000000\" opacity=\"1\"><\/path><path d=\"M0 0v-.005c0-75.111-60.889-136-136-136-75.111 0-136 60.889-136 136v.02c0 75.11 60.889 136 136 136 75.111 0 136-60.89 136-136V.01Z\" style=\"stroke-width:40;stroke-linecap:round;stroke-linejoin:round;stroke-miterlimit:10;stroke-dasharray:none;stroke-opacity:1\" transform=\"translate(392 255.995)\" fill=\"none\" stroke=\"#ffffff\" stroke-width=\"40\" stroke-linecap=\"round\" stroke-linejoin=\"round\" stroke-miterlimit=\"10\" stroke-dasharray=\"none\" stroke-opacity=\"\" data-original=\"#000000\" opacity=\"1\"><\/path><\/g><\/g><\/svg>\t\t\t\t\t\t<\/span>\n\t\t\t\t\t\t\t\t\t\t<span class=\"elementor-icon-list-text\">Zomerprogramma<\/span>\n\t\t\t\t\t\t\t\t\t<\/li>\n\t\t\t\t\t\t<\/ul>\n\t\t\t\t\t\t<\/div>\n\t\t\t\t<\/div>\n\t\t\t\t\t<\/div>\n\t\t<\/div>\n\t\t\t\t\t<\/div>\n\t\t<\/section>\n\t\t\t\t<section class=\"elementor-section elementor-top-section elementor-element elementor-element-3aa7e0a5 elementor-section-height-min-height elementor-section-boxed elementor-section-height-default elementor-section-items-middle\" data-id=\"3aa7e0a5\" data-element_type=\"section\" data-e-type=\"section\" data-settings=\"{&quot;sticky&quot;:&quot;top&quot;,&quot;sticky_anchor_link_offset_mobile&quot;:200,&quot;sticky_anchor_link_offset_tablet&quot;:0,&quot;sticky_offset_mobile&quot;:0,&quot;sticky_offset_tablet&quot;:17,&quot;sticky_on&quot;:[&quot;desktop&quot;,&quot;tablet&quot;,&quot;mobile&quot;],&quot;sticky_offset&quot;:0,&quot;sticky_effects_offset&quot;:0,&quot;sticky_anchor_link_offset&quot;:0}\">\n\t\t\t\t\t\t<div class=\"elementor-container elementor-column-gap-default\">\n\t\t\t\t\t<div class=\"elementor-column elementor-col-12 elementor-top-column elementor-element elementor-element-67e17d19\" data-id=\"67e17d19\" data-element_type=\"column\" data-e-type=\"column\" data-settings=\"{&quot;background_background&quot;:&quot;classic&quot;}\">\n\t\t\t<div class=\"elementor-widget-wrap elementor-element-populated\">\n\t\t\t\t\t\t<div class=\"elementor-element elementor-element-cd721c8 elementor-widget elementor-widget-heading\" data-id=\"cd721c8\" data-element_type=\"widget\" data-e-type=\"widget\" data-widget_type=\"heading.default\">\n\t\t\t\t<div class=\"elementor-widget-container\">\n\t\t\t\t\t<h2 class=\"elementor-heading-title elementor-size-default\"><a href=\"#maandag\">Maandag<\/a><\/h2>\t\t\t\t<\/div>\n\t\t\t\t<\/div>\n\t\t\t\t\t<\/div>\n\t\t<\/div>\n\t\t\t\t<div class=\"elementor-column elementor-col-12 elementor-top-column elementor-element elementor-element-38a3d1aa\" data-id=\"38a3d1aa\" data-element_type=\"column\" data-e-type=\"column\" data-settings=\"{&quot;background_background&quot;:&quot;classic&quot;}\">\n\t\t\t<div class=\"elementor-widget-wrap elementor-element-populated\">\n\t\t\t\t\t\t<div class=\"elementor-element elementor-element-6d3fbb70 elementor-widget elementor-widget-heading\" data-id=\"6d3fbb70\" data-element_type=\"widget\" data-e-type=\"widget\" data-widget_type=\"heading.default\">\n\t\t\t\t<div class=\"elementor-widget-container\">\n\t\t\t\t\t<h2 class=\"elementor-heading-title elementor-size-default\"><a href=\"#dinsdag\">Dinsdag<\/a><\/h2>\t\t\t\t<\/div>\n\t\t\t\t<\/div>\n\t\t\t\t\t<\/div>\n\t\t<\/div>\n\t\t\t\t<div class=\"elementor-column elementor-col-12 elementor-top-column elementor-element elementor-element-66f90b97\" data-id=\"66f90b97\" data-element_type=\"column\" data-e-type=\"column\" data-settings=\"{&quot;background_background&quot;:&quot;classic&quot;}\">\n\t\t\t<div class=\"elementor-widget-wrap elementor-element-populated\">\n\t\t\t\t\t\t<div class=\"elementor-element elementor-element-45349220 elementor-widget elementor-widget-heading\" data-id=\"45349220\" data-element_type=\"widget\" data-e-type=\"widget\" data-widget_type=\"heading.default\">\n\t\t\t\t<div class=\"elementor-widget-container\">\n\t\t\t\t\t<h2 class=\"elementor-heading-title elementor-size-default\"><a href=\"#woensdag\">Woensdag<\/a><\/h2>\t\t\t\t<\/div>\n\t\t\t\t<\/div>\n\t\t\t\t\t<\/div>\n\t\t<\/div>\n\t\t\t\t<div class=\"elementor-column elementor-col-12 elementor-top-column elementor-element elementor-element-348e956e\" data-id=\"348e956e\" data-element_type=\"column\" data-e-type=\"column\" data-settings=\"{&quot;background_background&quot;:&quot;classic&quot;}\">\n\t\t\t<div class=\"elementor-widget-wrap elementor-element-populated\">\n\t\t\t\t\t\t<div class=\"elementor-element elementor-element-3aada196 elementor-widget elementor-widget-heading\" data-id=\"3aada196\" data-element_type=\"widget\" data-e-type=\"widget\" data-widget_type=\"heading.default\">\n\t\t\t\t<div class=\"elementor-widget-container\">\n\t\t\t\t\t<h2 class=\"elementor-heading-title elementor-size-default\"><a href=\"#donderdag\">Donderdag<\/a><\/h2>\t\t\t\t<\/div>\n\t\t\t\t<\/div>\n\t\t\t\t\t<\/div>\n\t\t<\/div>\n\t\t\t\t<div class=\"elementor-column elementor-col-12 elementor-top-column elementor-element elementor-element-33d30d7a\" data-id=\"33d30d7a\" data-element_type=\"column\" data-e-type=\"column\" data-settings=\"{&quot;background_background&quot;:&quot;classic&quot;}\">\n\t\t\t<div class=\"elementor-widget-wrap elementor-element-populated\">\n\t\t\t\t\t\t<div class=\"elementor-element elementor-element-502576e4 elementor-widget elementor-widget-heading\" data-id=\"502576e4\" data-element_type=\"widget\" data-e-type=\"widget\" data-widget_type=\"heading.default\">\n\t\t\t\t<div class=\"elementor-widget-container\">\n\t\t\t\t\t<h2 class=\"elementor-heading-title elementor-size-default\"><a href=\"#frijdag\">Vrijdag<\/a><\/h2>\t\t\t\t<\/div>\n\t\t\t\t<\/div>\n\t\t\t\t\t<\/div>\n\t\t<\/div>\n\t\t\t\t<div class=\"elementor-column elementor-col-12 elementor-top-column elementor-element elementor-element-3dd7d6a6\" data-id=\"3dd7d6a6\" data-element_type=\"column\" data-e-type=\"column\" data-settings=\"{&quot;background_background&quot;:&quot;classic&quot;}\">\n\t\t\t<div class=\"elementor-widget-wrap elementor-element-populated\">\n\t\t\t\t\t\t<div class=\"elementor-element elementor-element-2f88c95f elementor-widget elementor-widget-heading\" data-id=\"2f88c95f\" data-element_type=\"widget\" data-e-type=\"widget\" data-widget_type=\"heading.default\">\n\t\t\t\t<div class=\"elementor-widget-container\">\n\t\t\t\t\t<h2 class=\"elementor-heading-title elementor-size-default\"><a href=\"#zondag\">Zondag<\/a><\/h2>\t\t\t\t<\/div>\n\t\t\t\t<\/div>\n\t\t\t\t\t<\/div>\n\t\t<\/div>\n\t\t\t\t<div class=\"elementor-column elementor-col-12 elementor-top-column elementor-element elementor-element-2bfc0834\" data-id=\"2bfc0834\" data-element_type=\"column\" data-e-type=\"column\" data-settings=\"{&quot;background_background&quot;:&quot;classic&quot;}\">\n\t\t\t<div class=\"elementor-widget-wrap elementor-element-populated\">\n\t\t\t\t\t\t<div class=\"elementor-element elementor-element-7279664e elementor-widget elementor-widget-heading\" data-id=\"7279664e\" data-element_type=\"widget\" data-e-type=\"widget\" data-widget_type=\"heading.default\">\n\t\t\t\t<div class=\"elementor-widget-container\">\n\t\t\t\t\t<h2 class=\"elementor-heading-title elementor-size-default\"><a href=\"#dagelijks\">Dagelijks<\/a><\/h2>\t\t\t\t<\/div>\n\t\t\t\t<\/div>\n\t\t\t\t\t<\/div>\n\t\t<\/div>\n\t\t\t\t<div class=\"elementor-column elementor-col-12 elementor-top-column elementor-element elementor-element-b30ca0a\" data-id=\"b30ca0a\" data-element_type=\"column\" data-e-type=\"column\" data-settings=\"{&quot;background_background&quot;:&quot;classic&quot;}\">\n\t\t\t<div class=\"elementor-widget-wrap elementor-element-populated\">\n\t\t\t\t\t\t<div class=\"elementor-element elementor-element-2e173c3f elementor-widget elementor-widget-heading\" data-id=\"2e173c3f\" data-element_type=\"widget\" data-e-type=\"widget\" data-widget_type=\"heading.default\">\n\t\t\t\t<div class=\"elementor-widget-container\">\n\t\t\t\t\t<h2 class=\"elementor-heading-title elementor-size-default\"><a href=\"#mafr\">Ma-Fr<\/a><\/h2>\t\t\t\t<\/div>\n\t\t\t\t<\/div>\n\t\t\t\t\t<\/div>\n\t\t<\/div>\n\t\t\t\t\t<\/div>\n\t\t<\/section>\n\t\t\t\t<section class=\"elementor-section elementor-top-section elementor-element elementor-element-79a032bb elementor-section-boxed elementor-section-height-default elementor-section-height-default\" data-id=\"79a032bb\" data-element_type=\"section\" data-e-type=\"section\">\n\t\t\t\t\t\t<div class=\"elementor-container elementor-column-gap-default\">\n\t\t\t\t\t<div class=\"elementor-column elementor-col-100 elementor-top-column elementor-element elementor-element-2db99d08\" data-id=\"2db99d08\" data-element_type=\"column\" data-e-type=\"column\">\n\t\t\t<div class=\"elementor-widget-wrap elementor-element-populated\">\n\t\t\t\t\t\t<div class=\"elementor-element elementor-element-6753b706 elementor-widget elementor-widget-heading\" data-id=\"6753b706\" data-element_type=\"widget\" data-e-type=\"widget\" data-widget_type=\"heading.default\">\n\t\t\t\t<div class=\"elementor-widget-container\">\n\t\t\t\t\t<h2 class=\"elementor-heading-title elementor-size-default\">Maandag<\/h2>\t\t\t\t<\/div>\n\t\t\t\t<\/div>\n\t\t\t\t\t<\/div>\n\t\t<\/div>\n\t\t\t\t\t<\/div>\n\t\t<\/section>\n\t\t\t\t<section class=\"elementor-section elementor-top-section elementor-element elementor-element-a05325f elementor-section-boxed elementor-section-height-default elementor-section-height-default\" data-id=\"a05325f\" data-element_type=\"section\" data-e-type=\"section\">\n\t\t\t\t\t\t<div class=\"elementor-container elementor-column-gap-default\">\n\t\t\t\t\t<div class=\"elementor-column elementor-col-100 elementor-top-column elementor-element elementor-element-7224c3d5\" data-id=\"7224c3d5\" data-element_type=\"column\" data-e-type=\"column\">\n\t\t\t<div class=\"elementor-widget-wrap elementor-element-populated\">\n\t\t\t\t\t\t<div class=\"elementor-element elementor-element-29f4abf elementor-icon-list--layout-traditional elementor-list-item-link-full_width elementor-widget elementor-widget-icon-list\" data-id=\"29f4abf\" data-element_type=\"widget\" data-e-type=\"widget\" data-widget_type=\"icon-list.default\">\n\t\t\t\t<div class=\"elementor-widget-container\">\n\t\t\t\t\t\t\t<ul class=\"elementor-icon-list-items\">\n\t\t\t\t\t\t\t<li class=\"elementor-icon-list-item\">\n\t\t\t\t\t\t\t\t\t\t<span class=\"elementor-icon-list-text\">MEET A RANGER<\/span>\n\t\t\t\t\t\t\t\t\t<\/li>\n\t\t\t\t\t\t<\/ul>\n\t\t\t\t\t\t<\/div>\n\t\t\t\t<\/div>\n\t\t\t\t\t<\/div>\n\t\t<\/div>\n\t\t\t\t\t<\/div>\n\t\t<\/section>\n\t\t\t\t<section class=\"elementor-section elementor-top-section elementor-element elementor-element-19f2ee40 elementor-section-boxed elementor-section-height-default elementor-section-height-default\" data-id=\"19f2ee40\" data-element_type=\"section\" data-e-type=\"section\">\n\t\t\t\t\t\t<div class=\"elementor-container elementor-column-gap-default\">\n\t\t\t\t\t<div class=\"elementor-column elementor-col-100 elementor-top-column elementor-element elementor-element-4d7f1b10\" data-id=\"4d7f1b10\" data-element_type=\"column\" data-e-type=\"column\">\n\t\t\t<div class=\"elementor-widget-wrap elementor-element-populated\">\n\t\t\t\t\t\t<div class=\"elementor-element elementor-element-4ba7e487 elementor-widget elementor-widget-text-editor\" data-id=\"4ba7e487\" data-element_type=\"widget\" data-e-type=\"widget\" data-widget_type=\"text-editor.default\">\n\t\t\t\t<div class=\"elementor-widget-container\">\n\t\t\t\t\t\t\t\t\t<p><strong><span>7 juli tot 5 september 2025 &#8211; Nationaal Park Valleien<\/span><\/strong><\/p><p><span>Van maandag tot en met vrijdag kunt u de rangers van het Nationaal Park Hohe Tauern direct in hun natuurlijke habitat ontmoeten: in de adembenemende dalen van het Nationaal Park Salzburg.\u00a0<\/span><\/p><p><span>Hier krijgt u exclusieve inzichten in de unieke flora en fauna en leert u waarom het behoud van dit hooggebergtelandschap zo belangrijk is. De boswachters delen hun passie voor de natuur met u, vertellen over hun werk en laten zien hoe we samen deze schatten kunnen behouden voor toekomstige generaties.\u00a0<\/span><\/p><p><span>Het is niet voor niets dat de rangers het uithangbord van het nationale park zijn. Zij kennen dit beschermde gebied op hun duimpje!\u00a0<\/span><\/p>\t\t\t\t\t\t\t\t<\/div>\n\t\t\t\t<\/div>\n\t\t\t\t\t<\/div>\n\t\t<\/div>\n\t\t\t\t\t<\/div>\n\t\t<\/section>\n\t\t\t\t<section class=\"elementor-section elementor-top-section elementor-element elementor-element-1ac02390 elementor-section-boxed elementor-section-height-default elementor-section-height-default\" data-id=\"1ac02390\" data-element_type=\"section\" data-e-type=\"section\">\n\t\t\t\t\t\t<div class=\"elementor-container elementor-column-gap-default\">\n\t\t\t\t\t<div class=\"elementor-column elementor-col-50 elementor-top-column elementor-element elementor-element-5f084e7b\" data-id=\"5f084e7b\" data-element_type=\"column\" data-e-type=\"column\">\n\t\t\t<div class=\"elementor-widget-wrap elementor-element-populated\">\n\t\t\t\t\t\t<div class=\"elementor-element elementor-element-71fffa4c elementor-widget elementor-widget-image\" data-id=\"71fffa4c\" data-element_type=\"widget\" data-e-type=\"widget\" data-widget_type=\"image.default\">\n\t\t\t\t<div class=\"elementor-widget-container\">\n\t\t\t\t\t\t\t\t\t\t\t\t\t\t\t<img fetchpriority=\"high\" decoding=\"async\" width=\"550\" height=\"370\" src=\"https:\/\/haus-piesendorf.gaeste-mappe.at\/wp-content\/uploads\/2025\/04\/meet-a-ranger.webp\" class=\"attachment-large size-large wp-image-15065\" alt=\"\" srcset=\"https:\/\/haus-piesendorf.gaeste-mappe.at\/wp-content\/uploads\/2025\/04\/meet-a-ranger.webp 550w, https:\/\/haus-piesendorf.gaeste-mappe.at\/wp-content\/uploads\/2025\/04\/meet-a-ranger-300x202.webp 300w, https:\/\/haus-piesendorf.gaeste-mappe.at\/wp-content\/uploads\/2025\/04\/meet-a-ranger-18x12.webp 18w\" sizes=\"(max-width: 550px) 100vw, 550px\" \/>\t\t\t\t\t\t\t\t\t\t\t\t\t\t\t<\/div>\n\t\t\t\t<\/div>\n\t\t\t\t\t<\/div>\n\t\t<\/div>\n\t\t\t\t<div class=\"elementor-column elementor-col-50 elementor-top-column elementor-element elementor-element-20bce82f\" data-id=\"20bce82f\" data-element_type=\"column\" data-e-type=\"column\">\n\t\t\t<div class=\"elementor-widget-wrap elementor-element-populated\">\n\t\t\t\t\t\t<div class=\"elementor-element elementor-element-30817266 elementor-widget elementor-widget-text-editor\" data-id=\"30817266\" data-element_type=\"widget\" data-e-type=\"widget\" data-widget_type=\"text-editor.default\">\n\t\t\t\t<div class=\"elementor-widget-container\">\n\t\t\t\t\t\t\t\t\t<div style=\"overflow-x: auto;\"><table><tbody><tr><td><strong>Ontmoetingspunt<\/strong><\/td><td>De Junior Rangers in de informatiehutten vertellen u precies waar u de Nationaal Park Ranger kunt ontmoeten.<\/td><\/tr><tr><td><strong>Periode<\/strong><\/td><td>van 09:00 tot 16:00 uur<\/td><\/tr><tr><td><strong>Waar?<\/strong><\/td><td>Wildgerlostal, Rudolfsh\u00fctte Stuchbachtal\/Uttendorf, Fuschertal, H\u00fcttwinkltal Kolm Saigurn, Sportgastein\/Nassfeld<\/td><\/tr><\/tbody><\/table><\/div>\t\t\t\t\t\t\t\t<\/div>\n\t\t\t\t<\/div>\n\t\t\t\t\t<\/div>\n\t\t<\/div>\n\t\t\t\t\t<\/div>\n\t\t<\/section>\n\t\t\t\t<section class=\"elementor-section elementor-top-section elementor-element elementor-element-e02b69f elementor-section-boxed elementor-section-height-default elementor-section-height-default\" data-id=\"e02b69f\" data-element_type=\"section\" data-e-type=\"section\">\n\t\t\t\t\t\t<div class=\"elementor-container elementor-column-gap-default\">\n\t\t\t\t\t<div class=\"elementor-column elementor-col-100 elementor-top-column elementor-element elementor-element-5e1095c\" data-id=\"5e1095c\" data-element_type=\"column\" data-e-type=\"column\">\n\t\t\t<div class=\"elementor-widget-wrap elementor-element-populated\">\n\t\t\t\t\t\t<div class=\"elementor-element elementor-element-6c657a52 elementor-icon-list--layout-traditional elementor-list-item-link-full_width elementor-widget elementor-widget-icon-list\" data-id=\"6c657a52\" data-element_type=\"widget\" data-e-type=\"widget\" data-widget_type=\"icon-list.default\">\n\t\t\t\t<div class=\"elementor-widget-container\">\n\t\t\t\t\t\t\t<ul class=\"elementor-icon-list-items\">\n\t\t\t\t\t\t\t<li class=\"elementor-icon-list-item\">\n\t\t\t\t\t\t\t\t\t\t<span class=\"elementor-icon-list-text\">TOPGELUK IN DE BUURT<\/span>\n\t\t\t\t\t\t\t\t\t<\/li>\n\t\t\t\t\t\t<\/ul>\n\t\t\t\t\t\t<\/div>\n\t\t\t\t<\/div>\n\t\t\t\t\t<\/div>\n\t\t<\/div>\n\t\t\t\t\t<\/div>\n\t\t<\/section>\n\t\t\t\t<section class=\"elementor-section elementor-top-section elementor-element elementor-element-137cc09f elementor-section-boxed elementor-section-height-default elementor-section-height-default\" data-id=\"137cc09f\" data-element_type=\"section\" data-e-type=\"section\">\n\t\t\t\t\t\t<div class=\"elementor-container elementor-column-gap-default\">\n\t\t\t\t\t<div class=\"elementor-column elementor-col-100 elementor-top-column elementor-element elementor-element-53615cc1\" data-id=\"53615cc1\" data-element_type=\"column\" data-e-type=\"column\">\n\t\t\t<div class=\"elementor-widget-wrap elementor-element-populated\">\n\t\t\t\t\t\t<div class=\"elementor-element elementor-element-53ba1bda elementor-widget elementor-widget-text-editor\" data-id=\"53ba1bda\" data-element_type=\"widget\" data-e-type=\"widget\" data-widget_type=\"text-editor.default\">\n\t\t\t\t<div class=\"elementor-widget-container\">\n\t\t\t\t\t\t\t\t\t<p><strong><span>30 juni tot 1 september 2025 &#8211; Schmittenh\u00f6he Zell am See<\/span><\/strong><\/p><p><span>Vanaf het bergstation van de trassXpress voert de wandeling over glooiende alpenweiden en door schilderachtige bossen omhoog naar de Maurerkogel (2.074 m). Eenmaal boven wacht u een adembenemend 360\u00b0-panoramauitzicht over de omliggende bergtoppen. Na een aangename pauze keren we terug naar de Schmittenh\u00f6he &#8211; een bergbelevenis die u niet mag missen!\u00a0<\/span><\/p>\t\t\t\t\t\t\t\t<\/div>\n\t\t\t\t<\/div>\n\t\t\t\t\t<\/div>\n\t\t<\/div>\n\t\t\t\t\t<\/div>\n\t\t<\/section>\n\t\t\t\t<section class=\"elementor-section elementor-top-section elementor-element elementor-element-98eb718 elementor-section-boxed elementor-section-height-default elementor-section-height-default\" data-id=\"98eb718\" data-element_type=\"section\" data-e-type=\"section\">\n\t\t\t\t\t\t<div class=\"elementor-container elementor-column-gap-default\">\n\t\t\t\t\t<div class=\"elementor-column elementor-col-50 elementor-top-column elementor-element elementor-element-651e1bb5\" data-id=\"651e1bb5\" data-element_type=\"column\" data-e-type=\"column\">\n\t\t\t<div class=\"elementor-widget-wrap elementor-element-populated\">\n\t\t\t\t\t\t<div class=\"elementor-element elementor-element-387d0981 elementor-widget elementor-widget-image\" data-id=\"387d0981\" data-element_type=\"widget\" data-e-type=\"widget\" data-widget_type=\"image.default\">\n\t\t\t\t<div class=\"elementor-widget-container\">\n\t\t\t\t\t\t\t\t\t\t\t\t\t\t\t<img decoding=\"async\" width=\"550\" height=\"370\" src=\"https:\/\/haus-piesendorf.gaeste-mappe.at\/wp-content\/uploads\/2025\/04\/schmittenhoehe.webp\" class=\"attachment-large size-large wp-image-15069\" alt=\"\" srcset=\"https:\/\/haus-piesendorf.gaeste-mappe.at\/wp-content\/uploads\/2025\/04\/schmittenhoehe.webp 550w, https:\/\/haus-piesendorf.gaeste-mappe.at\/wp-content\/uploads\/2025\/04\/schmittenhoehe-300x202.webp 300w, https:\/\/haus-piesendorf.gaeste-mappe.at\/wp-content\/uploads\/2025\/04\/schmittenhoehe-18x12.webp 18w\" sizes=\"(max-width: 550px) 100vw, 550px\" \/>\t\t\t\t\t\t\t\t\t\t\t\t\t\t\t<\/div>\n\t\t\t\t<\/div>\n\t\t\t\t\t<\/div>\n\t\t<\/div>\n\t\t\t\t<div class=\"elementor-column elementor-col-50 elementor-top-column elementor-element elementor-element-703b13f3\" data-id=\"703b13f3\" data-element_type=\"column\" data-e-type=\"column\">\n\t\t\t<div class=\"elementor-widget-wrap elementor-element-populated\">\n\t\t\t\t\t\t<div class=\"elementor-element elementor-element-5bcdaf3 elementor-widget elementor-widget-text-editor\" data-id=\"5bcdaf3\" data-element_type=\"widget\" data-e-type=\"widget\" data-widget_type=\"text-editor.default\">\n\t\t\t\t<div class=\"elementor-widget-container\">\n\t\t\t\t\t\t\t\t\t<div style=\"overflow-x: auto;\"><table><tbody><tr><td><strong>Ontmoetingspunt<\/strong><\/td><td>09:00 uur dalstation trassXpress<\/td><\/tr><tr><td><strong>Duur<\/strong><\/td><td>ongeveer 4 uur (matig)<\/td><\/tr><tr><td><strong>Benodigdheden<\/strong><\/td><td>Drank, snack, goede schoenen, regenkleding en wandelstokken<\/td><\/tr><tr><td><strong>Registratie<\/strong><\/td><td>tot 12.00 uur de dag ervoor in de\u00a0\u00a0<a href=\"https:\/\/schmitten.skiperformance.com\/de\/sommer\/store#\/de\/sommer\/buy?skugroup_id=3407\" target=\"_blank\" rel=\"noopener\">online ticketshop<\/a><\/td><\/tr><tr><td><strong>Een mededeling!<\/strong><\/td><td>Het ticket is uw registratie voor het evenement; de stijging en daling zijn niet inbegrepen.<\/td><\/tr><\/tbody><\/table><\/div>\t\t\t\t\t\t\t\t<\/div>\n\t\t\t\t<\/div>\n\t\t\t\t\t<\/div>\n\t\t<\/div>\n\t\t\t\t\t<\/div>\n\t\t<\/section>\n\t\t\t\t<section class=\"elementor-section elementor-top-section elementor-element elementor-element-7bcddfe4 elementor-section-boxed elementor-section-height-default elementor-section-height-default\" data-id=\"7bcddfe4\" data-element_type=\"section\" data-e-type=\"section\">\n\t\t\t\t\t\t<div class=\"elementor-container elementor-column-gap-default\">\n\t\t\t\t\t<div class=\"elementor-column elementor-col-100 elementor-top-column elementor-element elementor-element-6abc1ce0\" data-id=\"6abc1ce0\" data-element_type=\"column\" data-e-type=\"column\">\n\t\t\t<div class=\"elementor-widget-wrap elementor-element-populated\">\n\t\t\t\t\t\t<div class=\"elementor-element elementor-element-6efaa6bd elementor-icon-list--layout-traditional elementor-list-item-link-full_width elementor-widget elementor-widget-icon-list\" data-id=\"6efaa6bd\" data-element_type=\"widget\" data-e-type=\"widget\" data-widget_type=\"icon-list.default\">\n\t\t\t\t<div class=\"elementor-widget-container\">\n\t\t\t\t\t\t\t<ul class=\"elementor-icon-list-items\">\n\t\t\t\t\t\t\t<li class=\"elementor-icon-list-item\">\n\t\t\t\t\t\t\t\t\t\t<span class=\"elementor-icon-list-text\">IN DE VALLEI VAN DE SMARAGDEN<\/span>\n\t\t\t\t\t\t\t\t\t<\/li>\n\t\t\t\t\t\t<\/ul>\n\t\t\t\t\t\t<\/div>\n\t\t\t\t<\/div>\n\t\t\t\t\t<\/div>\n\t\t<\/div>\n\t\t\t\t\t<\/div>\n\t\t<\/section>\n\t\t\t\t<section class=\"elementor-section elementor-top-section elementor-element elementor-element-49702f93 elementor-section-boxed elementor-section-height-default elementor-section-height-default\" data-id=\"49702f93\" data-element_type=\"section\" data-e-type=\"section\">\n\t\t\t\t\t\t<div class=\"elementor-container elementor-column-gap-default\">\n\t\t\t\t\t<div class=\"elementor-column elementor-col-100 elementor-top-column elementor-element elementor-element-12a9ff72\" data-id=\"12a9ff72\" data-element_type=\"column\" data-e-type=\"column\">\n\t\t\t<div class=\"elementor-widget-wrap elementor-element-populated\">\n\t\t\t\t\t\t<div class=\"elementor-element elementor-element-66a0a815 elementor-widget elementor-widget-text-editor\" data-id=\"66a0a815\" data-element_type=\"widget\" data-e-type=\"widget\" data-widget_type=\"text-editor.default\">\n\t\t\t\t<div class=\"elementor-widget-container\">\n\t\t\t\t\t\t\t\t\t<p><strong>7 juli tot 1 september 2025 &#8211; Habachtal Bramberg<\/strong><\/p><p>Ontdek de bijzondere kenmerken van de trogvallei en zijn glinsterende groene minerale schat: de kostbare smaragden, samen met een National Park Ranger op de Emerald Trail. Ook leert u hoe het zoeken naar stenen werkt en waar precies zoeken is toegestaan. Houd uw ogen open voor steenarenden en marmotten en geniet aan het einde van de tocht van een gezellige stop bij Alpengasthof Alpenrose. Dan kunt u zelf beslissen of u met de boswachter terug de vallei in wilt wandelen of dat u liever de smaragdgroene taxi neemt.\u00a0<\/p>\t\t\t\t\t\t\t\t<\/div>\n\t\t\t\t<\/div>\n\t\t\t\t\t<\/div>\n\t\t<\/div>\n\t\t\t\t\t<\/div>\n\t\t<\/section>\n\t\t\t\t<section class=\"elementor-section elementor-top-section elementor-element elementor-element-77bb016f elementor-section-boxed elementor-section-height-default elementor-section-height-default\" data-id=\"77bb016f\" data-element_type=\"section\" data-e-type=\"section\">\n\t\t\t\t\t\t<div class=\"elementor-container elementor-column-gap-default\">\n\t\t\t\t\t<div class=\"elementor-column elementor-col-50 elementor-top-column elementor-element elementor-element-6fba76b3\" data-id=\"6fba76b3\" data-element_type=\"column\" data-e-type=\"column\">\n\t\t\t<div class=\"elementor-widget-wrap elementor-element-populated\">\n\t\t\t\t\t\t<div class=\"elementor-element elementor-element-38745f33 elementor-widget elementor-widget-image\" data-id=\"38745f33\" data-element_type=\"widget\" data-e-type=\"widget\" data-widget_type=\"image.default\">\n\t\t\t\t<div class=\"elementor-widget-container\">\n\t\t\t\t\t\t\t\t\t\t\t\t\t\t\t<img decoding=\"async\" width=\"550\" height=\"370\" src=\"https:\/\/haus-piesendorf.gaeste-mappe.at\/wp-content\/uploads\/2025\/04\/InsTalderSmaragde.webp\" class=\"attachment-large size-large wp-image-15070\" alt=\"\" srcset=\"https:\/\/haus-piesendorf.gaeste-mappe.at\/wp-content\/uploads\/2025\/04\/InsTalderSmaragde.webp 550w, https:\/\/haus-piesendorf.gaeste-mappe.at\/wp-content\/uploads\/2025\/04\/InsTalderSmaragde-300x202.webp 300w, https:\/\/haus-piesendorf.gaeste-mappe.at\/wp-content\/uploads\/2025\/04\/InsTalderSmaragde-18x12.webp 18w\" sizes=\"(max-width: 550px) 100vw, 550px\" \/>\t\t\t\t\t\t\t\t\t\t\t\t\t\t\t<\/div>\n\t\t\t\t<\/div>\n\t\t\t\t\t<\/div>\n\t\t<\/div>\n\t\t\t\t<div class=\"elementor-column elementor-col-50 elementor-top-column elementor-element elementor-element-244f6262\" data-id=\"244f6262\" data-element_type=\"column\" data-e-type=\"column\">\n\t\t\t<div class=\"elementor-widget-wrap elementor-element-populated\">\n\t\t\t\t\t\t<div class=\"elementor-element elementor-element-d567bf2 elementor-widget-mobile__width-inherit elementor-widget elementor-widget-text-editor\" data-id=\"d567bf2\" data-element_type=\"widget\" data-e-type=\"widget\" data-widget_type=\"text-editor.default\">\n\t\t\t\t<div class=\"elementor-widget-container\">\n\t\t\t\t\t\t\t\t\t<div style=\"overflow-x: auto;\"><table><tbody><tr><td><strong>Ontmoetingspunt<\/strong><\/td><td>09.00 uur Parkeerplaats Habachtal (informatiehuisje)<\/td><\/tr><tr><td><strong>Duur<\/strong><\/td><td>ongeveer 4 uur (ca. 2,5 uur wandeltijd | gemakkelijk)<\/td><\/tr><tr><td><strong>Kosten<\/strong><\/td><td>Volwassenen \u20ac 22,00 | Kinderen en tieners (7-16 jaar) onder begeleiding van ouders gratis | excl. pendeldiensten<\/td><\/tr><tr><td><strong>Gratis<\/strong><\/td><td>met de\u00a0\u00a0<strong>gastenkaart<\/strong>\u00a0\u00a0of\u00a0<strong>de National Park Summer Card<\/strong>\u00a0(exclusief pendeldiensten)<\/td><\/tr><tr><td><strong>Informatie!<\/strong><\/td><td>De tocht eindigt aan het einde van de vallei, terugreis per taxi is mogelijk.<\/td><\/tr><tr><td><strong>Benodigdheden<\/strong><\/td><td>Sport- of lichte trekkingschoenen, regen- en zonbescherming, geschikte kleding en een reservekledingset, rugzak met drankjes en snacks<\/td><\/tr><tr><td><strong>Registratie<\/strong><\/td><td>tot 2 uur voor aanvang van de tour op\u00a0<a tabindex=\"-1\" href=\"https:\/\/hohetauern.at\/de\/besuchen\/tourenangebote.html#\/erlebnisse\" data-tabindex-counter=\"1\" data-tabindex-value=\"none\" target=\"_blank\" rel=\"noopener\">npht.at\/touren<\/a><\/td><\/tr><\/tbody><\/table><\/div>\t\t\t\t\t\t\t\t<\/div>\n\t\t\t\t<\/div>\n\t\t\t\t\t<\/div>\n\t\t<\/div>\n\t\t\t\t\t<\/div>\n\t\t<\/section>\n\t\t\t\t<section class=\"elementor-section elementor-top-section elementor-element elementor-element-60c59236 elementor-section-boxed elementor-section-height-default elementor-section-height-default\" data-id=\"60c59236\" data-element_type=\"section\" data-e-type=\"section\">\n\t\t\t\t\t\t<div class=\"elementor-container elementor-column-gap-default\">\n\t\t\t\t\t<div class=\"elementor-column elementor-col-100 elementor-top-column elementor-element elementor-element-17cc9413\" data-id=\"17cc9413\" data-element_type=\"column\" data-e-type=\"column\">\n\t\t\t<div class=\"elementor-widget-wrap elementor-element-populated\">\n\t\t\t\t\t\t<div class=\"elementor-element elementor-element-1be32fa6 elementor-icon-list--layout-traditional elementor-list-item-link-full_width elementor-widget elementor-widget-icon-list\" data-id=\"1be32fa6\" data-element_type=\"widget\" data-e-type=\"widget\" data-widget_type=\"icon-list.default\">\n\t\t\t\t<div class=\"elementor-widget-container\">\n\t\t\t\t\t\t\t<ul class=\"elementor-icon-list-items\">\n\t\t\t\t\t\t\t<li class=\"elementor-icon-list-item\">\n\t\t\t\t\t\t\t\t\t\t<span class=\"elementor-icon-list-text\">OERWOUD VAN RAURIS<\/span>\n\t\t\t\t\t\t\t\t\t<\/li>\n\t\t\t\t\t\t<\/ul>\n\t\t\t\t\t\t<\/div>\n\t\t\t\t<\/div>\n\t\t\t\t\t<\/div>\n\t\t<\/div>\n\t\t\t\t\t<\/div>\n\t\t<\/section>\n\t\t\t\t<section class=\"elementor-section elementor-top-section elementor-element elementor-element-43452d31 elementor-section-boxed elementor-section-height-default elementor-section-height-default\" data-id=\"43452d31\" data-element_type=\"section\" data-e-type=\"section\">\n\t\t\t\t\t\t<div class=\"elementor-container elementor-column-gap-default\">\n\t\t\t\t\t<div class=\"elementor-column elementor-col-100 elementor-top-column elementor-element elementor-element-60678775\" data-id=\"60678775\" data-element_type=\"column\" data-e-type=\"column\">\n\t\t\t<div class=\"elementor-widget-wrap elementor-element-populated\">\n\t\t\t\t\t\t<div class=\"elementor-element elementor-element-6c59b570 elementor-widget elementor-widget-text-editor\" data-id=\"6c59b570\" data-element_type=\"widget\" data-e-type=\"widget\" data-widget_type=\"text-editor.default\">\n\t\t\t\t<div class=\"elementor-widget-container\">\n\t\t\t\t\t\t\t\t\t<p><strong><span>7 juli tot 1 september 2025 &#8211; Lenzanger Raurisertal<\/span><\/strong><\/p><p><span>Dompel uzelf onder in het fascinerende landschap met donkere moeraspoelen, majestueuze reuzenbomen en romantische open plekken die een sfeer cre\u00ebren als die van een groene jungle. Meer over dit natuurjuweel aan het einde van het Raurisertal leert u van de ervaren boswachters van het Nationaal Park. Op de terugweg over de bosweg kunt u niet alleen genieten van het schilderachtige landschap, maar kunt u ook stoppen bij een van de talrijke restaurants.<\/span><\/p>\t\t\t\t\t\t\t\t<\/div>\n\t\t\t\t<\/div>\n\t\t\t\t\t<\/div>\n\t\t<\/div>\n\t\t\t\t\t<\/div>\n\t\t<\/section>\n\t\t\t\t<section class=\"elementor-section elementor-top-section elementor-element elementor-element-4fcd142c elementor-section-boxed elementor-section-height-default elementor-section-height-default\" data-id=\"4fcd142c\" data-element_type=\"section\" data-e-type=\"section\">\n\t\t\t\t\t\t<div class=\"elementor-container elementor-column-gap-default\">\n\t\t\t\t\t<div class=\"elementor-column elementor-col-50 elementor-top-column elementor-element elementor-element-27c997bc\" data-id=\"27c997bc\" data-element_type=\"column\" data-e-type=\"column\">\n\t\t\t<div class=\"elementor-widget-wrap elementor-element-populated\">\n\t\t\t\t\t\t<div class=\"elementor-element elementor-element-60a2744c elementor-widget elementor-widget-image\" data-id=\"60a2744c\" data-element_type=\"widget\" data-e-type=\"widget\" data-widget_type=\"image.default\">\n\t\t\t\t<div class=\"elementor-widget-container\">\n\t\t\t\t\t\t\t\t\t\t\t\t\t\t\t<img loading=\"lazy\" decoding=\"async\" width=\"550\" height=\"370\" src=\"https:\/\/haus-piesendorf.gaeste-mappe.at\/wp-content\/uploads\/2025\/04\/Rauriser-Urwald.webp\" class=\"attachment-full size-full wp-image-15071\" alt=\"\" srcset=\"https:\/\/haus-piesendorf.gaeste-mappe.at\/wp-content\/uploads\/2025\/04\/Rauriser-Urwald.webp 550w, https:\/\/haus-piesendorf.gaeste-mappe.at\/wp-content\/uploads\/2025\/04\/Rauriser-Urwald-300x202.webp 300w, https:\/\/haus-piesendorf.gaeste-mappe.at\/wp-content\/uploads\/2025\/04\/Rauriser-Urwald-18x12.webp 18w\" sizes=\"(max-width: 550px) 100vw, 550px\" \/>\t\t\t\t\t\t\t\t\t\t\t\t\t\t\t<\/div>\n\t\t\t\t<\/div>\n\t\t\t\t\t<\/div>\n\t\t<\/div>\n\t\t\t\t<div class=\"elementor-column elementor-col-50 elementor-top-column elementor-element elementor-element-39610b5f\" data-id=\"39610b5f\" data-element_type=\"column\" data-e-type=\"column\">\n\t\t\t<div class=\"elementor-widget-wrap elementor-element-populated\">\n\t\t\t\t\t\t<div class=\"elementor-element elementor-element-5ed21a08 elementor-widget elementor-widget-text-editor\" data-id=\"5ed21a08\" data-element_type=\"widget\" data-e-type=\"widget\" data-widget_type=\"text-editor.default\">\n\t\t\t\t<div class=\"elementor-widget-container\">\n\t\t\t\t\t\t\t\t\t<div style=\"overflow-x: auto;\"><table><tbody><tr><td><strong>Ontmoetingspunt<\/strong><\/td><td>09.00 uur parkeerplaats Lenzanger (informatiepunt)<\/td><\/tr><tr><td><strong>Duur<\/strong><\/td><td>ongeveer 4 uur (ca. 2,5 uur wandeltijd | gemiddelde moeilijkheidsgraad)<\/td><\/tr><tr><td><strong>Kosten<\/strong><\/td><td>Volwassenen \u20ac 22,00 | Kinderen en tieners (10-16 jaar) onder begeleiding van ouders gratis | excl. pendeldiensten<\/td><\/tr><tr><td><strong>Gratis<\/strong><\/td><td>met de\u00a0\u00a0<strong>gastenkaart<\/strong>\u00a0of\u00a0<strong>de National Park Summer Card<\/strong>\u00a0\u00a0(exclusief pendeldiensten)<\/td><\/tr><tr><td><strong>Informatie!<\/strong><\/td><td>Er gelden tolkosten voor auto&#8217;s<\/td><\/tr><tr><td><strong>Benodigheden<\/strong><\/td><td>Wandel- of bergschoenen met profielzolen, regen- en zonbescherming, geschikte kleding en een reservekleding, rugzak met drinken en snacks<\/td><\/tr><tr><td><strong>Registratie<\/strong><\/td><td>tot 2 uur voor aanvang van de tour op\u00a0<a tabindex=\"-1\" href=\"https:\/\/hohetauern.at\/de\/besuchen\/tourenangebote.html#\/erlebnisse\" data-tabindex-counter=\"1\" data-tabindex-value=\"none\" target=\"_blank\" rel=\"noopener\">npht.at\/touren<\/a><\/td><\/tr><\/tbody><\/table><\/div>\t\t\t\t\t\t\t\t<\/div>\n\t\t\t\t<\/div>\n\t\t\t\t\t<\/div>\n\t\t<\/div>\n\t\t\t\t\t<\/div>\n\t\t<\/section>\n\t\t\t\t<section class=\"elementor-section elementor-top-section elementor-element elementor-element-1759f404 elementor-section-boxed elementor-section-height-default elementor-section-height-default\" data-id=\"1759f404\" data-element_type=\"section\" data-e-type=\"section\">\n\t\t\t\t\t\t<div class=\"elementor-container elementor-column-gap-default\">\n\t\t\t\t\t<div class=\"elementor-column elementor-col-100 elementor-top-column elementor-element elementor-element-7f2fc677\" data-id=\"7f2fc677\" data-element_type=\"column\" data-e-type=\"column\">\n\t\t\t<div class=\"elementor-widget-wrap elementor-element-populated\">\n\t\t\t\t\t\t<div class=\"elementor-element elementor-element-e19f6e9 elementor-icon-list--layout-traditional elementor-list-item-link-full_width elementor-widget elementor-widget-icon-list\" data-id=\"e19f6e9\" data-element_type=\"widget\" data-e-type=\"widget\" data-widget_type=\"icon-list.default\">\n\t\t\t\t<div class=\"elementor-widget-container\">\n\t\t\t\t\t\t\t<ul class=\"elementor-icon-list-items\">\n\t\t\t\t\t\t\t<li class=\"elementor-icon-list-item\">\n\t\t\t\t\t\t\t\t\t\t<span class=\"elementor-icon-list-text\">EEN REIS NAAR HET TAUERN-RAAM<\/span>\n\t\t\t\t\t\t\t\t\t<\/li>\n\t\t\t\t\t\t<\/ul>\n\t\t\t\t\t\t<\/div>\n\t\t\t\t<\/div>\n\t\t\t\t\t<\/div>\n\t\t<\/div>\n\t\t\t\t\t<\/div>\n\t\t<\/section>\n\t\t\t\t<section class=\"elementor-section elementor-top-section elementor-element elementor-element-4a806d6f elementor-section-boxed elementor-section-height-default elementor-section-height-default\" data-id=\"4a806d6f\" data-element_type=\"section\" data-e-type=\"section\">\n\t\t\t\t\t\t<div class=\"elementor-container elementor-column-gap-default\">\n\t\t\t\t\t<div class=\"elementor-column elementor-col-100 elementor-top-column elementor-element elementor-element-75baf45b\" data-id=\"75baf45b\" data-element_type=\"column\" data-e-type=\"column\">\n\t\t\t<div class=\"elementor-widget-wrap elementor-element-populated\">\n\t\t\t\t\t\t<div class=\"elementor-element elementor-element-588da8f2 elementor-widget elementor-widget-text-editor\" data-id=\"588da8f2\" data-element_type=\"widget\" data-e-type=\"widget\" data-widget_type=\"text-editor.default\">\n\t\t\t\t<div class=\"elementor-widget-container\">\n\t\t\t\t\t\t\t\t\t<p><strong><span>7 juli t\/m 5 september 2025 &#8211; Untersulzbachtal Neukirchen<\/span><\/strong><\/p><p><span>Diep in het hart van de Hohe Tauern bevindt zich een ware zeldzaamheid: de showmijn Hochfeld. Sinds de jaren negentig is de voormalige mijn omgebouwd tot een interactieve tentoonstelling die nu interessante inzichten biedt in de geologie van de Alpen en de geschiedenis van het nationale park.\u00a0<\/span><\/p><p><span>Tijdens een rondleiding leert u hoe het Tauernvenster is ontstaan, hoe rotsformaties zich in de loop van miljoenen jaren hebben ontwikkeld en welke rol mijnbouw in dit gebied speelde. Een bijzonder hoogtepunt is de vernissage &#8220;Inner Life&#8221; van de kunstenaar Mag. kunst. Michael Alexander Seywald, die momenteel in de tunnels van de mijn te bewonderen is.\u00a0<\/span><\/p>\t\t\t\t\t\t\t\t<\/div>\n\t\t\t\t<\/div>\n\t\t\t\t\t<\/div>\n\t\t<\/div>\n\t\t\t\t\t<\/div>\n\t\t<\/section>\n\t\t\t\t<section class=\"elementor-section elementor-top-section elementor-element elementor-element-4f95bdd0 elementor-section-boxed elementor-section-height-default elementor-section-height-default\" data-id=\"4f95bdd0\" data-element_type=\"section\" data-e-type=\"section\">\n\t\t\t\t\t\t<div class=\"elementor-container elementor-column-gap-default\">\n\t\t\t\t\t<div class=\"elementor-column elementor-col-50 elementor-top-column elementor-element elementor-element-72143876\" data-id=\"72143876\" data-element_type=\"column\" data-e-type=\"column\">\n\t\t\t<div class=\"elementor-widget-wrap elementor-element-populated\">\n\t\t\t\t\t\t<div class=\"elementor-element elementor-element-59e08edf elementor-widget elementor-widget-image\" data-id=\"59e08edf\" data-element_type=\"widget\" data-e-type=\"widget\" data-widget_type=\"image.default\">\n\t\t\t\t<div class=\"elementor-widget-container\">\n\t\t\t\t\t\t\t\t\t\t\t\t\t\t\t<img loading=\"lazy\" decoding=\"async\" width=\"550\" height=\"370\" src=\"https:\/\/haus-piesendorf.gaeste-mappe.at\/wp-content\/uploads\/2025\/04\/Reise_ins_Tauernfenster-min.webp\" class=\"attachment-large size-large wp-image-15073\" alt=\"\" srcset=\"https:\/\/haus-piesendorf.gaeste-mappe.at\/wp-content\/uploads\/2025\/04\/Reise_ins_Tauernfenster-min.webp 550w, https:\/\/haus-piesendorf.gaeste-mappe.at\/wp-content\/uploads\/2025\/04\/Reise_ins_Tauernfenster-min-300x202.webp 300w, https:\/\/haus-piesendorf.gaeste-mappe.at\/wp-content\/uploads\/2025\/04\/Reise_ins_Tauernfenster-min-18x12.webp 18w\" sizes=\"(max-width: 550px) 100vw, 550px\" \/>\t\t\t\t\t\t\t\t\t\t\t\t\t\t\t<\/div>\n\t\t\t\t<\/div>\n\t\t\t\t\t<\/div>\n\t\t<\/div>\n\t\t\t\t<div class=\"elementor-column elementor-col-50 elementor-top-column elementor-element elementor-element-4438bc6a\" data-id=\"4438bc6a\" data-element_type=\"column\" data-e-type=\"column\">\n\t\t\t<div class=\"elementor-widget-wrap elementor-element-populated\">\n\t\t\t\t\t\t<div class=\"elementor-element elementor-element-3d9db3cc elementor-widget elementor-widget-text-editor\" data-id=\"3d9db3cc\" data-element_type=\"widget\" data-e-type=\"widget\" data-widget_type=\"text-editor.default\">\n\t\t\t\t<div class=\"elementor-widget-container\">\n\t\t\t\t\t\t\t\t\t<div style=\"overflow-x: auto;\"><table><tbody><tr><td><strong>Ontmoetingspunt<\/strong><\/td><td>11:00 uur en 14:00 uur bij de Knappenstube (te voet bereikbaar in 1,5 uur via de Geolehrweg)<\/td><\/tr><tr><td><strong>Duur<\/strong><\/td><td>ongeveer 2 uur<\/td><\/tr><tr><td><strong>Kosten<\/strong><\/td><td><p>Enkele reis: Volwassene \u20ac 10,00 | Kinderen (10-14 jaar) \u20ac 5,00<\/p><p>eLiner &amp; rondleiding*: Volwassenen \u20ac 15,00 | Kinderen (10-14 jaar) \u20ac 10,00<\/p><p><small>* Maandagmiddag | Dinsdag-, woensdag- en vrijdagochtend<\/small><\/p><\/td><\/tr><tr><td><strong>Vertrek eLiner<\/strong><\/td><td>10:15 &amp; 13:15 VVV Neukirchen<\/td><\/tr><tr><td><strong>Registratie<\/strong><\/td><td>vereist via telefoon\u00a0\u00a0<a tabindex=\"-1\" href=\"tel:0043720710730\">+43 720 7107 30<\/a><\/td><\/tr><\/tbody><\/table><\/div>\t\t\t\t\t\t\t\t<\/div>\n\t\t\t\t<\/div>\n\t\t\t\t\t<\/div>\n\t\t<\/div>\n\t\t\t\t\t<\/div>\n\t\t<\/section>\n\t\t\t\t<section class=\"elementor-section elementor-top-section elementor-element elementor-element-7c6839b0 elementor-section-boxed elementor-section-height-default elementor-section-height-default\" data-id=\"7c6839b0\" data-element_type=\"section\" data-e-type=\"section\">\n\t\t\t\t\t\t<div class=\"elementor-container elementor-column-gap-default\">\n\t\t\t\t\t<div class=\"elementor-column elementor-col-100 elementor-top-column elementor-element elementor-element-7b437dc6\" data-id=\"7b437dc6\" data-element_type=\"column\" data-e-type=\"column\">\n\t\t\t<div class=\"elementor-widget-wrap elementor-element-populated\">\n\t\t\t\t\t\t<div class=\"elementor-element elementor-element-6b61db72 elementor-icon-list--layout-traditional elementor-list-item-link-full_width elementor-widget elementor-widget-icon-list\" data-id=\"6b61db72\" data-element_type=\"widget\" data-e-type=\"widget\" data-widget_type=\"icon-list.default\">\n\t\t\t\t<div class=\"elementor-widget-container\">\n\t\t\t\t\t\t\t<ul class=\"elementor-icon-list-items\">\n\t\t\t\t\t\t\t<li class=\"elementor-icon-list-item\">\n\t\t\t\t\t\t\t\t\t\t<span class=\"elementor-icon-list-text\">KASTEELTOUR \"Kasteel Kaprun\"<\/span>\n\t\t\t\t\t\t\t\t\t<\/li>\n\t\t\t\t\t\t<\/ul>\n\t\t\t\t\t\t<\/div>\n\t\t\t\t<\/div>\n\t\t\t\t\t<\/div>\n\t\t<\/div>\n\t\t\t\t\t<\/div>\n\t\t<\/section>\n\t\t\t\t<section class=\"elementor-section elementor-top-section elementor-element elementor-element-32cde57c elementor-section-boxed elementor-section-height-default elementor-section-height-default\" data-id=\"32cde57c\" data-element_type=\"section\" data-e-type=\"section\">\n\t\t\t\t\t\t<div class=\"elementor-container elementor-column-gap-default\">\n\t\t\t\t\t<div class=\"elementor-column elementor-col-100 elementor-top-column elementor-element elementor-element-607b563d\" data-id=\"607b563d\" data-element_type=\"column\" data-e-type=\"column\">\n\t\t\t<div class=\"elementor-widget-wrap elementor-element-populated\">\n\t\t\t\t\t\t<div class=\"elementor-element elementor-element-5aa5b8ca elementor-widget elementor-widget-text-editor\" data-id=\"5aa5b8ca\" data-element_type=\"widget\" data-e-type=\"widget\" data-widget_type=\"text-editor.default\">\n\t\t\t\t<div class=\"elementor-widget-container\">\n\t\t\t\t\t\t\t\t\t<p><strong><span>30 juni tot 21 september 2025 &#8211; Kaprun<\/span><\/strong><\/p><p><span>Wanneer u Kasteel Kaprun betreedt, voelt het alsof u terug in de tijd reist. Eeuwenoude muren vertellen over ridders, graven en roerige tijden. De eerste vermelding van het kasteel in documenten dateert uit de 13e eeuw, maar de geschiedenis ervan gaat waarschijnlijk nog verder terug.\u00a0<\/span><\/p><p><span>De rondleiding door het kasteel begint om 17.00 uur en gaat vergezeld van spannende verhalen over de geschiedenis van het gebouw. Hierna kunt u op eigen gelegenheid de kasteelkamers, het kasteelmuseum, de kerker en verschillende fotopunten verkennen. Een bijzonder hoogtepunt is het hoogste punt van de burcht, vanwaar u een uniek uitzicht over de Zellsee heeft!\u00a0<\/span><\/p>\t\t\t\t\t\t\t\t<\/div>\n\t\t\t\t<\/div>\n\t\t\t\t\t<\/div>\n\t\t<\/div>\n\t\t\t\t\t<\/div>\n\t\t<\/section>\n\t\t\t\t<section class=\"elementor-section elementor-top-section elementor-element elementor-element-4441d18e elementor-section-boxed elementor-section-height-default elementor-section-height-default\" data-id=\"4441d18e\" data-element_type=\"section\" data-e-type=\"section\">\n\t\t\t\t\t\t<div class=\"elementor-container elementor-column-gap-default\">\n\t\t\t\t\t<div class=\"elementor-column elementor-col-50 elementor-top-column elementor-element elementor-element-538a2e5c\" data-id=\"538a2e5c\" data-element_type=\"column\" data-e-type=\"column\">\n\t\t\t<div class=\"elementor-widget-wrap elementor-element-populated\">\n\t\t\t\t\t\t<div class=\"elementor-element elementor-element-7a39458f elementor-widget elementor-widget-image\" data-id=\"7a39458f\" data-element_type=\"widget\" data-e-type=\"widget\" data-widget_type=\"image.default\">\n\t\t\t\t<div class=\"elementor-widget-container\">\n\t\t\t\t\t\t\t\t\t\t\t\t\t\t\t<img loading=\"lazy\" decoding=\"async\" width=\"550\" height=\"370\" src=\"https:\/\/haus-piesendorf.gaeste-mappe.at\/wp-content\/uploads\/2025\/04\/Burg-Kaprun.webp\" class=\"attachment-large size-large wp-image-15074\" alt=\"\" srcset=\"https:\/\/haus-piesendorf.gaeste-mappe.at\/wp-content\/uploads\/2025\/04\/Burg-Kaprun.webp 550w, https:\/\/haus-piesendorf.gaeste-mappe.at\/wp-content\/uploads\/2025\/04\/Burg-Kaprun-300x202.webp 300w, https:\/\/haus-piesendorf.gaeste-mappe.at\/wp-content\/uploads\/2025\/04\/Burg-Kaprun-18x12.webp 18w\" sizes=\"(max-width: 550px) 100vw, 550px\" \/>\t\t\t\t\t\t\t\t\t\t\t\t\t\t\t<\/div>\n\t\t\t\t<\/div>\n\t\t\t\t\t<\/div>\n\t\t<\/div>\n\t\t\t\t<div class=\"elementor-column elementor-col-50 elementor-top-column elementor-element elementor-element-79df36e0\" data-id=\"79df36e0\" data-element_type=\"column\" data-e-type=\"column\">\n\t\t\t<div class=\"elementor-widget-wrap elementor-element-populated\">\n\t\t\t\t\t\t<div class=\"elementor-element elementor-element-4d57deed elementor-widget elementor-widget-text-editor\" data-id=\"4d57deed\" data-element_type=\"widget\" data-e-type=\"widget\" data-widget_type=\"text-editor.default\">\n\t\t\t\t<div class=\"elementor-widget-container\">\n\t\t\t\t\t\t\t\t\t<div style=\"overflow-x: auto;\"><table><tbody><tr><td><strong>inlaat<\/strong><\/td><td>vanaf 17.00 uur tot 19.00 uur<\/td><\/tr><tr><td><strong>Laatste invoer<\/strong><\/td><td>om 18:40 uur<\/td><\/tr><tr><td><strong>Kennisgeving<\/strong><\/td><td>Gesloten op 17 juli en 21 augustus 2025<\/td><\/tr><tr><td><strong>Ingang<\/strong><\/td><td>Volwassenen \u20ac 8,00 | Kinderen van 7 tot 14 jaar \u20ac 4,00 | Kinderen tot 6 jaar gratis<\/td><\/tr><tr><td><strong>Registratie<\/strong><\/td><td>niet vereist<\/td><\/tr><\/tbody><\/table><\/div>\t\t\t\t\t\t\t\t<\/div>\n\t\t\t\t<\/div>\n\t\t\t\t\t<\/div>\n\t\t<\/div>\n\t\t\t\t\t<\/div>\n\t\t<\/section>\n\t\t\t\t<section class=\"elementor-section elementor-top-section elementor-element elementor-element-204be257 elementor-section-boxed elementor-section-height-default elementor-section-height-default\" data-id=\"204be257\" data-element_type=\"section\" data-e-type=\"section\">\n\t\t\t\t\t\t<div class=\"elementor-container elementor-column-gap-default\">\n\t\t\t\t\t<div class=\"elementor-column elementor-col-100 elementor-top-column elementor-element elementor-element-3108e891\" data-id=\"3108e891\" data-element_type=\"column\" data-e-type=\"column\">\n\t\t\t<div class=\"elementor-widget-wrap elementor-element-populated\">\n\t\t\t\t\t\t<div class=\"elementor-element elementor-element-549d0371 elementor-icon-list--layout-traditional elementor-list-item-link-full_width elementor-widget elementor-widget-icon-list\" data-id=\"549d0371\" data-element_type=\"widget\" data-e-type=\"widget\" data-widget_type=\"icon-list.default\">\n\t\t\t\t<div class=\"elementor-widget-container\">\n\t\t\t\t\t\t\t<ul class=\"elementor-icon-list-items\">\n\t\t\t\t\t\t\t<li class=\"elementor-icon-list-item\">\n\t\t\t\t\t\t\t\t\t\t<span class=\"elementor-icon-list-text\">FANTASTISCHE WATERNACHT<\/span>\n\t\t\t\t\t\t\t\t\t<\/li>\n\t\t\t\t\t\t<\/ul>\n\t\t\t\t\t\t<\/div>\n\t\t\t\t<\/div>\n\t\t\t\t\t<\/div>\n\t\t<\/div>\n\t\t\t\t\t<\/div>\n\t\t<\/section>\n\t\t\t\t<section class=\"elementor-section elementor-top-section elementor-element elementor-element-3abf5601 elementor-section-boxed elementor-section-height-default elementor-section-height-default\" data-id=\"3abf5601\" data-element_type=\"section\" data-e-type=\"section\">\n\t\t\t\t\t\t<div class=\"elementor-container elementor-column-gap-default\">\n\t\t\t\t\t<div class=\"elementor-column elementor-col-100 elementor-top-column elementor-element elementor-element-1c128ced\" data-id=\"1c128ced\" data-element_type=\"column\" data-e-type=\"column\">\n\t\t\t<div class=\"elementor-widget-wrap elementor-element-populated\">\n\t\t\t\t\t\t<div class=\"elementor-element elementor-element-4d94964e elementor-widget elementor-widget-text-editor\" data-id=\"4d94964e\" data-element_type=\"widget\" data-e-type=\"widget\" data-widget_type=\"text-editor.default\">\n\t\t\t\t<div class=\"elementor-widget-container\">\n\t\t\t\t\t\t\t\t\t<p><strong><span>30 juni tot 1 september 2025 &#8211; Kaprun<\/span><\/strong><\/p><p><span>Mystiek en adembenemend, de Sigmund Thun-kloof komt tot leven. Tijdens de begeleide fakkelwandeling door de kloof beleven ouders en kinderen een romantisch en indrukwekkend avontuur.<\/span><\/p>\t\t\t\t\t\t\t\t<\/div>\n\t\t\t\t<\/div>\n\t\t\t\t\t<\/div>\n\t\t<\/div>\n\t\t\t\t\t<\/div>\n\t\t<\/section>\n\t\t\t\t<section class=\"elementor-section elementor-top-section elementor-element elementor-element-196647b7 elementor-section-boxed elementor-section-height-default elementor-section-height-default\" data-id=\"196647b7\" data-element_type=\"section\" data-e-type=\"section\">\n\t\t\t\t\t\t<div class=\"elementor-container elementor-column-gap-default\">\n\t\t\t\t\t<div class=\"elementor-column elementor-col-50 elementor-top-column elementor-element elementor-element-664ae39c\" data-id=\"664ae39c\" data-element_type=\"column\" data-e-type=\"column\">\n\t\t\t<div class=\"elementor-widget-wrap elementor-element-populated\">\n\t\t\t\t\t\t<div class=\"elementor-element elementor-element-8afb7df elementor-widget elementor-widget-image\" data-id=\"8afb7df\" data-element_type=\"widget\" data-e-type=\"widget\" data-widget_type=\"image.default\">\n\t\t\t\t<div class=\"elementor-widget-container\">\n\t\t\t\t\t\t\t\t\t\t\t\t\t\t\t<img loading=\"lazy\" decoding=\"async\" width=\"550\" height=\"370\" src=\"https:\/\/haus-piesendorf.gaeste-mappe.at\/wp-content\/uploads\/2025\/04\/sigmund-thun-klamm.webp\" class=\"attachment-large size-large wp-image-15075\" alt=\"\" srcset=\"https:\/\/haus-piesendorf.gaeste-mappe.at\/wp-content\/uploads\/2025\/04\/sigmund-thun-klamm.webp 550w, https:\/\/haus-piesendorf.gaeste-mappe.at\/wp-content\/uploads\/2025\/04\/sigmund-thun-klamm-300x202.webp 300w, https:\/\/haus-piesendorf.gaeste-mappe.at\/wp-content\/uploads\/2025\/04\/sigmund-thun-klamm-18x12.webp 18w\" sizes=\"(max-width: 550px) 100vw, 550px\" \/>\t\t\t\t\t\t\t\t\t\t\t\t\t\t\t<\/div>\n\t\t\t\t<\/div>\n\t\t\t\t\t<\/div>\n\t\t<\/div>\n\t\t\t\t<div class=\"elementor-column elementor-col-50 elementor-top-column elementor-element elementor-element-6c25c170\" data-id=\"6c25c170\" data-element_type=\"column\" data-e-type=\"column\">\n\t\t\t<div class=\"elementor-widget-wrap elementor-element-populated\">\n\t\t\t\t\t\t<div class=\"elementor-element elementor-element-573bcdc8 elementor-widget elementor-widget-text-editor\" data-id=\"573bcdc8\" data-element_type=\"widget\" data-e-type=\"widget\" data-widget_type=\"text-editor.default\">\n\t\t\t\t<div class=\"elementor-widget-container\">\n\t\t\t\t\t\t\t\t\t<div style=\"overflow-x: auto;\"><table><tbody><tr><td><strong>Ontmoetingspunt<\/strong><\/td><td>Ingang Sigmund Thun-kloof<br \/>30 juni tot 11 augustus om 20.00 uur<br \/>18 augustus tot 1 september om 19.30 uur<\/td><\/tr><tr><td><strong>Kosten<\/strong><\/td><td>Volwassenen \u20ac 12,00 | Kinderen &amp; Tieners (6-15 jaar) \u20ac 6,00 | Kinderen tot 6 jaar gratis<\/td><\/tr><tr><td><strong>Registratie<\/strong><\/td><td>niet vereist<\/td><\/tr><\/tbody><\/table><\/div>\t\t\t\t\t\t\t\t<\/div>\n\t\t\t\t<\/div>\n\t\t\t\t\t<\/div>\n\t\t<\/div>\n\t\t\t\t\t<\/div>\n\t\t<\/section>\n\t\t\t\t<section class=\"elementor-section elementor-top-section elementor-element elementor-element-79eac24f elementor-section-boxed elementor-section-height-default elementor-section-height-default\" data-id=\"79eac24f\" data-element_type=\"section\" data-e-type=\"section\">\n\t\t\t\t\t\t<div class=\"elementor-container elementor-column-gap-default\">\n\t\t\t\t\t<div class=\"elementor-column elementor-col-100 elementor-top-column elementor-element elementor-element-6bc7acfd\" data-id=\"6bc7acfd\" data-element_type=\"column\" data-e-type=\"column\" id=\"dinsdag\">\n\t\t\t<div class=\"elementor-widget-wrap elementor-element-populated\">\n\t\t\t\t\t\t<div class=\"elementor-element elementor-element-2192bd68 elementor-widget elementor-widget-heading\" data-id=\"2192bd68\" data-element_type=\"widget\" data-e-type=\"widget\" data-widget_type=\"heading.default\">\n\t\t\t\t<div class=\"elementor-widget-container\">\n\t\t\t\t\t<h2 class=\"elementor-heading-title elementor-size-default\">Dinsdag<\/h2>\t\t\t\t<\/div>\n\t\t\t\t<\/div>\n\t\t\t\t\t<\/div>\n\t\t<\/div>\n\t\t\t\t\t<\/div>\n\t\t<\/section>\n\t\t\t\t<section class=\"elementor-section elementor-top-section elementor-element elementor-element-2c5111fd elementor-section-boxed elementor-section-height-default elementor-section-height-default\" data-id=\"2c5111fd\" data-element_type=\"section\" data-e-type=\"section\">\n\t\t\t\t\t\t<div class=\"elementor-container elementor-column-gap-default\">\n\t\t\t\t\t<div class=\"elementor-column elementor-col-100 elementor-top-column elementor-element elementor-element-a8e876f\" data-id=\"a8e876f\" data-element_type=\"column\" data-e-type=\"column\">\n\t\t\t<div class=\"elementor-widget-wrap elementor-element-populated\">\n\t\t\t\t\t\t<div class=\"elementor-element elementor-element-340586af elementor-icon-list--layout-traditional elementor-list-item-link-full_width elementor-widget elementor-widget-icon-list\" data-id=\"340586af\" data-element_type=\"widget\" data-e-type=\"widget\" data-widget_type=\"icon-list.default\">\n\t\t\t\t<div class=\"elementor-widget-container\">\n\t\t\t\t\t\t\t<ul class=\"elementor-icon-list-items\">\n\t\t\t\t\t\t\t<li class=\"elementor-icon-list-item\">\n\t\t\t\t\t\t\t\t\t\t<span class=\"elementor-icon-list-text\">BEGELEIDE WANDELING NAAR NATUURSCHATTEN<\/span>\n\t\t\t\t\t\t\t\t\t<\/li>\n\t\t\t\t\t\t<\/ul>\n\t\t\t\t\t\t<\/div>\n\t\t\t\t<\/div>\n\t\t\t\t\t<\/div>\n\t\t<\/div>\n\t\t\t\t\t<\/div>\n\t\t<\/section>\n\t\t\t\t<section class=\"elementor-section elementor-top-section elementor-element elementor-element-2a16765e elementor-section-boxed elementor-section-height-default elementor-section-height-default\" data-id=\"2a16765e\" data-element_type=\"section\" data-e-type=\"section\">\n\t\t\t\t\t\t<div class=\"elementor-container elementor-column-gap-default\">\n\t\t\t\t\t<div class=\"elementor-column elementor-col-100 elementor-top-column elementor-element elementor-element-507ecc4d\" data-id=\"507ecc4d\" data-element_type=\"column\" data-e-type=\"column\">\n\t\t\t<div class=\"elementor-widget-wrap elementor-element-populated\">\n\t\t\t\t\t\t<div class=\"elementor-element elementor-element-2d68f888 elementor-widget elementor-widget-text-editor\" data-id=\"2d68f888\" data-element_type=\"widget\" data-e-type=\"widget\" data-widget_type=\"text-editor.default\">\n\t\t\t\t<div class=\"elementor-widget-container\">\n\t\t\t\t\t\t\t\t\t<p><strong><span>Half mei tot eind september 2025 &#8211; Piesendorf Niedernsill<\/span><\/strong><\/p><p><span>Ga met onze wandelgids mee op een ontspannende tocht door de natuur en ontdek de diversiteit aan inheemse planten en kruiden. Onderweg leert u interessante dingen over de werking en het gebruik van deze groene schatten. Het startpunt is gemakkelijk bereikbaar met de wandeltaxi. Ook de terugreis wordt verzorgd. Een wandeling die inspireert, vertraagt \u200b\u200ben de zintuigen opent.\u00a0<\/span><\/p>\t\t\t\t\t\t\t\t<\/div>\n\t\t\t\t<\/div>\n\t\t\t\t\t<\/div>\n\t\t<\/div>\n\t\t\t\t\t<\/div>\n\t\t<\/section>\n\t\t\t\t<section class=\"elementor-section elementor-top-section elementor-element elementor-element-6bf1a8c5 elementor-section-boxed elementor-section-height-default elementor-section-height-default\" data-id=\"6bf1a8c5\" data-element_type=\"section\" data-e-type=\"section\">\n\t\t\t\t\t\t<div class=\"elementor-container elementor-column-gap-default\">\n\t\t\t\t\t<div class=\"elementor-column elementor-col-50 elementor-top-column elementor-element elementor-element-70bb1eff\" data-id=\"70bb1eff\" data-element_type=\"column\" data-e-type=\"column\">\n\t\t\t<div class=\"elementor-widget-wrap elementor-element-populated\">\n\t\t\t\t\t\t<div class=\"elementor-element elementor-element-6dd0a0e3 elementor-widget elementor-widget-image\" data-id=\"6dd0a0e3\" data-element_type=\"widget\" data-e-type=\"widget\" data-widget_type=\"image.default\">\n\t\t\t\t<div class=\"elementor-widget-container\">\n\t\t\t\t\t\t\t\t\t\t\t\t\t\t\t<img loading=\"lazy\" decoding=\"async\" width=\"550\" height=\"370\" src=\"https:\/\/haus-piesendorf.gaeste-mappe.at\/wp-content\/uploads\/2025\/04\/Blumen_Trail.webp\" class=\"attachment-large size-large wp-image-15158\" alt=\"\" srcset=\"https:\/\/haus-piesendorf.gaeste-mappe.at\/wp-content\/uploads\/2025\/04\/Blumen_Trail.webp 550w, https:\/\/haus-piesendorf.gaeste-mappe.at\/wp-content\/uploads\/2025\/04\/Blumen_Trail-300x202.webp 300w, https:\/\/haus-piesendorf.gaeste-mappe.at\/wp-content\/uploads\/2025\/04\/Blumen_Trail-18x12.webp 18w\" sizes=\"(max-width: 550px) 100vw, 550px\" \/>\t\t\t\t\t\t\t\t\t\t\t\t\t\t\t<\/div>\n\t\t\t\t<\/div>\n\t\t\t\t\t<\/div>\n\t\t<\/div>\n\t\t\t\t<div class=\"elementor-column elementor-col-50 elementor-top-column elementor-element elementor-element-7464c3f1\" data-id=\"7464c3f1\" data-element_type=\"column\" data-e-type=\"column\">\n\t\t\t<div class=\"elementor-widget-wrap elementor-element-populated\">\n\t\t\t\t\t\t<div class=\"elementor-element elementor-element-59ce492c elementor-widget elementor-widget-text-editor\" data-id=\"59ce492c\" data-element_type=\"widget\" data-e-type=\"widget\" data-widget_type=\"text-editor.default\">\n\t\t\t\t<div class=\"elementor-widget-container\">\n\t\t\t\t\t\t\t\t\t<div style=\"overflow-x: auto;\"><table><tbody><tr><td><strong>Ontmoetingspunt<\/strong><\/td><td>09.00 uur VVV-kantoor Piesendorf Niedernsill<\/td><\/tr><tr><td><strong>Duur<\/strong><\/td><td>ongeveer 5 uur (matig)<\/td><\/tr><tr><td><strong>Kosten<\/strong><\/td><td>per persoon \u20ac 15,00 (inclusief taxi)<\/td><\/tr><tr><td><strong>met Fun+ Kaart<\/strong><\/td><td>per persoon \u20ac 5,00 (inclusief taxi)<\/td><\/tr><tr><td><strong>Benodigheden<\/strong><\/td><td>Drank, snack, goede schoenen, regenkleding en wandelstokken<\/td><\/tr><tr><td><strong>Registratie<\/strong><\/td><td>tot 12.00 uur de dag ervoor bij het Toeristenbureau Niedernsill Tel.\u00a0<a tabindex=\"-1\" href=\"tel:004365488232\" data-tabindex-counter=\"1\" data-tabindex-value=\"none\">+43 6548 8232<\/a><\/td><\/tr><\/tbody><\/table><\/div>\t\t\t\t\t\t\t\t<\/div>\n\t\t\t\t<\/div>\n\t\t\t\t\t<\/div>\n\t\t<\/div>\n\t\t\t\t\t<\/div>\n\t\t<\/section>\n\t\t\t\t<section class=\"elementor-section elementor-top-section elementor-element elementor-element-1e6773a8 elementor-section-boxed elementor-section-height-default elementor-section-height-default\" data-id=\"1e6773a8\" data-element_type=\"section\" data-e-type=\"section\">\n\t\t\t\t\t\t<div class=\"elementor-container elementor-column-gap-default\">\n\t\t\t\t\t<div class=\"elementor-column elementor-col-100 elementor-top-column elementor-element elementor-element-2a228287\" data-id=\"2a228287\" data-element_type=\"column\" data-e-type=\"column\">\n\t\t\t<div class=\"elementor-widget-wrap elementor-element-populated\">\n\t\t\t\t\t\t<div class=\"elementor-element elementor-element-49c700e9 elementor-icon-list--layout-traditional elementor-list-item-link-full_width elementor-widget elementor-widget-icon-list\" data-id=\"49c700e9\" data-element_type=\"widget\" data-e-type=\"widget\" data-widget_type=\"icon-list.default\">\n\t\t\t\t<div class=\"elementor-widget-container\">\n\t\t\t\t\t\t\t<ul class=\"elementor-icon-list-items\">\n\t\t\t\t\t\t\t<li class=\"elementor-icon-list-item\">\n\t\t\t\t\t\t\t\t\t\t<span class=\"elementor-icon-list-text\">ONTSPANNEN &amp; VERVEN<\/span>\n\t\t\t\t\t\t\t\t\t<\/li>\n\t\t\t\t\t\t<\/ul>\n\t\t\t\t\t\t<\/div>\n\t\t\t\t<\/div>\n\t\t\t\t\t<\/div>\n\t\t<\/div>\n\t\t\t\t\t<\/div>\n\t\t<\/section>\n\t\t\t\t<section class=\"elementor-section elementor-top-section elementor-element elementor-element-70c13884 elementor-section-boxed elementor-section-height-default elementor-section-height-default\" data-id=\"70c13884\" data-element_type=\"section\" data-e-type=\"section\">\n\t\t\t\t\t\t<div class=\"elementor-container elementor-column-gap-default\">\n\t\t\t\t\t<div class=\"elementor-column elementor-col-100 elementor-top-column elementor-element elementor-element-66b644d6\" data-id=\"66b644d6\" data-element_type=\"column\" data-e-type=\"column\">\n\t\t\t<div class=\"elementor-widget-wrap elementor-element-populated\">\n\t\t\t\t\t\t<div class=\"elementor-element elementor-element-7003898d elementor-widget elementor-widget-text-editor\" data-id=\"7003898d\" data-element_type=\"widget\" data-e-type=\"widget\" data-widget_type=\"text-editor.default\">\n\t\t\t\t<div class=\"elementor-widget-container\">\n\t\t\t\t\t\t\t\t\t<p><strong><span>elke tweede dinsdag van de maand &#8211; Niedernsill<\/span><\/strong><\/p><p><span>Ontdek de vreugde van creatief ontwerpen en gun uzelf een ontspannende pauze terwijl u keramiek beschildert. Samen met familie of vrienden kunt u individuele kunstwerken cre\u00ebren \u2013 of het nu gaat om kleurrijke patronen, delicate bloemen of geheel eigen idee\u00ebn. Het enige wat u nodig hebt is uw verbeelding, de rest regelt u ter plekke. Een ervaring die kalmeert, inspireert en verbindt.<\/span><\/p>\t\t\t\t\t\t\t\t<\/div>\n\t\t\t\t<\/div>\n\t\t\t\t\t<\/div>\n\t\t<\/div>\n\t\t\t\t\t<\/div>\n\t\t<\/section>\n\t\t\t\t<section class=\"elementor-section elementor-top-section elementor-element elementor-element-83935b4 elementor-section-boxed elementor-section-height-default elementor-section-height-default\" data-id=\"83935b4\" data-element_type=\"section\" data-e-type=\"section\">\n\t\t\t\t\t\t<div class=\"elementor-container elementor-column-gap-default\">\n\t\t\t\t\t<div class=\"elementor-column elementor-col-50 elementor-top-column elementor-element elementor-element-7b8313b6\" data-id=\"7b8313b6\" data-element_type=\"column\" data-e-type=\"column\">\n\t\t\t<div class=\"elementor-widget-wrap elementor-element-populated\">\n\t\t\t\t\t\t<div class=\"elementor-element elementor-element-2db665c3 elementor-widget elementor-widget-image\" data-id=\"2db665c3\" data-element_type=\"widget\" data-e-type=\"widget\" data-widget_type=\"image.default\">\n\t\t\t\t<div class=\"elementor-widget-container\">\n\t\t\t\t\t\t\t\t\t\t\t\t\t\t\t<img loading=\"lazy\" decoding=\"async\" width=\"550\" height=\"370\" src=\"https:\/\/haus-piesendorf.gaeste-mappe.at\/wp-content\/uploads\/2025\/04\/chillPaint.webp\" class=\"attachment-large size-large wp-image-15159\" alt=\"\" srcset=\"https:\/\/haus-piesendorf.gaeste-mappe.at\/wp-content\/uploads\/2025\/04\/chillPaint.webp 550w, https:\/\/haus-piesendorf.gaeste-mappe.at\/wp-content\/uploads\/2025\/04\/chillPaint-300x202.webp 300w, https:\/\/haus-piesendorf.gaeste-mappe.at\/wp-content\/uploads\/2025\/04\/chillPaint-18x12.webp 18w\" sizes=\"(max-width: 550px) 100vw, 550px\" \/>\t\t\t\t\t\t\t\t\t\t\t\t\t\t\t<\/div>\n\t\t\t\t<\/div>\n\t\t\t\t\t<\/div>\n\t\t<\/div>\n\t\t\t\t<div class=\"elementor-column elementor-col-50 elementor-top-column elementor-element elementor-element-6d88038\" data-id=\"6d88038\" data-element_type=\"column\" data-e-type=\"column\">\n\t\t\t<div class=\"elementor-widget-wrap elementor-element-populated\">\n\t\t\t\t\t\t<div class=\"elementor-element elementor-element-727093c2 elementor-widget elementor-widget-text-editor\" data-id=\"727093c2\" data-element_type=\"widget\" data-e-type=\"widget\" data-widget_type=\"text-editor.default\">\n\t\t\t\t<div class=\"elementor-widget-container\">\n\t\t\t\t\t\t\t\t\t<div style=\"overflow-x: auto;\"><table><tbody><tr><td><strong>Ontmoetingspunt<\/strong><\/td><td>09.30 uur Winklgut Farm<\/td><\/tr><tr><td><strong>Duur<\/strong><\/td><td>ongeveer 2,5 uur<\/td><\/tr><tr><td><strong>Kosten<\/strong><\/td><td>Volwassenen \u20ac 25,00 | Jeugd (10-12 jaar) \u20ac 20,00 | Kinderen vanaf 4 jaar \u20ac 15,00 | plus de prijs van de door u geselecteerde blanco&#8217;s (\u20ac 5,00 tot \u20ac 45,00 per stuk)<\/td><\/tr><tr><td><strong>met Fun+ Kaart<\/strong><\/td><td>Volwassenen \u20ac 13,00 | excl. blanco&#8217;s<\/td><\/tr><tr><td><strong>bonus<\/strong><\/td><td><strong>met de Fun+ Card:<\/strong>\u00a0kinderen\/jongeren tot 12 jaar gratis! excl. blanco&#8217;s<\/td><\/tr><tr><td><strong>Deelnemer<\/strong><\/td><td>minuten Maximaal 4 personen. 8 personen<\/td><\/tr><tr><td><strong>Registratie<\/strong><\/td><td>tot 17.00 uur de dag ervoor bij het Toeristenbureau van Niedernsill Tel.\u00a0<a tabindex=\"-1\" href=\"tel:+43 6548 8232\" data-tabindex-counter=\"1\" data-tabindex-value=\"none\">+43 6548 8232<\/a><\/td><\/tr><tr><td><strong>Een mededeling!\u00a0<\/strong><\/td><td><strong>Vrijdagmorgen<\/strong>\u00a0na het bakken kunt u uw beschilderde keramische kunstwerken ophalen bij Winklgut\u00a0en mee naar huis nemen.<\/td><\/tr><\/tbody><\/table><\/div>\t\t\t\t\t\t\t\t<\/div>\n\t\t\t\t<\/div>\n\t\t\t\t\t<\/div>\n\t\t<\/div>\n\t\t\t\t\t<\/div>\n\t\t<\/section>\n\t\t\t\t<section class=\"elementor-section elementor-top-section elementor-element elementor-element-41c1d0f2 elementor-section-boxed elementor-section-height-default elementor-section-height-default\" data-id=\"41c1d0f2\" data-element_type=\"section\" data-e-type=\"section\">\n\t\t\t\t\t\t<div class=\"elementor-container elementor-column-gap-default\">\n\t\t\t\t\t<div class=\"elementor-column elementor-col-100 elementor-top-column elementor-element elementor-element-7b8164d9\" data-id=\"7b8164d9\" data-element_type=\"column\" data-e-type=\"column\">\n\t\t\t<div class=\"elementor-widget-wrap elementor-element-populated\">\n\t\t\t\t\t\t<div class=\"elementor-element elementor-element-2d92f963 elementor-icon-list--layout-traditional elementor-list-item-link-full_width elementor-widget elementor-widget-icon-list\" data-id=\"2d92f963\" data-element_type=\"widget\" data-e-type=\"widget\" data-widget_type=\"icon-list.default\">\n\t\t\t\t<div class=\"elementor-widget-container\">\n\t\t\t\t\t\t\t<ul class=\"elementor-icon-list-items\">\n\t\t\t\t\t\t\t<li class=\"elementor-icon-list-item\">\n\t\t\t\t\t\t\t\t\t\t<span class=\"elementor-icon-list-text\">NAAI JE EIGEN DENNENKUSSEN<\/span>\n\t\t\t\t\t\t\t\t\t<\/li>\n\t\t\t\t\t\t<\/ul>\n\t\t\t\t\t\t<\/div>\n\t\t\t\t<\/div>\n\t\t\t\t\t<\/div>\n\t\t<\/div>\n\t\t\t\t\t<\/div>\n\t\t<\/section>\n\t\t\t\t<section class=\"elementor-section elementor-top-section elementor-element elementor-element-1477a876 elementor-section-boxed elementor-section-height-default elementor-section-height-default\" data-id=\"1477a876\" data-element_type=\"section\" data-e-type=\"section\">\n\t\t\t\t\t\t<div class=\"elementor-container elementor-column-gap-default\">\n\t\t\t\t\t<div class=\"elementor-column elementor-col-100 elementor-top-column elementor-element elementor-element-2b3cdb4c\" data-id=\"2b3cdb4c\" data-element_type=\"column\" data-e-type=\"column\">\n\t\t\t<div class=\"elementor-widget-wrap elementor-element-populated\">\n\t\t\t\t\t\t<div class=\"elementor-element elementor-element-c39f5e elementor-widget elementor-widget-text-editor\" data-id=\"c39f5e\" data-element_type=\"widget\" data-e-type=\"widget\" data-widget_type=\"text-editor.default\">\n\t\t\t\t<div class=\"elementor-widget-container\">\n\t\t\t\t\t\t\t\t\t<p><strong><span>Mei tot oktober 2025 &#8211; Piesendorf<\/span><\/strong><\/p><p><span>Dompel jezelf onder in de magische wereld van de Zwitserse steenden en cre\u00eber je eigen stukje bergmagie. De Zwitserse steenden, de koningin onder de bergen, verhoogt niet alleen uw welzijn, maar bevordert ook uw slaap. Naai je eigen kussen en vul het met schapenwol en geurige dennenkrullen.\u00a0<\/span><\/p>\t\t\t\t\t\t\t\t<\/div>\n\t\t\t\t<\/div>\n\t\t\t\t\t<\/div>\n\t\t<\/div>\n\t\t\t\t\t<\/div>\n\t\t<\/section>\n\t\t\t\t<section class=\"elementor-section elementor-top-section elementor-element elementor-element-3e83b029 elementor-section-boxed elementor-section-height-default elementor-section-height-default\" data-id=\"3e83b029\" data-element_type=\"section\" data-e-type=\"section\">\n\t\t\t\t\t\t<div class=\"elementor-container elementor-column-gap-default\">\n\t\t\t\t\t<div class=\"elementor-column elementor-col-50 elementor-top-column elementor-element elementor-element-5ac10275\" data-id=\"5ac10275\" data-element_type=\"column\" data-e-type=\"column\">\n\t\t\t<div class=\"elementor-widget-wrap elementor-element-populated\">\n\t\t\t\t\t\t<div class=\"elementor-element elementor-element-25a47e83 elementor-widget elementor-widget-image\" data-id=\"25a47e83\" data-element_type=\"widget\" data-e-type=\"widget\" data-widget_type=\"image.default\">\n\t\t\t\t<div class=\"elementor-widget-container\">\n\t\t\t\t\t\t\t\t\t\t\t\t\t\t\t<img loading=\"lazy\" decoding=\"async\" width=\"550\" height=\"370\" src=\"https:\/\/haus-piesendorf.gaeste-mappe.at\/wp-content\/uploads\/2025\/04\/zirbe.webp\" class=\"attachment-large size-large wp-image-15160\" alt=\"\" srcset=\"https:\/\/haus-piesendorf.gaeste-mappe.at\/wp-content\/uploads\/2025\/04\/zirbe.webp 550w, https:\/\/haus-piesendorf.gaeste-mappe.at\/wp-content\/uploads\/2025\/04\/zirbe-300x202.webp 300w, https:\/\/haus-piesendorf.gaeste-mappe.at\/wp-content\/uploads\/2025\/04\/zirbe-18x12.webp 18w\" sizes=\"(max-width: 550px) 100vw, 550px\" \/>\t\t\t\t\t\t\t\t\t\t\t\t\t\t\t<\/div>\n\t\t\t\t<\/div>\n\t\t\t\t\t<\/div>\n\t\t<\/div>\n\t\t\t\t<div class=\"elementor-column elementor-col-50 elementor-top-column elementor-element elementor-element-1d44f279\" data-id=\"1d44f279\" data-element_type=\"column\" data-e-type=\"column\">\n\t\t\t<div class=\"elementor-widget-wrap elementor-element-populated\">\n\t\t\t\t\t\t<div class=\"elementor-element elementor-element-492da095 elementor-widget elementor-widget-text-editor\" data-id=\"492da095\" data-element_type=\"widget\" data-e-type=\"widget\" data-widget_type=\"text-editor.default\">\n\t\t\t\t<div class=\"elementor-widget-container\">\n\t\t\t\t\t\t\t\t\t<div style=\"overflow-x: auto;\"><table><tbody><tr><td><strong>Ontmoetingspunt<\/strong><\/td><td>13:00 uur Biologische boerderij Dietlgut<\/td><\/tr><tr><td><strong>Duur<\/strong><\/td><td>ongeveer 2 uur<\/td><\/tr><tr><td><strong>Kosten<\/strong><\/td><td>per persoon \u20ac 36,00 (inclusief materiaal)<\/td><\/tr><tr><td><strong>met Fun+ Kaart<\/strong><\/td><td>per persoon \u20ac 18,00 (inclusief materiaal)<\/td><\/tr><tr><td><strong>bonus<\/strong><\/td><td><strong>Met de Fun+ Card:<\/strong>\u00a0\u00a0kinderen tot 12 jaar gratis!<\/td><\/tr><tr><td><strong>korting<\/strong><\/td><td>voor kinderen tot 12 jaar met de Piesendorf en Niedernsill gastenkaart<\/td><\/tr><tr><td><strong>Deelnemer<\/strong><\/td><td>maximaal 5 personen | Geschikt voor gezinnen met kinderen vanaf 5 jaar!<\/td><\/tr><tr><td><strong>Registratie<\/strong><\/td><td>tot 12.00 uur de dag ervoor bij het Toeristenbureau van Piesendorf, tel.\u00a0<a tabindex=\"-1\" href=\"tel:004365497239\">+43 6549 7239<\/a><\/td><\/tr><\/tbody><\/table><\/div>\t\t\t\t\t\t\t\t<\/div>\n\t\t\t\t<\/div>\n\t\t\t\t\t<\/div>\n\t\t<\/div>\n\t\t\t\t\t<\/div>\n\t\t<\/section>\n\t\t\t\t<section class=\"elementor-section elementor-top-section elementor-element elementor-element-13ee3330 elementor-section-boxed elementor-section-height-default elementor-section-height-default\" data-id=\"13ee3330\" data-element_type=\"section\" data-e-type=\"section\">\n\t\t\t\t\t\t<div class=\"elementor-container elementor-column-gap-default\">\n\t\t\t\t\t<div class=\"elementor-column elementor-col-100 elementor-top-column elementor-element elementor-element-1251523b\" data-id=\"1251523b\" data-element_type=\"column\" data-e-type=\"column\">\n\t\t\t<div class=\"elementor-widget-wrap elementor-element-populated\">\n\t\t\t\t\t\t<div class=\"elementor-element elementor-element-7aa9e297 elementor-icon-list--layout-traditional elementor-list-item-link-full_width elementor-widget elementor-widget-icon-list\" data-id=\"7aa9e297\" data-element_type=\"widget\" data-e-type=\"widget\" data-widget_type=\"icon-list.default\">\n\t\t\t\t<div class=\"elementor-widget-container\">\n\t\t\t\t\t\t\t<ul class=\"elementor-icon-list-items\">\n\t\t\t\t\t\t\t<li class=\"elementor-icon-list-item\">\n\t\t\t\t\t\t\t\t\t\t<span class=\"elementor-icon-list-text\">SEEBACHSEE<\/span>\n\t\t\t\t\t\t\t\t\t<\/li>\n\t\t\t\t\t\t<\/ul>\n\t\t\t\t\t\t<\/div>\n\t\t\t\t<\/div>\n\t\t\t\t\t<\/div>\n\t\t<\/div>\n\t\t\t\t\t<\/div>\n\t\t<\/section>\n\t\t\t\t<section class=\"elementor-section elementor-top-section elementor-element elementor-element-6c5183c elementor-section-boxed elementor-section-height-default elementor-section-height-default\" data-id=\"6c5183c\" data-element_type=\"section\" data-e-type=\"section\">\n\t\t\t\t\t\t<div class=\"elementor-container elementor-column-gap-default\">\n\t\t\t\t\t<div class=\"elementor-column elementor-col-100 elementor-top-column elementor-element elementor-element-1f5b820c\" data-id=\"1f5b820c\" data-element_type=\"column\" data-e-type=\"column\">\n\t\t\t<div class=\"elementor-widget-wrap elementor-element-populated\">\n\t\t\t\t\t\t<div class=\"elementor-element elementor-element-6e6fc9ba elementor-widget elementor-widget-text-editor\" data-id=\"6e6fc9ba\" data-element_type=\"widget\" data-e-type=\"widget\" data-widget_type=\"text-editor.default\">\n\t\t\t\t<div class=\"elementor-widget-container\">\n\t\t\t\t\t\t\t\t\t<p><strong><span>8 juli tot 2 september 2025 &#8211; Neukirchen<\/span><\/strong><\/p><p><span>Beleef een onvergetelijke tour met een parkwachter! Na een taxirit naar de Berndlalm wandelt u via de Poschalm en de soortenrijke Munau (natte weide) door idyllische bergbossen naar de schilderachtige Seebachsee op 2.083 m. Geniet van de rust van de natuur en leer fascinerende weetjes over de flora en fauna. De terugweg voert over de alpenweiden naar het bospad, waar de taxi u terugbrengt naar het startpunt. Ideaal voor iedereen die de diversiteit van het nationale park wil ontdekken!\u00a0<\/span><\/p>\t\t\t\t\t\t\t\t<\/div>\n\t\t\t\t<\/div>\n\t\t\t\t\t<\/div>\n\t\t<\/div>\n\t\t\t\t\t<\/div>\n\t\t<\/section>\n\t\t\t\t<section class=\"elementor-section elementor-top-section elementor-element elementor-element-311a4fe8 elementor-section-boxed elementor-section-height-default elementor-section-height-default\" data-id=\"311a4fe8\" data-element_type=\"section\" data-e-type=\"section\">\n\t\t\t\t\t\t<div class=\"elementor-container elementor-column-gap-default\">\n\t\t\t\t\t<div class=\"elementor-column elementor-col-50 elementor-top-column elementor-element elementor-element-58aafd91\" data-id=\"58aafd91\" data-element_type=\"column\" data-e-type=\"column\">\n\t\t\t<div class=\"elementor-widget-wrap elementor-element-populated\">\n\t\t\t\t\t\t<div class=\"elementor-element elementor-element-11062bdc elementor-widget elementor-widget-image\" data-id=\"11062bdc\" data-element_type=\"widget\" data-e-type=\"widget\" data-widget_type=\"image.default\">\n\t\t\t\t<div class=\"elementor-widget-container\">\n\t\t\t\t\t\t\t\t\t\t\t\t\t\t\t<img loading=\"lazy\" decoding=\"async\" width=\"550\" height=\"370\" src=\"https:\/\/haus-piesendorf.gaeste-mappe.at\/wp-content\/uploads\/2025\/04\/Seebachsee.webp\" class=\"attachment-large size-large wp-image-15161\" alt=\"\" srcset=\"https:\/\/haus-piesendorf.gaeste-mappe.at\/wp-content\/uploads\/2025\/04\/Seebachsee.webp 550w, https:\/\/haus-piesendorf.gaeste-mappe.at\/wp-content\/uploads\/2025\/04\/Seebachsee-300x202.webp 300w, https:\/\/haus-piesendorf.gaeste-mappe.at\/wp-content\/uploads\/2025\/04\/Seebachsee-18x12.webp 18w\" sizes=\"(max-width: 550px) 100vw, 550px\" \/>\t\t\t\t\t\t\t\t\t\t\t\t\t\t\t<\/div>\n\t\t\t\t<\/div>\n\t\t\t\t\t<\/div>\n\t\t<\/div>\n\t\t\t\t<div class=\"elementor-column elementor-col-50 elementor-top-column elementor-element elementor-element-281d6164\" data-id=\"281d6164\" data-element_type=\"column\" data-e-type=\"column\">\n\t\t\t<div class=\"elementor-widget-wrap elementor-element-populated\">\n\t\t\t\t\t\t<div class=\"elementor-element elementor-element-493e9215 elementor-widget elementor-widget-text-editor\" data-id=\"493e9215\" data-element_type=\"widget\" data-e-type=\"widget\" data-widget_type=\"text-editor.default\">\n\t\t\t\t<div class=\"elementor-widget-container\">\n\t\t\t\t\t\t\t\t\t<div style=\"overflow-x: auto;\"><table><tbody><tr><td><strong>Ontmoetingspunt<\/strong><\/td><td>08:00 uur Parkeerplaats Hopffeldboden Obersulzbachtal\u00a0<small>(tegen betaling)<\/small><\/td><\/tr><tr><td><strong>Duur<\/strong><\/td><td>ongeveer 6,5 uur (ca. 4,5 uur wandeltijd | uitdagend)<\/td><\/tr><tr><td><strong>Kosten<\/strong><\/td><td>Volwassenen \u20ac 22,00 | Kinderen en tieners (10-16 jaar) onder begeleiding van ouders gratis | excl. feederdiensten |\u00a0<strong>Bijkomende kosten:<\/strong>\u00a0Parkeerkosten \u20ac 5,00 &amp; taxivervoer \u20ac 16,00<\/td><\/tr><tr><td><strong>Gratis<\/strong><\/td><td>met de\u00a0\u00a0<strong>gastenkaart<\/strong>\u00a0of\u00a0<strong>de National Park Summer Card<\/strong>\u00a0\u00a0(exclusief pendeldiensten)<\/td><\/tr><tr><td><strong>Benodigheden<\/strong><\/td><td>Enkelhoge bergschoenen met profielzolen, regen- en zonbescherming, geschikte kleding en een reservekleding, een hoed en handschoenen, een rugzak met drinken en snacks en wandelstokken<\/td><\/tr><tr><td><strong>Registratie<\/strong><\/td><td>tot 15.00 uur de dag ervoor op\u00a0<a tabindex=\"-1\" href=\"https:\/\/hohetauern.at\/de\/besuchen\/tourenangebote.html#\/erlebnisse\" data-tabindex-counter=\"1\" data-tabindex-value=\"none\" target=\"_blank\" rel=\"noopener\">npht.at\/touren<\/a><\/td><\/tr><\/tbody><\/table><\/div>\t\t\t\t\t\t\t\t<\/div>\n\t\t\t\t<\/div>\n\t\t\t\t\t<\/div>\n\t\t<\/div>\n\t\t\t\t\t<\/div>\n\t\t<\/section>\n\t\t\t\t<section class=\"elementor-section elementor-top-section elementor-element elementor-element-3216beaa elementor-section-boxed elementor-section-height-default elementor-section-height-default\" data-id=\"3216beaa\" data-element_type=\"section\" data-e-type=\"section\">\n\t\t\t\t\t\t<div class=\"elementor-container elementor-column-gap-default\">\n\t\t\t\t\t<div class=\"elementor-column elementor-col-100 elementor-top-column elementor-element elementor-element-7a59a71e\" data-id=\"7a59a71e\" data-element_type=\"column\" data-e-type=\"column\">\n\t\t\t<div class=\"elementor-widget-wrap elementor-element-populated\">\n\t\t\t\t\t\t<div class=\"elementor-element elementor-element-350ef23b elementor-icon-list--layout-traditional elementor-list-item-link-full_width elementor-widget elementor-widget-icon-list\" data-id=\"350ef23b\" data-element_type=\"widget\" data-e-type=\"widget\" data-widget_type=\"icon-list.default\">\n\t\t\t\t<div class=\"elementor-widget-container\">\n\t\t\t\t\t\t\t<ul class=\"elementor-icon-list-items\">\n\t\t\t\t\t\t\t<li class=\"elementor-icon-list-item\">\n\t\t\t\t\t\t\t\t\t\t<span class=\"elementor-icon-list-text\">OP HET SPOOR VAN DE MUILHEUVELJAGERS<\/span>\n\t\t\t\t\t\t\t\t\t<\/li>\n\t\t\t\t\t\t<\/ul>\n\t\t\t\t\t\t<\/div>\n\t\t\t\t<\/div>\n\t\t\t\t\t<\/div>\n\t\t<\/div>\n\t\t\t\t\t<\/div>\n\t\t<\/section>\n\t\t\t\t<section class=\"elementor-section elementor-top-section elementor-element elementor-element-23306bfa elementor-section-boxed elementor-section-height-default elementor-section-height-default\" data-id=\"23306bfa\" data-element_type=\"section\" data-e-type=\"section\">\n\t\t\t\t\t\t<div class=\"elementor-container elementor-column-gap-default\">\n\t\t\t\t\t<div class=\"elementor-column elementor-col-100 elementor-top-column elementor-element elementor-element-7f51d128\" data-id=\"7f51d128\" data-element_type=\"column\" data-e-type=\"column\">\n\t\t\t<div class=\"elementor-widget-wrap elementor-element-populated\">\n\t\t\t\t\t\t<div class=\"elementor-element elementor-element-79cf1177 elementor-widget elementor-widget-text-editor\" data-id=\"79cf1177\" data-element_type=\"widget\" data-e-type=\"widget\" data-widget_type=\"text-editor.default\">\n\t\t\t\t<div class=\"elementor-widget-container\">\n\t\t\t\t\t\t\t\t\t<p><strong><span>8 juli tot 2 september 2025 &#8211; Rauris<\/span><\/strong><\/p><p><span>Gro\u00dfglockner-panorama en wandeling naar het Seidlwinkltal! Start in Rauris met de bus en geniet van een rit met een National Park Ranger over de hoogste panoramaweg van Oostenrijk &#8211; een uniek uitzicht op de majestueuze bergen rondom de Gro\u00dfglockner! De wandeling begint bij de Mittert\u00f6rl en loopt gestaag bergafwaarts het Seidlwinkltal in. Via de Labb\u00f6den en de Litzlhofalm bereikt u in de vroege namiddag het Rauriser Tauernhaus, waar de tocht eindigt. De terugreis kunt u het beste per taxi doen. Een indrukwekkende natuurbelevenis!\u00a0<\/span><\/p>\t\t\t\t\t\t\t\t<\/div>\n\t\t\t\t<\/div>\n\t\t\t\t\t<\/div>\n\t\t<\/div>\n\t\t\t\t\t<\/div>\n\t\t<\/section>\n\t\t\t\t<section class=\"elementor-section elementor-top-section elementor-element elementor-element-3454f002 elementor-section-boxed elementor-section-height-default elementor-section-height-default\" data-id=\"3454f002\" data-element_type=\"section\" data-e-type=\"section\">\n\t\t\t\t\t\t<div class=\"elementor-container elementor-column-gap-default\">\n\t\t\t\t\t<div class=\"elementor-column elementor-col-50 elementor-top-column elementor-element elementor-element-43dbd365\" data-id=\"43dbd365\" data-element_type=\"column\" data-e-type=\"column\">\n\t\t\t<div class=\"elementor-widget-wrap elementor-element-populated\">\n\t\t\t\t\t\t<div class=\"elementor-element elementor-element-248e69fd elementor-widget elementor-widget-image\" data-id=\"248e69fd\" data-element_type=\"widget\" data-e-type=\"widget\" data-widget_type=\"image.default\">\n\t\t\t\t<div class=\"elementor-widget-container\">\n\t\t\t\t\t\t\t\t\t\t\t\t\t\t\t<img loading=\"lazy\" decoding=\"async\" width=\"550\" height=\"370\" src=\"https:\/\/haus-piesendorf.gaeste-mappe.at\/wp-content\/uploads\/2025\/04\/Raurisertal-Seidlwinkltal.webp\" class=\"attachment-large size-large wp-image-15162\" alt=\"\" srcset=\"https:\/\/haus-piesendorf.gaeste-mappe.at\/wp-content\/uploads\/2025\/04\/Raurisertal-Seidlwinkltal.webp 550w, https:\/\/haus-piesendorf.gaeste-mappe.at\/wp-content\/uploads\/2025\/04\/Raurisertal-Seidlwinkltal-300x202.webp 300w, https:\/\/haus-piesendorf.gaeste-mappe.at\/wp-content\/uploads\/2025\/04\/Raurisertal-Seidlwinkltal-18x12.webp 18w\" sizes=\"(max-width: 550px) 100vw, 550px\" \/>\t\t\t\t\t\t\t\t\t\t\t\t\t\t\t<\/div>\n\t\t\t\t<\/div>\n\t\t\t\t\t<\/div>\n\t\t<\/div>\n\t\t\t\t<div class=\"elementor-column elementor-col-50 elementor-top-column elementor-element elementor-element-5922dcba\" data-id=\"5922dcba\" data-element_type=\"column\" data-e-type=\"column\">\n\t\t\t<div class=\"elementor-widget-wrap elementor-element-populated\">\n\t\t\t\t\t\t<div class=\"elementor-element elementor-element-721ffae elementor-widget elementor-widget-text-editor\" data-id=\"721ffae\" data-element_type=\"widget\" data-e-type=\"widget\" data-widget_type=\"text-editor.default\">\n\t\t\t\t<div class=\"elementor-widget-container\">\n\t\t\t\t\t\t\t\t\t<div style=\"overflow-x: auto;\"><table><tbody><tr><td><strong>Ontmoetingspunt<\/strong><\/td><td>08.30 uur halte Rauris centrum\u00a0<small>(openbaar vervoer aanbevolen)<\/small><\/td><\/tr><tr><td><strong>Duur<\/strong><\/td><td>ongeveer 7 uur (ca. 3 uur wandeltijd | gemiddeld)<\/td><\/tr><tr><td><strong>Kosten<\/strong><\/td><td>Volwassenen \u20ac 22,00 | Kinderen en tieners (10-16 jaar) onder begeleiding van ouders gratis |\u00a0<strong>Extra kosten<\/strong>\u00a0voor bustransfer naar Mittert\u00f6rl\u00a0<small>(Grossglockner Hochalpenstra\u00dfe)<\/small>\u00a0\u20ac 40,00 per persoon en \u20ac 5,00 per persoon voor taxitransfer van het Rauriser Tauernhaus naar de instaphalte\u00a0<small>(gratis met de National Park Sommer Card)<\/small><\/td><\/tr><tr><td><strong>Gratis<\/strong><\/td><td>met de\u00a0\u00a0<strong>gastenkaart<\/strong>\u00a0\u00a0of\u00a0<strong>de National Park Summer Card<\/strong>\u00a0(exclusief pendeldiensten)<\/td><\/tr><tr><td><strong>Benodigheden<\/strong><\/td><td>Wandel- of bergschoenen met profielzolen, regen- en zonbescherming, geschikte kleding en een reservekleding, rugzak met drinken en snacks<\/td><\/tr><tr><td><strong>Registratie<\/strong><\/td><td>tot 15.00 uur de dag ervoor op\u00a0<a tabindex=\"-1\" href=\"https:\/\/hohetauern.at\/de\/besuchen\/tourenangebote.html#\/erlebnisse\" target=\"_blank\" rel=\"noopener\">npht.at\/touren<\/a><\/td><\/tr><\/tbody><\/table><\/div>\t\t\t\t\t\t\t\t<\/div>\n\t\t\t\t<\/div>\n\t\t\t\t\t<\/div>\n\t\t<\/div>\n\t\t\t\t\t<\/div>\n\t\t<\/section>\n\t\t\t\t<section class=\"elementor-section elementor-top-section elementor-element elementor-element-99b6d65 elementor-section-boxed elementor-section-height-default elementor-section-height-default\" data-id=\"99b6d65\" data-element_type=\"section\" data-e-type=\"section\">\n\t\t\t\t\t\t<div class=\"elementor-container elementor-column-gap-default\">\n\t\t\t\t\t<div class=\"elementor-column elementor-col-100 elementor-top-column elementor-element elementor-element-6b7158e8\" data-id=\"6b7158e8\" data-element_type=\"column\" data-e-type=\"column\">\n\t\t\t<div class=\"elementor-widget-wrap elementor-element-populated\">\n\t\t\t\t\t\t<div class=\"elementor-element elementor-element-3bdda5b7 elementor-icon-list--layout-traditional elementor-list-item-link-full_width elementor-widget elementor-widget-icon-list\" data-id=\"3bdda5b7\" data-element_type=\"widget\" data-e-type=\"widget\" data-widget_type=\"icon-list.default\">\n\t\t\t\t<div class=\"elementor-widget-container\">\n\t\t\t\t\t\t\t<ul class=\"elementor-icon-list-items\">\n\t\t\t\t\t\t\t<li class=\"elementor-icon-list-item\">\n\t\t\t\t\t\t\t\t\t\t<span class=\"elementor-icon-list-text\">ONTMOET EEN RANGER<\/span>\n\t\t\t\t\t\t\t\t\t<\/li>\n\t\t\t\t\t\t<\/ul>\n\t\t\t\t\t\t<\/div>\n\t\t\t\t<\/div>\n\t\t\t\t\t<\/div>\n\t\t<\/div>\n\t\t\t\t\t<\/div>\n\t\t<\/section>\n\t\t\t\t<section class=\"elementor-section elementor-top-section elementor-element elementor-element-46e6d807 elementor-section-boxed elementor-section-height-default elementor-section-height-default\" data-id=\"46e6d807\" data-element_type=\"section\" data-e-type=\"section\">\n\t\t\t\t\t\t<div class=\"elementor-container elementor-column-gap-default\">\n\t\t\t\t\t<div class=\"elementor-column elementor-col-100 elementor-top-column elementor-element elementor-element-13b1c49\" data-id=\"13b1c49\" data-element_type=\"column\" data-e-type=\"column\">\n\t\t\t<div class=\"elementor-widget-wrap elementor-element-populated\">\n\t\t\t\t\t\t<div class=\"elementor-element elementor-element-4d4e5b5e elementor-widget elementor-widget-text-editor\" data-id=\"4d4e5b5e\" data-element_type=\"widget\" data-e-type=\"widget\" data-widget_type=\"text-editor.default\">\n\t\t\t\t<div class=\"elementor-widget-container\">\n\t\t\t\t\t\t\t\t\t<p><strong><span>7 juli tot 5 september 2025 &#8211; Nationaal Park Valleien<\/span><\/strong><\/p><p><span>Van maandag tot en met vrijdag kunt u de rangers van het Nationaal Park Hohe Tauern direct in hun natuurlijke habitat ontmoeten: in de adembenemende dalen van het Nationaal Park Salzburg.\u00a0<\/span><\/p><p><span>Hier krijgt u exclusieve inzichten in de unieke flora en fauna en leert u waarom het behoud van dit hooggebergtelandschap zo belangrijk is. De boswachters delen hun passie voor de natuur met u, vertellen over hun werk en laten zien hoe we samen deze schatten kunnen behouden voor toekomstige generaties.\u00a0<\/span><\/p><p><span>Het is niet voor niets dat de rangers het uithangbord van het nationale park zijn. Zij kennen dit beschermde gebied op hun duimpje!\u00a0<\/span><\/p>\t\t\t\t\t\t\t\t<\/div>\n\t\t\t\t<\/div>\n\t\t\t\t\t<\/div>\n\t\t<\/div>\n\t\t\t\t\t<\/div>\n\t\t<\/section>\n\t\t\t\t<section class=\"elementor-section elementor-top-section elementor-element elementor-element-76a019be elementor-section-boxed elementor-section-height-default elementor-section-height-default\" data-id=\"76a019be\" data-element_type=\"section\" data-e-type=\"section\">\n\t\t\t\t\t\t<div class=\"elementor-container elementor-column-gap-default\">\n\t\t\t\t\t<div class=\"elementor-column elementor-col-50 elementor-top-column elementor-element elementor-element-1d0082c3\" data-id=\"1d0082c3\" data-element_type=\"column\" data-e-type=\"column\">\n\t\t\t<div class=\"elementor-widget-wrap elementor-element-populated\">\n\t\t\t\t\t\t<div class=\"elementor-element elementor-element-f20d1b5 elementor-widget elementor-widget-image\" data-id=\"f20d1b5\" data-element_type=\"widget\" data-e-type=\"widget\" data-widget_type=\"image.default\">\n\t\t\t\t<div class=\"elementor-widget-container\">\n\t\t\t\t\t\t\t\t\t\t\t\t\t\t\t<img fetchpriority=\"high\" decoding=\"async\" width=\"550\" height=\"370\" src=\"https:\/\/haus-piesendorf.gaeste-mappe.at\/wp-content\/uploads\/2025\/04\/meet-a-ranger.webp\" class=\"attachment-large size-large wp-image-15065\" alt=\"\" srcset=\"https:\/\/haus-piesendorf.gaeste-mappe.at\/wp-content\/uploads\/2025\/04\/meet-a-ranger.webp 550w, https:\/\/haus-piesendorf.gaeste-mappe.at\/wp-content\/uploads\/2025\/04\/meet-a-ranger-300x202.webp 300w, https:\/\/haus-piesendorf.gaeste-mappe.at\/wp-content\/uploads\/2025\/04\/meet-a-ranger-18x12.webp 18w\" sizes=\"(max-width: 550px) 100vw, 550px\" \/>\t\t\t\t\t\t\t\t\t\t\t\t\t\t\t<\/div>\n\t\t\t\t<\/div>\n\t\t\t\t\t<\/div>\n\t\t<\/div>\n\t\t\t\t<div class=\"elementor-column elementor-col-50 elementor-top-column elementor-element elementor-element-58a6d26b\" data-id=\"58a6d26b\" data-element_type=\"column\" data-e-type=\"column\">\n\t\t\t<div class=\"elementor-widget-wrap elementor-element-populated\">\n\t\t\t\t\t\t<div class=\"elementor-element elementor-element-17d7a060 elementor-widget elementor-widget-text-editor\" data-id=\"17d7a060\" data-element_type=\"widget\" data-e-type=\"widget\" data-widget_type=\"text-editor.default\">\n\t\t\t\t<div class=\"elementor-widget-container\">\n\t\t\t\t\t\t\t\t\t<div style=\"overflow-x: auto;\"><table><tbody><tr><td><strong>Ontmoetingspunt<\/strong><\/td><td>De Junior Rangers in de informatiehutten vertellen u precies waar u de Nationaal Park Ranger kunt ontmoeten.<\/td><\/tr><tr><td><strong>Periode<\/strong><\/td><td>van 09:00 tot 16:00 uur<\/td><\/tr><tr><td><strong>Waar?<\/strong><\/td><td>Hollersbachtal, Seidlwinkltal\/Rauris<\/td><\/tr><\/tbody><\/table><\/div>\t\t\t\t\t\t\t\t<\/div>\n\t\t\t\t<\/div>\n\t\t\t\t\t<\/div>\n\t\t<\/div>\n\t\t\t\t\t<\/div>\n\t\t<\/section>\n\t\t\t\t<section class=\"elementor-section elementor-top-section elementor-element elementor-element-3fb2ed83 elementor-section-boxed elementor-section-height-default elementor-section-height-default\" data-id=\"3fb2ed83\" data-element_type=\"section\" data-e-type=\"section\">\n\t\t\t\t\t\t<div class=\"elementor-container elementor-column-gap-default\">\n\t\t\t\t\t<div class=\"elementor-column elementor-col-100 elementor-top-column elementor-element elementor-element-47278fce\" data-id=\"47278fce\" data-element_type=\"column\" data-e-type=\"column\">\n\t\t\t<div class=\"elementor-widget-wrap elementor-element-populated\">\n\t\t\t\t\t\t<div class=\"elementor-element elementor-element-5fdeab95 elementor-icon-list--layout-traditional elementor-list-item-link-full_width elementor-widget elementor-widget-icon-list\" data-id=\"5fdeab95\" data-element_type=\"widget\" data-e-type=\"widget\" data-widget_type=\"icon-list.default\">\n\t\t\t\t<div class=\"elementor-widget-container\">\n\t\t\t\t\t\t\t<ul class=\"elementor-icon-list-items\">\n\t\t\t\t\t\t\t<li class=\"elementor-icon-list-item\">\n\t\t\t\t\t\t\t\t\t\t<span class=\"elementor-icon-list-text\">GLOCKNERBUS - BUSTOCHT<\/span>\n\t\t\t\t\t\t\t\t\t<\/li>\n\t\t\t\t\t\t<\/ul>\n\t\t\t\t\t\t<\/div>\n\t\t\t\t<\/div>\n\t\t\t\t\t<\/div>\n\t\t<\/div>\n\t\t\t\t\t<\/div>\n\t\t<\/section>\n\t\t\t\t<section class=\"elementor-section elementor-top-section elementor-element elementor-element-3a2e5185 elementor-section-boxed elementor-section-height-default elementor-section-height-default\" data-id=\"3a2e5185\" data-element_type=\"section\" data-e-type=\"section\">\n\t\t\t\t\t\t<div class=\"elementor-container elementor-column-gap-default\">\n\t\t\t\t\t<div class=\"elementor-column elementor-col-100 elementor-top-column elementor-element elementor-element-29aaf467\" data-id=\"29aaf467\" data-element_type=\"column\" data-e-type=\"column\">\n\t\t\t<div class=\"elementor-widget-wrap elementor-element-populated\">\n\t\t\t\t\t\t<div class=\"elementor-element elementor-element-735c87a9 elementor-widget elementor-widget-text-editor\" data-id=\"735c87a9\" data-element_type=\"widget\" data-e-type=\"widget\" data-widget_type=\"text-editor.default\">\n\t\t\t\t<div class=\"elementor-widget-container\">\n\t\t\t\t\t\t\t\t\t<p><strong>27 mei tot en met 30 september 2025 &#8211; Gro\u00dfglockner Hochalpenstra\u00dfe<\/strong><\/p><p>De Gro\u00dfglockner Hochalpenstra\u00dfe is een van de mooiste en indrukwekkendste wandel- en panoramawegen van Europa. Een bijzonder rijplezier met de auto, op de motor of ontspannen met de Glocknerbus naar de onge\u00ebvenaarde wereld van avonturen in het hart van het Nationaal Park Hohe Tauern. De bustour wordt begeleid door een ervaren en deskundige parkwachter.\u00a0<\/p>\t\t\t\t\t\t\t\t<\/div>\n\t\t\t\t<\/div>\n\t\t\t\t\t<\/div>\n\t\t<\/div>\n\t\t\t\t\t<\/div>\n\t\t<\/section>\n\t\t\t\t<section class=\"elementor-section elementor-top-section elementor-element elementor-element-35ffca77 elementor-section-boxed elementor-section-height-default elementor-section-height-default\" data-id=\"35ffca77\" data-element_type=\"section\" data-e-type=\"section\">\n\t\t\t\t\t\t<div class=\"elementor-container elementor-column-gap-default\">\n\t\t\t\t\t<div class=\"elementor-column elementor-col-50 elementor-top-column elementor-element elementor-element-72079590\" data-id=\"72079590\" data-element_type=\"column\" data-e-type=\"column\">\n\t\t\t<div class=\"elementor-widget-wrap elementor-element-populated\">\n\t\t\t\t\t\t<div class=\"elementor-element elementor-element-a297274 elementor-widget elementor-widget-image\" data-id=\"a297274\" data-element_type=\"widget\" data-e-type=\"widget\" data-widget_type=\"image.default\">\n\t\t\t\t<div class=\"elementor-widget-container\">\n\t\t\t\t\t\t\t\t\t\t\t\t\t\t\t<img loading=\"lazy\" decoding=\"async\" width=\"550\" height=\"370\" src=\"https:\/\/haus-piesendorf.gaeste-mappe.at\/wp-content\/uploads\/2025\/04\/Glocknerbus.webp\" class=\"attachment-large size-large wp-image-15163\" alt=\"\" srcset=\"https:\/\/haus-piesendorf.gaeste-mappe.at\/wp-content\/uploads\/2025\/04\/Glocknerbus.webp 550w, https:\/\/haus-piesendorf.gaeste-mappe.at\/wp-content\/uploads\/2025\/04\/Glocknerbus-300x202.webp 300w, https:\/\/haus-piesendorf.gaeste-mappe.at\/wp-content\/uploads\/2025\/04\/Glocknerbus-18x12.webp 18w\" sizes=\"(max-width: 550px) 100vw, 550px\" \/>\t\t\t\t\t\t\t\t\t\t\t\t\t\t\t<\/div>\n\t\t\t\t<\/div>\n\t\t\t\t\t<\/div>\n\t\t<\/div>\n\t\t\t\t<div class=\"elementor-column elementor-col-50 elementor-top-column elementor-element elementor-element-1800f962\" data-id=\"1800f962\" data-element_type=\"column\" data-e-type=\"column\">\n\t\t\t<div class=\"elementor-widget-wrap elementor-element-populated\">\n\t\t\t\t\t\t<div class=\"elementor-element elementor-element-664c0cd3 elementor-widget elementor-widget-text-editor\" data-id=\"664c0cd3\" data-element_type=\"widget\" data-e-type=\"widget\" data-widget_type=\"text-editor.default\">\n\t\t\t\t<div class=\"elementor-widget-container\">\n\t\t\t\t\t\t\t\t\t<div style=\"overflow-x: auto;\"><table><tbody><tr><td><strong>vertrek<\/strong><\/td><td>09.00 uur Busterminal overdekt zwembad, Zell am See<\/td><\/tr><tr><td><strong>Rug<\/strong><\/td><td>Vertrek vanaf de Kaiser Franz-Josefs-H\u00f6he om 15.00 uur.<\/td><\/tr><tr><td><strong>Kosten<\/strong><\/td><td>Volwassenen \u20ac49,00 | Kinderen \u20ac 29,50 | Enkele reis \u20ac 37,00 | Fietsvervoer (op aanvraag) \u20ac 11,00<\/td><\/tr><tr><td><strong>Registratie<\/strong><\/td><td>tot 15.00 uur de dag ervoor door te bellen naar\u00a0\u00a0<a href=\"tel:+43 6545 2055 50\">+43 6545 2055 50<\/a><\/td><\/tr><tr><td><strong>informatie<\/strong><\/td><td><a tabindex=\"-1\" href=\"https:\/\/www.grossglockner.at\/gg\/de\/motoren-reifen\/glocknerbus\" target=\"_blank\" rel=\"noopener\">Glockner-bus<\/a><\/td><\/tr><\/tbody><\/table><\/div>\t\t\t\t\t\t\t\t<\/div>\n\t\t\t\t<\/div>\n\t\t\t\t\t<\/div>\n\t\t<\/div>\n\t\t\t\t\t<\/div>\n\t\t<\/section>\n\t\t\t\t<section class=\"elementor-section elementor-top-section elementor-element elementor-element-4023efd1 elementor-section-boxed elementor-section-height-default elementor-section-height-default\" data-id=\"4023efd1\" data-element_type=\"section\" data-e-type=\"section\">\n\t\t\t\t\t\t<div class=\"elementor-container elementor-column-gap-default\">\n\t\t\t\t\t<div class=\"elementor-column elementor-col-100 elementor-top-column elementor-element elementor-element-35db7616\" data-id=\"35db7616\" data-element_type=\"column\" data-e-type=\"column\">\n\t\t\t<div class=\"elementor-widget-wrap elementor-element-populated\">\n\t\t\t\t\t\t<div class=\"elementor-element elementor-element-20df24f5 elementor-icon-list--layout-traditional elementor-list-item-link-full_width elementor-widget elementor-widget-icon-list\" data-id=\"20df24f5\" data-element_type=\"widget\" data-e-type=\"widget\" data-widget_type=\"icon-list.default\">\n\t\t\t\t<div class=\"elementor-widget-container\">\n\t\t\t\t\t\t\t<ul class=\"elementor-icon-list-items\">\n\t\t\t\t\t\t\t<li class=\"elementor-icon-list-item\">\n\t\t\t\t\t\t\t\t\t\t<span class=\"elementor-icon-list-text\">REIS NAAR HET NOORDPOOLGEBIED<\/span>\n\t\t\t\t\t\t\t\t\t<\/li>\n\t\t\t\t\t\t<\/ul>\n\t\t\t\t\t\t<\/div>\n\t\t\t\t<\/div>\n\t\t\t\t\t<\/div>\n\t\t<\/div>\n\t\t\t\t\t<\/div>\n\t\t<\/section>\n\t\t\t\t<section class=\"elementor-section elementor-top-section elementor-element elementor-element-7a735aff elementor-section-boxed elementor-section-height-default elementor-section-height-default\" data-id=\"7a735aff\" data-element_type=\"section\" data-e-type=\"section\">\n\t\t\t\t\t\t<div class=\"elementor-container elementor-column-gap-default\">\n\t\t\t\t\t<div class=\"elementor-column elementor-col-100 elementor-top-column elementor-element elementor-element-79da46a2\" data-id=\"79da46a2\" data-element_type=\"column\" data-e-type=\"column\">\n\t\t\t<div class=\"elementor-widget-wrap elementor-element-populated\">\n\t\t\t\t\t\t<div class=\"elementor-element elementor-element-2ffe67 elementor-widget elementor-widget-text-editor\" data-id=\"2ffe67\" data-element_type=\"widget\" data-e-type=\"widget\" data-widget_type=\"text-editor.default\">\n\t\t\t\t<div class=\"elementor-widget-container\">\n\t\t\t\t\t\t\t\t\t<p><strong><span>8 juli tot 2 september 2025 &#8211; Stubachtal Uttendorf\/Wei\u00dfsee<\/span><\/strong><\/p><p><span>Begin een bergavontuur met een National Park Ranger op 2.311 m. Leer meer over de aanpassingsstrategie\u00ebn van dieren en planten in het hooggebergte tijdens de wandeling naar Einssee, waar u de uitlopers van de Sonnblick-gletsjer kunt zien. De terugweg leidt naar de Rudolfsh\u00fctte, waar u een pauze kunt houden voor een versnapering. Hierna kunt u door het indrukwekkende natuurlandschap naar Enzingerboden wandelen of kiezen voor een comfortabele rit met de kabelbaan.\u00a0<\/span><\/p>\t\t\t\t\t\t\t\t<\/div>\n\t\t\t\t<\/div>\n\t\t\t\t\t<\/div>\n\t\t<\/div>\n\t\t\t\t\t<\/div>\n\t\t<\/section>\n\t\t\t\t<section class=\"elementor-section elementor-top-section elementor-element elementor-element-79c68de1 elementor-section-boxed elementor-section-height-default elementor-section-height-default\" data-id=\"79c68de1\" data-element_type=\"section\" data-e-type=\"section\">\n\t\t\t\t\t\t<div class=\"elementor-container elementor-column-gap-default\">\n\t\t\t\t\t<div class=\"elementor-column elementor-col-50 elementor-top-column elementor-element elementor-element-683f2d00\" data-id=\"683f2d00\" data-element_type=\"column\" data-e-type=\"column\">\n\t\t\t<div class=\"elementor-widget-wrap elementor-element-populated\">\n\t\t\t\t\t\t<div class=\"elementor-element elementor-element-5e75b249 elementor-widget elementor-widget-image\" data-id=\"5e75b249\" data-element_type=\"widget\" data-e-type=\"widget\" data-widget_type=\"image.default\">\n\t\t\t\t<div class=\"elementor-widget-container\">\n\t\t\t\t\t\t\t\t\t\t\t\t\t\t\t<img loading=\"lazy\" decoding=\"async\" width=\"550\" height=\"370\" src=\"https:\/\/haus-piesendorf.gaeste-mappe.at\/wp-content\/uploads\/2025\/04\/nordpool.webp\" class=\"attachment-large size-large wp-image-15164\" alt=\"\" srcset=\"https:\/\/haus-piesendorf.gaeste-mappe.at\/wp-content\/uploads\/2025\/04\/nordpool.webp 550w, https:\/\/haus-piesendorf.gaeste-mappe.at\/wp-content\/uploads\/2025\/04\/nordpool-300x202.webp 300w, https:\/\/haus-piesendorf.gaeste-mappe.at\/wp-content\/uploads\/2025\/04\/nordpool-18x12.webp 18w\" sizes=\"(max-width: 550px) 100vw, 550px\" \/>\t\t\t\t\t\t\t\t\t\t\t\t\t\t\t<\/div>\n\t\t\t\t<\/div>\n\t\t\t\t\t<\/div>\n\t\t<\/div>\n\t\t\t\t<div class=\"elementor-column elementor-col-50 elementor-top-column elementor-element elementor-element-7d54a323\" data-id=\"7d54a323\" data-element_type=\"column\" data-e-type=\"column\">\n\t\t\t<div class=\"elementor-widget-wrap elementor-element-populated\">\n\t\t\t\t\t\t<div class=\"elementor-element elementor-element-3272acca elementor-widget elementor-widget-text-editor\" data-id=\"3272acca\" data-element_type=\"widget\" data-e-type=\"widget\" data-widget_type=\"text-editor.default\">\n\t\t\t\t<div class=\"elementor-widget-container\">\n\t\t\t\t\t\t\t\t\t<div style=\"overflow-x: auto;\"><table><tbody><tr><td><strong>Ontmoetingspunt<\/strong><\/td><td>10:00 uur Infohut, bergstation Wei\u00dfsee Gletscherwelt<\/td><\/tr><tr><td><strong>Duur<\/strong><\/td><td>ongeveer 4 uur (ca. 3 uur wandeltijd | gemiddelde moeilijkheidsgraad)<\/td><\/tr><tr><td><strong>Kosten<\/strong><\/td><td>Volwassenen \u20ac 22,00 | Kinderen en tieners (10-16 jaar) onder begeleiding van ouders gratis | excl. pendeldiensten<\/td><\/tr><tr><td><strong>Gratis<\/strong><\/td><td>met de\u00a0\u00a0<strong>gastenkaart<\/strong>\u00a0\u00a0of\u00a0\u00a0<strong>de National Park Summer Card<\/strong>\u00a0(exclusief pendeldiensten)<\/td><\/tr><tr><td><strong>Benodigheden<\/strong><\/td><td>Wandel- of bergschoenen met profielzolen, regen- en zonbescherming, geschikte kleding en een reservekleding, rugzak met drinken en snacks<\/td><\/tr><tr><td><strong>Registratie<\/strong><\/td><td>tot 2 uur voor aanvang van de tour op\u00a0<a tabindex=\"-1\" href=\"https:\/\/hohetauern.at\/de\/besuchen\/tourenangebote.html#\/erlebnisse\" data-tabindex-counter=\"1\" data-tabindex-value=\"none\" target=\"_blank\" rel=\"noopener\">npht.at\/touren<\/a><\/td><\/tr><\/tbody><\/table><\/div>\t\t\t\t\t\t\t\t<\/div>\n\t\t\t\t<\/div>\n\t\t\t\t\t<\/div>\n\t\t<\/div>\n\t\t\t\t\t<\/div>\n\t\t<\/section>\n\t\t\t\t<section class=\"elementor-section elementor-top-section elementor-element elementor-element-6c98d747 elementor-section-boxed elementor-section-height-default elementor-section-height-default\" data-id=\"6c98d747\" data-element_type=\"section\" data-e-type=\"section\">\n\t\t\t\t\t\t<div class=\"elementor-container elementor-column-gap-default\">\n\t\t\t\t\t<div class=\"elementor-column elementor-col-100 elementor-top-column elementor-element elementor-element-13b0a343\" data-id=\"13b0a343\" data-element_type=\"column\" data-e-type=\"column\">\n\t\t\t<div class=\"elementor-widget-wrap elementor-element-populated\">\n\t\t\t\t\t\t<div class=\"elementor-element elementor-element-70964f97 elementor-icon-list--layout-traditional elementor-list-item-link-full_width elementor-widget elementor-widget-icon-list\" data-id=\"70964f97\" data-element_type=\"widget\" data-e-type=\"widget\" data-widget_type=\"icon-list.default\">\n\t\t\t\t<div class=\"elementor-widget-container\">\n\t\t\t\t\t\t\t<ul class=\"elementor-icon-list-items\">\n\t\t\t\t\t\t\t<li class=\"elementor-icon-list-item\">\n\t\t\t\t\t\t\t\t\t\t<span class=\"elementor-icon-list-text\">EEN REIS NAAR HET TAUERN-RAAM<\/span>\n\t\t\t\t\t\t\t\t\t<\/li>\n\t\t\t\t\t\t<\/ul>\n\t\t\t\t\t\t<\/div>\n\t\t\t\t<\/div>\n\t\t\t\t\t<\/div>\n\t\t<\/div>\n\t\t\t\t\t<\/div>\n\t\t<\/section>\n\t\t\t\t<section class=\"elementor-section elementor-top-section elementor-element elementor-element-3c23b549 elementor-section-boxed elementor-section-height-default elementor-section-height-default\" data-id=\"3c23b549\" data-element_type=\"section\" data-e-type=\"section\">\n\t\t\t\t\t\t<div class=\"elementor-container elementor-column-gap-default\">\n\t\t\t\t\t<div class=\"elementor-column elementor-col-100 elementor-top-column elementor-element elementor-element-37c7b25\" data-id=\"37c7b25\" data-element_type=\"column\" data-e-type=\"column\">\n\t\t\t<div class=\"elementor-widget-wrap elementor-element-populated\">\n\t\t\t\t\t\t<div class=\"elementor-element elementor-element-51cc0c88 elementor-widget elementor-widget-text-editor\" data-id=\"51cc0c88\" data-element_type=\"widget\" data-e-type=\"widget\" data-widget_type=\"text-editor.default\">\n\t\t\t\t<div class=\"elementor-widget-container\">\n\t\t\t\t\t\t\t\t\t<p><strong><span>7 juli t\/m 5 september 2025 &#8211; Untersulzbachtal Neukirchen<\/span><\/strong><\/p><p><span>Diep in het hart van de Hohe Tauern bevindt zich een ware zeldzaamheid: de showmijn Hochfeld. Sinds de jaren negentig is de voormalige mijn omgebouwd tot een interactieve tentoonstelling die nu interessante inzichten biedt in de geologie van de Alpen en de geschiedenis van het nationale park.\u00a0<\/span><\/p><p><span>Tijdens een rondleiding leert u hoe het Tauernvenster is ontstaan, hoe rotsformaties zich in de loop van miljoenen jaren hebben ontwikkeld en welke rol mijnbouw in dit gebied speelde. Een bijzonder hoogtepunt is de vernissage &#8220;Inner Life&#8221; van de kunstenaar Mag. kunst. Michael Alexander Seywald, die momenteel in de tunnels van de mijn te bewonderen is.\u00a0<\/span><\/p>\t\t\t\t\t\t\t\t<\/div>\n\t\t\t\t<\/div>\n\t\t\t\t\t<\/div>\n\t\t<\/div>\n\t\t\t\t\t<\/div>\n\t\t<\/section>\n\t\t\t\t<section class=\"elementor-section elementor-top-section elementor-element elementor-element-61ca5a13 elementor-section-boxed elementor-section-height-default elementor-section-height-default\" data-id=\"61ca5a13\" data-element_type=\"section\" data-e-type=\"section\">\n\t\t\t\t\t\t<div class=\"elementor-container elementor-column-gap-default\">\n\t\t\t\t\t<div class=\"elementor-column elementor-col-50 elementor-top-column elementor-element elementor-element-4497ed2b\" data-id=\"4497ed2b\" data-element_type=\"column\" data-e-type=\"column\">\n\t\t\t<div class=\"elementor-widget-wrap elementor-element-populated\">\n\t\t\t\t\t\t<div class=\"elementor-element elementor-element-3938dc8c elementor-widget elementor-widget-image\" data-id=\"3938dc8c\" data-element_type=\"widget\" data-e-type=\"widget\" data-widget_type=\"image.default\">\n\t\t\t\t<div class=\"elementor-widget-container\">\n\t\t\t\t\t\t\t\t\t\t\t\t\t\t\t<img loading=\"lazy\" decoding=\"async\" width=\"550\" height=\"370\" src=\"https:\/\/haus-piesendorf.gaeste-mappe.at\/wp-content\/uploads\/2025\/04\/Reise_ins_Tauernfenster-min.webp\" class=\"attachment-large size-large wp-image-15073\" alt=\"\" srcset=\"https:\/\/haus-piesendorf.gaeste-mappe.at\/wp-content\/uploads\/2025\/04\/Reise_ins_Tauernfenster-min.webp 550w, https:\/\/haus-piesendorf.gaeste-mappe.at\/wp-content\/uploads\/2025\/04\/Reise_ins_Tauernfenster-min-300x202.webp 300w, https:\/\/haus-piesendorf.gaeste-mappe.at\/wp-content\/uploads\/2025\/04\/Reise_ins_Tauernfenster-min-18x12.webp 18w\" sizes=\"(max-width: 550px) 100vw, 550px\" \/>\t\t\t\t\t\t\t\t\t\t\t\t\t\t\t<\/div>\n\t\t\t\t<\/div>\n\t\t\t\t\t<\/div>\n\t\t<\/div>\n\t\t\t\t<div class=\"elementor-column elementor-col-50 elementor-top-column elementor-element elementor-element-3897536a\" data-id=\"3897536a\" data-element_type=\"column\" data-e-type=\"column\">\n\t\t\t<div class=\"elementor-widget-wrap elementor-element-populated\">\n\t\t\t\t\t\t<div class=\"elementor-element elementor-element-56218142 elementor-widget elementor-widget-text-editor\" data-id=\"56218142\" data-element_type=\"widget\" data-e-type=\"widget\" data-widget_type=\"text-editor.default\">\n\t\t\t\t<div class=\"elementor-widget-container\">\n\t\t\t\t\t\t\t\t\t<div style=\"overflow-x: auto;\"><table><tbody><tr><td><strong>Ontmoetingspunt<\/strong><\/td><td>11:00 uur en 14:00 uur bij de Knappenstube (te voet bereikbaar in 1,5 uur via de Geolehrweg)<\/td><\/tr><tr><td><strong>Duur<\/strong><\/td><td>ongeveer 2 uur<\/td><\/tr><tr><td><strong>Kosten<\/strong><\/td><td><p>Enkele reis: Volwassene \u20ac 10,00 | Kinderen (10-14 jaar) \u20ac 5,00<\/p><p>eLiner &amp; rondleiding*: Volwassenen \u20ac 15,00 | Kinderen (10-14 jaar) \u20ac 10,00<\/p><p><small>* Maandagmiddag | Dinsdag-, woensdag- en vrijdagochtend<\/small><\/p><\/td><\/tr><tr><td><strong>Vertrek eLiner<\/strong><\/td><td>10:15 &amp; 13:15 VVV Neukirchen<\/td><\/tr><tr><td><strong>Registratie<\/strong><\/td><td>vereist via telefoon\u00a0\u00a0<a tabindex=\"-1\" href=\"tel:0043720710730\">+43 720 7107 30<\/a><\/td><\/tr><\/tbody><\/table><\/div>\t\t\t\t\t\t\t\t<\/div>\n\t\t\t\t<\/div>\n\t\t\t\t\t<\/div>\n\t\t<\/div>\n\t\t\t\t\t<\/div>\n\t\t<\/section>\n\t\t\t\t<section class=\"elementor-section elementor-top-section elementor-element elementor-element-1ba8457b elementor-section-boxed elementor-section-height-default elementor-section-height-default\" data-id=\"1ba8457b\" data-element_type=\"section\" data-e-type=\"section\">\n\t\t\t\t\t\t<div class=\"elementor-container elementor-column-gap-default\">\n\t\t\t\t\t<div class=\"elementor-column elementor-col-100 elementor-top-column elementor-element elementor-element-222d6d5a\" data-id=\"222d6d5a\" data-element_type=\"column\" data-e-type=\"column\" id=\"woensdag\">\n\t\t\t<div class=\"elementor-widget-wrap elementor-element-populated\">\n\t\t\t\t\t\t<div class=\"elementor-element elementor-element-10577a90 elementor-widget elementor-widget-heading\" data-id=\"10577a90\" data-element_type=\"widget\" data-e-type=\"widget\" data-widget_type=\"heading.default\">\n\t\t\t\t<div class=\"elementor-widget-container\">\n\t\t\t\t\t<h2 class=\"elementor-heading-title elementor-size-default\">Woensdag<\/h2>\t\t\t\t<\/div>\n\t\t\t\t<\/div>\n\t\t\t\t\t<\/div>\n\t\t<\/div>\n\t\t\t\t\t<\/div>\n\t\t<\/section>\n\t\t\t\t<section class=\"elementor-section elementor-top-section elementor-element elementor-element-25cc86f9 elementor-section-boxed elementor-section-height-default elementor-section-height-default\" data-id=\"25cc86f9\" data-element_type=\"section\" data-e-type=\"section\">\n\t\t\t\t\t\t<div class=\"elementor-container elementor-column-gap-default\">\n\t\t\t\t\t<div class=\"elementor-column elementor-col-100 elementor-top-column elementor-element elementor-element-19610230\" data-id=\"19610230\" data-element_type=\"column\" data-e-type=\"column\">\n\t\t\t<div class=\"elementor-widget-wrap elementor-element-populated\">\n\t\t\t\t\t\t<div class=\"elementor-element elementor-element-7d39f5d elementor-icon-list--layout-traditional elementor-list-item-link-full_width elementor-widget elementor-widget-icon-list\" data-id=\"7d39f5d\" data-element_type=\"widget\" data-e-type=\"widget\" data-widget_type=\"icon-list.default\">\n\t\t\t\t<div class=\"elementor-widget-container\">\n\t\t\t\t\t\t\t<ul class=\"elementor-icon-list-items\">\n\t\t\t\t\t\t\t<li class=\"elementor-icon-list-item\">\n\t\t\t\t\t\t\t\t\t\t<span class=\"elementor-icon-list-text\">TE PAARD - Familiewandeling met paard<\/span>\n\t\t\t\t\t\t\t\t\t<\/li>\n\t\t\t\t\t\t<\/ul>\n\t\t\t\t\t\t<\/div>\n\t\t\t\t<\/div>\n\t\t\t\t\t<\/div>\n\t\t<\/div>\n\t\t\t\t\t<\/div>\n\t\t<\/section>\n\t\t\t\t<section class=\"elementor-section elementor-top-section elementor-element elementor-element-7842d54d elementor-section-boxed elementor-section-height-default elementor-section-height-default\" data-id=\"7842d54d\" data-element_type=\"section\" data-e-type=\"section\">\n\t\t\t\t\t\t<div class=\"elementor-container elementor-column-gap-default\">\n\t\t\t\t\t<div class=\"elementor-column elementor-col-100 elementor-top-column elementor-element elementor-element-49276b52\" data-id=\"49276b52\" data-element_type=\"column\" data-e-type=\"column\">\n\t\t\t<div class=\"elementor-widget-wrap elementor-element-populated\">\n\t\t\t\t\t\t<div class=\"elementor-element elementor-element-5a7870d7 elementor-widget elementor-widget-text-editor\" data-id=\"5a7870d7\" data-element_type=\"widget\" data-e-type=\"widget\" data-widget_type=\"text-editor.default\">\n\t\t\t\t<div class=\"elementor-widget-container\">\n\t\t\t\t\t\t\t\t\t<p><strong><span>Juli en augustus 2025 &#8211; Niedernsill<\/span><\/strong><\/p><p><span>Op de brede rug van een paard wordt de wereld voor kinderogen veel groter, kleurrijker en spannender. Samen met uw trouwe viervoeter wandelt u door het idyllische landschap: een onvergetelijke natuurbelevenis voor het hele gezin. Laat u meevoeren door de schoonheid van de natuur en ervaar de bijzondere band tussen mens en dier.\u00a0<\/span><\/p>\t\t\t\t\t\t\t\t<\/div>\n\t\t\t\t<\/div>\n\t\t\t\t\t<\/div>\n\t\t<\/div>\n\t\t\t\t\t<\/div>\n\t\t<\/section>\n\t\t\t\t<section class=\"elementor-section elementor-top-section elementor-element elementor-element-3af80f9b elementor-section-boxed elementor-section-height-default elementor-section-height-default\" data-id=\"3af80f9b\" data-element_type=\"section\" data-e-type=\"section\">\n\t\t\t\t\t\t<div class=\"elementor-container elementor-column-gap-default\">\n\t\t\t\t\t<div class=\"elementor-column elementor-col-50 elementor-top-column elementor-element elementor-element-65776323\" data-id=\"65776323\" data-element_type=\"column\" data-e-type=\"column\">\n\t\t\t<div class=\"elementor-widget-wrap elementor-element-populated\">\n\t\t\t\t\t\t<div class=\"elementor-element elementor-element-7d5ca7cc elementor-widget elementor-widget-image\" data-id=\"7d5ca7cc\" data-element_type=\"widget\" data-e-type=\"widget\" data-widget_type=\"image.default\">\n\t\t\t\t<div class=\"elementor-widget-container\">\n\t\t\t\t\t\t\t\t\t\t\t\t\t\t\t<img loading=\"lazy\" decoding=\"async\" width=\"550\" height=\"370\" src=\"https:\/\/haus-piesendorf.gaeste-mappe.at\/wp-content\/uploads\/2025\/04\/Familienwanderung.webp\" class=\"attachment-large size-large wp-image-15183\" alt=\"\" srcset=\"https:\/\/haus-piesendorf.gaeste-mappe.at\/wp-content\/uploads\/2025\/04\/Familienwanderung.webp 550w, https:\/\/haus-piesendorf.gaeste-mappe.at\/wp-content\/uploads\/2025\/04\/Familienwanderung-300x202.webp 300w, https:\/\/haus-piesendorf.gaeste-mappe.at\/wp-content\/uploads\/2025\/04\/Familienwanderung-18x12.webp 18w\" sizes=\"(max-width: 550px) 100vw, 550px\" \/>\t\t\t\t\t\t\t\t\t\t\t\t\t\t\t<\/div>\n\t\t\t\t<\/div>\n\t\t\t\t\t<\/div>\n\t\t<\/div>\n\t\t\t\t<div class=\"elementor-column elementor-col-50 elementor-top-column elementor-element elementor-element-783ea28c\" data-id=\"783ea28c\" data-element_type=\"column\" data-e-type=\"column\">\n\t\t\t<div class=\"elementor-widget-wrap elementor-element-populated\">\n\t\t\t\t\t\t<div class=\"elementor-element elementor-element-346f07f1 elementor-widget elementor-widget-text-editor\" data-id=\"346f07f1\" data-element_type=\"widget\" data-e-type=\"widget\" data-widget_type=\"text-editor.default\">\n\t\t\t\t<div class=\"elementor-widget-container\">\n\t\t\t\t\t\t\t\t\t<div style=\"overflow-x: auto;\">\n<table>\n<tbody>\n<tr>\n<td><strong>Ontmoetingspunt<\/strong><\/td>\n<td>9.00 of 16.30 uur, parkeerplaats zwemmeer Niedernsill | Het exacte tijdstip wordt bij de inschrijving bekendgemaakt.<\/td>\n<\/tr>\n<tr>\n<td><strong>Duur<\/strong><\/td>\n<td>1 tot 2 uur<\/td>\n<\/tr>\n<tr>\n<td><strong>Kosten<\/strong><\/td>\n<td>per kind \u20ac 10,00<\/td>\n<\/tr>\n<tr>\n<td><strong>met Fun+ Kaart<\/strong><\/td>\n<td>gratis<\/td>\n<\/tr>\n<tr>\n<td><strong>Deelnemer<\/strong><\/td>\n<td>maximaal 6 kinderen<\/td>\n<\/tr>\n<tr>\n<td><strong>Benodigheden<\/strong><\/td>\n<td>stevige schoenen | Indien mogelijk, een rij- of fietshelm<\/td>\n<\/tr>\n<tr>\n<td><strong>route<\/strong><\/td>\n<td>Parkeerplaats zwemmeer &#8211; Aisdorf &#8211; Lengdorf en terug (geschikt voor kinderwagens)<\/td>\n<\/tr>\n<tr>\n<td><strong>Registratie<\/strong><\/td>\n<td>tot 17.00 uur de dag ervoor bij het Toeristenbureau van Niedernsill Tel.\u00a0\u00a0<a href=\"tel:004365488232\">+43 6548 8232<\/a><\/td>\n<\/tr>\n<\/tbody>\n<\/table>\t\t\t\t\t\t\t\t<\/div>\n\t\t\t\t<\/div>\n\t\t\t\t\t<\/div>\n\t\t<\/div>\n\t\t\t\t\t<\/div>\n\t\t<\/section>\n\t\t\t\t<section class=\"elementor-section elementor-top-section elementor-element elementor-element-2f319c81 elementor-section-boxed elementor-section-height-default elementor-section-height-default\" data-id=\"2f319c81\" data-element_type=\"section\" data-e-type=\"section\">\n\t\t\t\t\t\t<div class=\"elementor-container elementor-column-gap-default\">\n\t\t\t\t\t<div class=\"elementor-column elementor-col-100 elementor-top-column elementor-element elementor-element-7c8e94fb\" data-id=\"7c8e94fb\" data-element_type=\"column\" data-e-type=\"column\">\n\t\t\t<div class=\"elementor-widget-wrap elementor-element-populated\">\n\t\t\t\t\t\t<div class=\"elementor-element elementor-element-4f527b2b elementor-icon-list--layout-traditional elementor-list-item-link-full_width elementor-widget elementor-widget-icon-list\" data-id=\"4f527b2b\" data-element_type=\"widget\" data-e-type=\"widget\" data-widget_type=\"icon-list.default\">\n\t\t\t\t<div class=\"elementor-widget-container\">\n\t\t\t\t\t\t\t<ul class=\"elementor-icon-list-items\">\n\t\t\t\t\t\t\t<li class=\"elementor-icon-list-item\">\n\t\t\t\t\t\t\t\t\t\t<span class=\"elementor-icon-list-text\">YOGA OP DE BERG<\/span>\n\t\t\t\t\t\t\t\t\t<\/li>\n\t\t\t\t\t\t<\/ul>\n\t\t\t\t\t\t<\/div>\n\t\t\t\t<\/div>\n\t\t\t\t\t<\/div>\n\t\t<\/div>\n\t\t\t\t\t<\/div>\n\t\t<\/section>\n\t\t\t\t<section class=\"elementor-section elementor-top-section elementor-element elementor-element-1cfbdbd7 elementor-section-boxed elementor-section-height-default elementor-section-height-default\" data-id=\"1cfbdbd7\" data-element_type=\"section\" data-e-type=\"section\">\n\t\t\t\t\t\t<div class=\"elementor-container elementor-column-gap-default\">\n\t\t\t\t\t<div class=\"elementor-column elementor-col-100 elementor-top-column elementor-element elementor-element-64dd1406\" data-id=\"64dd1406\" data-element_type=\"column\" data-e-type=\"column\">\n\t\t\t<div class=\"elementor-widget-wrap elementor-element-populated\">\n\t\t\t\t\t\t<div class=\"elementor-element elementor-element-18e1543 elementor-widget elementor-widget-text-editor\" data-id=\"18e1543\" data-element_type=\"widget\" data-e-type=\"widget\" data-widget_type=\"text-editor.default\">\n\t\t\t\t<div class=\"elementor-widget-container\">\n\t\t\t\t\t\t\t\t\t<p><strong><span>2 juli tot 3 september 2025 &#8211; Schmittenh\u00f6he Zell am See<\/span><\/strong><\/p><p><span>Elke woensdag nodigt yogalerares Monika Rauter beginners en ervaren yogi&#8217;s uit voor een speciale yogasessie op de berg. Na een korte wandeling naar een schilderachtig uitzichtpunt vlak bij de Schmitten-top worden de yogamatten uitgerold. Omringd door bergbloemen en alpenweiden kunt u genieten van versterkende asana&#8217;s en ontspannende ademhalingsoefeningen &#8211; met een panorama dat lichaam en geest tot rust laat komen.\u00a0<\/span><\/p>\t\t\t\t\t\t\t\t<\/div>\n\t\t\t\t<\/div>\n\t\t\t\t\t<\/div>\n\t\t<\/div>\n\t\t\t\t\t<\/div>\n\t\t<\/section>\n\t\t\t\t<section class=\"elementor-section elementor-top-section elementor-element elementor-element-bed91c elementor-section-boxed elementor-section-height-default elementor-section-height-default\" data-id=\"bed91c\" data-element_type=\"section\" data-e-type=\"section\">\n\t\t\t\t\t\t<div class=\"elementor-container elementor-column-gap-default\">\n\t\t\t\t\t<div class=\"elementor-column elementor-col-50 elementor-top-column elementor-element elementor-element-408c38c2\" data-id=\"408c38c2\" data-element_type=\"column\" data-e-type=\"column\">\n\t\t\t<div class=\"elementor-widget-wrap elementor-element-populated\">\n\t\t\t\t\t\t<div class=\"elementor-element elementor-element-5230b064 elementor-widget elementor-widget-image\" data-id=\"5230b064\" data-element_type=\"widget\" data-e-type=\"widget\" data-widget_type=\"image.default\">\n\t\t\t\t<div class=\"elementor-widget-container\">\n\t\t\t\t\t\t\t\t\t\t\t\t\t\t\t<img loading=\"lazy\" decoding=\"async\" width=\"550\" height=\"370\" src=\"https:\/\/haus-piesendorf.gaeste-mappe.at\/wp-content\/uploads\/2025\/04\/Yoga2.webp\" class=\"attachment-large size-large wp-image-15182\" alt=\"\" srcset=\"https:\/\/haus-piesendorf.gaeste-mappe.at\/wp-content\/uploads\/2025\/04\/Yoga2.webp 550w, https:\/\/haus-piesendorf.gaeste-mappe.at\/wp-content\/uploads\/2025\/04\/Yoga2-300x202.webp 300w, https:\/\/haus-piesendorf.gaeste-mappe.at\/wp-content\/uploads\/2025\/04\/Yoga2-18x12.webp 18w\" sizes=\"(max-width: 550px) 100vw, 550px\" \/>\t\t\t\t\t\t\t\t\t\t\t\t\t\t\t<\/div>\n\t\t\t\t<\/div>\n\t\t\t\t\t<\/div>\n\t\t<\/div>\n\t\t\t\t<div class=\"elementor-column elementor-col-50 elementor-top-column elementor-element elementor-element-3445881b\" data-id=\"3445881b\" data-element_type=\"column\" data-e-type=\"column\">\n\t\t\t<div class=\"elementor-widget-wrap elementor-element-populated\">\n\t\t\t\t\t\t<div class=\"elementor-element elementor-element-7c9ceabc elementor-widget elementor-widget-text-editor\" data-id=\"7c9ceabc\" data-element_type=\"widget\" data-e-type=\"widget\" data-widget_type=\"text-editor.default\">\n\t\t\t\t<div class=\"elementor-widget-container\">\n\t\t\t\t\t\t\t\t\t<div style=\"overflow-x: auto;\">\n<table>\n<tbody>\n<tr>\n<td><strong>Ontmoetingspunt<\/strong><\/td>\n<td>08:45 uur dalstation trassXpress<\/td>\n<\/tr>\n<tr>\n<td><strong>Duur<\/strong><\/td>\n<td>2 uur<\/td>\n<\/tr>\n<tr>\n<td><strong>Benodigheden<\/strong><\/td>\n<td>Yogamat | Als u geen wandelkaart heeft, kunt u deze ook lenen bij het informatiecentrum bij het dalstation. Neem uw identiteitsbewijs mee.<\/td>\n<\/tr>\n<tr>\n<td><strong>Registratie<\/strong><\/td>\n<td>tot 12.00 uur de dag ervoor in de\u00a0\u00a0<a tabindex=\"-1\" href=\"https:\/\/schmitten.skiperformance.com\/de\/sommer\/store#\/de\/sommer\/buy?skugroup_id=3407\" data-tabindex-counter=\"1\" data-tabindex-value=\"none\" target=\"_blank\" rel=\"noopener\">online ticketshop<\/a><\/td>\n<\/tr>\n<tr>\n<td><strong>Een mededeling!<\/strong><\/td>\n<td>Vindt alleen plaats bij mooi weer! Het ticket is uw registratie voor het evenement; de stijging en daling zijn niet inbegrepen.<\/td>\n<\/tr>\n<\/tbody>\n<\/table>\t\t\t\t\t\t\t\t<\/div>\n\t\t\t\t<\/div>\n\t\t\t\t\t<\/div>\n\t\t<\/div>\n\t\t\t\t\t<\/div>\n\t\t<\/section>\n\t\t\t\t<section class=\"elementor-section elementor-top-section elementor-element elementor-element-6fc89faf elementor-section-boxed elementor-section-height-default elementor-section-height-default\" data-id=\"6fc89faf\" data-element_type=\"section\" data-e-type=\"section\">\n\t\t\t\t\t\t<div class=\"elementor-container elementor-column-gap-default\">\n\t\t\t\t\t<div class=\"elementor-column elementor-col-100 elementor-top-column elementor-element elementor-element-3e593f41\" data-id=\"3e593f41\" data-element_type=\"column\" data-e-type=\"column\">\n\t\t\t<div class=\"elementor-widget-wrap elementor-element-populated\">\n\t\t\t\t\t\t<div class=\"elementor-element elementor-element-410775c6 elementor-icon-list--layout-traditional elementor-list-item-link-full_width elementor-widget elementor-widget-icon-list\" data-id=\"410775c6\" data-element_type=\"widget\" data-e-type=\"widget\" data-widget_type=\"icon-list.default\">\n\t\t\t\t<div class=\"elementor-widget-container\">\n\t\t\t\t\t\t\t<ul class=\"elementor-icon-list-items\">\n\t\t\t\t\t\t\t<li class=\"elementor-icon-list-item\">\n\t\t\t\t\t\t\t\t\t\t<span class=\"elementor-icon-list-text\">SULZBACHT\u00c4LER WILDERNISGEBIED<\/span>\n\t\t\t\t\t\t\t\t\t<\/li>\n\t\t\t\t\t\t<\/ul>\n\t\t\t\t\t\t<\/div>\n\t\t\t\t<\/div>\n\t\t\t\t\t<\/div>\n\t\t<\/div>\n\t\t\t\t\t<\/div>\n\t\t<\/section>\n\t\t\t\t<section class=\"elementor-section elementor-top-section elementor-element elementor-element-65a49277 elementor-section-boxed elementor-section-height-default elementor-section-height-default\" data-id=\"65a49277\" data-element_type=\"section\" data-e-type=\"section\">\n\t\t\t\t\t\t<div class=\"elementor-container elementor-column-gap-default\">\n\t\t\t\t\t<div class=\"elementor-column elementor-col-100 elementor-top-column elementor-element elementor-element-496beac2\" data-id=\"496beac2\" data-element_type=\"column\" data-e-type=\"column\">\n\t\t\t<div class=\"elementor-widget-wrap elementor-element-populated\">\n\t\t\t\t\t\t<div class=\"elementor-element elementor-element-74fc2587 elementor-widget elementor-widget-text-editor\" data-id=\"74fc2587\" data-element_type=\"widget\" data-e-type=\"widget\" data-widget_type=\"text-editor.default\">\n\t\t\t\t<div class=\"elementor-widget-container\">\n\t\t\t\t\t\t\t\t\t<p><strong><span>9 juli tot en met 27 augustus 2025 &#8211; Neukirchen<\/span><\/strong><\/p><p><span>Ontdek de ongerepte schoonheid van het wildernisgebied Sulzbacht\u00e4ler. Eerst nemen we de nationale parkbus naar de Abichlalm, waar de tour begint. Het pad loopt door een dun lariksbos naar de Aschamalm. Vanaf hier kunt u zonder pad het hart van het wildernisgebied Sulzbacht\u00e4ler verkennen tot aan de indrukwekkende Untersulzbachkees. De wandeling gaat terug over hetzelfde pad. Ervaar de ongerepte natuur van dit ongerepte landschap. Het zal ongetwijfeld een blijvende indruk achterlaten.<\/span><\/p>\t\t\t\t\t\t\t\t<\/div>\n\t\t\t\t<\/div>\n\t\t\t\t\t<\/div>\n\t\t<\/div>\n\t\t\t\t\t<\/div>\n\t\t<\/section>\n\t\t\t\t<section class=\"elementor-section elementor-top-section elementor-element elementor-element-3e37ebe8 elementor-section-boxed elementor-section-height-default elementor-section-height-default\" data-id=\"3e37ebe8\" data-element_type=\"section\" data-e-type=\"section\">\n\t\t\t\t\t\t<div class=\"elementor-container elementor-column-gap-default\">\n\t\t\t\t\t<div class=\"elementor-column elementor-col-50 elementor-top-column elementor-element elementor-element-7eb30d4d\" data-id=\"7eb30d4d\" data-element_type=\"column\" data-e-type=\"column\">\n\t\t\t<div class=\"elementor-widget-wrap elementor-element-populated\">\n\t\t\t\t\t\t<div class=\"elementor-element elementor-element-39a8f07f elementor-widget elementor-widget-image\" data-id=\"39a8f07f\" data-element_type=\"widget\" data-e-type=\"widget\" data-widget_type=\"image.default\">\n\t\t\t\t<div class=\"elementor-widget-container\">\n\t\t\t\t\t\t\t\t\t\t\t\t\t\t\t<img loading=\"lazy\" decoding=\"async\" width=\"550\" height=\"370\" src=\"https:\/\/haus-piesendorf.gaeste-mappe.at\/wp-content\/uploads\/2025\/04\/Wildnisgebiet.webp\" class=\"attachment-large size-large wp-image-15181\" alt=\"\" srcset=\"https:\/\/haus-piesendorf.gaeste-mappe.at\/wp-content\/uploads\/2025\/04\/Wildnisgebiet.webp 550w, https:\/\/haus-piesendorf.gaeste-mappe.at\/wp-content\/uploads\/2025\/04\/Wildnisgebiet-300x202.webp 300w, https:\/\/haus-piesendorf.gaeste-mappe.at\/wp-content\/uploads\/2025\/04\/Wildnisgebiet-18x12.webp 18w\" sizes=\"(max-width: 550px) 100vw, 550px\" \/>\t\t\t\t\t\t\t\t\t\t\t\t\t\t\t<\/div>\n\t\t\t\t<\/div>\n\t\t\t\t\t<\/div>\n\t\t<\/div>\n\t\t\t\t<div class=\"elementor-column elementor-col-50 elementor-top-column elementor-element elementor-element-7694b839\" data-id=\"7694b839\" data-element_type=\"column\" data-e-type=\"column\">\n\t\t\t<div class=\"elementor-widget-wrap elementor-element-populated\">\n\t\t\t\t\t\t<div class=\"elementor-element elementor-element-228abbc3 elementor-widget elementor-widget-text-editor\" data-id=\"228abbc3\" data-element_type=\"widget\" data-e-type=\"widget\" data-widget_type=\"text-editor.default\">\n\t\t\t\t<div class=\"elementor-widget-container\">\n\t\t\t\t\t\t\t\t\t<div style=\"overflow-x: auto;\">\n<table>\n<tbody>\n<tr>\n<td><strong>Ontmoetingspunt<\/strong><\/td>\n<td>07:00 uur sportveld<\/td>\n<\/tr>\n<tr>\n<td><strong>Duur<\/strong><\/td>\n<td>ongeveer 9 uur (ca. 6 uur wandeltijd | uitdagend)<\/td>\n<\/tr>\n<tr>\n<td><strong>Kosten<\/strong><\/td>\n<td>Volwassenen \u20ac 22,00 (exclusief pendeldiensten) | Vanwege de duur en de hoogte is deze tour niet geschikt voor kinderen!<\/td>\n<\/tr>\n<tr>\n<td><strong>Gratis<\/strong><\/td>\n<td>met de\u00a0\u00a0<strong>gastenkaart<\/strong>\u00a0of\u00a0<strong>de National Park Summer Card<\/strong>\u00a0\u00a0(exclusief pendeldiensten)<\/td>\n<\/tr>\n<tr>\n<td><strong>Benodigheden<\/strong><\/td>\n<td>Enkelhoge bergschoenen met profielzool, regen- en zonbescherming, geschikte kleding en reservekleding, rugzak met drinken en snacks, wandelstokken |\u00a0<strong>Belangrijk!<\/strong>\u00a0Deelname aan deze tour is niet mogelijk zonder geschikte uitrusting!<\/td>\n<\/tr>\n<tr>\n<td><strong>Deelnemer<\/strong><\/td>\n<td>maximaal 8 personen<\/td>\n<\/tr>\n<tr>\n<td><strong>Registratie<\/strong><\/td>\n<td>tot 15.00 uur de dag ervoor op\u00a0<a tabindex=\"-1\" href=\"https:\/\/hohetauern.at\/de\/besuchen\/tourenangebote.html#\/erlebnisse\" data-tabindex-counter=\"1\" data-tabindex-value=\"none\" target=\"_blank\" rel=\"noopener\">npht.at\/touren<\/a><\/td>\n<\/tr>\n<\/tbody>\n<\/table>\t\t\t\t\t\t\t\t<\/div>\n\t\t\t\t<\/div>\n\t\t\t\t\t<\/div>\n\t\t<\/div>\n\t\t\t\t\t<\/div>\n\t\t<\/section>\n\t\t\t\t<section class=\"elementor-section elementor-top-section elementor-element elementor-element-20a1ba61 elementor-section-boxed elementor-section-height-default elementor-section-height-default\" data-id=\"20a1ba61\" data-element_type=\"section\" data-e-type=\"section\">\n\t\t\t\t\t\t<div class=\"elementor-container elementor-column-gap-default\">\n\t\t\t\t\t<div class=\"elementor-column elementor-col-100 elementor-top-column elementor-element elementor-element-6176846c\" data-id=\"6176846c\" data-element_type=\"column\" data-e-type=\"column\">\n\t\t\t<div class=\"elementor-widget-wrap elementor-element-populated\">\n\t\t\t\t\t\t<div class=\"elementor-element elementor-element-26b0c76a elementor-icon-list--layout-traditional elementor-list-item-link-full_width elementor-widget elementor-widget-icon-list\" data-id=\"26b0c76a\" data-element_type=\"widget\" data-e-type=\"widget\" data-widget_type=\"icon-list.default\">\n\t\t\t\t<div class=\"elementor-widget-container\">\n\t\t\t\t\t\t\t<ul class=\"elementor-icon-list-items\">\n\t\t\t\t\t\t\t<li class=\"elementor-icon-list-item\">\n\t\t\t\t\t\t\t\t\t\t<span class=\"elementor-icon-list-text\">KONING VAN DE LUCHT<\/span>\n\t\t\t\t\t\t\t\t\t<\/li>\n\t\t\t\t\t\t<\/ul>\n\t\t\t\t\t\t<\/div>\n\t\t\t\t<\/div>\n\t\t\t\t\t<\/div>\n\t\t<\/div>\n\t\t\t\t\t<\/div>\n\t\t<\/section>\n\t\t\t\t<section class=\"elementor-section elementor-top-section elementor-element elementor-element-a0e663d elementor-section-boxed elementor-section-height-default elementor-section-height-default\" data-id=\"a0e663d\" data-element_type=\"section\" data-e-type=\"section\">\n\t\t\t\t\t\t<div class=\"elementor-container elementor-column-gap-default\">\n\t\t\t\t\t<div class=\"elementor-column elementor-col-100 elementor-top-column elementor-element elementor-element-3f5300c7\" data-id=\"3f5300c7\" data-element_type=\"column\" data-e-type=\"column\">\n\t\t\t<div class=\"elementor-widget-wrap elementor-element-populated\">\n\t\t\t\t\t\t<div class=\"elementor-element elementor-element-56004159 elementor-widget elementor-widget-text-editor\" data-id=\"56004159\" data-element_type=\"widget\" data-e-type=\"widget\" data-widget_type=\"text-editor.default\">\n\t\t\t\t<div class=\"elementor-widget-container\">\n\t\t\t\t\t\t\t\t\t<p><strong><span>9 juli tot 3 september 2025 &#8211; Raurisdal<\/span><\/strong><\/p><p><span>In 1986 werd de eerste lammergier in de Alpen uitgezet in het Krumldal. Doel was om de ooit in ons land uitgestorven \u2018koning van de lucht\u2019 opnieuw te introduceren. Tijdens de excursie door het wilde en romantische Krumltal leert u interessante weetjes over de grote roofvogels. Tijdens korte stops worden telescopen opgesteld om de bergkammen op de bergtoppen af \u200b\u200bte speuren naar vogels. Met een beetje geluk kunt u er lammergieren, vale gieren, monniksgieren, steenarenden en andere wilde dieren spotten.\u00a0<\/span><\/p>\t\t\t\t\t\t\t\t<\/div>\n\t\t\t\t<\/div>\n\t\t\t\t\t<\/div>\n\t\t<\/div>\n\t\t\t\t\t<\/div>\n\t\t<\/section>\n\t\t\t\t<section class=\"elementor-section elementor-top-section elementor-element elementor-element-23cbf8f3 elementor-section-boxed elementor-section-height-default elementor-section-height-default\" data-id=\"23cbf8f3\" data-element_type=\"section\" data-e-type=\"section\">\n\t\t\t\t\t\t<div class=\"elementor-container elementor-column-gap-default\">\n\t\t\t\t\t<div class=\"elementor-column elementor-col-50 elementor-top-column elementor-element elementor-element-6731c2a4\" data-id=\"6731c2a4\" data-element_type=\"column\" data-e-type=\"column\">\n\t\t\t<div class=\"elementor-widget-wrap elementor-element-populated\">\n\t\t\t\t\t\t<div class=\"elementor-element elementor-element-1cdcd035 elementor-widget elementor-widget-image\" data-id=\"1cdcd035\" data-element_type=\"widget\" data-e-type=\"widget\" data-widget_type=\"image.default\">\n\t\t\t\t<div class=\"elementor-widget-container\">\n\t\t\t\t\t\t\t\t\t\t\t\t\t\t\t<img loading=\"lazy\" decoding=\"async\" width=\"550\" height=\"370\" src=\"https:\/\/haus-piesendorf.gaeste-mappe.at\/wp-content\/uploads\/2025\/04\/Adler.webp\" class=\"attachment-large size-large wp-image-15180\" alt=\"\" srcset=\"https:\/\/haus-piesendorf.gaeste-mappe.at\/wp-content\/uploads\/2025\/04\/Adler.webp 550w, https:\/\/haus-piesendorf.gaeste-mappe.at\/wp-content\/uploads\/2025\/04\/Adler-300x202.webp 300w, https:\/\/haus-piesendorf.gaeste-mappe.at\/wp-content\/uploads\/2025\/04\/Adler-18x12.webp 18w\" sizes=\"(max-width: 550px) 100vw, 550px\" \/>\t\t\t\t\t\t\t\t\t\t\t\t\t\t\t<\/div>\n\t\t\t\t<\/div>\n\t\t\t\t\t<\/div>\n\t\t<\/div>\n\t\t\t\t<div class=\"elementor-column elementor-col-50 elementor-top-column elementor-element elementor-element-7da9de55\" data-id=\"7da9de55\" data-element_type=\"column\" data-e-type=\"column\">\n\t\t\t<div class=\"elementor-widget-wrap elementor-element-populated\">\n\t\t\t\t\t\t<div class=\"elementor-element elementor-element-3f18db1c elementor-widget elementor-widget-text-editor\" data-id=\"3f18db1c\" data-element_type=\"widget\" data-e-type=\"widget\" data-widget_type=\"text-editor.default\">\n\t\t\t\t<div class=\"elementor-widget-container\">\n\t\t\t\t\t\t\t\t\t<div style=\"overflow-x: auto;\">\n<table>\n<tbody>\n<tr>\n<td><strong>Ontmoetingspunt<\/strong><\/td>\n<td>08.45 Parkeren &#8211; Info Hut Krumltal<\/td>\n<\/tr>\n<tr>\n<td><strong>Duur<\/strong><\/td>\n<td>ongeveer 4 uur (ca. 3 uur wandeltijd | gemiddelde moeilijkheidsgraad)<\/td>\n<\/tr>\n<tr>\n<td><strong>Kosten<\/strong><\/td>\n<td>Volwassenen \u20ac 22,00 | Kinderen en tieners (10-16 jaar) onder begeleiding van ouders gratis | excl. pendeldiensten<\/td>\n<\/tr>\n<tr>\n<td><strong>Gratis<\/strong><\/td>\n<td>met de\u00a0\u00a0<strong>gastenkaart<\/strong>\u00a0of\u00a0<strong>de National Park Summer Card<\/strong>\u00a0\u00a0(exclusief pendeldiensten)<\/td>\n<\/tr>\n<tr>\n<td><strong>Benodigheden<\/strong><\/td>\n<td>Wandel- of bergschoenen met profielzolen, regen- en zonbescherming, geschikte kleding en een reservekleding, rugzak met drinken en snacks<\/td>\n<\/tr>\n<tr>\n<td><strong>Registratie<\/strong><\/td>\n<td>tot 2 uur voor aanvang van de tour op\u00a0<a href=\"https:\/\/hohetauern.at\/de\/besuchen\/tourenangebote.html#\/erlebnisse\" target=\"_blank\" rel=\"noopener\">npht.at\/touren<\/a><\/td>\n<\/tr>\n<\/tbody>\n<\/table>\t\t\t\t\t\t\t\t<\/div>\n\t\t\t\t<\/div>\n\t\t\t\t\t<\/div>\n\t\t<\/div>\n\t\t\t\t\t<\/div>\n\t\t<\/section>\n\t\t\t\t<section class=\"elementor-section elementor-top-section elementor-element elementor-element-2fa871be elementor-section-boxed elementor-section-height-default elementor-section-height-default\" data-id=\"2fa871be\" data-element_type=\"section\" data-e-type=\"section\">\n\t\t\t\t\t\t<div class=\"elementor-container elementor-column-gap-default\">\n\t\t\t\t\t<div class=\"elementor-column elementor-col-100 elementor-top-column elementor-element elementor-element-3658239c\" data-id=\"3658239c\" data-element_type=\"column\" data-e-type=\"column\">\n\t\t\t<div class=\"elementor-widget-wrap elementor-element-populated\">\n\t\t\t\t\t\t<div class=\"elementor-element elementor-element-2516489 elementor-icon-list--layout-traditional elementor-list-item-link-full_width elementor-widget elementor-widget-icon-list\" data-id=\"2516489\" data-element_type=\"widget\" data-e-type=\"widget\" data-widget_type=\"icon-list.default\">\n\t\t\t\t<div class=\"elementor-widget-container\">\n\t\t\t\t\t\t\t<ul class=\"elementor-icon-list-items\">\n\t\t\t\t\t\t\t<li class=\"elementor-icon-list-item\">\n\t\t\t\t\t\t\t\t\t\t<span class=\"elementor-icon-list-text\">ONTMOET EEN RANGER<\/span>\n\t\t\t\t\t\t\t\t\t<\/li>\n\t\t\t\t\t\t<\/ul>\n\t\t\t\t\t\t<\/div>\n\t\t\t\t<\/div>\n\t\t\t\t\t<\/div>\n\t\t<\/div>\n\t\t\t\t\t<\/div>\n\t\t<\/section>\n\t\t\t\t<section class=\"elementor-section elementor-top-section elementor-element elementor-element-360492b5 elementor-section-boxed elementor-section-height-default elementor-section-height-default\" data-id=\"360492b5\" data-element_type=\"section\" data-e-type=\"section\">\n\t\t\t\t\t\t<div class=\"elementor-container elementor-column-gap-default\">\n\t\t\t\t\t<div class=\"elementor-column elementor-col-100 elementor-top-column elementor-element elementor-element-448a73bd\" data-id=\"448a73bd\" data-element_type=\"column\" data-e-type=\"column\">\n\t\t\t<div class=\"elementor-widget-wrap elementor-element-populated\">\n\t\t\t\t\t\t<div class=\"elementor-element elementor-element-702b2aee elementor-widget elementor-widget-text-editor\" data-id=\"702b2aee\" data-element_type=\"widget\" data-e-type=\"widget\" data-widget_type=\"text-editor.default\">\n\t\t\t\t<div class=\"elementor-widget-container\">\n\t\t\t\t\t\t\t\t\t<p><strong><span>7 juli tot 5 september 2025 &#8211; Nationaal Park Valleien<\/span><\/strong><\/p><p><span>Van maandag tot en met vrijdag kunt u de rangers van het Nationaal Park Hohe Tauern direct in hun natuurlijke habitat ontmoeten: in de adembenemende dalen van het Nationaal Park Salzburg.\u00a0<\/span><\/p><p><span>Hier krijgt u exclusieve inzichten in de unieke flora en fauna en leert u waarom het behoud van dit hooggebergtelandschap zo belangrijk is. De boswachters delen hun passie voor de natuur met u, vertellen over hun werk en laten zien hoe we samen deze schatten kunnen behouden voor toekomstige generaties.\u00a0<\/span><\/p><p><span>Het is niet voor niets dat de rangers het uithangbord van het nationale park zijn. Zij kennen dit beschermde gebied op hun duimpje!\u00a0<\/span><\/p>\t\t\t\t\t\t\t\t<\/div>\n\t\t\t\t<\/div>\n\t\t\t\t\t<\/div>\n\t\t<\/div>\n\t\t\t\t\t<\/div>\n\t\t<\/section>\n\t\t\t\t<section class=\"elementor-section elementor-top-section elementor-element elementor-element-6e6077c6 elementor-section-boxed elementor-section-height-default elementor-section-height-default\" data-id=\"6e6077c6\" data-element_type=\"section\" data-e-type=\"section\">\n\t\t\t\t\t\t<div class=\"elementor-container elementor-column-gap-default\">\n\t\t\t\t\t<div class=\"elementor-column elementor-col-50 elementor-top-column elementor-element elementor-element-272909d\" data-id=\"272909d\" data-element_type=\"column\" data-e-type=\"column\">\n\t\t\t<div class=\"elementor-widget-wrap elementor-element-populated\">\n\t\t\t\t\t\t<div class=\"elementor-element elementor-element-4b454353 elementor-widget elementor-widget-image\" data-id=\"4b454353\" data-element_type=\"widget\" data-e-type=\"widget\" data-widget_type=\"image.default\">\n\t\t\t\t<div class=\"elementor-widget-container\">\n\t\t\t\t\t\t\t\t\t\t\t\t\t\t\t<img fetchpriority=\"high\" decoding=\"async\" width=\"550\" height=\"370\" src=\"https:\/\/haus-piesendorf.gaeste-mappe.at\/wp-content\/uploads\/2025\/04\/meet-a-ranger.webp\" class=\"attachment-large size-large wp-image-15065\" alt=\"\" srcset=\"https:\/\/haus-piesendorf.gaeste-mappe.at\/wp-content\/uploads\/2025\/04\/meet-a-ranger.webp 550w, https:\/\/haus-piesendorf.gaeste-mappe.at\/wp-content\/uploads\/2025\/04\/meet-a-ranger-300x202.webp 300w, https:\/\/haus-piesendorf.gaeste-mappe.at\/wp-content\/uploads\/2025\/04\/meet-a-ranger-18x12.webp 18w\" sizes=\"(max-width: 550px) 100vw, 550px\" \/>\t\t\t\t\t\t\t\t\t\t\t\t\t\t\t<\/div>\n\t\t\t\t<\/div>\n\t\t\t\t\t<\/div>\n\t\t<\/div>\n\t\t\t\t<div class=\"elementor-column elementor-col-50 elementor-top-column elementor-element elementor-element-2236d64f\" data-id=\"2236d64f\" data-element_type=\"column\" data-e-type=\"column\">\n\t\t\t<div class=\"elementor-widget-wrap elementor-element-populated\">\n\t\t\t\t\t\t<div class=\"elementor-element elementor-element-35dca9e3 elementor-widget elementor-widget-text-editor\" data-id=\"35dca9e3\" data-element_type=\"widget\" data-e-type=\"widget\" data-widget_type=\"text-editor.default\">\n\t\t\t\t<div class=\"elementor-widget-container\">\n\t\t\t\t\t\t\t\t\t<div style=\"overflow-x: auto;\">\n<table>\n<tbody>\n<tr>\n<td><strong>Ontmoetingspunt<\/strong><\/td>\n<td>De junior rangers in de informatiehutten vertellen je precies waar je de ranger van het nationale park kunt ontmoeten.<\/td>\n<\/tr>\n<tr>\n<td><strong>Periode<\/strong><\/td>\n<td>van 09:00 tot 16:00 uur<\/td>\n<\/tr>\n<tr>\n<td><strong>Waar?<\/strong><\/td>\n<td>Krimmler Achental, Krumltal\/Rauris<\/td>\n<\/tr>\n<\/tbody>\n<\/table>\t\t\t\t\t\t\t\t<\/div>\n\t\t\t\t<\/div>\n\t\t\t\t\t<\/div>\n\t\t<\/div>\n\t\t\t\t\t<\/div>\n\t\t<\/section>\n\t\t\t\t<section class=\"elementor-section elementor-top-section elementor-element elementor-element-3287fcb3 elementor-section-boxed elementor-section-height-default elementor-section-height-default\" data-id=\"3287fcb3\" data-element_type=\"section\" data-e-type=\"section\">\n\t\t\t\t\t\t<div class=\"elementor-container elementor-column-gap-default\">\n\t\t\t\t\t<div class=\"elementor-column elementor-col-100 elementor-top-column elementor-element elementor-element-1f5294ba\" data-id=\"1f5294ba\" data-element_type=\"column\" data-e-type=\"column\">\n\t\t\t<div class=\"elementor-widget-wrap elementor-element-populated\">\n\t\t\t\t\t\t<div class=\"elementor-element elementor-element-57ec0309 elementor-icon-list--layout-traditional elementor-list-item-link-full_width elementor-widget elementor-widget-icon-list\" data-id=\"57ec0309\" data-element_type=\"widget\" data-e-type=\"widget\" data-widget_type=\"icon-list.default\">\n\t\t\t\t<div class=\"elementor-widget-container\">\n\t\t\t\t\t\t\t<ul class=\"elementor-icon-list-items\">\n\t\t\t\t\t\t\t<li class=\"elementor-icon-list-item\">\n\t\t\t\t\t\t\t\t\t\t<span class=\"elementor-icon-list-text\">SCH\u00d6SSWENDKLAMM EN HINTERSEE<\/span>\n\t\t\t\t\t\t\t\t\t<\/li>\n\t\t\t\t\t\t<\/ul>\n\t\t\t\t\t\t<\/div>\n\t\t\t\t<\/div>\n\t\t\t\t\t<\/div>\n\t\t<\/div>\n\t\t\t\t\t<\/div>\n\t\t<\/section>\n\t\t\t\t<section class=\"elementor-section elementor-top-section elementor-element elementor-element-2d7d718f elementor-section-boxed elementor-section-height-default elementor-section-height-default\" data-id=\"2d7d718f\" data-element_type=\"section\" data-e-type=\"section\">\n\t\t\t\t\t\t<div class=\"elementor-container elementor-column-gap-default\">\n\t\t\t\t\t<div class=\"elementor-column elementor-col-100 elementor-top-column elementor-element elementor-element-5d15d765\" data-id=\"5d15d765\" data-element_type=\"column\" data-e-type=\"column\">\n\t\t\t<div class=\"elementor-widget-wrap elementor-element-populated\">\n\t\t\t\t\t\t<div class=\"elementor-element elementor-element-14d536a2 elementor-widget elementor-widget-text-editor\" data-id=\"14d536a2\" data-element_type=\"widget\" data-e-type=\"widget\" data-widget_type=\"text-editor.default\">\n\t\t\t\t<div class=\"elementor-widget-container\">\n\t\t\t\t\t\t\t\t\t<p><strong><span>9 juli t\/m 3 september 2025 &#8211; Mittersill<\/span><\/strong><\/p><p><span>Ervaar de kracht van het water in de Sch\u00f6sswendkloof, waar de stroming al duizenden jaren door het harde gesteente snijdt en indrukwekkende erosieverschijnselen en kuilen heeft gecre\u00eberd. U wandelt verder langs de kloof naar de idyllische Hintersee en leert interessante weetjes over de flora en fauna van het Hinterer Felbertal. Aan de noordkant van het meer leidt de rondwandeling naar een uitkijkpunt over het einde van de vallei, waar u met een beetje geluk gemzen kunt zien. De terugreis verloopt via dezelfde route.\u00a0<\/span><\/p>\t\t\t\t\t\t\t\t<\/div>\n\t\t\t\t<\/div>\n\t\t\t\t\t<\/div>\n\t\t<\/div>\n\t\t\t\t\t<\/div>\n\t\t<\/section>\n\t\t\t\t<section class=\"elementor-section elementor-top-section elementor-element elementor-element-18149f91 elementor-section-boxed elementor-section-height-default elementor-section-height-default\" data-id=\"18149f91\" data-element_type=\"section\" data-e-type=\"section\">\n\t\t\t\t\t\t<div class=\"elementor-container elementor-column-gap-default\">\n\t\t\t\t\t<div class=\"elementor-column elementor-col-50 elementor-top-column elementor-element elementor-element-3439c23a\" data-id=\"3439c23a\" data-element_type=\"column\" data-e-type=\"column\">\n\t\t\t<div class=\"elementor-widget-wrap elementor-element-populated\">\n\t\t\t\t\t\t<div class=\"elementor-element elementor-element-1983ce1c elementor-widget elementor-widget-image\" data-id=\"1983ce1c\" data-element_type=\"widget\" data-e-type=\"widget\" data-widget_type=\"image.default\">\n\t\t\t\t<div class=\"elementor-widget-container\">\n\t\t\t\t\t\t\t\t\t\t\t\t\t\t\t<img loading=\"lazy\" decoding=\"async\" width=\"550\" height=\"370\" src=\"https:\/\/haus-piesendorf.gaeste-mappe.at\/wp-content\/uploads\/2025\/04\/Schoesswendklamm.webp\" class=\"attachment-large size-large wp-image-15179\" alt=\"\" srcset=\"https:\/\/haus-piesendorf.gaeste-mappe.at\/wp-content\/uploads\/2025\/04\/Schoesswendklamm.webp 550w, https:\/\/haus-piesendorf.gaeste-mappe.at\/wp-content\/uploads\/2025\/04\/Schoesswendklamm-300x202.webp 300w, https:\/\/haus-piesendorf.gaeste-mappe.at\/wp-content\/uploads\/2025\/04\/Schoesswendklamm-18x12.webp 18w\" sizes=\"(max-width: 550px) 100vw, 550px\" \/>\t\t\t\t\t\t\t\t\t\t\t\t\t\t\t<\/div>\n\t\t\t\t<\/div>\n\t\t\t\t\t<\/div>\n\t\t<\/div>\n\t\t\t\t<div class=\"elementor-column elementor-col-50 elementor-top-column elementor-element elementor-element-7f6c18af\" data-id=\"7f6c18af\" data-element_type=\"column\" data-e-type=\"column\">\n\t\t\t<div class=\"elementor-widget-wrap elementor-element-populated\">\n\t\t\t\t\t\t<div class=\"elementor-element elementor-element-398a35b elementor-widget elementor-widget-text-editor\" data-id=\"398a35b\" data-element_type=\"widget\" data-e-type=\"widget\" data-widget_type=\"text-editor.default\">\n\t\t\t\t<div class=\"elementor-widget-container\">\n\t\t\t\t\t\t\t\t\t<div style=\"overflow-x: auto;\">\n<table>\n<tbody>\n<tr>\n<td><strong>Ontmoetingspunt<\/strong><\/td>\n<td>09.00 uur Parkeerplaats Sch\u00f6sswendklamm, Felbertal<\/td>\n<\/tr>\n<tr>\n<td><strong>Duur<\/strong><\/td>\n<td>ongeveer 4 uur (ca. 2,5 uur wandeltijd | gemakkelijk)<\/td>\n<\/tr>\n<tr>\n<td><strong>Kosten<\/strong><\/td>\n<td>Volwassenen \u20ac 22,00 | Kinderen en tieners (7-16 jaar) onder begeleiding van ouders gratis | excl. pendeldiensten<\/td>\n<\/tr>\n<tr>\n<td><strong>Gratis<\/strong><\/td>\n<td>met de\u00a0\u00a0<strong>gastenkaart<\/strong>\u00a0of\u00a0<strong>de National Park Summer Card<\/strong>\u00a0\u00a0(exclusief pendeldiensten)<\/td>\n<\/tr>\n<tr>\n<td><strong>Benodigheden<\/strong><\/td>\n<td>Wandel- of bergschoenen met profielzolen, regen- en zonbescherming, geschikte kleding en een reservekleding, rugzak met drinken en snacks<\/td>\n<\/tr>\n<tr>\n<td><strong>Registratie<\/strong><\/td>\n<td>tot 2 uur voor aanvang van de tour op\u00a0<a href=\"https:\/\/hohetauern.at\/de\/besuchen\/tourenangebote.html#\/erlebnisse\" target=\"_blank\" rel=\"noopener\">npht.at\/touren<\/a><\/td>\n<\/tr>\n<\/tbody>\n<\/table>\t\t\t\t\t\t\t\t<\/div>\n\t\t\t\t<\/div>\n\t\t\t\t\t<\/div>\n\t\t<\/div>\n\t\t\t\t\t<\/div>\n\t\t<\/section>\n\t\t\t\t<section class=\"elementor-section elementor-top-section elementor-element elementor-element-14ce3f60 elementor-section-boxed elementor-section-height-default elementor-section-height-default\" data-id=\"14ce3f60\" data-element_type=\"section\" data-e-type=\"section\">\n\t\t\t\t\t\t<div class=\"elementor-container elementor-column-gap-default\">\n\t\t\t\t\t<div class=\"elementor-column elementor-col-100 elementor-top-column elementor-element elementor-element-39419f6\" data-id=\"39419f6\" data-element_type=\"column\" data-e-type=\"column\">\n\t\t\t<div class=\"elementor-widget-wrap elementor-element-populated\">\n\t\t\t\t\t\t<div class=\"elementor-element elementor-element-bf9efc2 elementor-icon-list--layout-traditional elementor-list-item-link-full_width elementor-widget elementor-widget-icon-list\" data-id=\"bf9efc2\" data-element_type=\"widget\" data-e-type=\"widget\" data-widget_type=\"icon-list.default\">\n\t\t\t\t<div class=\"elementor-widget-container\">\n\t\t\t\t\t\t\t<ul class=\"elementor-icon-list-items\">\n\t\t\t\t\t\t\t<li class=\"elementor-icon-list-item\">\n\t\t\t\t\t\t\t\t\t\t<span class=\"elementor-icon-list-text\">SCH\u00d6DERSEE<\/span>\n\t\t\t\t\t\t\t\t\t<\/li>\n\t\t\t\t\t\t<\/ul>\n\t\t\t\t\t\t<\/div>\n\t\t\t\t<\/div>\n\t\t\t\t\t<\/div>\n\t\t<\/div>\n\t\t\t\t\t<\/div>\n\t\t<\/section>\n\t\t\t\t<section class=\"elementor-section elementor-top-section elementor-element elementor-element-48a51706 elementor-section-boxed elementor-section-height-default elementor-section-height-default\" data-id=\"48a51706\" data-element_type=\"section\" data-e-type=\"section\">\n\t\t\t\t\t\t<div class=\"elementor-container elementor-column-gap-default\">\n\t\t\t\t\t<div class=\"elementor-column elementor-col-100 elementor-top-column elementor-element elementor-element-72b4222d\" data-id=\"72b4222d\" data-element_type=\"column\" data-e-type=\"column\">\n\t\t\t<div class=\"elementor-widget-wrap elementor-element-populated\">\n\t\t\t\t\t\t<div class=\"elementor-element elementor-element-78210225 elementor-widget elementor-widget-text-editor\" data-id=\"78210225\" data-element_type=\"widget\" data-e-type=\"widget\" data-widget_type=\"text-editor.default\">\n\t\t\t\t<div class=\"elementor-widget-container\">\n\t\t\t\t\t\t\t\t\t<p><strong><span>9 juli tot 3 september 2025 &#8211; H\u00fcttschlag<\/span><\/strong><\/p><p><span>De tocht voert naar de \u00d6tzlersee, waar u officieel het Nationaal Park Hohe Tauern betreedt. De route vervolgt zich over een smal pad langs de Sch\u00f6derbach richting Arlscharte, steeds dieper het nationale park in. Aan het einde van de tocht komt u bij de Sch\u00f6dersee, een bijzonder bergmeer dat vanwege de natuurlijke, ondergrondse uitstroom een \u200b\u200bperiodiek meer wordt genoemd en alleen bij smeltende sneeuw en hevige regenval met water gevuld raakt.<\/span><\/p>\t\t\t\t\t\t\t\t<\/div>\n\t\t\t\t<\/div>\n\t\t\t\t\t<\/div>\n\t\t<\/div>\n\t\t\t\t\t<\/div>\n\t\t<\/section>\n\t\t\t\t<section class=\"elementor-section elementor-top-section elementor-element elementor-element-51979fc1 elementor-section-boxed elementor-section-height-default elementor-section-height-default\" data-id=\"51979fc1\" data-element_type=\"section\" data-e-type=\"section\">\n\t\t\t\t\t\t<div class=\"elementor-container elementor-column-gap-default\">\n\t\t\t\t\t<div class=\"elementor-column elementor-col-50 elementor-top-column elementor-element elementor-element-40415e37\" data-id=\"40415e37\" data-element_type=\"column\" data-e-type=\"column\">\n\t\t\t<div class=\"elementor-widget-wrap elementor-element-populated\">\n\t\t\t\t\t\t<div class=\"elementor-element elementor-element-32c1f885 elementor-widget elementor-widget-image\" data-id=\"32c1f885\" data-element_type=\"widget\" data-e-type=\"widget\" data-widget_type=\"image.default\">\n\t\t\t\t<div class=\"elementor-widget-container\">\n\t\t\t\t\t\t\t\t\t\t\t\t\t\t\t<img loading=\"lazy\" decoding=\"async\" width=\"550\" height=\"370\" src=\"https:\/\/haus-piesendorf.gaeste-mappe.at\/wp-content\/uploads\/2025\/04\/Schoedersee.webp\" class=\"attachment-full size-full wp-image-15178\" alt=\"\" srcset=\"https:\/\/haus-piesendorf.gaeste-mappe.at\/wp-content\/uploads\/2025\/04\/Schoedersee.webp 550w, https:\/\/haus-piesendorf.gaeste-mappe.at\/wp-content\/uploads\/2025\/04\/Schoedersee-300x202.webp 300w, https:\/\/haus-piesendorf.gaeste-mappe.at\/wp-content\/uploads\/2025\/04\/Schoedersee-18x12.webp 18w\" sizes=\"(max-width: 550px) 100vw, 550px\" \/>\t\t\t\t\t\t\t\t\t\t\t\t\t\t\t<\/div>\n\t\t\t\t<\/div>\n\t\t\t\t\t<\/div>\n\t\t<\/div>\n\t\t\t\t<div class=\"elementor-column elementor-col-50 elementor-top-column elementor-element elementor-element-1fa7e013\" data-id=\"1fa7e013\" data-element_type=\"column\" data-e-type=\"column\">\n\t\t\t<div class=\"elementor-widget-wrap elementor-element-populated\">\n\t\t\t\t\t\t<div class=\"elementor-element elementor-element-3acf0f2b elementor-widget elementor-widget-text-editor\" data-id=\"3acf0f2b\" data-element_type=\"widget\" data-e-type=\"widget\" data-widget_type=\"text-editor.default\">\n\t\t\t\t<div class=\"elementor-widget-container\">\n\t\t\t\t\t\t\t\t\t<div style=\"overflow-x: auto;\">\n<table>\n<tbody>\n<tr>\n<td><strong>Ontmoetingspunt<\/strong><\/td>\n<td>09.00 uur Parkeren aan het einde van de vallei (informatiehut)<\/td>\n<\/tr>\n<tr>\n<td><strong>Duur<\/strong><\/td>\n<td>ongeveer 6 uur (ca. 4 tot 4,5 uur wandeltijd | gemiddelde moeilijkheidsgraad)<\/td>\n<\/tr>\n<tr>\n<td><strong>Kosten<\/strong><\/td>\n<td>Volwassenen \u20ac 22,00 | Kinderen en tieners (10-16 jaar) onder begeleiding van ouders gratis | excl. pendeldiensten<\/td>\n<\/tr>\n<tr>\n<td><strong>Gratis<\/strong><\/td>\n<td>met de\u00a0\u00a0<strong>gastenkaart<\/strong>\u00a0\u00a0of\u00a0<strong>de National Park Summer Card<\/strong>\u00a0(exclusief pendeldiensten)<\/td>\n<\/tr>\n<tr>\n<td><strong>Benodigheden<\/strong><\/td>\n<td>Wandel- of bergschoenen met profielzolen, regen- en zonbescherming, geschikte kleding en een reservekleding, rugzak met drinken en snacks<\/td>\n<\/tr>\n<tr>\n<td><strong>Registratie<\/strong><\/td>\n<td>tot 2 uur voor aanvang van de tour op\u00a0<a href=\"https:\/\/hohetauern.at\/de\/besuchen\/tourenangebote.html#\/erlebnisse\" target=\"_blank\" rel=\"noopener\">npht.at\/touren<\/a><\/td>\n<\/tr>\n<\/tbody>\n<\/table>\t\t\t\t\t\t\t\t<\/div>\n\t\t\t\t<\/div>\n\t\t\t\t\t<\/div>\n\t\t<\/div>\n\t\t\t\t\t<\/div>\n\t\t<\/section>\n\t\t\t\t<section class=\"elementor-section elementor-top-section elementor-element elementor-element-4714cc7d elementor-section-boxed elementor-section-height-default elementor-section-height-default\" data-id=\"4714cc7d\" data-element_type=\"section\" data-e-type=\"section\">\n\t\t\t\t\t\t<div class=\"elementor-container elementor-column-gap-default\">\n\t\t\t\t\t<div class=\"elementor-column elementor-col-100 elementor-top-column elementor-element elementor-element-6482e801\" data-id=\"6482e801\" data-element_type=\"column\" data-e-type=\"column\">\n\t\t\t<div class=\"elementor-widget-wrap elementor-element-populated\">\n\t\t\t\t\t\t<div class=\"elementor-element elementor-element-2dbbba82 elementor-icon-list--layout-traditional elementor-list-item-link-full_width elementor-widget elementor-widget-icon-list\" data-id=\"2dbbba82\" data-element_type=\"widget\" data-e-type=\"widget\" data-widget_type=\"icon-list.default\">\n\t\t\t\t<div class=\"elementor-widget-container\">\n\t\t\t\t\t\t\t<ul class=\"elementor-icon-list-items\">\n\t\t\t\t\t\t\t<li class=\"elementor-icon-list-item\">\n\t\t\t\t\t\t\t\t\t\t<span class=\"elementor-icon-list-text\">EEN REIS NAAR HET TAUERN-RAAM<\/span>\n\t\t\t\t\t\t\t\t\t<\/li>\n\t\t\t\t\t\t<\/ul>\n\t\t\t\t\t\t<\/div>\n\t\t\t\t<\/div>\n\t\t\t\t\t<\/div>\n\t\t<\/div>\n\t\t\t\t\t<\/div>\n\t\t<\/section>\n\t\t\t\t<section class=\"elementor-section elementor-top-section elementor-element elementor-element-643113ab elementor-section-boxed elementor-section-height-default elementor-section-height-default\" data-id=\"643113ab\" data-element_type=\"section\" data-e-type=\"section\">\n\t\t\t\t\t\t<div class=\"elementor-container elementor-column-gap-default\">\n\t\t\t\t\t<div class=\"elementor-column elementor-col-100 elementor-top-column elementor-element elementor-element-10117828\" data-id=\"10117828\" data-element_type=\"column\" data-e-type=\"column\">\n\t\t\t<div class=\"elementor-widget-wrap elementor-element-populated\">\n\t\t\t\t\t\t<div class=\"elementor-element elementor-element-3451015b elementor-widget elementor-widget-text-editor\" data-id=\"3451015b\" data-element_type=\"widget\" data-e-type=\"widget\" data-widget_type=\"text-editor.default\">\n\t\t\t\t<div class=\"elementor-widget-container\">\n\t\t\t\t\t\t\t\t\t<p><strong><span>7 juli t\/m 5 september 2025 &#8211; Untersulzbachtal Neukirchen<\/span><\/strong><\/p><p><span>Diep in het hart van de Hohe Tauern bevindt zich een ware zeldzaamheid: de showmijn Hochfeld. Sinds de jaren negentig is de voormalige mijn omgebouwd tot een interactieve tentoonstelling die nu interessante inzichten biedt in de geologie van de Alpen en de geschiedenis van het nationale park.\u00a0<\/span><\/p><p><span>Tijdens een rondleiding leert u hoe het Tauernvenster is ontstaan, hoe rotsformaties zich in de loop van miljoenen jaren hebben ontwikkeld en welke rol mijnbouw in dit gebied speelde. Een bijzonder hoogtepunt is de vernissage &#8220;Inner Life&#8221; van de kunstenaar Mag. kunst. Michael Alexander Seywald, die momenteel in de tunnels van de mijn te bewonderen is.\u00a0<\/span><\/p>\t\t\t\t\t\t\t\t<\/div>\n\t\t\t\t<\/div>\n\t\t\t\t\t<\/div>\n\t\t<\/div>\n\t\t\t\t\t<\/div>\n\t\t<\/section>\n\t\t\t\t<section class=\"elementor-section elementor-top-section elementor-element elementor-element-74311474 elementor-section-boxed elementor-section-height-default elementor-section-height-default\" data-id=\"74311474\" data-element_type=\"section\" data-e-type=\"section\">\n\t\t\t\t\t\t<div class=\"elementor-container elementor-column-gap-default\">\n\t\t\t\t\t<div class=\"elementor-column elementor-col-50 elementor-top-column elementor-element elementor-element-c6128c5\" data-id=\"c6128c5\" data-element_type=\"column\" data-e-type=\"column\">\n\t\t\t<div class=\"elementor-widget-wrap elementor-element-populated\">\n\t\t\t\t\t\t<div class=\"elementor-element elementor-element-5ac8c257 elementor-widget elementor-widget-image\" data-id=\"5ac8c257\" data-element_type=\"widget\" data-e-type=\"widget\" data-widget_type=\"image.default\">\n\t\t\t\t<div class=\"elementor-widget-container\">\n\t\t\t\t\t\t\t\t\t\t\t\t\t\t\t<img loading=\"lazy\" decoding=\"async\" width=\"550\" height=\"370\" src=\"https:\/\/haus-piesendorf.gaeste-mappe.at\/wp-content\/uploads\/2025\/04\/Reise_ins_Tauernfenster-min.webp\" class=\"attachment-full size-full wp-image-15073\" alt=\"\" srcset=\"https:\/\/haus-piesendorf.gaeste-mappe.at\/wp-content\/uploads\/2025\/04\/Reise_ins_Tauernfenster-min.webp 550w, https:\/\/haus-piesendorf.gaeste-mappe.at\/wp-content\/uploads\/2025\/04\/Reise_ins_Tauernfenster-min-300x202.webp 300w, https:\/\/haus-piesendorf.gaeste-mappe.at\/wp-content\/uploads\/2025\/04\/Reise_ins_Tauernfenster-min-18x12.webp 18w\" sizes=\"(max-width: 550px) 100vw, 550px\" \/>\t\t\t\t\t\t\t\t\t\t\t\t\t\t\t<\/div>\n\t\t\t\t<\/div>\n\t\t\t\t\t<\/div>\n\t\t<\/div>\n\t\t\t\t<div class=\"elementor-column elementor-col-50 elementor-top-column elementor-element elementor-element-36948316\" data-id=\"36948316\" data-element_type=\"column\" data-e-type=\"column\">\n\t\t\t<div class=\"elementor-widget-wrap elementor-element-populated\">\n\t\t\t\t\t\t<div class=\"elementor-element elementor-element-19308046 elementor-widget elementor-widget-text-editor\" data-id=\"19308046\" data-element_type=\"widget\" data-e-type=\"widget\" data-widget_type=\"text-editor.default\">\n\t\t\t\t<div class=\"elementor-widget-container\">\n\t\t\t\t\t\t\t\t\t<div style=\"overflow-x: auto;\">\n<table>\n<tbody>\n<tr>\n<td><strong>Ontmoetingspunt<\/strong><\/td>\n<td>11:00 uur en 14:00 uur bij de Knappenstube (te voet bereikbaar in 1,5 uur via de Geolehrweg)<\/td>\n<\/tr>\n<tr>\n<td><strong>Duur<\/strong><\/td>\n<td>ongeveer 2 uur<\/td>\n<\/tr>\n<tr>\n<td><strong>Kosten<\/strong><\/td>\n<td>Enkele reis: Volwassene \u20ac 10,00 | Kinderen (10-14 jaar) \u20ac 5,00\n\neLiner &amp; rondleiding*: Volwassenen \u20ac 15,00 | Kinderen (10-14 jaar) \u20ac 10,00\n\n<small>* Maandagmiddag | Dinsdag-, woensdag- en vrijdagochtend<\/small><\/td>\n<\/tr>\n<tr>\n<td><strong>Vertrek eLiner<\/strong><\/td>\n<td>10:15 &amp; 13:15 VVV Neukirchen<\/td>\n<\/tr>\n<tr>\n<td><strong>Registratie<\/strong><\/td>\n<td>vereist via telefoon\u00a0\u00a0<a tabindex=\"-1\" href=\"tel:0043720710730\">+43 720 7107 30<\/a><\/td>\n<\/tr>\n<\/tbody>\n<\/table>\t\t\t\t\t\t\t\t<\/div>\n\t\t\t\t<\/div>\n\t\t\t\t\t<\/div>\n\t\t<\/div>\n\t\t\t\t\t<\/div>\n\t\t<\/section>\n\t\t\t\t<section class=\"elementor-section elementor-top-section elementor-element elementor-element-3ad80f9a elementor-section-boxed elementor-section-height-default elementor-section-height-default\" data-id=\"3ad80f9a\" data-element_type=\"section\" data-e-type=\"section\">\n\t\t\t\t\t\t<div class=\"elementor-container elementor-column-gap-default\">\n\t\t\t\t\t<div class=\"elementor-column elementor-col-100 elementor-top-column elementor-element elementor-element-694ec849\" data-id=\"694ec849\" data-element_type=\"column\" data-e-type=\"column\" id=\"donderdag\">\n\t\t\t<div class=\"elementor-widget-wrap elementor-element-populated\">\n\t\t\t\t\t\t<div class=\"elementor-element elementor-element-171ac518 elementor-widget elementor-widget-heading\" data-id=\"171ac518\" data-element_type=\"widget\" data-e-type=\"widget\" data-widget_type=\"heading.default\">\n\t\t\t\t<div class=\"elementor-widget-container\">\n\t\t\t\t\t<h2 class=\"elementor-heading-title elementor-size-default\">Donderdag<\/h2>\t\t\t\t<\/div>\n\t\t\t\t<\/div>\n\t\t\t\t\t<\/div>\n\t\t<\/div>\n\t\t\t\t\t<\/div>\n\t\t<\/section>\n\t\t\t\t<section class=\"elementor-section elementor-top-section elementor-element elementor-element-7722767e elementor-section-boxed elementor-section-height-default elementor-section-height-default\" data-id=\"7722767e\" data-element_type=\"section\" data-e-type=\"section\">\n\t\t\t\t\t\t<div class=\"elementor-container elementor-column-gap-default\">\n\t\t\t\t\t<div class=\"elementor-column elementor-col-100 elementor-top-column elementor-element elementor-element-339d4172\" data-id=\"339d4172\" data-element_type=\"column\" data-e-type=\"column\">\n\t\t\t<div class=\"elementor-widget-wrap elementor-element-populated\">\n\t\t\t\t\t\t<div class=\"elementor-element elementor-element-66c50af7 elementor-icon-list--layout-traditional elementor-list-item-link-full_width elementor-widget elementor-widget-icon-list\" data-id=\"66c50af7\" data-element_type=\"widget\" data-e-type=\"widget\" data-widget_type=\"icon-list.default\">\n\t\t\t\t<div class=\"elementor-widget-container\">\n\t\t\t\t\t\t\t<ul class=\"elementor-icon-list-items\">\n\t\t\t\t\t\t\t<li class=\"elementor-icon-list-item\">\n\t\t\t\t\t\t\t\t\t\t<span class=\"elementor-icon-list-text\">BEGELEIDE \"BERGFEX\"-TOCHT<\/span>\n\t\t\t\t\t\t\t\t\t<\/li>\n\t\t\t\t\t\t<\/ul>\n\t\t\t\t\t\t<\/div>\n\t\t\t\t<\/div>\n\t\t\t\t\t<\/div>\n\t\t<\/div>\n\t\t\t\t\t<\/div>\n\t\t<\/section>\n\t\t\t\t<section class=\"elementor-section elementor-top-section elementor-element elementor-element-18740035 elementor-section-boxed elementor-section-height-default elementor-section-height-default\" data-id=\"18740035\" data-element_type=\"section\" data-e-type=\"section\">\n\t\t\t\t\t\t<div class=\"elementor-container elementor-column-gap-default\">\n\t\t\t\t\t<div class=\"elementor-column elementor-col-100 elementor-top-column elementor-element elementor-element-647abed1\" data-id=\"647abed1\" data-element_type=\"column\" data-e-type=\"column\">\n\t\t\t<div class=\"elementor-widget-wrap elementor-element-populated\">\n\t\t\t\t\t\t<div class=\"elementor-element elementor-element-12114939 elementor-widget elementor-widget-text-editor\" data-id=\"12114939\" data-element_type=\"widget\" data-e-type=\"widget\" data-widget_type=\"text-editor.default\">\n\t\t\t\t<div class=\"elementor-widget-container\">\n\t\t\t\t\t\t\t\t\t<p><strong><span>Half mei tot eind september 2025 &#8211; Piesendorf Niedernsill<\/span><\/strong><\/p><p><span>Zin in een bergbelevenis met allround service? Tijdens de begeleide Bergfex-tocht brengt onze wandelgids en wandeltaxi u naar hoger gelegen startpunten. Vanaf daar start een wandeltocht met prachtige uitzichten, meestal met een top als doel. Onderweg leert u interessante dingen over de omgeving en geniet u van nieuwe uitzichten en momenten uit de natuur. Bij terugkomst haalt de taxi u weer op.\u00a0<\/span><\/p>\t\t\t\t\t\t\t\t<\/div>\n\t\t\t\t<\/div>\n\t\t\t\t\t<\/div>\n\t\t<\/div>\n\t\t\t\t\t<\/div>\n\t\t<\/section>\n\t\t\t\t<section class=\"elementor-section elementor-top-section elementor-element elementor-element-127e2c9e elementor-section-boxed elementor-section-height-default elementor-section-height-default\" data-id=\"127e2c9e\" data-element_type=\"section\" data-e-type=\"section\">\n\t\t\t\t\t\t<div class=\"elementor-container elementor-column-gap-default\">\n\t\t\t\t\t<div class=\"elementor-column elementor-col-50 elementor-top-column elementor-element elementor-element-61402a8c\" data-id=\"61402a8c\" data-element_type=\"column\" data-e-type=\"column\">\n\t\t\t<div class=\"elementor-widget-wrap elementor-element-populated\">\n\t\t\t\t\t\t<div class=\"elementor-element elementor-element-6a4a1222 elementor-widget elementor-widget-image\" data-id=\"6a4a1222\" data-element_type=\"widget\" data-e-type=\"widget\" data-widget_type=\"image.default\">\n\t\t\t\t<div class=\"elementor-widget-container\">\n\t\t\t\t\t\t\t\t\t\t\t\t\t\t\t<img loading=\"lazy\" decoding=\"async\" width=\"550\" height=\"370\" src=\"https:\/\/haus-piesendorf.gaeste-mappe.at\/wp-content\/uploads\/2025\/04\/Wetterlacke.webp\" class=\"attachment-full size-full wp-image-15197\" alt=\"\" srcset=\"https:\/\/haus-piesendorf.gaeste-mappe.at\/wp-content\/uploads\/2025\/04\/Wetterlacke.webp 550w, https:\/\/haus-piesendorf.gaeste-mappe.at\/wp-content\/uploads\/2025\/04\/Wetterlacke-300x202.webp 300w, https:\/\/haus-piesendorf.gaeste-mappe.at\/wp-content\/uploads\/2025\/04\/Wetterlacke-18x12.webp 18w\" sizes=\"(max-width: 550px) 100vw, 550px\" \/>\t\t\t\t\t\t\t\t\t\t\t\t\t\t\t<\/div>\n\t\t\t\t<\/div>\n\t\t\t\t\t<\/div>\n\t\t<\/div>\n\t\t\t\t<div class=\"elementor-column elementor-col-50 elementor-top-column elementor-element elementor-element-43893b94\" data-id=\"43893b94\" data-element_type=\"column\" data-e-type=\"column\">\n\t\t\t<div class=\"elementor-widget-wrap elementor-element-populated\">\n\t\t\t\t\t\t<div class=\"elementor-element elementor-element-7aa653ff elementor-widget elementor-widget-text-editor\" data-id=\"7aa653ff\" data-element_type=\"widget\" data-e-type=\"widget\" data-widget_type=\"text-editor.default\">\n\t\t\t\t<div class=\"elementor-widget-container\">\n\t\t\t\t\t\t\t\t\t<div style=\"overflow-x: auto;\">\n<table>\n<tbody>\n<tr>\n<td><strong>Ontmoetingspunt<\/strong><\/td>\n<td>09.00 uur VVV-kantoor Piesendorf Niedernsill<\/td>\n<\/tr>\n<tr>\n<td><strong>Duur<\/strong><\/td>\n<td>ongeveer 5 uur (matig)<\/td>\n<\/tr>\n<tr>\n<td><strong>Kosten<\/strong><\/td>\n<td>per persoon \u20ac 15,00 (inclusief taxi)<\/td>\n<\/tr>\n<tr>\n<td><strong>met Fun+ Kaart<\/strong><\/td>\n<td>per persoon \u20ac 5,00 (inclusief taxi)<\/td>\n<\/tr>\n<tr>\n<td><strong>Benodigheden<\/strong><\/td>\n<td>Drank, snack, goede schoenen, regenkleding en wandelstokken<\/td>\n<\/tr>\n<tr>\n<td><strong>Registratie<\/strong><\/td>\n<td>tot 12.00 uur de dag ervoor bij het Toeristenbureau Niedernsill Tel.\u00a0<a tabindex=\"-1\" href=\"tel:004365488232\" data-tabindex-counter=\"1\" data-tabindex-value=\"none\">+43 6548 8232<\/a><\/td>\n<\/tr>\n<\/tbody>\n<\/table>\t\t\t\t\t\t\t\t<\/div>\n\t\t\t\t<\/div>\n\t\t\t\t\t<\/div>\n\t\t<\/div>\n\t\t\t\t\t<\/div>\n\t\t<\/section>\n\t\t\t\t<section class=\"elementor-section elementor-top-section elementor-element elementor-element-37685506 elementor-section-boxed elementor-section-height-default elementor-section-height-default\" data-id=\"37685506\" data-element_type=\"section\" data-e-type=\"section\">\n\t\t\t\t\t\t<div class=\"elementor-container elementor-column-gap-default\">\n\t\t\t\t\t<div class=\"elementor-column elementor-col-100 elementor-top-column elementor-element elementor-element-36ac3822\" data-id=\"36ac3822\" data-element_type=\"column\" data-e-type=\"column\">\n\t\t\t<div class=\"elementor-widget-wrap elementor-element-populated\">\n\t\t\t\t\t\t<div class=\"elementor-element elementor-element-24b72ed8 elementor-icon-list--layout-traditional elementor-list-item-link-full_width elementor-widget elementor-widget-icon-list\" data-id=\"24b72ed8\" data-element_type=\"widget\" data-e-type=\"widget\" data-widget_type=\"icon-list.default\">\n\t\t\t\t<div class=\"elementor-widget-container\">\n\t\t\t\t\t\t\t<ul class=\"elementor-icon-list-items\">\n\t\t\t\t\t\t\t<li class=\"elementor-icon-list-item\">\n\t\t\t\t\t\t\t\t\t\t<span class=\"elementor-icon-list-text\">DORPSMAKERIJ - MIJN MARKT<\/span>\n\t\t\t\t\t\t\t\t\t<\/li>\n\t\t\t\t\t\t<\/ul>\n\t\t\t\t\t\t<\/div>\n\t\t\t\t<\/div>\n\t\t\t\t\t<\/div>\n\t\t<\/div>\n\t\t\t\t\t<\/div>\n\t\t<\/section>\n\t\t\t\t<section class=\"elementor-section elementor-top-section elementor-element elementor-element-23c232e1 elementor-section-boxed elementor-section-height-default elementor-section-height-default\" data-id=\"23c232e1\" data-element_type=\"section\" data-e-type=\"section\">\n\t\t\t\t\t\t<div class=\"elementor-container elementor-column-gap-default\">\n\t\t\t\t\t<div class=\"elementor-column elementor-col-100 elementor-top-column elementor-element elementor-element-7eac1182\" data-id=\"7eac1182\" data-element_type=\"column\" data-e-type=\"column\">\n\t\t\t<div class=\"elementor-widget-wrap elementor-element-populated\">\n\t\t\t\t\t\t<div class=\"elementor-element elementor-element-596f6f7 elementor-widget elementor-widget-text-editor\" data-id=\"596f6f7\" data-element_type=\"widget\" data-e-type=\"widget\" data-widget_type=\"text-editor.default\">\n\t\t\t\t<div class=\"elementor-widget-container\">\n\t\t\t\t\t\t\t\t\t<p><strong><span>elke 1e donderdag van de maand van mei tot oktober 2025 &#8211; Evenemententent Piesendorf<\/span><\/strong><\/p><p><span>Er worden huisgemaakte producten aangeboden, zoals boerenbrood, verse groenten en fruit, stevige spek- en kaasspecialiteiten, honing, verse vis en vele andere huisgemaakte lekkernijen uit de regio. Tijdens de lunch serveren wij verse en regionale specialiteiten!\u00a0<\/span><\/p>\t\t\t\t\t\t\t\t<\/div>\n\t\t\t\t<\/div>\n\t\t\t\t\t<\/div>\n\t\t<\/div>\n\t\t\t\t\t<\/div>\n\t\t<\/section>\n\t\t\t\t<section class=\"elementor-section elementor-top-section elementor-element elementor-element-d1e3e0f elementor-section-boxed elementor-section-height-default elementor-section-height-default\" data-id=\"d1e3e0f\" data-element_type=\"section\" data-e-type=\"section\">\n\t\t\t\t\t\t<div class=\"elementor-container elementor-column-gap-default\">\n\t\t\t\t\t<div class=\"elementor-column elementor-col-50 elementor-top-column elementor-element elementor-element-64b8373f\" data-id=\"64b8373f\" data-element_type=\"column\" data-e-type=\"column\">\n\t\t\t<div class=\"elementor-widget-wrap elementor-element-populated\">\n\t\t\t\t\t\t<div class=\"elementor-element elementor-element-651700a9 elementor-widget elementor-widget-image\" data-id=\"651700a9\" data-element_type=\"widget\" data-e-type=\"widget\" data-widget_type=\"image.default\">\n\t\t\t\t<div class=\"elementor-widget-container\">\n\t\t\t\t\t\t\t\t\t\t\t\t\t\t\t<img loading=\"lazy\" decoding=\"async\" width=\"550\" height=\"370\" src=\"https:\/\/haus-piesendorf.gaeste-mappe.at\/wp-content\/uploads\/2025\/04\/Brettljause.webp\" class=\"attachment-full size-full wp-image-15196\" alt=\"\" srcset=\"https:\/\/haus-piesendorf.gaeste-mappe.at\/wp-content\/uploads\/2025\/04\/Brettljause.webp 550w, https:\/\/haus-piesendorf.gaeste-mappe.at\/wp-content\/uploads\/2025\/04\/Brettljause-300x202.webp 300w, https:\/\/haus-piesendorf.gaeste-mappe.at\/wp-content\/uploads\/2025\/04\/Brettljause-18x12.webp 18w\" sizes=\"(max-width: 550px) 100vw, 550px\" \/>\t\t\t\t\t\t\t\t\t\t\t\t\t\t\t<\/div>\n\t\t\t\t<\/div>\n\t\t\t\t\t<\/div>\n\t\t<\/div>\n\t\t\t\t<div class=\"elementor-column elementor-col-50 elementor-top-column elementor-element elementor-element-66c6b176\" data-id=\"66c6b176\" data-element_type=\"column\" data-e-type=\"column\">\n\t\t\t<div class=\"elementor-widget-wrap elementor-element-populated\">\n\t\t\t\t\t\t<div class=\"elementor-element elementor-element-3a9577de elementor-widget elementor-widget-text-editor\" data-id=\"3a9577de\" data-element_type=\"widget\" data-e-type=\"widget\" data-widget_type=\"text-editor.default\">\n\t\t\t\t<div class=\"elementor-widget-container\">\n\t\t\t\t\t\t\t\t\t<div style=\"overflow-x: auto;\">\n<table>\n<tbody>\n<tr>\n<td><strong>Evenemententent<\/strong><\/td>\n<td>van 09:00 tot 13:00 uur<\/td>\n<\/tr>\n<tr>\n<td><strong>gastenkaart<\/strong><\/td>\n<td>uit Piesendorf Niedernsill is uw\u00a0\u00a0<strong>proeverijbon<\/strong>\u00a0\u00a0op de dorpsmarkt!<\/td>\n<\/tr>\n<\/tbody>\n<\/table>\t\t\t\t\t\t\t\t<\/div>\n\t\t\t\t<\/div>\n\t\t\t\t\t<\/div>\n\t\t<\/div>\n\t\t\t\t\t<\/div>\n\t\t<\/section>\n\t\t\t\t<section class=\"elementor-section elementor-top-section elementor-element elementor-element-400b050a elementor-section-boxed elementor-section-height-default elementor-section-height-default\" data-id=\"400b050a\" data-element_type=\"section\" data-e-type=\"section\">\n\t\t\t\t\t\t<div class=\"elementor-container elementor-column-gap-default\">\n\t\t\t\t\t<div class=\"elementor-column elementor-col-100 elementor-top-column elementor-element elementor-element-68f6a60\" data-id=\"68f6a60\" data-element_type=\"column\" data-e-type=\"column\">\n\t\t\t<div class=\"elementor-widget-wrap elementor-element-populated\">\n\t\t\t\t\t\t<div class=\"elementor-element elementor-element-ff0699f elementor-icon-list--layout-traditional elementor-list-item-link-full_width elementor-widget elementor-widget-icon-list\" data-id=\"ff0699f\" data-element_type=\"widget\" data-e-type=\"widget\" data-widget_type=\"icon-list.default\">\n\t\t\t\t<div class=\"elementor-widget-container\">\n\t\t\t\t\t\t\t<ul class=\"elementor-icon-list-items\">\n\t\t\t\t\t\t\t<li class=\"elementor-icon-list-item\">\n\t\t\t\t\t\t\t\t\t\t<span class=\"elementor-icon-list-text\">NOSTALGIE TRIPS<\/span>\n\t\t\t\t\t\t\t\t\t<\/li>\n\t\t\t\t\t\t<\/ul>\n\t\t\t\t\t\t<\/div>\n\t\t\t\t<\/div>\n\t\t\t\t\t<\/div>\n\t\t<\/div>\n\t\t\t\t\t<\/div>\n\t\t<\/section>\n\t\t\t\t<section class=\"elementor-section elementor-top-section elementor-element elementor-element-78b343d5 elementor-section-boxed elementor-section-height-default elementor-section-height-default\" data-id=\"78b343d5\" data-element_type=\"section\" data-e-type=\"section\">\n\t\t\t\t\t\t<div class=\"elementor-container elementor-column-gap-default\">\n\t\t\t\t\t<div class=\"elementor-column elementor-col-100 elementor-top-column elementor-element elementor-element-435ee3f0\" data-id=\"435ee3f0\" data-element_type=\"column\" data-e-type=\"column\">\n\t\t\t<div class=\"elementor-widget-wrap elementor-element-populated\">\n\t\t\t\t\t\t<div class=\"elementor-element elementor-element-23c25108 elementor-widget elementor-widget-text-editor\" data-id=\"23c25108\" data-element_type=\"widget\" data-e-type=\"widget\" data-widget_type=\"text-editor.default\">\n\t\t\t\t<div class=\"elementor-widget-container\">\n\t\t\t\t\t\t\t\t\t<p><strong><span>15 mei tot 25 september 2025<\/span><\/strong><\/p><p><span>Geniet van een romantische rit door het prachtige landschap van Pinzgau met de nostalgische stoomtreinen van de Pinzgauer Lokalbahn. Een bijzonder hoogtepunt voor jong en oud is de kegelworst, die op de ketel van de stoomlocomotief wordt gegrild!\u00a0<\/span><\/p>\t\t\t\t\t\t\t\t<\/div>\n\t\t\t\t<\/div>\n\t\t\t\t\t<\/div>\n\t\t<\/div>\n\t\t\t\t\t<\/div>\n\t\t<\/section>\n\t\t\t\t<section class=\"elementor-section elementor-top-section elementor-element elementor-element-77aaa981 elementor-section-boxed elementor-section-height-default elementor-section-height-default\" data-id=\"77aaa981\" data-element_type=\"section\" data-e-type=\"section\">\n\t\t\t\t\t\t<div class=\"elementor-container elementor-column-gap-default\">\n\t\t\t\t\t<div class=\"elementor-column elementor-col-50 elementor-top-column elementor-element elementor-element-3bace7de\" data-id=\"3bace7de\" data-element_type=\"column\" data-e-type=\"column\">\n\t\t\t<div class=\"elementor-widget-wrap elementor-element-populated\">\n\t\t\t\t\t\t<div class=\"elementor-element elementor-element-73826405 elementor-widget elementor-widget-image\" data-id=\"73826405\" data-element_type=\"widget\" data-e-type=\"widget\" data-widget_type=\"image.default\">\n\t\t\t\t<div class=\"elementor-widget-container\">\n\t\t\t\t\t\t\t\t\t\t\t\t\t\t\t<img loading=\"lazy\" decoding=\"async\" width=\"550\" height=\"370\" src=\"https:\/\/haus-piesendorf.gaeste-mappe.at\/wp-content\/uploads\/2025\/04\/Dampfzug.webp\" class=\"attachment-full size-full wp-image-15195\" alt=\"\" srcset=\"https:\/\/haus-piesendorf.gaeste-mappe.at\/wp-content\/uploads\/2025\/04\/Dampfzug.webp 550w, https:\/\/haus-piesendorf.gaeste-mappe.at\/wp-content\/uploads\/2025\/04\/Dampfzug-300x202.webp 300w, https:\/\/haus-piesendorf.gaeste-mappe.at\/wp-content\/uploads\/2025\/04\/Dampfzug-18x12.webp 18w\" sizes=\"(max-width: 550px) 100vw, 550px\" \/>\t\t\t\t\t\t\t\t\t\t\t\t\t\t\t<\/div>\n\t\t\t\t<\/div>\n\t\t\t\t\t<\/div>\n\t\t<\/div>\n\t\t\t\t<div class=\"elementor-column elementor-col-50 elementor-top-column elementor-element elementor-element-4132112c\" data-id=\"4132112c\" data-element_type=\"column\" data-e-type=\"column\">\n\t\t\t<div class=\"elementor-widget-wrap elementor-element-populated\">\n\t\t\t\t\t\t<div class=\"elementor-element elementor-element-35106490 elementor-widget elementor-widget-text-editor\" data-id=\"35106490\" data-element_type=\"widget\" data-e-type=\"widget\" data-widget_type=\"text-editor.default\">\n\t\t\t\t<div class=\"elementor-widget-container\">\n\t\t\t\t\t\t\t\t\t<div style=\"overflow-x: auto;\">\n<table>\n<tbody>\n<tr>\n<td><strong>vertrek<\/strong><\/td>\n<td><strong>Ochtendtocht:<\/strong>\nZell am See om 09:20 uur.\nPiesendorf om 09:41 uur.\nNiedernsill om 09:54 uur.\nAankomst in Mittersill om 10:23 uur.\n\n<strong>Middagtocht:<\/strong>\nZell am See om 14.20 uur\nPiesendorf om 14:41 uur\nAankomst in Niedernsill om 14.53 uur.<\/td>\n<\/tr>\n<tr>\n<td><strong>Rug<\/strong><\/td>\n<td><strong>Ochtendrit:\u00a0<\/strong>\nvanuit Mittersill om 11:37 uur.\n\n<strong>Middagtocht:<\/strong>\nvanuit Niedernsill om 15.04 uur<\/td>\n<\/tr>\n<tr>\n<td><strong>reservering<\/strong><\/td>\n<td>absoluut noodzakelijk door te bellen naar\u00a0\u00a0<a tabindex=\"-1\" href=\"tel:0043656240600\">+43 6562 40600<\/a><\/td>\n<\/tr>\n<tr>\n<td><strong>informatie<\/strong><\/td>\n<td><a tabindex=\"-1\" href=\"https:\/\/www.pinzgauerlokalbahn.at\/content\/website_pinzgauerlokalbahn\/de_at\/nostalgie\/nostalgiefahrten.html\" target=\"_blank\" rel=\"noopener\">Stoomtrein Pinzgauer Lokalbahn<\/a><\/td>\n<\/tr>\n<\/tbody>\n<\/table>\t\t\t\t\t\t\t\t<\/div>\n\t\t\t\t<\/div>\n\t\t\t\t\t<\/div>\n\t\t<\/div>\n\t\t\t\t\t<\/div>\n\t\t<\/section>\n\t\t\t\t<section class=\"elementor-section elementor-top-section elementor-element elementor-element-3c0dd4f6 elementor-section-boxed elementor-section-height-default elementor-section-height-default\" data-id=\"3c0dd4f6\" data-element_type=\"section\" data-e-type=\"section\">\n\t\t\t\t\t\t<div class=\"elementor-container elementor-column-gap-default\">\n\t\t\t\t\t<div class=\"elementor-column elementor-col-100 elementor-top-column elementor-element elementor-element-75c818bf\" data-id=\"75c818bf\" data-element_type=\"column\" data-e-type=\"column\">\n\t\t\t<div class=\"elementor-widget-wrap elementor-element-populated\">\n\t\t\t\t\t\t<div class=\"elementor-element elementor-element-7404613c elementor-icon-list--layout-traditional elementor-list-item-link-full_width elementor-widget elementor-widget-icon-list\" data-id=\"7404613c\" data-element_type=\"widget\" data-e-type=\"widget\" data-widget_type=\"icon-list.default\">\n\t\t\t\t<div class=\"elementor-widget-container\">\n\t\t\t\t\t\t\t<ul class=\"elementor-icon-list-items\">\n\t\t\t\t\t\t\t<li class=\"elementor-icon-list-item\">\n\t\t\t\t\t\t\t\t\t\t<span class=\"elementor-icon-list-text\">ONTMOET EEN RANGER<\/span>\n\t\t\t\t\t\t\t\t\t<\/li>\n\t\t\t\t\t\t<\/ul>\n\t\t\t\t\t\t<\/div>\n\t\t\t\t<\/div>\n\t\t\t\t\t<\/div>\n\t\t<\/div>\n\t\t\t\t\t<\/div>\n\t\t<\/section>\n\t\t\t\t<section class=\"elementor-section elementor-top-section elementor-element elementor-element-20885935 elementor-section-boxed elementor-section-height-default elementor-section-height-default\" data-id=\"20885935\" data-element_type=\"section\" data-e-type=\"section\">\n\t\t\t\t\t\t<div class=\"elementor-container elementor-column-gap-default\">\n\t\t\t\t\t<div class=\"elementor-column elementor-col-100 elementor-top-column elementor-element elementor-element-6b53555b\" data-id=\"6b53555b\" data-element_type=\"column\" data-e-type=\"column\">\n\t\t\t<div class=\"elementor-widget-wrap elementor-element-populated\">\n\t\t\t\t\t\t<div class=\"elementor-element elementor-element-25a3a026 elementor-widget elementor-widget-text-editor\" data-id=\"25a3a026\" data-element_type=\"widget\" data-e-type=\"widget\" data-widget_type=\"text-editor.default\">\n\t\t\t\t<div class=\"elementor-widget-container\">\n\t\t\t\t\t\t\t\t\t<p><strong><span>7 juli tot 5 september 2025 &#8211; Nationaal Park Valleien<\/span><\/strong><\/p><p><span>Van maandag tot en met vrijdag kunt u de rangers van het Nationaal Park Hohe Tauern direct in hun natuurlijke habitat ontmoeten: in de adembenemende dalen van het Nationaal Park Salzburg.\u00a0<\/span><\/p><p><span>Hier krijgt u exclusieve inzichten in de unieke flora en fauna en leert u waarom het behoud van dit hooggebergtelandschap zo belangrijk is. De boswachters delen hun passie voor de natuur met u, vertellen over hun werk en laten zien hoe we samen deze schatten kunnen behouden voor toekomstige generaties.\u00a0<\/span><\/p><p><span>Het is niet voor niets dat de rangers het uithangbord van het nationale park zijn. Zij kennen dit beschermde gebied op hun duimpje!\u00a0<\/span><\/p>\t\t\t\t\t\t\t\t<\/div>\n\t\t\t\t<\/div>\n\t\t\t\t\t<\/div>\n\t\t<\/div>\n\t\t\t\t\t<\/div>\n\t\t<\/section>\n\t\t\t\t<section class=\"elementor-section elementor-top-section elementor-element elementor-element-356d337e elementor-section-boxed elementor-section-height-default elementor-section-height-default\" data-id=\"356d337e\" data-element_type=\"section\" data-e-type=\"section\">\n\t\t\t\t\t\t<div class=\"elementor-container elementor-column-gap-default\">\n\t\t\t\t\t<div class=\"elementor-column elementor-col-50 elementor-top-column elementor-element elementor-element-50bd1a7f\" data-id=\"50bd1a7f\" data-element_type=\"column\" data-e-type=\"column\">\n\t\t\t<div class=\"elementor-widget-wrap elementor-element-populated\">\n\t\t\t\t\t\t<div class=\"elementor-element elementor-element-6d2015c9 elementor-widget elementor-widget-image\" data-id=\"6d2015c9\" data-element_type=\"widget\" data-e-type=\"widget\" data-widget_type=\"image.default\">\n\t\t\t\t<div class=\"elementor-widget-container\">\n\t\t\t\t\t\t\t\t\t\t\t\t\t\t\t<img loading=\"lazy\" decoding=\"async\" width=\"550\" height=\"370\" src=\"https:\/\/haus-piesendorf.gaeste-mappe.at\/wp-content\/uploads\/2025\/04\/meet-a-ranger.webp\" class=\"attachment-full size-full wp-image-15065\" alt=\"\" srcset=\"https:\/\/haus-piesendorf.gaeste-mappe.at\/wp-content\/uploads\/2025\/04\/meet-a-ranger.webp 550w, https:\/\/haus-piesendorf.gaeste-mappe.at\/wp-content\/uploads\/2025\/04\/meet-a-ranger-300x202.webp 300w, https:\/\/haus-piesendorf.gaeste-mappe.at\/wp-content\/uploads\/2025\/04\/meet-a-ranger-18x12.webp 18w\" sizes=\"(max-width: 550px) 100vw, 550px\" \/>\t\t\t\t\t\t\t\t\t\t\t\t\t\t\t<\/div>\n\t\t\t\t<\/div>\n\t\t\t\t\t<\/div>\n\t\t<\/div>\n\t\t\t\t<div class=\"elementor-column elementor-col-50 elementor-top-column elementor-element elementor-element-17ce2761\" data-id=\"17ce2761\" data-element_type=\"column\" data-e-type=\"column\">\n\t\t\t<div class=\"elementor-widget-wrap elementor-element-populated\">\n\t\t\t\t\t\t<div class=\"elementor-element elementor-element-920a4a7 elementor-widget elementor-widget-text-editor\" data-id=\"920a4a7\" data-element_type=\"widget\" data-e-type=\"widget\" data-widget_type=\"text-editor.default\">\n\t\t\t\t<div class=\"elementor-widget-container\">\n\t\t\t\t\t\t\t\t\t<div style=\"overflow-x: auto;\">\n<table>\n<tbody>\n<tr>\n<td><strong>Ontmoetingspunt<\/strong><\/td>\n<td>De Junior Rangers in de informatiehutten vertellen u precies waar u de Nationaal Park Ranger kunt ontmoeten.<\/td>\n<\/tr>\n<tr>\n<td><strong>Periode<\/strong><\/td>\n<td>van 09:00 tot 16:00 uur<\/td>\n<\/tr>\n<tr>\n<td><strong>Waar?<\/strong><\/td>\n<td>Rauriser H\u00fcttwinkltal \/ Kolm Saigurn<\/td>\n<\/tr>\n<\/tbody>\n<\/table>\t\t\t\t\t\t\t\t<\/div>\n\t\t\t\t<\/div>\n\t\t\t\t\t<\/div>\n\t\t<\/div>\n\t\t\t\t\t<\/div>\n\t\t<\/section>\n\t\t\t\t<section class=\"elementor-section elementor-top-section elementor-element elementor-element-68f6a2b8 elementor-section-boxed elementor-section-height-default elementor-section-height-default\" data-id=\"68f6a2b8\" data-element_type=\"section\" data-e-type=\"section\">\n\t\t\t\t\t\t<div class=\"elementor-container elementor-column-gap-default\">\n\t\t\t\t\t<div class=\"elementor-column elementor-col-100 elementor-top-column elementor-element elementor-element-443a8abd\" data-id=\"443a8abd\" data-element_type=\"column\" data-e-type=\"column\">\n\t\t\t<div class=\"elementor-widget-wrap elementor-element-populated\">\n\t\t\t\t\t\t<div class=\"elementor-element elementor-element-28c2def9 elementor-icon-list--layout-traditional elementor-list-item-link-full_width elementor-widget elementor-widget-icon-list\" data-id=\"28c2def9\" data-element_type=\"widget\" data-e-type=\"widget\" data-widget_type=\"icon-list.default\">\n\t\t\t\t<div class=\"elementor-widget-container\">\n\t\t\t\t\t\t\t<ul class=\"elementor-icon-list-items\">\n\t\t\t\t\t\t\t<li class=\"elementor-icon-list-item\">\n\t\t\t\t\t\t\t\t\t\t<span class=\"elementor-icon-list-text\">BACHLEHRWEG - mossen, varens en korstmossen<\/span>\n\t\t\t\t\t\t\t\t\t<\/li>\n\t\t\t\t\t\t<\/ul>\n\t\t\t\t\t\t<\/div>\n\t\t\t\t<\/div>\n\t\t\t\t\t<\/div>\n\t\t<\/div>\n\t\t\t\t\t<\/div>\n\t\t<\/section>\n\t\t\t\t<section class=\"elementor-section elementor-top-section elementor-element elementor-element-635041dd elementor-section-boxed elementor-section-height-default elementor-section-height-default\" data-id=\"635041dd\" data-element_type=\"section\" data-e-type=\"section\">\n\t\t\t\t\t\t<div class=\"elementor-container elementor-column-gap-default\">\n\t\t\t\t\t<div class=\"elementor-column elementor-col-100 elementor-top-column elementor-element elementor-element-74381899\" data-id=\"74381899\" data-element_type=\"column\" data-e-type=\"column\">\n\t\t\t<div class=\"elementor-widget-wrap elementor-element-populated\">\n\t\t\t\t\t\t<div class=\"elementor-element elementor-element-76eee1a5 elementor-widget elementor-widget-text-editor\" data-id=\"76eee1a5\" data-element_type=\"widget\" data-e-type=\"widget\" data-widget_type=\"text-editor.default\">\n\t\t\t\t<div class=\"elementor-widget-container\">\n\t\t\t\t\t\t\t\t\t<p><strong><span>10 juli tot 4 september 2025 &#8211; Hollersbach<\/span><\/strong><\/p><p><span>Volg de kabbelende Hollersbach over het idyllische beekleerpad naar de Senningeralm. Door het rustieke Grauerlenau met mossen, varens en het indrukwekkende groot hoefblad, gaat het pad verder het sparrenbos in, waar felgele korstmossen en met een beetje geluk ook watersprieten te zien zijn. Kort voor de alm passeert u historische droogstenen rotswanden, waarna het dal zich opent naar het uitgestrekte alpenlandschap bij de Senningeralm. Hier eindigt de tour \u2013 tijd voor een ontspannen stop of de terugreis.\u00a0<\/span><\/p>\t\t\t\t\t\t\t\t<\/div>\n\t\t\t\t<\/div>\n\t\t\t\t\t<\/div>\n\t\t<\/div>\n\t\t\t\t\t<\/div>\n\t\t<\/section>\n\t\t\t\t<section class=\"elementor-section elementor-top-section elementor-element elementor-element-6cdd9e80 elementor-section-boxed elementor-section-height-default elementor-section-height-default\" data-id=\"6cdd9e80\" data-element_type=\"section\" data-e-type=\"section\">\n\t\t\t\t\t\t<div class=\"elementor-container elementor-column-gap-default\">\n\t\t\t\t\t<div class=\"elementor-column elementor-col-50 elementor-top-column elementor-element elementor-element-c025977\" data-id=\"c025977\" data-element_type=\"column\" data-e-type=\"column\">\n\t\t\t<div class=\"elementor-widget-wrap elementor-element-populated\">\n\t\t\t\t\t\t<div class=\"elementor-element elementor-element-483ecc37 elementor-widget elementor-widget-image\" data-id=\"483ecc37\" data-element_type=\"widget\" data-e-type=\"widget\" data-widget_type=\"image.default\">\n\t\t\t\t<div class=\"elementor-widget-container\">\n\t\t\t\t\t\t\t\t\t\t\t\t\t\t\t<img loading=\"lazy\" decoding=\"async\" width=\"550\" height=\"370\" src=\"https:\/\/haus-piesendorf.gaeste-mappe.at\/wp-content\/uploads\/2025\/04\/Bachlehrweg.webp\" class=\"attachment-full size-full wp-image-15194\" alt=\"\" srcset=\"https:\/\/haus-piesendorf.gaeste-mappe.at\/wp-content\/uploads\/2025\/04\/Bachlehrweg.webp 550w, https:\/\/haus-piesendorf.gaeste-mappe.at\/wp-content\/uploads\/2025\/04\/Bachlehrweg-300x202.webp 300w, https:\/\/haus-piesendorf.gaeste-mappe.at\/wp-content\/uploads\/2025\/04\/Bachlehrweg-18x12.webp 18w\" sizes=\"(max-width: 550px) 100vw, 550px\" \/>\t\t\t\t\t\t\t\t\t\t\t\t\t\t\t<\/div>\n\t\t\t\t<\/div>\n\t\t\t\t\t<\/div>\n\t\t<\/div>\n\t\t\t\t<div class=\"elementor-column elementor-col-50 elementor-top-column elementor-element elementor-element-c2cfba5\" data-id=\"c2cfba5\" data-element_type=\"column\" data-e-type=\"column\">\n\t\t\t<div class=\"elementor-widget-wrap elementor-element-populated\">\n\t\t\t\t\t\t<div class=\"elementor-element elementor-element-276b589f elementor-widget elementor-widget-text-editor\" data-id=\"276b589f\" data-element_type=\"widget\" data-e-type=\"widget\" data-widget_type=\"text-editor.default\">\n\t\t\t\t<div class=\"elementor-widget-container\">\n\t\t\t\t\t\t\t\t\t<div style=\"overflow-x: auto;\"><table><tbody><tr><td><strong>Ontmoetingspunt<\/strong><\/td><td>09.00 uur Gasthof Seestube<\/td><\/tr><tr><td><strong>Duur<\/strong><\/td><td>ongeveer 5 uur (ca. 3,5 uur wandeltijd | gemakkelijk)<\/td><\/tr><tr><td><strong>Kosten<\/strong><\/td><td>Volwassenen \u20ac 22,00 | Kinderen en tieners (7-16 jaar) onder begeleiding van ouders gratis | excl. pendeldiensten<\/td><\/tr><tr><td><strong>Gratis<\/strong><\/td><td>met de\u00a0\u00a0<strong>gastenkaart<\/strong>\u00a0of\u00a0<strong>de National Park Summer Card<\/strong>\u00a0\u00a0(exclusief pendeldiensten)<\/td><\/tr><tr><td><strong>Benodigheden<\/strong><\/td><td>Wandel- of bergschoenen met profielzolen, regen- en zonbescherming, geschikte kleding en een reservekleding, rugzak met drinken en snacks<\/td><\/tr><tr><td><strong>Registratie<\/strong><\/td><td>tot 2 uur voor aanvang van de tour op\u00a0<a href=\"https:\/\/hohetauern.at\/de\/besuchen\/tourenangebote.html#\/erlebnisse\" target=\"_blank\" rel=\"noopener\">npht.at\/touren<\/a><\/td><\/tr><\/tbody><\/table><\/div>\t\t\t\t\t\t\t\t<\/div>\n\t\t\t\t<\/div>\n\t\t\t\t\t<\/div>\n\t\t<\/div>\n\t\t\t\t\t<\/div>\n\t\t<\/section>\n\t\t\t\t<section class=\"elementor-section elementor-top-section elementor-element elementor-element-35005514 elementor-section-boxed elementor-section-height-default elementor-section-height-default\" data-id=\"35005514\" data-element_type=\"section\" data-e-type=\"section\">\n\t\t\t\t\t\t<div class=\"elementor-container elementor-column-gap-default\">\n\t\t\t\t\t<div class=\"elementor-column elementor-col-100 elementor-top-column elementor-element elementor-element-2534751d\" data-id=\"2534751d\" data-element_type=\"column\" data-e-type=\"column\">\n\t\t\t<div class=\"elementor-widget-wrap elementor-element-populated\">\n\t\t\t\t\t\t<div class=\"elementor-element elementor-element-4b8edb67 elementor-icon-list--layout-traditional elementor-list-item-link-full_width elementor-widget elementor-widget-icon-list\" data-id=\"4b8edb67\" data-element_type=\"widget\" data-e-type=\"widget\" data-widget_type=\"icon-list.default\">\n\t\t\t\t<div class=\"elementor-widget-container\">\n\t\t\t\t\t\t\t<ul class=\"elementor-icon-list-items\">\n\t\t\t\t\t\t\t<li class=\"elementor-icon-list-item\">\n\t\t\t\t\t\t\t\t\t\t<span class=\"elementor-icon-list-text\">Krimml-watervallen<\/span>\n\t\t\t\t\t\t\t\t\t<\/li>\n\t\t\t\t\t\t<\/ul>\n\t\t\t\t\t\t<\/div>\n\t\t\t\t<\/div>\n\t\t\t\t\t<\/div>\n\t\t<\/div>\n\t\t\t\t\t<\/div>\n\t\t<\/section>\n\t\t\t\t<section class=\"elementor-section elementor-top-section elementor-element elementor-element-63a6a08b elementor-section-boxed elementor-section-height-default elementor-section-height-default\" data-id=\"63a6a08b\" data-element_type=\"section\" data-e-type=\"section\">\n\t\t\t\t\t\t<div class=\"elementor-container elementor-column-gap-default\">\n\t\t\t\t\t<div class=\"elementor-column elementor-col-100 elementor-top-column elementor-element elementor-element-d8b6f2\" data-id=\"d8b6f2\" data-element_type=\"column\" data-e-type=\"column\">\n\t\t\t<div class=\"elementor-widget-wrap elementor-element-populated\">\n\t\t\t\t\t\t<div class=\"elementor-element elementor-element-48177807 elementor-widget elementor-widget-text-editor\" data-id=\"48177807\" data-element_type=\"widget\" data-e-type=\"widget\" data-widget_type=\"text-editor.default\">\n\t\t\t\t<div class=\"elementor-widget-container\">\n\t\t\t\t\t\t\t\t\t<p><strong><span>10 juli tot 4 september 2025 &#8211; Krimml<\/span><\/strong><\/p><p><span>Ga met een ranger mee op de historische klim langs de hoogste watervallen van Oostenrijk. Geniet van spectaculaire uitzichten en leer interessante weetjes over de oude handelsroute, de natuur en de kracht van water. Na 385 meter hoogte bereikt u de ingang van het Krimmler Achental. Hier eindigt de rondleiding. U kunt zelf bepalen of u verder de vallei in wandelt of langs de watervallen terugkeert. Er wacht u een onvergetelijke natuurbelevenis! \u00a0<\/span><\/p>\t\t\t\t\t\t\t\t<\/div>\n\t\t\t\t<\/div>\n\t\t\t\t\t<\/div>\n\t\t<\/div>\n\t\t\t\t\t<\/div>\n\t\t<\/section>\n\t\t\t\t<section class=\"elementor-section elementor-top-section elementor-element elementor-element-274d1e96 elementor-section-boxed elementor-section-height-default elementor-section-height-default\" data-id=\"274d1e96\" data-element_type=\"section\" data-e-type=\"section\">\n\t\t\t\t\t\t<div class=\"elementor-container elementor-column-gap-default\">\n\t\t\t\t\t<div class=\"elementor-column elementor-col-50 elementor-top-column elementor-element elementor-element-230de8ae\" data-id=\"230de8ae\" data-element_type=\"column\" data-e-type=\"column\">\n\t\t\t<div class=\"elementor-widget-wrap elementor-element-populated\">\n\t\t\t\t\t\t<div class=\"elementor-element elementor-element-4265bc91 elementor-widget elementor-widget-image\" data-id=\"4265bc91\" data-element_type=\"widget\" data-e-type=\"widget\" data-widget_type=\"image.default\">\n\t\t\t\t<div class=\"elementor-widget-container\">\n\t\t\t\t\t\t\t\t\t\t\t\t\t\t\t<img loading=\"lazy\" decoding=\"async\" width=\"550\" height=\"370\" src=\"https:\/\/haus-piesendorf.gaeste-mappe.at\/wp-content\/uploads\/2025\/04\/Wasserfaelle.webp\" class=\"attachment-full size-full wp-image-15193\" alt=\"\" srcset=\"https:\/\/haus-piesendorf.gaeste-mappe.at\/wp-content\/uploads\/2025\/04\/Wasserfaelle.webp 550w, https:\/\/haus-piesendorf.gaeste-mappe.at\/wp-content\/uploads\/2025\/04\/Wasserfaelle-300x202.webp 300w, https:\/\/haus-piesendorf.gaeste-mappe.at\/wp-content\/uploads\/2025\/04\/Wasserfaelle-18x12.webp 18w\" sizes=\"(max-width: 550px) 100vw, 550px\" \/>\t\t\t\t\t\t\t\t\t\t\t\t\t\t\t<\/div>\n\t\t\t\t<\/div>\n\t\t\t\t\t<\/div>\n\t\t<\/div>\n\t\t\t\t<div class=\"elementor-column elementor-col-50 elementor-top-column elementor-element elementor-element-56c64bb0\" data-id=\"56c64bb0\" data-element_type=\"column\" data-e-type=\"column\">\n\t\t\t<div class=\"elementor-widget-wrap elementor-element-populated\">\n\t\t\t\t\t\t<div class=\"elementor-element elementor-element-68263e65 elementor-widget elementor-widget-text-editor\" data-id=\"68263e65\" data-element_type=\"widget\" data-e-type=\"widget\" data-widget_type=\"text-editor.default\">\n\t\t\t\t<div class=\"elementor-widget-container\">\n\t\t\t\t\t\t\t\t\t<div style=\"overflow-x: auto;\">\n<table>\n<tbody>\n<tr>\n<td><strong>Ontmoetingspunt<\/strong><\/td>\n<td>09.00 uur VVV-kantoor<\/td>\n<\/tr>\n<tr>\n<td><strong>Duur<\/strong><\/td>\n<td>ongeveer 5 uur (ca. 3,5 uur wandeltijd | gemiddelde moeilijkheidsgraad)<\/td>\n<\/tr>\n<tr>\n<td><strong>Kosten<\/strong><\/td>\n<td>Volwassenen \u20ac 22,00 | Kinderen en tieners (10-16 jaar) onder begeleiding van ouders gratis | excl. pendeldiensten<\/td>\n<\/tr>\n<tr>\n<td><strong>Gratis<\/strong><\/td>\n<td>met de\u00a0\u00a0<strong>gastenkaart<\/strong>\u00a0of\u00a0<strong>de National Park Summer Card<\/strong>\u00a0\u00a0(exclusief pendeldiensten)<\/td>\n<\/tr>\n<tr>\n<td><strong>Benodigheden<\/strong><\/td>\n<td>Wandel- of bergschoenen met profielzolen, regen- en zonbescherming, geschikte kleding en een reservekleding, rugzak met drinken en snacks<\/td>\n<\/tr>\n<tr>\n<td><strong>Registratie<\/strong><\/td>\n<td>tot 2 uur voor aanvang van de tour op\u00a0<a tabindex=\"-1\" href=\"https:\/\/hohetauern.at\/de\/besuchen\/tourenangebote.html#\/erlebnisse\" data-tabindex-counter=\"1\" data-tabindex-value=\"none\" target=\"_blank\" rel=\"noopener\">npht.at\/touren<\/a><\/td>\n<\/tr>\n<\/tbody>\n<\/table>\t\t\t\t\t\t\t\t<\/div>\n\t\t\t\t<\/div>\n\t\t\t\t\t<\/div>\n\t\t<\/div>\n\t\t\t\t\t<\/div>\n\t\t<\/section>\n\t\t\t\t<section class=\"elementor-section elementor-top-section elementor-element elementor-element-3f7bc72e elementor-section-boxed elementor-section-height-default elementor-section-height-default\" data-id=\"3f7bc72e\" data-element_type=\"section\" data-e-type=\"section\">\n\t\t\t\t\t\t<div class=\"elementor-container elementor-column-gap-default\">\n\t\t\t\t\t<div class=\"elementor-column elementor-col-100 elementor-top-column elementor-element elementor-element-75394aa7\" data-id=\"75394aa7\" data-element_type=\"column\" data-e-type=\"column\">\n\t\t\t<div class=\"elementor-widget-wrap elementor-element-populated\">\n\t\t\t\t\t\t<div class=\"elementor-element elementor-element-1820b560 elementor-icon-list--layout-traditional elementor-list-item-link-full_width elementor-widget elementor-widget-icon-list\" data-id=\"1820b560\" data-element_type=\"widget\" data-e-type=\"widget\" data-widget_type=\"icon-list.default\">\n\t\t\t\t<div class=\"elementor-widget-container\">\n\t\t\t\t\t\t\t<ul class=\"elementor-icon-list-items\">\n\t\t\t\t\t\t\t<li class=\"elementor-icon-list-item\">\n\t\t\t\t\t\t\t\t\t\t<span class=\"elementor-icon-list-text\">GLOCKNERBUS - BUSTOCHT<\/span>\n\t\t\t\t\t\t\t\t\t<\/li>\n\t\t\t\t\t\t<\/ul>\n\t\t\t\t\t\t<\/div>\n\t\t\t\t<\/div>\n\t\t\t\t\t<\/div>\n\t\t<\/div>\n\t\t\t\t\t<\/div>\n\t\t<\/section>\n\t\t\t\t<section class=\"elementor-section elementor-top-section elementor-element elementor-element-3e02897d elementor-section-boxed elementor-section-height-default elementor-section-height-default\" data-id=\"3e02897d\" data-element_type=\"section\" data-e-type=\"section\">\n\t\t\t\t\t\t<div class=\"elementor-container elementor-column-gap-default\">\n\t\t\t\t\t<div class=\"elementor-column elementor-col-100 elementor-top-column elementor-element elementor-element-5098d823\" data-id=\"5098d823\" data-element_type=\"column\" data-e-type=\"column\">\n\t\t\t<div class=\"elementor-widget-wrap elementor-element-populated\">\n\t\t\t\t\t\t<div class=\"elementor-element elementor-element-62cd875e elementor-widget elementor-widget-text-editor\" data-id=\"62cd875e\" data-element_type=\"widget\" data-e-type=\"widget\" data-widget_type=\"text-editor.default\">\n\t\t\t\t<div class=\"elementor-widget-container\">\n\t\t\t\t\t\t\t\t\t<p><strong><span>3 juli tot en met 28 augustus 2025 &#8211; Gro\u00dfglockner Hochalpenstra\u00dfe<\/span><\/strong><\/p><p><span>De Gro\u00dfglockner Hochalpenstra\u00dfe is een van de mooiste en indrukwekkendste wandel- en panoramawegen van Europa. Een bijzonder rijplezier met de auto, op de motor of ontspannen met de Glocknerbus naar de onge\u00ebvenaarde wereld van avonturen in het hart van het Nationaal Park Hohe Tauern. De bustour wordt begeleid door een ervaren en deskundige parkwachter.\u00a0<\/span><\/p>\t\t\t\t\t\t\t\t<\/div>\n\t\t\t\t<\/div>\n\t\t\t\t\t<\/div>\n\t\t<\/div>\n\t\t\t\t\t<\/div>\n\t\t<\/section>\n\t\t\t\t<section class=\"elementor-section elementor-top-section elementor-element elementor-element-6ce1cb16 elementor-section-boxed elementor-section-height-default elementor-section-height-default\" data-id=\"6ce1cb16\" data-element_type=\"section\" data-e-type=\"section\">\n\t\t\t\t\t\t<div class=\"elementor-container elementor-column-gap-default\">\n\t\t\t\t\t<div class=\"elementor-column elementor-col-50 elementor-top-column elementor-element elementor-element-fc6586f\" data-id=\"fc6586f\" data-element_type=\"column\" data-e-type=\"column\">\n\t\t\t<div class=\"elementor-widget-wrap elementor-element-populated\">\n\t\t\t\t\t\t<div class=\"elementor-element elementor-element-1ade6875 elementor-widget elementor-widget-image\" data-id=\"1ade6875\" data-element_type=\"widget\" data-e-type=\"widget\" data-widget_type=\"image.default\">\n\t\t\t\t<div class=\"elementor-widget-container\">\n\t\t\t\t\t\t\t\t\t\t\t\t\t\t\t<img loading=\"lazy\" decoding=\"async\" width=\"550\" height=\"370\" src=\"https:\/\/haus-piesendorf.gaeste-mappe.at\/wp-content\/uploads\/2025\/04\/Glocknerbus.webp\" class=\"attachment-full size-full wp-image-15163\" alt=\"\" srcset=\"https:\/\/haus-piesendorf.gaeste-mappe.at\/wp-content\/uploads\/2025\/04\/Glocknerbus.webp 550w, https:\/\/haus-piesendorf.gaeste-mappe.at\/wp-content\/uploads\/2025\/04\/Glocknerbus-300x202.webp 300w, https:\/\/haus-piesendorf.gaeste-mappe.at\/wp-content\/uploads\/2025\/04\/Glocknerbus-18x12.webp 18w\" sizes=\"(max-width: 550px) 100vw, 550px\" \/>\t\t\t\t\t\t\t\t\t\t\t\t\t\t\t<\/div>\n\t\t\t\t<\/div>\n\t\t\t\t\t<\/div>\n\t\t<\/div>\n\t\t\t\t<div class=\"elementor-column elementor-col-50 elementor-top-column elementor-element elementor-element-114034ac\" data-id=\"114034ac\" data-element_type=\"column\" data-e-type=\"column\">\n\t\t\t<div class=\"elementor-widget-wrap elementor-element-populated\">\n\t\t\t\t\t\t<div class=\"elementor-element elementor-element-555dbabc elementor-widget elementor-widget-text-editor\" data-id=\"555dbabc\" data-element_type=\"widget\" data-e-type=\"widget\" data-widget_type=\"text-editor.default\">\n\t\t\t\t<div class=\"elementor-widget-container\">\n\t\t\t\t\t\t\t\t\t<div style=\"overflow-x: auto;\">\n<table>\n<tbody>\n<tr>\n<td><strong>vertrek<\/strong><\/td>\n<td>09.00 uur Busterminal overdekt zwembad, Zell am See<\/td>\n<\/tr>\n<tr>\n<td><strong>Rug<\/strong><\/td>\n<td>Vertrek vanaf de Kaiser Franz-Josefs-H\u00f6he om 15.00 uur.<\/td>\n<\/tr>\n<tr>\n<td><strong>Kosten<\/strong><\/td>\n<td>Volwassenen \u20ac49,00 | Kinderen \u20ac 29,50 | Enkele reis \u20ac 37,00 | Fietsvervoer (op aanvraag) \u20ac 11,00<\/td>\n<\/tr>\n<tr>\n<td><strong>Registratie<\/strong><\/td>\n<td>tot 15.00 uur de dag ervoor door te bellen naar\u00a0\u00a0<a href=\"tel:+43 6545 2055 50\">+43 6545 2055 50<\/a><\/td>\n<\/tr>\n<tr>\n<td><strong>informatie<\/strong><\/td>\n<td><a tabindex=\"-1\" href=\"https:\/\/www.grossglockner.at\/gg\/de\/motoren-reifen\/glocknerbus\" target=\"_blank\" rel=\"noopener\">Glockner-bus<\/a><\/td>\n<\/tr>\n<\/tbody>\n<\/table>\t\t\t\t\t\t\t\t<\/div>\n\t\t\t\t<\/div>\n\t\t\t\t\t<\/div>\n\t\t<\/div>\n\t\t\t\t\t<\/div>\n\t\t<\/section>\n\t\t\t\t<section class=\"elementor-section elementor-top-section elementor-element elementor-element-69dee46e elementor-section-boxed elementor-section-height-default elementor-section-height-default\" data-id=\"69dee46e\" data-element_type=\"section\" data-e-type=\"section\">\n\t\t\t\t\t\t<div class=\"elementor-container elementor-column-gap-default\">\n\t\t\t\t\t<div class=\"elementor-column elementor-col-100 elementor-top-column elementor-element elementor-element-62f417be\" data-id=\"62f417be\" data-element_type=\"column\" data-e-type=\"column\">\n\t\t\t<div class=\"elementor-widget-wrap elementor-element-populated\">\n\t\t\t\t\t\t<div class=\"elementor-element elementor-element-412997d6 elementor-icon-list--layout-traditional elementor-list-item-link-full_width elementor-widget elementor-widget-icon-list\" data-id=\"412997d6\" data-element_type=\"widget\" data-e-type=\"widget\" data-widget_type=\"icon-list.default\">\n\t\t\t\t<div class=\"elementor-widget-container\">\n\t\t\t\t\t\t\t<ul class=\"elementor-icon-list-items\">\n\t\t\t\t\t\t\t<li class=\"elementor-icon-list-item\">\n\t\t\t\t\t\t\t\t\t\t<span class=\"elementor-icon-list-text\">KASTEELTOUR \"Kasteel Kaprun\"<\/span>\n\t\t\t\t\t\t\t\t\t<\/li>\n\t\t\t\t\t\t<\/ul>\n\t\t\t\t\t\t<\/div>\n\t\t\t\t<\/div>\n\t\t\t\t\t<\/div>\n\t\t<\/div>\n\t\t\t\t\t<\/div>\n\t\t<\/section>\n\t\t\t\t<section class=\"elementor-section elementor-top-section elementor-element elementor-element-331042b8 elementor-section-boxed elementor-section-height-default elementor-section-height-default\" data-id=\"331042b8\" data-element_type=\"section\" data-e-type=\"section\">\n\t\t\t\t\t\t<div class=\"elementor-container elementor-column-gap-default\">\n\t\t\t\t\t<div class=\"elementor-column elementor-col-100 elementor-top-column elementor-element elementor-element-206be939\" data-id=\"206be939\" data-element_type=\"column\" data-e-type=\"column\">\n\t\t\t<div class=\"elementor-widget-wrap elementor-element-populated\">\n\t\t\t\t\t\t<div class=\"elementor-element elementor-element-e41e5cd elementor-widget elementor-widget-text-editor\" data-id=\"e41e5cd\" data-element_type=\"widget\" data-e-type=\"widget\" data-widget_type=\"text-editor.default\">\n\t\t\t\t<div class=\"elementor-widget-container\">\n\t\t\t\t\t\t\t\t\t<p><strong><span>30 juni tot 21 september 2025 &#8211; Kaprun<\/span><\/strong><\/p><p><span>Wanneer u Kasteel Kaprun betreedt, voelt het alsof u terug in de tijd reist. Eeuwenoude muren vertellen over ridders, graven en roerige tijden. De eerste vermelding van het kasteel in documenten dateert uit de 13e eeuw, maar de geschiedenis ervan gaat waarschijnlijk nog verder terug.\u00a0<\/span><\/p><p><span>De rondleiding door het kasteel begint om 17.00 uur en gaat vergezeld van spannende verhalen over de geschiedenis van het gebouw. Hierna kunt u op eigen gelegenheid de kasteelkamers, het kasteelmuseum, de kerker en verschillende fotopunten verkennen. Een bijzonder hoogtepunt is het hoogste punt van de burcht, vanwaar u een uniek uitzicht over de Zellsee heeft!\u00a0<\/span><\/p>\t\t\t\t\t\t\t\t<\/div>\n\t\t\t\t<\/div>\n\t\t\t\t\t<\/div>\n\t\t<\/div>\n\t\t\t\t\t<\/div>\n\t\t<\/section>\n\t\t\t\t<section class=\"elementor-section elementor-top-section elementor-element elementor-element-34bf3eb9 elementor-section-boxed elementor-section-height-default elementor-section-height-default\" data-id=\"34bf3eb9\" data-element_type=\"section\" data-e-type=\"section\">\n\t\t\t\t\t\t<div class=\"elementor-container elementor-column-gap-default\">\n\t\t\t\t\t<div class=\"elementor-column elementor-col-50 elementor-top-column elementor-element elementor-element-58153385\" data-id=\"58153385\" data-element_type=\"column\" data-e-type=\"column\">\n\t\t\t<div class=\"elementor-widget-wrap elementor-element-populated\">\n\t\t\t\t\t\t<div class=\"elementor-element elementor-element-132ecfd8 elementor-widget elementor-widget-image\" data-id=\"132ecfd8\" data-element_type=\"widget\" data-e-type=\"widget\" data-widget_type=\"image.default\">\n\t\t\t\t<div class=\"elementor-widget-container\">\n\t\t\t\t\t\t\t\t\t\t\t\t\t\t\t<img loading=\"lazy\" decoding=\"async\" width=\"550\" height=\"370\" src=\"https:\/\/haus-piesendorf.gaeste-mappe.at\/wp-content\/uploads\/2025\/04\/Burg-Kaprun.webp\" class=\"attachment-full size-full wp-image-15074\" alt=\"\" srcset=\"https:\/\/haus-piesendorf.gaeste-mappe.at\/wp-content\/uploads\/2025\/04\/Burg-Kaprun.webp 550w, https:\/\/haus-piesendorf.gaeste-mappe.at\/wp-content\/uploads\/2025\/04\/Burg-Kaprun-300x202.webp 300w, https:\/\/haus-piesendorf.gaeste-mappe.at\/wp-content\/uploads\/2025\/04\/Burg-Kaprun-18x12.webp 18w\" sizes=\"(max-width: 550px) 100vw, 550px\" \/>\t\t\t\t\t\t\t\t\t\t\t\t\t\t\t<\/div>\n\t\t\t\t<\/div>\n\t\t\t\t\t<\/div>\n\t\t<\/div>\n\t\t\t\t<div class=\"elementor-column elementor-col-50 elementor-top-column elementor-element elementor-element-4d6975d9\" data-id=\"4d6975d9\" data-element_type=\"column\" data-e-type=\"column\">\n\t\t\t<div class=\"elementor-widget-wrap elementor-element-populated\">\n\t\t\t\t\t\t<div class=\"elementor-element elementor-element-2ef9e174 elementor-widget elementor-widget-text-editor\" data-id=\"2ef9e174\" data-element_type=\"widget\" data-e-type=\"widget\" data-widget_type=\"text-editor.default\">\n\t\t\t\t<div class=\"elementor-widget-container\">\n\t\t\t\t\t\t\t\t\t<div style=\"overflow-x: auto;\">\n<table>\n<tbody>\n<tr>\n<td><strong>inlaat<\/strong><\/td>\n<td>vanaf 17.00 uur tot 19.00 uur<\/td>\n<\/tr>\n<tr>\n<td><strong>Laatste invoer<\/strong><\/td>\n<td>om 18:40 uur<\/td>\n<\/tr>\n<tr>\n<td><strong>Kennisgeving<\/strong><\/td>\n<td>Gesloten op 17 juli en 21 augustus 2025<\/td>\n<\/tr>\n<tr>\n<td><strong>Ingang<\/strong><\/td>\n<td>Volwassenen \u20ac 8,00 | Kinderen van 7 tot 14 jaar \u20ac 4,00 | Kinderen tot 6 jaar gratis<\/td>\n<\/tr>\n<tr>\n<td><strong>Registratie<\/strong><\/td>\n<td>niet vereist<\/td>\n<\/tr>\n<\/tbody>\n<\/table>\t\t\t\t\t\t\t\t<\/div>\n\t\t\t\t<\/div>\n\t\t\t\t\t<\/div>\n\t\t<\/div>\n\t\t\t\t\t<\/div>\n\t\t<\/section>\n\t\t\t\t<section class=\"elementor-section elementor-top-section elementor-element elementor-element-178c39ed elementor-section-boxed elementor-section-height-default elementor-section-height-default\" data-id=\"178c39ed\" data-element_type=\"section\" data-e-type=\"section\">\n\t\t\t\t\t\t<div class=\"elementor-container elementor-column-gap-default\">\n\t\t\t\t\t<div class=\"elementor-column elementor-col-100 elementor-top-column elementor-element elementor-element-ed447f\" data-id=\"ed447f\" data-element_type=\"column\" data-e-type=\"column\" id=\"frijdag\">\n\t\t\t<div class=\"elementor-widget-wrap elementor-element-populated\">\n\t\t\t\t\t\t<div class=\"elementor-element elementor-element-12709726 elementor-widget elementor-widget-heading\" data-id=\"12709726\" data-element_type=\"widget\" data-e-type=\"widget\" data-widget_type=\"heading.default\">\n\t\t\t\t<div class=\"elementor-widget-container\">\n\t\t\t\t\t<h2 class=\"elementor-heading-title elementor-size-default\">Vrijdag<\/h2>\t\t\t\t<\/div>\n\t\t\t\t<\/div>\n\t\t\t\t\t<\/div>\n\t\t<\/div>\n\t\t\t\t\t<\/div>\n\t\t<\/section>\n\t\t\t\t<section class=\"elementor-section elementor-top-section elementor-element elementor-element-490497c elementor-section-boxed elementor-section-height-default elementor-section-height-default\" data-id=\"490497c\" data-element_type=\"section\" data-e-type=\"section\">\n\t\t\t\t\t\t<div class=\"elementor-container elementor-column-gap-default\">\n\t\t\t\t\t<div class=\"elementor-column elementor-col-100 elementor-top-column elementor-element elementor-element-50c35a27\" data-id=\"50c35a27\" data-element_type=\"column\" data-e-type=\"column\">\n\t\t\t<div class=\"elementor-widget-wrap elementor-element-populated\">\n\t\t\t\t\t\t<div class=\"elementor-element elementor-element-110e4c9f elementor-icon-list--layout-traditional elementor-list-item-link-full_width elementor-widget elementor-widget-icon-list\" data-id=\"110e4c9f\" data-element_type=\"widget\" data-e-type=\"widget\" data-widget_type=\"icon-list.default\">\n\t\t\t\t<div class=\"elementor-widget-container\">\n\t\t\t\t\t\t\t<ul class=\"elementor-icon-list-items\">\n\t\t\t\t\t\t\t<li class=\"elementor-icon-list-item\">\n\t\t\t\t\t\t\t\t\t\t<span class=\"elementor-icon-list-text\">MUZIKALE CULTURELE ZOMER<\/span>\n\t\t\t\t\t\t\t\t\t<\/li>\n\t\t\t\t\t\t<\/ul>\n\t\t\t\t\t\t<\/div>\n\t\t\t\t<\/div>\n\t\t\t\t\t<\/div>\n\t\t<\/div>\n\t\t\t\t\t<\/div>\n\t\t<\/section>\n\t\t\t\t<section class=\"elementor-section elementor-top-section elementor-element elementor-element-3fbd6091 elementor-section-boxed elementor-section-height-default elementor-section-height-default\" data-id=\"3fbd6091\" data-element_type=\"section\" data-e-type=\"section\">\n\t\t\t\t\t\t<div class=\"elementor-container elementor-column-gap-default\">\n\t\t\t\t\t<div class=\"elementor-column elementor-col-100 elementor-top-column elementor-element elementor-element-745371da\" data-id=\"745371da\" data-element_type=\"column\" data-e-type=\"column\">\n\t\t\t<div class=\"elementor-widget-wrap elementor-element-populated\">\n\t\t\t\t\t\t<div class=\"elementor-element elementor-element-7af0d6bb elementor-widget elementor-widget-text-editor\" data-id=\"7af0d6bb\" data-element_type=\"widget\" data-e-type=\"widget\" data-widget_type=\"text-editor.default\">\n\t\t\t\t<div class=\"elementor-widget-container\">\n\t\t\t\t\t\t\t\t\t<div class=\"area area--text margin-top--none margin-bottom--none\"><p><strong><span>11 juli tot en met 29 augustus 2025 &#8211; Piesendorf<\/span><\/strong><\/p><p><span>Het Piesendorfer traditionele muziekkorps biedt gedurende de zomermaanden muzikaal genot met een traditioneel, modern en klassiek repertoire.\u00a0<\/span><\/p><\/div><div class=\"area area--textmedia margin-top--small\"><div class=\"cols cols--2 thumbnail--left ratio--50-50\"><figure class=\"area--thumbnail col\"><a class=\"lightbox\" href=\"https:\/\/www.piesendorf.at\/wochenprogramm_sommer\/13518\/image-thumb__13518__lightbox\/TMK_Piesendorf%20%28c%29%20TMK%20Piesendorf-min.jpg\" data-lightbox-caption=\"MUSIKALISCHER KULTURSOMMER\" target=\"_blank\" rel=\"noopener\"><picture><source srcset=\"\/wochenprogramm_sommer\/13518\/image-thumb__13518__event\/TMK_Piesendorf%20%28c%29%20TMK%20Piesendorf-min~-~media--df42eb16--query.webp 1x, \/wochenprogramm_sommer\/13518\/image-thumb__13518__event\/TMK_Piesendorf%20%28c%29%20TMK%20Piesendorf-min~-~media--df42eb16--query@2x.webp 2x\" type=\"image\/webp\" media=\"(min-width: 768px)\" \/><source srcset=\"\/wochenprogramm_sommer\/13518\/image-thumb__13518__event\/TMK_Piesendorf%20%28c%29%20TMK%20Piesendorf-min~-~media--df42eb16--query.jpg 1x, \/wochenprogramm_sommer\/13518\/image-thumb__13518__event\/TMK_Piesendorf%20%28c%29%20TMK%20Piesendorf-min~-~media--df42eb16--query@2x.jpg 2x\" type=\"image\/jpeg\" media=\"(min-width: 768px)\" \/><source srcset=\"\/wochenprogramm_sommer\/13518\/image-thumb__13518__event\/TMK_Piesendorf%20%28c%29%20TMK%20Piesendorf-min.webp 1x, \/wochenprogramm_sommer\/13518\/image-thumb__13518__event\/TMK_Piesendorf%20%28c%29%20TMK%20Piesendorf-min@2x.webp 2x\" type=\"image\/webp\" \/><source srcset=\"\/wochenprogramm_sommer\/13518\/image-thumb__13518__event\/TMK_Piesendorf%20%28c%29%20TMK%20Piesendorf-min.jpg 1x, \/wochenprogramm_sommer\/13518\/image-thumb__13518__event\/TMK_Piesendorf%20%28c%29%20TMK%20Piesendorf-min@2x.jpg 2x\" type=\"image\/jpeg\" \/><\/picture><\/a><\/figure><\/div><\/div>\t\t\t\t\t\t\t\t<\/div>\n\t\t\t\t<\/div>\n\t\t\t\t\t<\/div>\n\t\t<\/div>\n\t\t\t\t\t<\/div>\n\t\t<\/section>\n\t\t\t\t<section class=\"elementor-section elementor-top-section elementor-element elementor-element-75dd9b36 elementor-section-boxed elementor-section-height-default elementor-section-height-default\" data-id=\"75dd9b36\" data-element_type=\"section\" data-e-type=\"section\">\n\t\t\t\t\t\t<div class=\"elementor-container elementor-column-gap-default\">\n\t\t\t\t\t<div class=\"elementor-column elementor-col-50 elementor-top-column elementor-element elementor-element-4b48048b\" data-id=\"4b48048b\" data-element_type=\"column\" data-e-type=\"column\">\n\t\t\t<div class=\"elementor-widget-wrap elementor-element-populated\">\n\t\t\t\t\t\t<div class=\"elementor-element elementor-element-7eb75f88 elementor-widget elementor-widget-image\" data-id=\"7eb75f88\" data-element_type=\"widget\" data-e-type=\"widget\" data-widget_type=\"image.default\">\n\t\t\t\t<div class=\"elementor-widget-container\">\n\t\t\t\t\t\t\t\t\t\t\t\t\t\t\t<img loading=\"lazy\" decoding=\"async\" width=\"550\" height=\"370\" src=\"https:\/\/haus-piesendorf.gaeste-mappe.at\/wp-content\/uploads\/2025\/04\/musik.webp\" class=\"attachment-full size-full wp-image-15213\" alt=\"\" srcset=\"https:\/\/haus-piesendorf.gaeste-mappe.at\/wp-content\/uploads\/2025\/04\/musik.webp 550w, https:\/\/haus-piesendorf.gaeste-mappe.at\/wp-content\/uploads\/2025\/04\/musik-300x202.webp 300w, https:\/\/haus-piesendorf.gaeste-mappe.at\/wp-content\/uploads\/2025\/04\/musik-18x12.webp 18w\" sizes=\"(max-width: 550px) 100vw, 550px\" \/>\t\t\t\t\t\t\t\t\t\t\t\t\t\t\t<\/div>\n\t\t\t\t<\/div>\n\t\t\t\t\t<\/div>\n\t\t<\/div>\n\t\t\t\t<div class=\"elementor-column elementor-col-50 elementor-top-column elementor-element elementor-element-5350d42\" data-id=\"5350d42\" data-element_type=\"column\" data-e-type=\"column\">\n\t\t\t<div class=\"elementor-widget-wrap elementor-element-populated\">\n\t\t\t\t\t\t<div class=\"elementor-element elementor-element-3920b556 elementor-widget elementor-widget-text-editor\" data-id=\"3920b556\" data-element_type=\"widget\" data-e-type=\"widget\" data-widget_type=\"text-editor.default\">\n\t\t\t\t<div class=\"elementor-widget-container\">\n\t\t\t\t\t\t\t\t\t<div style=\"overflow-x: auto;\">\n<table>\n<tbody>\n<tr>\n<td><strong>Wanneer?<\/strong><\/td>\n<td>om 20.00 uur<\/td>\n<\/tr>\n<tr>\n<td><strong>Waar?<\/strong><\/td>\n<td>in de evenemententent Piesendorf<\/td>\n<\/tr>\n<tr>\n<td><strong>Data<\/strong><\/td>\n<td>\n<ul>\n \t<li>11 juli &#8211;\u00a0\u00a0<strong>Zomerconcert<\/strong>\u00a0\u00a0met jonge muzikanten<\/li>\n \t<li>18 juli &#8211;\u00a0\u00a0\u00a0<strong>Zomerconcert<\/strong><\/li>\n \t<li>25 juli &#8211;\u00a0<strong>Concert van de &#8220;Querschl\u00e4ger&#8221;<\/strong><\/li>\n \t<li>1 augustus &#8211;\u00a0\u00a0<strong>Zomerconcert<\/strong><\/li>\n \t<li>8 augustus &#8211;\u00a0\u00a0<strong>Concert met Julian Hutter &amp; Blue Chilis<\/strong><\/li>\n \t<li>15 augustus &#8211;\u00a0\u00a0<strong>Zomerconcert<\/strong><\/li>\n \t<li>22 augustus &#8211;\u00a0\u00a0<strong>Concert met de Grasberg Big Band<\/strong><\/li>\n \t<li>29 augustus &#8211;\u00a0\u00a0<strong>Slotconcert<\/strong><\/li>\n<\/ul>\n<\/td>\n<\/tr>\n<\/tbody>\n<\/table>\t\t\t\t\t\t\t\t<\/div>\n\t\t\t\t<\/div>\n\t\t\t\t\t<\/div>\n\t\t<\/div>\n\t\t\t\t\t<\/div>\n\t\t<\/section>\n\t\t\t\t<section class=\"elementor-section elementor-top-section elementor-element elementor-element-26a29421 elementor-section-boxed elementor-section-height-default elementor-section-height-default\" data-id=\"26a29421\" data-element_type=\"section\" data-e-type=\"section\">\n\t\t\t\t\t\t<div class=\"elementor-container elementor-column-gap-default\">\n\t\t\t\t\t<div class=\"elementor-column elementor-col-100 elementor-top-column elementor-element elementor-element-582dc5b7\" data-id=\"582dc5b7\" data-element_type=\"column\" data-e-type=\"column\">\n\t\t\t<div class=\"elementor-widget-wrap elementor-element-populated\">\n\t\t\t\t\t\t<div class=\"elementor-element elementor-element-485c0f30 elementor-icon-list--layout-traditional elementor-list-item-link-full_width elementor-widget elementor-widget-icon-list\" data-id=\"485c0f30\" data-element_type=\"widget\" data-e-type=\"widget\" data-widget_type=\"icon-list.default\">\n\t\t\t\t<div class=\"elementor-widget-container\">\n\t\t\t\t\t\t\t<ul class=\"elementor-icon-list-items\">\n\t\t\t\t\t\t\t<li class=\"elementor-icon-list-item\">\n\t\t\t\t\t\t\t\t\t\t<span class=\"elementor-icon-list-text\">ONTMOET EEN RANGER<\/span>\n\t\t\t\t\t\t\t\t\t<\/li>\n\t\t\t\t\t\t<\/ul>\n\t\t\t\t\t\t<\/div>\n\t\t\t\t<\/div>\n\t\t\t\t\t<\/div>\n\t\t<\/div>\n\t\t\t\t\t<\/div>\n\t\t<\/section>\n\t\t\t\t<section class=\"elementor-section elementor-top-section elementor-element elementor-element-38d59d84 elementor-section-boxed elementor-section-height-default elementor-section-height-default\" data-id=\"38d59d84\" data-element_type=\"section\" data-e-type=\"section\">\n\t\t\t\t\t\t<div class=\"elementor-container elementor-column-gap-default\">\n\t\t\t\t\t<div class=\"elementor-column elementor-col-100 elementor-top-column elementor-element elementor-element-4636a152\" data-id=\"4636a152\" data-element_type=\"column\" data-e-type=\"column\">\n\t\t\t<div class=\"elementor-widget-wrap elementor-element-populated\">\n\t\t\t\t\t\t<div class=\"elementor-element elementor-element-6cc1f6bc elementor-widget elementor-widget-text-editor\" data-id=\"6cc1f6bc\" data-element_type=\"widget\" data-e-type=\"widget\" data-widget_type=\"text-editor.default\">\n\t\t\t\t<div class=\"elementor-widget-container\">\n\t\t\t\t\t\t\t\t\t<p><strong><span>7 juli tot 5 september 2025 &#8211; Nationaal Park Valleien<\/span><\/strong><\/p><p><span>Van maandag tot en met vrijdag kunt u de rangers van het Nationaal Park Hohe Tauern direct in hun natuurlijke habitat ontmoeten: in de adembenemende dalen van het Nationaal Park Salzburg.\u00a0<\/span><\/p><p><span>Hier krijgt u exclusieve inzichten in de unieke flora en fauna en leert u waarom het behoud van dit hooggebergtelandschap zo belangrijk is. De boswachters delen hun passie voor de natuur met u, vertellen over hun werk en laten zien hoe we samen deze schatten kunnen behouden voor toekomstige generaties.\u00a0<\/span><\/p><p><span>Het is niet voor niets dat de rangers het uithangbord van het nationale park zijn. Zij kennen dit beschermde gebied op hun duimpje!\u00a0<\/span><\/p>\t\t\t\t\t\t\t\t<\/div>\n\t\t\t\t<\/div>\n\t\t\t\t\t<\/div>\n\t\t<\/div>\n\t\t\t\t\t<\/div>\n\t\t<\/section>\n\t\t\t\t<section class=\"elementor-section elementor-top-section elementor-element elementor-element-4e26cd4e elementor-section-boxed elementor-section-height-default elementor-section-height-default\" data-id=\"4e26cd4e\" data-element_type=\"section\" data-e-type=\"section\">\n\t\t\t\t\t\t<div class=\"elementor-container elementor-column-gap-default\">\n\t\t\t\t\t<div class=\"elementor-column elementor-col-50 elementor-top-column elementor-element elementor-element-7f51174e\" data-id=\"7f51174e\" data-element_type=\"column\" data-e-type=\"column\">\n\t\t\t<div class=\"elementor-widget-wrap elementor-element-populated\">\n\t\t\t\t\t\t<div class=\"elementor-element elementor-element-458f6816 elementor-widget elementor-widget-image\" data-id=\"458f6816\" data-element_type=\"widget\" data-e-type=\"widget\" data-widget_type=\"image.default\">\n\t\t\t\t<div class=\"elementor-widget-container\">\n\t\t\t\t\t\t\t\t\t\t\t\t\t\t\t<img loading=\"lazy\" decoding=\"async\" width=\"550\" height=\"370\" src=\"https:\/\/haus-piesendorf.gaeste-mappe.at\/wp-content\/uploads\/2025\/04\/meet-a-ranger.webp\" class=\"attachment-full size-full wp-image-15065\" alt=\"\" srcset=\"https:\/\/haus-piesendorf.gaeste-mappe.at\/wp-content\/uploads\/2025\/04\/meet-a-ranger.webp 550w, https:\/\/haus-piesendorf.gaeste-mappe.at\/wp-content\/uploads\/2025\/04\/meet-a-ranger-300x202.webp 300w, https:\/\/haus-piesendorf.gaeste-mappe.at\/wp-content\/uploads\/2025\/04\/meet-a-ranger-18x12.webp 18w\" sizes=\"(max-width: 550px) 100vw, 550px\" \/>\t\t\t\t\t\t\t\t\t\t\t\t\t\t\t<\/div>\n\t\t\t\t<\/div>\n\t\t\t\t\t<\/div>\n\t\t<\/div>\n\t\t\t\t<div class=\"elementor-column elementor-col-50 elementor-top-column elementor-element elementor-element-15e61634\" data-id=\"15e61634\" data-element_type=\"column\" data-e-type=\"column\">\n\t\t\t<div class=\"elementor-widget-wrap elementor-element-populated\">\n\t\t\t\t\t\t<div class=\"elementor-element elementor-element-6a86ca18 elementor-widget elementor-widget-text-editor\" data-id=\"6a86ca18\" data-element_type=\"widget\" data-e-type=\"widget\" data-widget_type=\"text-editor.default\">\n\t\t\t\t<div class=\"elementor-widget-container\">\n\t\t\t\t\t\t\t\t\t<div style=\"overflow-x: auto;\">\n<table>\n<tbody>\n<tr>\n<td><strong>Ontmoetingspunt<\/strong><\/td>\n<td>De Junior Rangers in de informatiehutten vertellen u precies waar u de Nationaal Park Ranger kunt ontmoeten.<\/td>\n<\/tr>\n<tr>\n<td><strong>Periode<\/strong><\/td>\n<td>van 09:00 tot 16:00 uur<\/td>\n<\/tr>\n<tr>\n<td><strong>Waar?<\/strong><\/td>\n<td>Obersulzbachtal\/Neukirchen, Fuschertal<\/td>\n<\/tr>\n<\/tbody>\n<\/table>\t\t\t\t\t\t\t\t<\/div>\n\t\t\t\t<\/div>\n\t\t\t\t\t<\/div>\n\t\t<\/div>\n\t\t\t\t\t<\/div>\n\t\t<\/section>\n\t\t\t\t<section class=\"elementor-section elementor-top-section elementor-element elementor-element-68cd8961 elementor-section-boxed elementor-section-height-default elementor-section-height-default\" data-id=\"68cd8961\" data-element_type=\"section\" data-e-type=\"section\">\n\t\t\t\t\t\t<div class=\"elementor-container elementor-column-gap-default\">\n\t\t\t\t\t<div class=\"elementor-column elementor-col-100 elementor-top-column elementor-element elementor-element-2cdff7a6\" data-id=\"2cdff7a6\" data-element_type=\"column\" data-e-type=\"column\">\n\t\t\t<div class=\"elementor-widget-wrap elementor-element-populated\">\n\t\t\t\t\t\t<div class=\"elementor-element elementor-element-20bd210 elementor-icon-list--layout-traditional elementor-list-item-link-full_width elementor-widget elementor-widget-icon-list\" data-id=\"20bd210\" data-element_type=\"widget\" data-e-type=\"widget\" data-widget_type=\"icon-list.default\">\n\t\t\t\t<div class=\"elementor-widget-container\">\n\t\t\t\t\t\t\t<ul class=\"elementor-icon-list-items\">\n\t\t\t\t\t\t\t<li class=\"elementor-icon-list-item\">\n\t\t\t\t\t\t\t\t\t\t<span class=\"elementor-icon-list-text\">WANDELING NAAR REEDSEE<\/span>\n\t\t\t\t\t\t\t\t\t<\/li>\n\t\t\t\t\t\t<\/ul>\n\t\t\t\t\t\t<\/div>\n\t\t\t\t<\/div>\n\t\t\t\t\t<\/div>\n\t\t<\/div>\n\t\t\t\t\t<\/div>\n\t\t<\/section>\n\t\t\t\t<section class=\"elementor-section elementor-top-section elementor-element elementor-element-19cbd568 elementor-section-boxed elementor-section-height-default elementor-section-height-default\" data-id=\"19cbd568\" data-element_type=\"section\" data-e-type=\"section\">\n\t\t\t\t\t\t<div class=\"elementor-container elementor-column-gap-default\">\n\t\t\t\t\t<div class=\"elementor-column elementor-col-100 elementor-top-column elementor-element elementor-element-49fa2204\" data-id=\"49fa2204\" data-element_type=\"column\" data-e-type=\"column\">\n\t\t\t<div class=\"elementor-widget-wrap elementor-element-populated\">\n\t\t\t\t\t\t<div class=\"elementor-element elementor-element-658622e8 elementor-widget elementor-widget-text-editor\" data-id=\"658622e8\" data-element_type=\"widget\" data-e-type=\"widget\" data-widget_type=\"text-editor.default\">\n\t\t\t\t<div class=\"elementor-widget-container\">\n\t\t\t\t\t\t\t\t\t<p><strong><span>11 juli t\/m 5 september 2025 &#8211; Bad Gastein (K\u00f6tschachtal)<\/span><\/strong><\/p><p><span>Beleef de ongerepte natuur tijdens een begeleide wandeling door het pittoreske K\u00f6tschatal en laat u betoveren door het idyllische Reedsee. Dompel uzelf onder in de schoonheid van het landschap, omringd door majestueuze bergtoppen en het kalmerende groen van het bergbos.<\/span><\/p>\t\t\t\t\t\t\t\t<\/div>\n\t\t\t\t<\/div>\n\t\t\t\t\t<\/div>\n\t\t<\/div>\n\t\t\t\t\t<\/div>\n\t\t<\/section>\n\t\t\t\t<section class=\"elementor-section elementor-top-section elementor-element elementor-element-1eda045a elementor-section-boxed elementor-section-height-default elementor-section-height-default\" data-id=\"1eda045a\" data-element_type=\"section\" data-e-type=\"section\">\n\t\t\t\t\t\t<div class=\"elementor-container elementor-column-gap-default\">\n\t\t\t\t\t<div class=\"elementor-column elementor-col-50 elementor-top-column elementor-element elementor-element-4f89e21\" data-id=\"4f89e21\" data-element_type=\"column\" data-e-type=\"column\">\n\t\t\t<div class=\"elementor-widget-wrap elementor-element-populated\">\n\t\t\t\t\t\t<div class=\"elementor-element elementor-element-e1fe92e elementor-widget elementor-widget-image\" data-id=\"e1fe92e\" data-element_type=\"widget\" data-e-type=\"widget\" data-widget_type=\"image.default\">\n\t\t\t\t<div class=\"elementor-widget-container\">\n\t\t\t\t\t\t\t\t\t\t\t\t\t\t\t<img loading=\"lazy\" decoding=\"async\" width=\"550\" height=\"370\" src=\"https:\/\/haus-piesendorf.gaeste-mappe.at\/wp-content\/uploads\/2025\/04\/Reedsee.webp\" class=\"attachment-full size-full wp-image-15212\" alt=\"\" srcset=\"https:\/\/haus-piesendorf.gaeste-mappe.at\/wp-content\/uploads\/2025\/04\/Reedsee.webp 550w, https:\/\/haus-piesendorf.gaeste-mappe.at\/wp-content\/uploads\/2025\/04\/Reedsee-300x202.webp 300w, https:\/\/haus-piesendorf.gaeste-mappe.at\/wp-content\/uploads\/2025\/04\/Reedsee-18x12.webp 18w\" sizes=\"(max-width: 550px) 100vw, 550px\" \/>\t\t\t\t\t\t\t\t\t\t\t\t\t\t\t<\/div>\n\t\t\t\t<\/div>\n\t\t\t\t\t<\/div>\n\t\t<\/div>\n\t\t\t\t<div class=\"elementor-column elementor-col-50 elementor-top-column elementor-element elementor-element-422c53a9\" data-id=\"422c53a9\" data-element_type=\"column\" data-e-type=\"column\">\n\t\t\t<div class=\"elementor-widget-wrap elementor-element-populated\">\n\t\t\t\t\t\t<div class=\"elementor-element elementor-element-77f7bcb6 elementor-widget elementor-widget-text-editor\" data-id=\"77f7bcb6\" data-element_type=\"widget\" data-e-type=\"widget\" data-widget_type=\"text-editor.default\">\n\t\t\t\t<div class=\"elementor-widget-container\">\n\t\t\t\t\t\t\t\t\t<div style=\"overflow-x: auto;\">\n<table>\n<tbody>\n<tr>\n<td><strong>Ontmoetingspunt<\/strong><\/td>\n<td>08.15 uur Bushalte Gr\u00fcner Baum<\/td>\n<\/tr>\n<tr>\n<td><strong>Duur<\/strong><\/td>\n<td>ongeveer 6 tot 7 uur (ca. 5 uur wandeltijd | uitdagend)<\/td>\n<\/tr>\n<tr>\n<td><strong>Kosten<\/strong><\/td>\n<td>Volwassenen \u20ac 22,00 | Kinderen en tieners (12-16 jaar) onder begeleiding van ouders gratis | excl. pendeldiensten<\/td>\n<\/tr>\n<tr>\n<td><strong>Gratis<\/strong><\/td>\n<td>met de\u00a0\u00a0<strong>gastenkaart<\/strong>\u00a0of\u00a0<strong>de National Park Summer Card<\/strong>\u00a0\u00a0(exclusief pendeldiensten)<\/td>\n<\/tr>\n<tr>\n<td><strong>Benodigheden<\/strong><\/td>\n<td>Wandel- of bergschoenen met profielzolen, regen- en zonbescherming, geschikte kleding en een reservekleding, rugzak met drinken en snacks<\/td>\n<\/tr>\n<tr>\n<td><strong>Registratie<\/strong><\/td>\n<td>tot 2 uur voor aanvang van de tour op\u00a0<a tabindex=\"-1\" href=\"https:\/\/hohetauern.at\/de\/besuchen\/tourenangebote.html#\/erlebnisse\" data-tabindex-counter=\"1\" data-tabindex-value=\"none\" target=\"_blank\" rel=\"noopener\">npht.at\/touren<\/a><\/td>\n<\/tr>\n<\/tbody>\n<\/table>\t\t\t\t\t\t\t\t<\/div>\n\t\t\t\t<\/div>\n\t\t\t\t\t<\/div>\n\t\t<\/div>\n\t\t\t\t\t<\/div>\n\t\t<\/section>\n\t\t\t\t<section class=\"elementor-section elementor-top-section elementor-element elementor-element-3c8db60f elementor-section-boxed elementor-section-height-default elementor-section-height-default\" data-id=\"3c8db60f\" data-element_type=\"section\" data-e-type=\"section\">\n\t\t\t\t\t\t<div class=\"elementor-container elementor-column-gap-default\">\n\t\t\t\t\t<div class=\"elementor-column elementor-col-100 elementor-top-column elementor-element elementor-element-53950591\" data-id=\"53950591\" data-element_type=\"column\" data-e-type=\"column\">\n\t\t\t<div class=\"elementor-widget-wrap elementor-element-populated\">\n\t\t\t\t\t\t<div class=\"elementor-element elementor-element-793961b7 elementor-icon-list--layout-traditional elementor-list-item-link-full_width elementor-widget elementor-widget-icon-list\" data-id=\"793961b7\" data-element_type=\"widget\" data-e-type=\"widget\" data-widget_type=\"icon-list.default\">\n\t\t\t\t<div class=\"elementor-widget-container\">\n\t\t\t\t\t\t\t<ul class=\"elementor-icon-list-items\">\n\t\t\t\t\t\t\t<li class=\"elementor-icon-list-item\">\n\t\t\t\t\t\t\t\t\t\t<span class=\"elementor-icon-list-text\">LEITENKAMMERSTEIG<\/span>\n\t\t\t\t\t\t\t\t\t<\/li>\n\t\t\t\t\t\t<\/ul>\n\t\t\t\t\t\t<\/div>\n\t\t\t\t<\/div>\n\t\t\t\t\t<\/div>\n\t\t<\/div>\n\t\t\t\t\t<\/div>\n\t\t<\/section>\n\t\t\t\t<section class=\"elementor-section elementor-top-section elementor-element elementor-element-3e71abb0 elementor-section-boxed elementor-section-height-default elementor-section-height-default\" data-id=\"3e71abb0\" data-element_type=\"section\" data-e-type=\"section\">\n\t\t\t\t\t\t<div class=\"elementor-container elementor-column-gap-default\">\n\t\t\t\t\t<div class=\"elementor-column elementor-col-100 elementor-top-column elementor-element elementor-element-48a212cc\" data-id=\"48a212cc\" data-element_type=\"column\" data-e-type=\"column\">\n\t\t\t<div class=\"elementor-widget-wrap elementor-element-populated\">\n\t\t\t\t\t\t<div class=\"elementor-element elementor-element-511ebd09 elementor-widget elementor-widget-text-editor\" data-id=\"511ebd09\" data-element_type=\"widget\" data-e-type=\"widget\" data-widget_type=\"text-editor.default\">\n\t\t\t\t<div class=\"elementor-widget-container\">\n\t\t\t\t\t\t\t\t\t<p><strong><span>11 juli tot 5 september 2025 &#8211; Hochkrimml<\/span><\/strong><\/p><p><span>Na een korte taxirit naar Finkau start de wandeling over een goed aangelegd pad naar de Leitenkammerklamm. Vanaf de uitkijkplatforms heeft u een indrukwekkend uitzicht op de bulderende kloof. Langs de beek kunt u waterspreeuwen en gele kwikstaarten spotten. Via de Trisslalm loopt een pad door rustieke dennenbossen omhoog naar de Wildkar Hochalm. De terugreis voert u over de schilderachtige Leitenkammersteig terug naar het startpunt. Een echte natuurbelevenis!\u00a0<\/span><\/p>\t\t\t\t\t\t\t\t<\/div>\n\t\t\t\t<\/div>\n\t\t\t\t\t<\/div>\n\t\t<\/div>\n\t\t\t\t\t<\/div>\n\t\t<\/section>\n\t\t\t\t<section class=\"elementor-section elementor-top-section elementor-element elementor-element-69ae956f elementor-section-boxed elementor-section-height-default elementor-section-height-default\" data-id=\"69ae956f\" data-element_type=\"section\" data-e-type=\"section\">\n\t\t\t\t\t\t<div class=\"elementor-container elementor-column-gap-default\">\n\t\t\t\t\t<div class=\"elementor-column elementor-col-50 elementor-top-column elementor-element elementor-element-22b23241\" data-id=\"22b23241\" data-element_type=\"column\" data-e-type=\"column\">\n\t\t\t<div class=\"elementor-widget-wrap elementor-element-populated\">\n\t\t\t\t\t\t<div class=\"elementor-element elementor-element-f904c29 elementor-widget elementor-widget-image\" data-id=\"f904c29\" data-element_type=\"widget\" data-e-type=\"widget\" data-widget_type=\"image.default\">\n\t\t\t\t<div class=\"elementor-widget-container\">\n\t\t\t\t\t\t\t\t\t\t\t\t\t\t\t<img loading=\"lazy\" decoding=\"async\" width=\"550\" height=\"370\" src=\"https:\/\/haus-piesendorf.gaeste-mappe.at\/wp-content\/uploads\/2025\/04\/Leitenkammersteig.webp\" class=\"attachment-full size-full wp-image-15211\" alt=\"\" srcset=\"https:\/\/haus-piesendorf.gaeste-mappe.at\/wp-content\/uploads\/2025\/04\/Leitenkammersteig.webp 550w, https:\/\/haus-piesendorf.gaeste-mappe.at\/wp-content\/uploads\/2025\/04\/Leitenkammersteig-300x202.webp 300w, https:\/\/haus-piesendorf.gaeste-mappe.at\/wp-content\/uploads\/2025\/04\/Leitenkammersteig-18x12.webp 18w\" sizes=\"(max-width: 550px) 100vw, 550px\" \/>\t\t\t\t\t\t\t\t\t\t\t\t\t\t\t<\/div>\n\t\t\t\t<\/div>\n\t\t\t\t\t<\/div>\n\t\t<\/div>\n\t\t\t\t<div class=\"elementor-column elementor-col-50 elementor-top-column elementor-element elementor-element-38320af0\" data-id=\"38320af0\" data-element_type=\"column\" data-e-type=\"column\">\n\t\t\t<div class=\"elementor-widget-wrap elementor-element-populated\">\n\t\t\t\t\t\t<div class=\"elementor-element elementor-element-513eb8af elementor-widget elementor-widget-text-editor\" data-id=\"513eb8af\" data-element_type=\"widget\" data-e-type=\"widget\" data-widget_type=\"text-editor.default\">\n\t\t\t\t<div class=\"elementor-widget-container\">\n\t\t\t\t\t\t\t\t\t<div style=\"overflow-x: auto;\">\n<table>\n<tbody>\n<tr>\n<td><strong>Ontmoetingspunt<\/strong><\/td>\n<td>09.00 uur Hochkrimml, parkeerplaats bij het dalstation van de Duxer 6-persoons Bubble<\/td>\n<\/tr>\n<tr>\n<td><strong>Duur<\/strong><\/td>\n<td>ongeveer 6 uur (ca. 4 uur wandeltijd | gemiddelde moeilijkheidsgraad)<\/td>\n<\/tr>\n<tr>\n<td><strong>Kosten<\/strong><\/td>\n<td>Volwassenen \u20ac 22,00 | Kinderen en tieners (10-16 jaar) onder begeleiding van ouders gratis |\u00a0<strong>Bijkomende kosten:<\/strong>\u00a0Taxi \u20ac 15,00 | excl. pendeldiensten<\/td>\n<\/tr>\n<tr>\n<td><strong>Gratis<\/strong><\/td>\n<td>met de\u00a0\u00a0<strong>gastenkaart<\/strong>\u00a0of\u00a0<strong>de National Park Summer Card<\/strong>\u00a0\u00a0(exclusief pendeldiensten)<\/td>\n<\/tr>\n<tr>\n<td><strong>Benodigheden<\/strong><\/td>\n<td>Wandel- of bergschoenen met profielzolen, regen- en zonbescherming, geschikte kleding en een reservekleding, rugzak met drinken en snacks<\/td>\n<\/tr>\n<tr>\n<td><strong>Registratie<\/strong><\/td>\n<td>tot 15.00 uur de dag ervoor op\u00a0<a href=\"https:\/\/hohetauern.at\/de\/besuchen\/tourenangebote.html#\/erlebnisse\" target=\"_blank\" rel=\"noopener\">npht.at\/touren<\/a><\/td>\n<\/tr>\n<\/tbody>\n<\/table>\t\t\t\t\t\t\t\t<\/div>\n\t\t\t\t<\/div>\n\t\t\t\t\t<\/div>\n\t\t<\/div>\n\t\t\t\t\t<\/div>\n\t\t<\/section>\n\t\t\t\t<section class=\"elementor-section elementor-top-section elementor-element elementor-element-9569f0d elementor-section-boxed elementor-section-height-default elementor-section-height-default\" data-id=\"9569f0d\" data-element_type=\"section\" data-e-type=\"section\">\n\t\t\t\t\t\t<div class=\"elementor-container elementor-column-gap-default\">\n\t\t\t\t\t<div class=\"elementor-column elementor-col-100 elementor-top-column elementor-element elementor-element-141b7ed\" data-id=\"141b7ed\" data-element_type=\"column\" data-e-type=\"column\">\n\t\t\t<div class=\"elementor-widget-wrap elementor-element-populated\">\n\t\t\t\t\t\t<div class=\"elementor-element elementor-element-3d061c73 elementor-icon-list--layout-traditional elementor-list-item-link-full_width elementor-widget elementor-widget-icon-list\" data-id=\"3d061c73\" data-element_type=\"widget\" data-e-type=\"widget\" data-widget_type=\"icon-list.default\">\n\t\t\t\t<div class=\"elementor-widget-container\">\n\t\t\t\t\t\t\t<ul class=\"elementor-icon-list-items\">\n\t\t\t\t\t\t\t<li class=\"elementor-icon-list-item\">\n\t\t\t\t\t\t\t\t\t\t<span class=\"elementor-icon-list-text\">K\u00c4FERTAL AVONTUURWANDELING<\/span>\n\t\t\t\t\t\t\t\t\t<\/li>\n\t\t\t\t\t\t<\/ul>\n\t\t\t\t\t\t<\/div>\n\t\t\t\t<\/div>\n\t\t\t\t\t<\/div>\n\t\t<\/div>\n\t\t\t\t\t<\/div>\n\t\t<\/section>\n\t\t\t\t<section class=\"elementor-section elementor-top-section elementor-element elementor-element-77be001c elementor-section-boxed elementor-section-height-default elementor-section-height-default\" data-id=\"77be001c\" data-element_type=\"section\" data-e-type=\"section\">\n\t\t\t\t\t\t<div class=\"elementor-container elementor-column-gap-default\">\n\t\t\t\t\t<div class=\"elementor-column elementor-col-100 elementor-top-column elementor-element elementor-element-2d8cf53c\" data-id=\"2d8cf53c\" data-element_type=\"column\" data-e-type=\"column\">\n\t\t\t<div class=\"elementor-widget-wrap elementor-element-populated\">\n\t\t\t\t\t\t<div class=\"elementor-element elementor-element-4ad4bce6 elementor-widget elementor-widget-text-editor\" data-id=\"4ad4bce6\" data-element_type=\"widget\" data-e-type=\"widget\" data-widget_type=\"text-editor.default\">\n\t\t\t\t<div class=\"elementor-widget-container\">\n\t\t\t\t\t\t\t\t\t<p><strong><span>11 juli tot 5 september 2025 &#8211; Fusch Ferleiten<\/span><\/strong><\/p><p><span>Schilderachtig landschap omringd door drieduizenders \u2013 Via een goed aangelegd bospad voert de tocht van het Tauernhaus naar het schilderachtige K\u00e4fertal, onder de \u201cGro\u00dfes Wiesbachhorn\u201d met zijn indrukwekkende gletsjerwereld. Observeer de bewoners van alpenweiden en weidegronden, waaronder ongeveer 300 soorten kevers en bijna 200 soorten grote vlinders. Aan het einde vindt u een Kneippvoorziening en een waterspeeltuin voor de kleintjes.<\/span><\/p>\t\t\t\t\t\t\t\t<\/div>\n\t\t\t\t<\/div>\n\t\t\t\t\t<\/div>\n\t\t<\/div>\n\t\t\t\t\t<\/div>\n\t\t<\/section>\n\t\t\t\t<section class=\"elementor-section elementor-top-section elementor-element elementor-element-1281e8fe elementor-section-boxed elementor-section-height-default elementor-section-height-default\" data-id=\"1281e8fe\" data-element_type=\"section\" data-e-type=\"section\">\n\t\t\t\t\t\t<div class=\"elementor-container elementor-column-gap-default\">\n\t\t\t\t\t<div class=\"elementor-column elementor-col-50 elementor-top-column elementor-element elementor-element-561b4275\" data-id=\"561b4275\" data-element_type=\"column\" data-e-type=\"column\">\n\t\t\t<div class=\"elementor-widget-wrap elementor-element-populated\">\n\t\t\t\t\t\t<div class=\"elementor-element elementor-element-2abb5c67 elementor-widget elementor-widget-image\" data-id=\"2abb5c67\" data-element_type=\"widget\" data-e-type=\"widget\" data-widget_type=\"image.default\">\n\t\t\t\t<div class=\"elementor-widget-container\">\n\t\t\t\t\t\t\t\t\t\t\t\t\t\t\t<img loading=\"lazy\" decoding=\"async\" width=\"550\" height=\"370\" src=\"https:\/\/haus-piesendorf.gaeste-mappe.at\/wp-content\/uploads\/2025\/04\/Kaefertal.webp\" class=\"attachment-full size-full wp-image-15210\" alt=\"\" srcset=\"https:\/\/haus-piesendorf.gaeste-mappe.at\/wp-content\/uploads\/2025\/04\/Kaefertal.webp 550w, https:\/\/haus-piesendorf.gaeste-mappe.at\/wp-content\/uploads\/2025\/04\/Kaefertal-300x202.webp 300w, https:\/\/haus-piesendorf.gaeste-mappe.at\/wp-content\/uploads\/2025\/04\/Kaefertal-18x12.webp 18w\" sizes=\"(max-width: 550px) 100vw, 550px\" \/>\t\t\t\t\t\t\t\t\t\t\t\t\t\t\t<\/div>\n\t\t\t\t<\/div>\n\t\t\t\t\t<\/div>\n\t\t<\/div>\n\t\t\t\t<div class=\"elementor-column elementor-col-50 elementor-top-column elementor-element elementor-element-65d96570\" data-id=\"65d96570\" data-element_type=\"column\" data-e-type=\"column\">\n\t\t\t<div class=\"elementor-widget-wrap elementor-element-populated\">\n\t\t\t\t\t\t<div class=\"elementor-element elementor-element-78356155 elementor-widget elementor-widget-text-editor\" data-id=\"78356155\" data-element_type=\"widget\" data-e-type=\"widget\" data-widget_type=\"text-editor.default\">\n\t\t\t\t<div class=\"elementor-widget-container\">\n\t\t\t\t\t\t\t\t\t<div style=\"overflow-x: auto;\">\n<table>\n<tbody>\n<tr>\n<td><strong>Ontmoetingspunt<\/strong><\/td>\n<td>09.15 uur Parkeerplaats Tauernhaus, Ferleiten<\/td>\n<\/tr>\n<tr>\n<td><strong>Duur<\/strong><\/td>\n<td>ongeveer 3,5 uur (ca. 2,5 uur wandeltijd | gemakkelijk)<\/td>\n<\/tr>\n<tr>\n<td><strong>Kosten<\/strong><\/td>\n<td>Volwassenen \u20ac 22,00 | Kinderen en tieners (6-16 jaar) onder begeleiding van ouders gratis | excl. pendeldiensten<\/td>\n<\/tr>\n<tr>\n<td><strong>Gratis<\/strong><\/td>\n<td>met de\u00a0\u00a0<strong>gastenkaart<\/strong>\u00a0\u00a0of\u00a0<strong>de National Park Summer Card<\/strong>\u00a0(exclusief pendeldiensten)<\/td>\n<\/tr>\n<tr>\n<td><strong>Benodigheden<\/strong><\/td>\n<td>Sport- of lichte trekkingschoenen, regen- en zonbescherming, geschikte kleding en een reservekledingset, rugzak met drankjes en snacks<\/td>\n<\/tr>\n<tr>\n<td><strong>Registratie<\/strong><\/td>\n<td>tot 2 uur voor aanvang van de tour op\u00a0<a href=\"https:\/\/hohetauern.at\/de\/besuchen\/tourenangebote.html#\/erlebnisse\" target=\"_blank\" rel=\"noopener\">npht.at\/touren<\/a><\/td>\n<\/tr>\n<\/tbody>\n<\/table>\t\t\t\t\t\t\t\t<\/div>\n\t\t\t\t<\/div>\n\t\t\t\t\t<\/div>\n\t\t<\/div>\n\t\t\t\t\t<\/div>\n\t\t<\/section>\n\t\t\t\t<section class=\"elementor-section elementor-top-section elementor-element elementor-element-512cdc8a elementor-section-boxed elementor-section-height-default elementor-section-height-default\" data-id=\"512cdc8a\" data-element_type=\"section\" data-e-type=\"section\">\n\t\t\t\t\t\t<div class=\"elementor-container elementor-column-gap-default\">\n\t\t\t\t\t<div class=\"elementor-column elementor-col-100 elementor-top-column elementor-element elementor-element-5f0580ec\" data-id=\"5f0580ec\" data-element_type=\"column\" data-e-type=\"column\">\n\t\t\t<div class=\"elementor-widget-wrap elementor-element-populated\">\n\t\t\t\t\t\t<div class=\"elementor-element elementor-element-365f1289 elementor-icon-list--layout-traditional elementor-list-item-link-full_width elementor-widget elementor-widget-icon-list\" data-id=\"365f1289\" data-element_type=\"widget\" data-e-type=\"widget\" data-widget_type=\"icon-list.default\">\n\t\t\t\t<div class=\"elementor-widget-container\">\n\t\t\t\t\t\t\t<ul class=\"elementor-icon-list-items\">\n\t\t\t\t\t\t\t<li class=\"elementor-icon-list-item\">\n\t\t\t\t\t\t\t\t\t\t<span class=\"elementor-icon-list-text\">NATUURLIJK JUWEEL WIEGENWALD<\/span>\n\t\t\t\t\t\t\t\t\t<\/li>\n\t\t\t\t\t\t<\/ul>\n\t\t\t\t\t\t<\/div>\n\t\t\t\t<\/div>\n\t\t\t\t\t<\/div>\n\t\t<\/div>\n\t\t\t\t\t<\/div>\n\t\t<\/section>\n\t\t\t\t<section class=\"elementor-section elementor-top-section elementor-element elementor-element-36d716f7 elementor-section-boxed elementor-section-height-default elementor-section-height-default\" data-id=\"36d716f7\" data-element_type=\"section\" data-e-type=\"section\">\n\t\t\t\t\t\t<div class=\"elementor-container elementor-column-gap-default\">\n\t\t\t\t\t<div class=\"elementor-column elementor-col-100 elementor-top-column elementor-element elementor-element-1307aa34\" data-id=\"1307aa34\" data-element_type=\"column\" data-e-type=\"column\">\n\t\t\t<div class=\"elementor-widget-wrap elementor-element-populated\">\n\t\t\t\t\t\t<div class=\"elementor-element elementor-element-e745ee9 elementor-widget elementor-widget-text-editor\" data-id=\"e745ee9\" data-element_type=\"widget\" data-e-type=\"widget\" data-widget_type=\"text-editor.default\">\n\t\t\t\t<div class=\"elementor-widget-container\">\n\t\t\t\t\t\t\t\t\t<p><strong><span>11 juli tot 5 september 2025 &#8211; Stubachtal Uttendorf<\/span><\/strong><\/p><p><span>Landelijk, prachtig en zeer gevoelig \u2013 de begeleide wandeling met een boswachter van het nationaal park voert door het oerbos van het Wiegenwald naar het meer Schwarzen Lacke. Onderweg leert u veel over de lokale flora en fauna. De schilderachtige heidepoelen nodigen u uit om er te vertoeven, terwijl u langs het pad prachtige uitzichten heeft op de omliggende bergen en hun weerspiegelingen. De tour eindigt weer bij het startpunt.<\/span><\/p>\t\t\t\t\t\t\t\t<\/div>\n\t\t\t\t<\/div>\n\t\t\t\t\t<\/div>\n\t\t<\/div>\n\t\t\t\t\t<\/div>\n\t\t<\/section>\n\t\t\t\t<section class=\"elementor-section elementor-top-section elementor-element elementor-element-34b32f36 elementor-section-boxed elementor-section-height-default elementor-section-height-default\" data-id=\"34b32f36\" data-element_type=\"section\" data-e-type=\"section\">\n\t\t\t\t\t\t<div class=\"elementor-container elementor-column-gap-default\">\n\t\t\t\t\t<div class=\"elementor-column elementor-col-50 elementor-top-column elementor-element elementor-element-79a4ca1c\" data-id=\"79a4ca1c\" data-element_type=\"column\" data-e-type=\"column\">\n\t\t\t<div class=\"elementor-widget-wrap elementor-element-populated\">\n\t\t\t\t\t\t<div class=\"elementor-element elementor-element-fa1ed66 elementor-widget elementor-widget-image\" data-id=\"fa1ed66\" data-element_type=\"widget\" data-e-type=\"widget\" data-widget_type=\"image.default\">\n\t\t\t\t<div class=\"elementor-widget-container\">\n\t\t\t\t\t\t\t\t\t\t\t\t\t\t\t<img loading=\"lazy\" decoding=\"async\" width=\"550\" height=\"370\" src=\"https:\/\/haus-piesendorf.gaeste-mappe.at\/wp-content\/uploads\/2025\/04\/Wiegenwald.webp\" class=\"attachment-full size-full wp-image-15209\" alt=\"\" srcset=\"https:\/\/haus-piesendorf.gaeste-mappe.at\/wp-content\/uploads\/2025\/04\/Wiegenwald.webp 550w, https:\/\/haus-piesendorf.gaeste-mappe.at\/wp-content\/uploads\/2025\/04\/Wiegenwald-300x202.webp 300w, https:\/\/haus-piesendorf.gaeste-mappe.at\/wp-content\/uploads\/2025\/04\/Wiegenwald-18x12.webp 18w\" sizes=\"(max-width: 550px) 100vw, 550px\" \/>\t\t\t\t\t\t\t\t\t\t\t\t\t\t\t<\/div>\n\t\t\t\t<\/div>\n\t\t\t\t\t<\/div>\n\t\t<\/div>\n\t\t\t\t<div class=\"elementor-column elementor-col-50 elementor-top-column elementor-element elementor-element-52e378eb\" data-id=\"52e378eb\" data-element_type=\"column\" data-e-type=\"column\">\n\t\t\t<div class=\"elementor-widget-wrap elementor-element-populated\">\n\t\t\t\t\t\t<div class=\"elementor-element elementor-element-152c05b3 elementor-widget elementor-widget-text-editor\" data-id=\"152c05b3\" data-element_type=\"widget\" data-e-type=\"widget\" data-widget_type=\"text-editor.default\">\n\t\t\t\t<div class=\"elementor-widget-container\">\n\t\t\t\t\t\t\t\t\t<div style=\"overflow-x: auto;\">\n<table>\n<tbody>\n<tr>\n<td><strong>Ontmoetingspunt<\/strong><\/td>\n<td>09.30 uur dalstation Wei\u00dfsee Gletsjerwereld<\/td>\n<\/tr>\n<tr>\n<td><strong>Duur<\/strong><\/td>\n<td>ongeveer 4 uur (ca. 3 uur wandeltijd | gemiddelde moeilijkheidsgraad)<\/td>\n<\/tr>\n<tr>\n<td><strong>Kosten<\/strong><\/td>\n<td>Volwassenen \u20ac 22,00 | Kinderen en tieners (10-16 jaar) onder begeleiding van ouders gratis | excl. pendeldiensten<\/td>\n<\/tr>\n<tr>\n<td><strong>Gratis<\/strong><\/td>\n<td>met de\u00a0\u00a0<strong>gastenkaart<\/strong>\u00a0of\u00a0<strong>de National Park Summer Card<\/strong>\u00a0\u00a0(exclusief pendeldiensten)<\/td>\n<\/tr>\n<tr>\n<td><strong>Benodigheden<\/strong><\/td>\n<td>Wandel- of bergschoenen met profielzolen, regen- en zonbescherming, geschikte kleding en een reservekleding, rugzak met drinken en snacks<\/td>\n<\/tr>\n<tr>\n<td><strong>Registratie<\/strong><\/td>\n<td>tot 2 uur voor aanvang van de tour op\u00a0<a href=\"https:\/\/hohetauern.at\/de\/besuchen\/tourenangebote.html#\/erlebnisse\" target=\"_blank\" rel=\"noopener\">npht.at\/touren<\/a><\/td>\n<\/tr>\n<\/tbody>\n<\/table>\t\t\t\t\t\t\t\t<\/div>\n\t\t\t\t<\/div>\n\t\t\t\t\t<\/div>\n\t\t<\/div>\n\t\t\t\t\t<\/div>\n\t\t<\/section>\n\t\t\t\t<section class=\"elementor-section elementor-top-section elementor-element elementor-element-bef4a82 elementor-section-boxed elementor-section-height-default elementor-section-height-default\" data-id=\"bef4a82\" data-element_type=\"section\" data-e-type=\"section\">\n\t\t\t\t\t\t<div class=\"elementor-container elementor-column-gap-default\">\n\t\t\t\t\t<div class=\"elementor-column elementor-col-100 elementor-top-column elementor-element elementor-element-39ee49c5\" data-id=\"39ee49c5\" data-element_type=\"column\" data-e-type=\"column\">\n\t\t\t<div class=\"elementor-widget-wrap elementor-element-populated\">\n\t\t\t\t\t\t<div class=\"elementor-element elementor-element-1b9988da elementor-icon-list--layout-traditional elementor-list-item-link-full_width elementor-widget elementor-widget-icon-list\" data-id=\"1b9988da\" data-element_type=\"widget\" data-e-type=\"widget\" data-widget_type=\"icon-list.default\">\n\t\t\t\t<div class=\"elementor-widget-container\">\n\t\t\t\t\t\t\t<ul class=\"elementor-icon-list-items\">\n\t\t\t\t\t\t\t<li class=\"elementor-icon-list-item\">\n\t\t\t\t\t\t\t\t\t\t<span class=\"elementor-icon-list-text\">KLEMVERLICHTING<\/span>\n\t\t\t\t\t\t\t\t\t<\/li>\n\t\t\t\t\t\t<\/ul>\n\t\t\t\t\t\t<\/div>\n\t\t\t\t<\/div>\n\t\t\t\t\t<\/div>\n\t\t<\/div>\n\t\t\t\t\t<\/div>\n\t\t<\/section>\n\t\t\t\t<section class=\"elementor-section elementor-top-section elementor-element elementor-element-6c4bcf56 elementor-section-boxed elementor-section-height-default elementor-section-height-default\" data-id=\"6c4bcf56\" data-element_type=\"section\" data-e-type=\"section\">\n\t\t\t\t\t\t<div class=\"elementor-container elementor-column-gap-default\">\n\t\t\t\t\t<div class=\"elementor-column elementor-col-100 elementor-top-column elementor-element elementor-element-7554f008\" data-id=\"7554f008\" data-element_type=\"column\" data-e-type=\"column\">\n\t\t\t<div class=\"elementor-widget-wrap elementor-element-populated\">\n\t\t\t\t\t\t<div class=\"elementor-element elementor-element-745a690f elementor-widget elementor-widget-text-editor\" data-id=\"745a690f\" data-element_type=\"widget\" data-e-type=\"widget\" data-widget_type=\"text-editor.default\">\n\t\t\t\t<div class=\"elementor-widget-container\">\n\t\t\t\t\t\t\t\t\t<p><strong><span>13 juni tot 24 oktober 2025 &#8211; Kaprun<\/span><\/strong><\/p><p><span>Elke vrijdagavond verandert de Sigmund-Thun-Kloof in een spectaculaire zee van licht. Kleurrijke schijnwerpers en lichtinstallaties toveren de steile rotswanden en het kolkende water in een nieuw, bijna magisch licht. Dompel uzelf onder in dit natuurlijke festival van licht, water en schaduw en beleef de kloof op een geheel nieuwe manier.\u00a0<\/span><\/p>\t\t\t\t\t\t\t\t<\/div>\n\t\t\t\t<\/div>\n\t\t\t\t\t<\/div>\n\t\t<\/div>\n\t\t\t\t\t<\/div>\n\t\t<\/section>\n\t\t\t\t<section class=\"elementor-section elementor-top-section elementor-element elementor-element-2ab2c31c elementor-section-boxed elementor-section-height-default elementor-section-height-default\" data-id=\"2ab2c31c\" data-element_type=\"section\" data-e-type=\"section\">\n\t\t\t\t\t\t<div class=\"elementor-container elementor-column-gap-default\">\n\t\t\t\t\t<div class=\"elementor-column elementor-col-50 elementor-top-column elementor-element elementor-element-18daf845\" data-id=\"18daf845\" data-element_type=\"column\" data-e-type=\"column\">\n\t\t\t<div class=\"elementor-widget-wrap elementor-element-populated\">\n\t\t\t\t\t\t<div class=\"elementor-element elementor-element-4f39e685 elementor-widget elementor-widget-image\" data-id=\"4f39e685\" data-element_type=\"widget\" data-e-type=\"widget\" data-widget_type=\"image.default\">\n\t\t\t\t<div class=\"elementor-widget-container\">\n\t\t\t\t\t\t\t\t\t\t\t\t\t\t\t<img loading=\"lazy\" decoding=\"async\" width=\"550\" height=\"370\" src=\"https:\/\/haus-piesendorf.gaeste-mappe.at\/wp-content\/uploads\/2025\/04\/Klammlichter.webp\" class=\"attachment-full size-full wp-image-15208\" alt=\"\" srcset=\"https:\/\/haus-piesendorf.gaeste-mappe.at\/wp-content\/uploads\/2025\/04\/Klammlichter.webp 550w, https:\/\/haus-piesendorf.gaeste-mappe.at\/wp-content\/uploads\/2025\/04\/Klammlichter-300x202.webp 300w, https:\/\/haus-piesendorf.gaeste-mappe.at\/wp-content\/uploads\/2025\/04\/Klammlichter-18x12.webp 18w\" sizes=\"(max-width: 550px) 100vw, 550px\" \/>\t\t\t\t\t\t\t\t\t\t\t\t\t\t\t<\/div>\n\t\t\t\t<\/div>\n\t\t\t\t\t<\/div>\n\t\t<\/div>\n\t\t\t\t<div class=\"elementor-column elementor-col-50 elementor-top-column elementor-element elementor-element-6ead9397\" data-id=\"6ead9397\" data-element_type=\"column\" data-e-type=\"column\">\n\t\t\t<div class=\"elementor-widget-wrap elementor-element-populated\">\n\t\t\t\t\t\t<div class=\"elementor-element elementor-element-30380197 elementor-widget elementor-widget-text-editor\" data-id=\"30380197\" data-element_type=\"widget\" data-e-type=\"widget\" data-widget_type=\"text-editor.default\">\n\t\t\t\t<div class=\"elementor-widget-container\">\n\t\t\t\t\t\t\t\t\t<div style=\"overflow-x: auto;\">\n<table>\n<tbody>\n<tr>\n<td><strong>inlaat<\/strong><\/td>\n<td>Juni &amp; juli vanaf ca. 21.30 uur\nAugustus vanaf ca. 21.00 uur\nSeptember vanaf ca. 20.30 uur\nOktober vanaf ca. 19.45 uur<\/td>\n<\/tr>\n<tr>\n<td><strong>Kosten<\/strong><\/td>\n<td>Volwassenen \u20ac 20,00 | Kinderen &amp; Tieners (6-15 jaar) \u20ac 10,00 | Kinderen tot 6 jaar gratis<\/td>\n<\/tr>\n<tr>\n<td><strong>Registratie<\/strong><\/td>\n<td>niet vereist<\/td>\n<\/tr>\n<tr>\n<td><strong>Weersinformatie<\/strong><\/td>\n<td>Bij onweer of hevige regenval wordt de kloofverlichting om veiligheidsredenen niet uitgevoerd.<\/td>\n<\/tr>\n<\/tbody>\n<\/table>\t\t\t\t\t\t\t\t<\/div>\n\t\t\t\t<\/div>\n\t\t\t\t\t<\/div>\n\t\t<\/div>\n\t\t\t\t\t<\/div>\n\t\t<\/section>\n\t\t\t\t<section class=\"elementor-section elementor-top-section elementor-element elementor-element-618f8971 elementor-section-boxed elementor-section-height-default elementor-section-height-default\" data-id=\"618f8971\" data-element_type=\"section\" data-e-type=\"section\">\n\t\t\t\t\t\t<div class=\"elementor-container elementor-column-gap-default\">\n\t\t\t\t\t<div class=\"elementor-column elementor-col-100 elementor-top-column elementor-element elementor-element-43cec09d\" data-id=\"43cec09d\" data-element_type=\"column\" data-e-type=\"column\" id=\"zondag\">\n\t\t\t<div class=\"elementor-widget-wrap elementor-element-populated\">\n\t\t\t\t\t\t<div class=\"elementor-element elementor-element-390429d2 elementor-widget elementor-widget-heading\" data-id=\"390429d2\" data-element_type=\"widget\" data-e-type=\"widget\" data-widget_type=\"heading.default\">\n\t\t\t\t<div class=\"elementor-widget-container\">\n\t\t\t\t\t<h2 class=\"elementor-heading-title elementor-size-default\">Zondag<\/h2>\t\t\t\t<\/div>\n\t\t\t\t<\/div>\n\t\t\t\t\t<\/div>\n\t\t<\/div>\n\t\t\t\t\t<\/div>\n\t\t<\/section>\n\t\t\t\t<section class=\"elementor-section elementor-top-section elementor-element elementor-element-5822ea2e elementor-section-boxed elementor-section-height-default elementor-section-height-default\" data-id=\"5822ea2e\" data-element_type=\"section\" data-e-type=\"section\">\n\t\t\t\t\t\t<div class=\"elementor-container elementor-column-gap-default\">\n\t\t\t\t\t<div class=\"elementor-column elementor-col-100 elementor-top-column elementor-element elementor-element-69aa65ce\" data-id=\"69aa65ce\" data-element_type=\"column\" data-e-type=\"column\">\n\t\t\t<div class=\"elementor-widget-wrap elementor-element-populated\">\n\t\t\t\t\t\t<div class=\"elementor-element elementor-element-2bca73ee elementor-icon-list--layout-traditional elementor-list-item-link-full_width elementor-widget elementor-widget-icon-list\" data-id=\"2bca73ee\" data-element_type=\"widget\" data-e-type=\"widget\" data-widget_type=\"icon-list.default\">\n\t\t\t\t<div class=\"elementor-widget-container\">\n\t\t\t\t\t\t\t<ul class=\"elementor-icon-list-items\">\n\t\t\t\t\t\t\t<li class=\"elementor-icon-list-item\">\n\t\t\t\t\t\t\t\t\t\t<span class=\"elementor-icon-list-text\">Openluchtconcert van de traditionele muziekband Niedernsill<\/span>\n\t\t\t\t\t\t\t\t\t<\/li>\n\t\t\t\t\t\t<\/ul>\n\t\t\t\t\t\t<\/div>\n\t\t\t\t<\/div>\n\t\t\t\t\t<\/div>\n\t\t<\/div>\n\t\t\t\t\t<\/div>\n\t\t<\/section>\n\t\t\t\t<section class=\"elementor-section elementor-top-section elementor-element elementor-element-54a6b060 elementor-section-boxed elementor-section-height-default elementor-section-height-default\" data-id=\"54a6b060\" data-element_type=\"section\" data-e-type=\"section\">\n\t\t\t\t\t\t<div class=\"elementor-container elementor-column-gap-default\">\n\t\t\t\t\t<div class=\"elementor-column elementor-col-100 elementor-top-column elementor-element elementor-element-19e2a1b4\" data-id=\"19e2a1b4\" data-element_type=\"column\" data-e-type=\"column\">\n\t\t\t<div class=\"elementor-widget-wrap elementor-element-populated\">\n\t\t\t\t\t\t<div class=\"elementor-element elementor-element-6f8b4712 elementor-widget elementor-widget-text-editor\" data-id=\"6f8b4712\" data-element_type=\"widget\" data-e-type=\"widget\" data-widget_type=\"text-editor.default\">\n\t\t\t\t<div class=\"elementor-widget-container\">\n\t\t\t\t\t\t\t\t\t<p><strong><span>23 juni tot en met 25 augustus 2024 &#8211; behalve op 21 en 28 juli<\/span><\/strong><\/p><p><span>Elk dorp heeft zijn eigen muziek, zijn eigen kostuums en zijn eigen concerten. Alle vakantiegangers, muziekliefhebbers en lokale bewoners zijn welkom bij de wekelijkse avondconcerten.<\/span><\/p>\t\t\t\t\t\t\t\t<\/div>\n\t\t\t\t<\/div>\n\t\t\t\t\t<\/div>\n\t\t<\/div>\n\t\t\t\t\t<\/div>\n\t\t<\/section>\n\t\t\t\t<section class=\"elementor-section elementor-top-section elementor-element elementor-element-102747a3 elementor-section-boxed elementor-section-height-default elementor-section-height-default\" data-id=\"102747a3\" data-element_type=\"section\" data-e-type=\"section\">\n\t\t\t\t\t\t<div class=\"elementor-container elementor-column-gap-default\">\n\t\t\t\t\t<div class=\"elementor-column elementor-col-50 elementor-top-column elementor-element elementor-element-3ae3a920\" data-id=\"3ae3a920\" data-element_type=\"column\" data-e-type=\"column\">\n\t\t\t<div class=\"elementor-widget-wrap elementor-element-populated\">\n\t\t\t\t\t\t<div class=\"elementor-element elementor-element-16e97298 elementor-widget elementor-widget-image\" data-id=\"16e97298\" data-element_type=\"widget\" data-e-type=\"widget\" data-widget_type=\"image.default\">\n\t\t\t\t<div class=\"elementor-widget-container\">\n\t\t\t\t\t\t\t\t\t\t\t\t\t\t\t<img loading=\"lazy\" decoding=\"async\" width=\"550\" height=\"370\" src=\"https:\/\/haus-piesendorf.gaeste-mappe.at\/wp-content\/uploads\/2025\/04\/musik2.webp\" class=\"attachment-full size-full wp-image-15218\" alt=\"\" srcset=\"https:\/\/haus-piesendorf.gaeste-mappe.at\/wp-content\/uploads\/2025\/04\/musik2.webp 550w, https:\/\/haus-piesendorf.gaeste-mappe.at\/wp-content\/uploads\/2025\/04\/musik2-300x202.webp 300w, https:\/\/haus-piesendorf.gaeste-mappe.at\/wp-content\/uploads\/2025\/04\/musik2-18x12.webp 18w\" sizes=\"(max-width: 550px) 100vw, 550px\" \/>\t\t\t\t\t\t\t\t\t\t\t\t\t\t\t<\/div>\n\t\t\t\t<\/div>\n\t\t\t\t\t<\/div>\n\t\t<\/div>\n\t\t\t\t<div class=\"elementor-column elementor-col-50 elementor-top-column elementor-element elementor-element-65620274\" data-id=\"65620274\" data-element_type=\"column\" data-e-type=\"column\">\n\t\t\t<div class=\"elementor-widget-wrap elementor-element-populated\">\n\t\t\t\t\t\t<div class=\"elementor-element elementor-element-2bda2f07 elementor-widget elementor-widget-text-editor\" data-id=\"2bda2f07\" data-element_type=\"widget\" data-e-type=\"widget\" data-widget_type=\"text-editor.default\">\n\t\t\t\t<div class=\"elementor-widget-container\">\n\t\t\t\t\t\t\t\t\t<div style=\"overflow-x: auto;\">\n<table>\n<tbody>\n<tr>\n<td><strong>Wanneer?<\/strong><\/td>\n<td>om 19.30 uur<\/td>\n<\/tr>\n<tr>\n<td><strong>Waar?<\/strong><\/td>\n<td>bij het muziekpaviljoen op het dorpsplein in Niedernsill<\/td>\n<\/tr>\n<tr>\n<td><strong>Data<\/strong><\/td>\n<td>\n<ul>\n \t<li><strong>23 juni<\/strong>\u00a0\u00a0&#8211; Concert Harmonica Big Band &#8220;Big Chaps&#8221;\u00a0<small>(aanvang 20.00 uur)<\/small><\/li>\n \t<li><strong>30 juni<\/strong>\u00a0\u00a0&#8211; Concert met het Marschmellos Jeugdorkest<\/li>\n \t<li><strong>7 juli<\/strong>\u00a0&#8211; Concert van de traditionele muziekband met boerenmarkt\u00a0<small>(vanaf 18.00 uur)<\/small><\/li>\n \t<li><strong>14 juli<\/strong>\u00a0&#8211; Ensemble\/Tanzlmusi-concert van de traditionele kostuumband<\/li>\n \t<li><strong>4 augustus<\/strong>\u00a0&#8211; Feestelijk concert ter gelegenheid van de Brass Music Day met foodtractor (\u00a0<small>vanaf 18.00 uur)<\/small><\/li>\n \t<li><strong>11 augustus<\/strong>\u00a0&#8211; Concert van de traditionele klederdrachtband<\/li>\n \t<li><strong>18 augustus<\/strong>\u00a0&#8211; Concert van de Big Band &#8220;Grasberg&#8221;<\/li>\n \t<li><strong>25 augustus<\/strong>\u00a0&#8211; Concert van de traditionele muziekband met boerenmarkt\u00a0<small>(vanaf 18.00 uur)<\/small><\/li>\n<\/ul>\n<\/td>\n<\/tr>\n<\/tbody>\n<\/table>\t\t\t\t\t\t\t\t<\/div>\n\t\t\t\t<\/div>\n\t\t\t\t\t<\/div>\n\t\t<\/div>\n\t\t\t\t\t<\/div>\n\t\t<\/section>\n\t\t\t\t<section class=\"elementor-section elementor-top-section elementor-element elementor-element-60b16bfa elementor-section-boxed elementor-section-height-default elementor-section-height-default\" data-id=\"60b16bfa\" data-element_type=\"section\" data-e-type=\"section\">\n\t\t\t\t\t\t<div class=\"elementor-container elementor-column-gap-default\">\n\t\t\t\t\t<div class=\"elementor-column elementor-col-100 elementor-top-column elementor-element elementor-element-5a59403a\" data-id=\"5a59403a\" data-element_type=\"column\" data-e-type=\"column\">\n\t\t\t<div class=\"elementor-widget-wrap elementor-element-populated\">\n\t\t\t\t\t\t<div class=\"elementor-element elementor-element-15ba8801 elementor-icon-list--layout-traditional elementor-list-item-link-full_width elementor-widget elementor-widget-icon-list\" data-id=\"15ba8801\" data-element_type=\"widget\" data-e-type=\"widget\" data-widget_type=\"icon-list.default\">\n\t\t\t\t<div class=\"elementor-widget-container\">\n\t\t\t\t\t\t\t<ul class=\"elementor-icon-list-items\">\n\t\t\t\t\t\t\t<li class=\"elementor-icon-list-item\">\n\t\t\t\t\t\t\t\t\t\t<span class=\"elementor-icon-list-text\">KASTEELTOUR \"Kasteel Kaprun\"<\/span>\n\t\t\t\t\t\t\t\t\t<\/li>\n\t\t\t\t\t\t<\/ul>\n\t\t\t\t\t\t<\/div>\n\t\t\t\t<\/div>\n\t\t\t\t\t<\/div>\n\t\t<\/div>\n\t\t\t\t\t<\/div>\n\t\t<\/section>\n\t\t\t\t<section class=\"elementor-section elementor-top-section elementor-element elementor-element-70447aa2 elementor-section-boxed elementor-section-height-default elementor-section-height-default\" data-id=\"70447aa2\" data-element_type=\"section\" data-e-type=\"section\">\n\t\t\t\t\t\t<div class=\"elementor-container elementor-column-gap-default\">\n\t\t\t\t\t<div class=\"elementor-column elementor-col-100 elementor-top-column elementor-element elementor-element-35374bb6\" data-id=\"35374bb6\" data-element_type=\"column\" data-e-type=\"column\">\n\t\t\t<div class=\"elementor-widget-wrap elementor-element-populated\">\n\t\t\t\t\t\t<div class=\"elementor-element elementor-element-660e0aec elementor-widget elementor-widget-text-editor\" data-id=\"660e0aec\" data-element_type=\"widget\" data-e-type=\"widget\" data-widget_type=\"text-editor.default\">\n\t\t\t\t<div class=\"elementor-widget-container\">\n\t\t\t\t\t\t\t\t\t<p><strong><span>30 juni tot 21 september 2025 &#8211; Kaprun<\/span><\/strong><\/p><p><span>Wanneer u Kasteel Kaprun betreedt, voelt het alsof u terug in de tijd reist. Eeuwenoude muren vertellen over ridders, graven en roerige tijden. De eerste vermelding van het kasteel in documenten dateert uit de 13e eeuw, maar de geschiedenis ervan gaat waarschijnlijk nog verder terug.\u00a0<\/span><\/p><p><span>De rondleiding door het kasteel begint om 10.00 uur en gaat vergezeld van spannende verhalen over de geschiedenis van het gebouw. Hierna kunt u op eigen gelegenheid de kasteelkamers, het kasteelmuseum, de kerker en verschillende fotopunten verkennen. Een bijzonder hoogtepunt is het hoogste punt van de burcht, vanwaar u een uniek uitzicht over de Zellsee heeft!\u00a0<\/span><\/p>\t\t\t\t\t\t\t\t<\/div>\n\t\t\t\t<\/div>\n\t\t\t\t\t<\/div>\n\t\t<\/div>\n\t\t\t\t\t<\/div>\n\t\t<\/section>\n\t\t\t\t<section class=\"elementor-section elementor-top-section elementor-element elementor-element-1d7cb2d6 elementor-section-boxed elementor-section-height-default elementor-section-height-default\" data-id=\"1d7cb2d6\" data-element_type=\"section\" data-e-type=\"section\">\n\t\t\t\t\t\t<div class=\"elementor-container elementor-column-gap-default\">\n\t\t\t\t\t<div class=\"elementor-column elementor-col-50 elementor-top-column elementor-element elementor-element-8301acf\" data-id=\"8301acf\" data-element_type=\"column\" data-e-type=\"column\">\n\t\t\t<div class=\"elementor-widget-wrap elementor-element-populated\">\n\t\t\t\t\t\t<div class=\"elementor-element elementor-element-75b4f7ae elementor-widget elementor-widget-image\" data-id=\"75b4f7ae\" data-element_type=\"widget\" data-e-type=\"widget\" data-widget_type=\"image.default\">\n\t\t\t\t<div class=\"elementor-widget-container\">\n\t\t\t\t\t\t\t\t\t\t\t\t\t\t\t<img loading=\"lazy\" decoding=\"async\" width=\"550\" height=\"370\" src=\"https:\/\/haus-piesendorf.gaeste-mappe.at\/wp-content\/uploads\/2025\/04\/Burg-Kaprun.webp\" class=\"attachment-full size-full wp-image-15074\" alt=\"\" srcset=\"https:\/\/haus-piesendorf.gaeste-mappe.at\/wp-content\/uploads\/2025\/04\/Burg-Kaprun.webp 550w, https:\/\/haus-piesendorf.gaeste-mappe.at\/wp-content\/uploads\/2025\/04\/Burg-Kaprun-300x202.webp 300w, https:\/\/haus-piesendorf.gaeste-mappe.at\/wp-content\/uploads\/2025\/04\/Burg-Kaprun-18x12.webp 18w\" sizes=\"(max-width: 550px) 100vw, 550px\" \/>\t\t\t\t\t\t\t\t\t\t\t\t\t\t\t<\/div>\n\t\t\t\t<\/div>\n\t\t\t\t\t<\/div>\n\t\t<\/div>\n\t\t\t\t<div class=\"elementor-column elementor-col-50 elementor-top-column elementor-element elementor-element-4bba9a2a\" data-id=\"4bba9a2a\" data-element_type=\"column\" data-e-type=\"column\">\n\t\t\t<div class=\"elementor-widget-wrap elementor-element-populated\">\n\t\t\t\t\t\t<div class=\"elementor-element elementor-element-476a8a7a elementor-widget elementor-widget-text-editor\" data-id=\"476a8a7a\" data-element_type=\"widget\" data-e-type=\"widget\" data-widget_type=\"text-editor.default\">\n\t\t\t\t<div class=\"elementor-widget-container\">\n\t\t\t\t\t\t\t\t\t<div style=\"overflow-x: auto;\">\n<table>\n<tbody>\n<tr>\n<td><strong>inlaat<\/strong><\/td>\n<td>van 10:00 tot 12:00 uur<\/td>\n<\/tr>\n<tr>\n<td><strong>Laatste invoer<\/strong><\/td>\n<td>om 11:40 uur<\/td>\n<\/tr>\n<tr>\n<td><strong>Kennisgeving<\/strong><\/td>\n<td>Gesloten op 20 juli en 7 september 2025<\/td>\n<\/tr>\n<tr>\n<td><strong>Ingang<\/strong><\/td>\n<td>Volwassenen \u20ac 8,00 | Kinderen van 7 tot 14 jaar \u20ac 4,00 | Kinderen tot 6 jaar gratis<\/td>\n<\/tr>\n<tr>\n<td><strong>Registratie<\/strong><\/td>\n<td>niet vereist<\/td>\n<\/tr>\n<\/tbody>\n<\/table>\t\t\t\t\t\t\t\t<\/div>\n\t\t\t\t<\/div>\n\t\t\t\t\t<\/div>\n\t\t<\/div>\n\t\t\t\t\t<\/div>\n\t\t<\/section>\n\t\t\t\t<section class=\"elementor-section elementor-top-section elementor-element elementor-element-4ab782ee elementor-section-boxed elementor-section-height-default elementor-section-height-default\" data-id=\"4ab782ee\" data-element_type=\"section\" data-e-type=\"section\">\n\t\t\t\t\t\t<div class=\"elementor-container elementor-column-gap-default\">\n\t\t\t\t\t<div class=\"elementor-column elementor-col-100 elementor-top-column elementor-element elementor-element-1eabf9a\" data-id=\"1eabf9a\" data-element_type=\"column\" data-e-type=\"column\" id=\"dagelijks\">\n\t\t\t<div class=\"elementor-widget-wrap elementor-element-populated\">\n\t\t\t\t\t\t<div class=\"elementor-element elementor-element-7b0e6e9b elementor-widget elementor-widget-heading\" data-id=\"7b0e6e9b\" data-element_type=\"widget\" data-e-type=\"widget\" data-widget_type=\"heading.default\">\n\t\t\t\t<div class=\"elementor-widget-container\">\n\t\t\t\t\t<h2 class=\"elementor-heading-title elementor-size-default\">Dagelijks<\/h2>\t\t\t\t<\/div>\n\t\t\t\t<\/div>\n\t\t\t\t\t<\/div>\n\t\t<\/div>\n\t\t\t\t\t<\/div>\n\t\t<\/section>\n\t\t\t\t<section class=\"elementor-section elementor-top-section elementor-element elementor-element-6a94e0f0 elementor-section-boxed elementor-section-height-default elementor-section-height-default\" data-id=\"6a94e0f0\" data-element_type=\"section\" data-e-type=\"section\">\n\t\t\t\t\t\t<div class=\"elementor-container elementor-column-gap-default\">\n\t\t\t\t\t<div class=\"elementor-column elementor-col-100 elementor-top-column elementor-element elementor-element-62c9360c\" data-id=\"62c9360c\" data-element_type=\"column\" data-e-type=\"column\">\n\t\t\t<div class=\"elementor-widget-wrap elementor-element-populated\">\n\t\t\t\t\t\t<div class=\"elementor-element elementor-element-7fdd93f3 elementor-icon-list--layout-traditional elementor-list-item-link-full_width elementor-widget elementor-widget-icon-list\" data-id=\"7fdd93f3\" data-element_type=\"widget\" data-e-type=\"widget\" data-widget_type=\"icon-list.default\">\n\t\t\t\t<div class=\"elementor-widget-container\">\n\t\t\t\t\t\t\t<ul class=\"elementor-icon-list-items\">\n\t\t\t\t\t\t\t<li class=\"elementor-icon-list-item\">\n\t\t\t\t\t\t\t\t\t\t<span class=\"elementor-icon-list-text\">Tochten met paard en wagen<\/span>\n\t\t\t\t\t\t\t\t\t<\/li>\n\t\t\t\t\t\t<\/ul>\n\t\t\t\t\t\t<\/div>\n\t\t\t\t<\/div>\n\t\t\t\t\t<\/div>\n\t\t<\/div>\n\t\t\t\t\t<\/div>\n\t\t<\/section>\n\t\t\t\t<section class=\"elementor-section elementor-top-section elementor-element elementor-element-51f0fd10 elementor-section-boxed elementor-section-height-default elementor-section-height-default\" data-id=\"51f0fd10\" data-element_type=\"section\" data-e-type=\"section\">\n\t\t\t\t\t\t<div class=\"elementor-container elementor-column-gap-default\">\n\t\t\t\t\t<div class=\"elementor-column elementor-col-100 elementor-top-column elementor-element elementor-element-187b639e\" data-id=\"187b639e\" data-element_type=\"column\" data-e-type=\"column\">\n\t\t\t<div class=\"elementor-widget-wrap elementor-element-populated\">\n\t\t\t\t\t\t<div class=\"elementor-element elementor-element-378b3b5f elementor-widget elementor-widget-text-editor\" data-id=\"378b3b5f\" data-element_type=\"widget\" data-e-type=\"widget\" data-widget_type=\"text-editor.default\">\n\t\t\t\t<div class=\"elementor-widget-container\">\n\t\t\t\t\t\t\t\t\t<p><strong><span>Dagelijks op aanvraag | Mei tot oktober 2025 &#8211; Piesendorf<\/span><\/strong><\/p><p><span>Leun achterover en geniet van de rit! Tijdens een romantische tocht met paard en wagen glijdt u langs bloeiende weilanden en ontdekt u op een heel bijzondere manier de schoonheid van de natuur. Een idyllische belevenis voor stellen, gezinnen en genieters.\u00a0<\/span><\/p>\t\t\t\t\t\t\t\t<\/div>\n\t\t\t\t<\/div>\n\t\t\t\t\t<\/div>\n\t\t<\/div>\n\t\t\t\t\t<\/div>\n\t\t<\/section>\n\t\t\t\t<section class=\"elementor-section elementor-top-section elementor-element elementor-element-d01c7ba elementor-section-boxed elementor-section-height-default elementor-section-height-default\" data-id=\"d01c7ba\" data-element_type=\"section\" data-e-type=\"section\">\n\t\t\t\t\t\t<div class=\"elementor-container elementor-column-gap-default\">\n\t\t\t\t\t<div class=\"elementor-column elementor-col-50 elementor-top-column elementor-element elementor-element-527334c8\" data-id=\"527334c8\" data-element_type=\"column\" data-e-type=\"column\">\n\t\t\t<div class=\"elementor-widget-wrap elementor-element-populated\">\n\t\t\t\t\t\t<div class=\"elementor-element elementor-element-692138a1 elementor-widget elementor-widget-image\" data-id=\"692138a1\" data-element_type=\"widget\" data-e-type=\"widget\" data-widget_type=\"image.default\">\n\t\t\t\t<div class=\"elementor-widget-container\">\n\t\t\t\t\t\t\t\t\t\t\t\t\t\t\t<img loading=\"lazy\" decoding=\"async\" width=\"550\" height=\"370\" src=\"https:\/\/haus-piesendorf.gaeste-mappe.at\/wp-content\/uploads\/2025\/04\/Pferde.webp\" class=\"attachment-full size-full wp-image-15225\" alt=\"\" srcset=\"https:\/\/haus-piesendorf.gaeste-mappe.at\/wp-content\/uploads\/2025\/04\/Pferde.webp 550w, https:\/\/haus-piesendorf.gaeste-mappe.at\/wp-content\/uploads\/2025\/04\/Pferde-300x202.webp 300w, https:\/\/haus-piesendorf.gaeste-mappe.at\/wp-content\/uploads\/2025\/04\/Pferde-18x12.webp 18w\" sizes=\"(max-width: 550px) 100vw, 550px\" \/>\t\t\t\t\t\t\t\t\t\t\t\t\t\t\t<\/div>\n\t\t\t\t<\/div>\n\t\t\t\t\t<\/div>\n\t\t<\/div>\n\t\t\t\t<div class=\"elementor-column elementor-col-50 elementor-top-column elementor-element elementor-element-39cdd9ef\" data-id=\"39cdd9ef\" data-element_type=\"column\" data-e-type=\"column\">\n\t\t\t<div class=\"elementor-widget-wrap elementor-element-populated\">\n\t\t\t\t\t\t<div class=\"elementor-element elementor-element-30b62c3f elementor-widget elementor-widget-text-editor\" data-id=\"30b62c3f\" data-element_type=\"widget\" data-e-type=\"widget\" data-widget_type=\"text-editor.default\">\n\t\t\t\t<div class=\"elementor-widget-container\">\n\t\t\t\t\t\t\t\t\t<div style=\"overflow-x: auto;\">\n<table>\n<tbody>\n<tr>\n<td><strong>Registratie<\/strong><\/td>\n<td><strong>H\u00f6llwerth Raimund<\/strong>\u00a0(Hacklbauer)\nTel.\u00a0<a tabindex=\"-1\" href=\"tel:00436767344848\">+43 676 7344 848<\/a><\/td>\n<\/tr>\n<\/tbody>\n<\/table>\t\t\t\t\t\t\t\t<\/div>\n\t\t\t\t<\/div>\n\t\t\t\t\t<\/div>\n\t\t<\/div>\n\t\t\t\t\t<\/div>\n\t\t<\/section>\n\t\t\t\t<section class=\"elementor-section elementor-top-section elementor-element elementor-element-43f380cf elementor-section-boxed elementor-section-height-default elementor-section-height-default\" data-id=\"43f380cf\" data-element_type=\"section\" data-e-type=\"section\">\n\t\t\t\t\t\t<div class=\"elementor-container elementor-column-gap-default\">\n\t\t\t\t\t<div class=\"elementor-column elementor-col-100 elementor-top-column elementor-element elementor-element-2c7cb04f\" data-id=\"2c7cb04f\" data-element_type=\"column\" data-e-type=\"column\">\n\t\t\t<div class=\"elementor-widget-wrap elementor-element-populated\">\n\t\t\t\t\t\t<div class=\"elementor-element elementor-element-221af6e7 elementor-icon-list--layout-traditional elementor-list-item-link-full_width elementor-widget elementor-widget-icon-list\" data-id=\"221af6e7\" data-element_type=\"widget\" data-e-type=\"widget\" data-widget_type=\"icon-list.default\">\n\t\t\t\t<div class=\"elementor-widget-container\">\n\t\t\t\t\t\t\t<ul class=\"elementor-icon-list-items\">\n\t\t\t\t\t\t\t<li class=\"elementor-icon-list-item\">\n\t\t\t\t\t\t\t\t\t\t<span class=\"elementor-icon-list-text\">Wandeltaxi - Eurotaxi<\/span>\n\t\t\t\t\t\t\t\t\t<\/li>\n\t\t\t\t\t\t<\/ul>\n\t\t\t\t\t\t<\/div>\n\t\t\t\t<\/div>\n\t\t\t\t\t<\/div>\n\t\t<\/div>\n\t\t\t\t\t<\/div>\n\t\t<\/section>\n\t\t\t\t<section class=\"elementor-section elementor-top-section elementor-element elementor-element-71b858b7 elementor-section-boxed elementor-section-height-default elementor-section-height-default\" data-id=\"71b858b7\" data-element_type=\"section\" data-e-type=\"section\">\n\t\t\t\t\t\t<div class=\"elementor-container elementor-column-gap-default\">\n\t\t\t\t\t<div class=\"elementor-column elementor-col-100 elementor-top-column elementor-element elementor-element-66a3a16d\" data-id=\"66a3a16d\" data-element_type=\"column\" data-e-type=\"column\">\n\t\t\t<div class=\"elementor-widget-wrap elementor-element-populated\">\n\t\t\t\t\t\t<div class=\"elementor-element elementor-element-63694776 elementor-widget elementor-widget-text-editor\" data-id=\"63694776\" data-element_type=\"widget\" data-e-type=\"widget\" data-widget_type=\"text-editor.default\">\n\t\t\t\t<div class=\"elementor-widget-container\">\n\t\t\t\t\t\t\t\t\t<p><strong><span>Vroeg reserveren noodzakelijk! Piesendorf Niedernsill<\/span><\/strong><\/p><p><span>Stap aan boord en geniet van de bergwereld zonder lange beklimmingen! Met de wandeltaxi Eurotaxi bereikt u gemakkelijk de Hochsonnbergalm en de Schaunbergalm &#8211; twee ideale startpunten voor prachtige wandelingen midden in de ongerepte natuur. Wie liever ontspant, kan genieten van de gezellige sfeer in de hutten en het panoramische uitzicht over de regio bewonderen. Uiteraard haalt de taxi u na uw bergavontuur ook weer op.\u00a0<\/span><\/p>\t\t\t\t\t\t\t\t<\/div>\n\t\t\t\t<\/div>\n\t\t\t\t\t<\/div>\n\t\t<\/div>\n\t\t\t\t\t<\/div>\n\t\t<\/section>\n\t\t\t\t<section class=\"elementor-section elementor-top-section elementor-element elementor-element-56c3ed87 elementor-section-boxed elementor-section-height-default elementor-section-height-default\" data-id=\"56c3ed87\" data-element_type=\"section\" data-e-type=\"section\">\n\t\t\t\t\t\t<div class=\"elementor-container elementor-column-gap-default\">\n\t\t\t\t\t<div class=\"elementor-column elementor-col-50 elementor-top-column elementor-element elementor-element-80d3fb3\" data-id=\"80d3fb3\" data-element_type=\"column\" data-e-type=\"column\">\n\t\t\t<div class=\"elementor-widget-wrap elementor-element-populated\">\n\t\t\t\t\t\t<div class=\"elementor-element elementor-element-449289db elementor-widget elementor-widget-image\" data-id=\"449289db\" data-element_type=\"widget\" data-e-type=\"widget\" data-widget_type=\"image.default\">\n\t\t\t\t<div class=\"elementor-widget-container\">\n\t\t\t\t\t\t\t\t\t\t\t\t\t\t\t<img loading=\"lazy\" decoding=\"async\" width=\"550\" height=\"370\" src=\"https:\/\/haus-piesendorf.gaeste-mappe.at\/wp-content\/uploads\/2025\/04\/wandertaxi-1.webp\" class=\"attachment-full size-full wp-image-15226\" alt=\"\" srcset=\"https:\/\/haus-piesendorf.gaeste-mappe.at\/wp-content\/uploads\/2025\/04\/wandertaxi-1.webp 550w, https:\/\/haus-piesendorf.gaeste-mappe.at\/wp-content\/uploads\/2025\/04\/wandertaxi-1-300x202.webp 300w, https:\/\/haus-piesendorf.gaeste-mappe.at\/wp-content\/uploads\/2025\/04\/wandertaxi-1-18x12.webp 18w\" sizes=\"(max-width: 550px) 100vw, 550px\" \/>\t\t\t\t\t\t\t\t\t\t\t\t\t\t\t<\/div>\n\t\t\t\t<\/div>\n\t\t\t\t\t<\/div>\n\t\t<\/div>\n\t\t\t\t<div class=\"elementor-column elementor-col-50 elementor-top-column elementor-element elementor-element-49b89b5d\" data-id=\"49b89b5d\" data-element_type=\"column\" data-e-type=\"column\">\n\t\t\t<div class=\"elementor-widget-wrap elementor-element-populated\">\n\t\t\t\t\t\t<div class=\"elementor-element elementor-element-518742ad elementor-widget elementor-widget-text-editor\" data-id=\"518742ad\" data-element_type=\"widget\" data-e-type=\"widget\" data-widget_type=\"text-editor.default\">\n\t\t\t\t<div class=\"elementor-widget-container\">\n\t\t\t\t\t\t\t\t\t<div style=\"overflow-x: auto;\">\n<table>\n<tbody>\n<tr>\n<td><strong>Wandeltaxi<\/strong><\/td>\n<td>Schaunbergalm M\u00fchlbachtal\/Niedernsill\u00a0<small>(naar verwachting geopend vanaf begin juni &#8211; gesloten op maandag en dinsdag)<\/small>\nHochsonnbergalm Piesendorf\u00a0<small>(naar verwachting geopend vanaf begin mei)<\/small><\/td>\n<\/tr>\n<tr>\n<td><strong>informatie<\/strong><\/td>\n<td><a href=\"https:\/\/www.eurotaxi.at\/de\" target=\"_blank\" rel=\"noopener\">Eurotaxi<\/a><\/td>\n<\/tr>\n<tr>\n<td><strong>contact<\/strong><\/td>\n<td>telefonisch\u00a0\u00a0<a href=\"tel:+43 664 5001 964\">+43 664 5001 964<\/a>\u00a0\u00a0of per e-mail naar\u00a0<a href=\"mailto:info@eurotaxi.at?subject=Anfrage%20Wandertaxi%20Piesendorf%20Niedernsill\">info@eurotaxi.at<\/a><\/td>\n<\/tr>\n<\/tbody>\n<\/table>\t\t\t\t\t\t\t\t<\/div>\n\t\t\t\t<\/div>\n\t\t\t\t\t<\/div>\n\t\t<\/div>\n\t\t\t\t\t<\/div>\n\t\t<\/section>\n\t\t\t\t<section class=\"elementor-section elementor-top-section elementor-element elementor-element-11ea9bc6 elementor-section-boxed elementor-section-height-default elementor-section-height-default\" data-id=\"11ea9bc6\" data-element_type=\"section\" data-e-type=\"section\">\n\t\t\t\t\t\t<div class=\"elementor-container elementor-column-gap-default\">\n\t\t\t\t\t<div class=\"elementor-column elementor-col-100 elementor-top-column elementor-element elementor-element-1ca01c94\" data-id=\"1ca01c94\" data-element_type=\"column\" data-e-type=\"column\">\n\t\t\t<div class=\"elementor-widget-wrap elementor-element-populated\">\n\t\t\t\t\t\t<div class=\"elementor-element elementor-element-71bd84b3 elementor-icon-list--layout-traditional elementor-list-item-link-full_width elementor-widget elementor-widget-icon-list\" data-id=\"71bd84b3\" data-element_type=\"widget\" data-e-type=\"widget\" data-widget_type=\"icon-list.default\">\n\t\t\t\t<div class=\"elementor-widget-container\">\n\t\t\t\t\t\t\t<ul class=\"elementor-icon-list-items\">\n\t\t\t\t\t\t\t<li class=\"elementor-icon-list-item\">\n\t\t\t\t\t\t\t\t\t\t<span class=\"elementor-icon-list-text\">KITZSTEINHORN ONTDEKKINGSTOCHT<\/span>\n\t\t\t\t\t\t\t\t\t<\/li>\n\t\t\t\t\t\t<\/ul>\n\t\t\t\t\t\t<\/div>\n\t\t\t\t<\/div>\n\t\t\t\t\t<\/div>\n\t\t<\/div>\n\t\t\t\t\t<\/div>\n\t\t<\/section>\n\t\t\t\t<section class=\"elementor-section elementor-top-section elementor-element elementor-element-88d52e8 elementor-section-boxed elementor-section-height-default elementor-section-height-default\" data-id=\"88d52e8\" data-element_type=\"section\" data-e-type=\"section\">\n\t\t\t\t\t\t<div class=\"elementor-container elementor-column-gap-default\">\n\t\t\t\t\t<div class=\"elementor-column elementor-col-100 elementor-top-column elementor-element elementor-element-3da92d7\" data-id=\"3da92d7\" data-element_type=\"column\" data-e-type=\"column\">\n\t\t\t<div class=\"elementor-widget-wrap elementor-element-populated\">\n\t\t\t\t\t\t<div class=\"elementor-element elementor-element-41a0aea8 elementor-widget elementor-widget-text-editor\" data-id=\"41a0aea8\" data-element_type=\"widget\" data-e-type=\"widget\" data-widget_type=\"text-editor.default\">\n\t\t\t\t<div class=\"elementor-widget-container\">\n\t\t\t\t\t\t\t\t\t<p><strong><span>28 juni tot 14 september 2025 &#8211; Kitzsteinhorn Kaprun<\/span><\/strong><\/p><p><span>Hoe ontstaat gletsjerijs? Waar leven steenarenden en lammergieren? En hoe houden edelweiss en steenbreek zich staande onder de extreme omstandigheden op grote hoogte? Tijdens deze spannende Explorer Tour met een National Park Ranger reist u door vier klimaatzones &#8211; van de gematigde zone in Kaprun via de Maiskogel tot het arctische gletsjerijs op de Kitzsteinhorn.\u00a0<\/span><\/p><p><span>Deze tour combineert indrukwekkende kabelbaanritten met korte wandelingen en biedt fascinerende inzichten in de alpiene natuur. Een unieke ervaring voor avonturiers en gezinnen!\u00a0<\/span><\/p>\t\t\t\t\t\t\t\t<\/div>\n\t\t\t\t<\/div>\n\t\t\t\t\t<\/div>\n\t\t<\/div>\n\t\t\t\t\t<\/div>\n\t\t<\/section>\n\t\t\t\t<section class=\"elementor-section elementor-top-section elementor-element elementor-element-21344cff elementor-section-boxed elementor-section-height-default elementor-section-height-default\" data-id=\"21344cff\" data-element_type=\"section\" data-e-type=\"section\">\n\t\t\t\t\t\t<div class=\"elementor-container elementor-column-gap-default\">\n\t\t\t\t\t<div class=\"elementor-column elementor-col-50 elementor-top-column elementor-element elementor-element-6a29059b\" data-id=\"6a29059b\" data-element_type=\"column\" data-e-type=\"column\">\n\t\t\t<div class=\"elementor-widget-wrap elementor-element-populated\">\n\t\t\t\t\t\t<div class=\"elementor-element elementor-element-62164eaa elementor-widget elementor-widget-image\" data-id=\"62164eaa\" data-element_type=\"widget\" data-e-type=\"widget\" data-widget_type=\"image.default\">\n\t\t\t\t<div class=\"elementor-widget-container\">\n\t\t\t\t\t\t\t\t\t\t\t\t\t\t\t<img loading=\"lazy\" decoding=\"async\" width=\"550\" height=\"370\" src=\"https:\/\/haus-piesendorf.gaeste-mappe.at\/wp-content\/uploads\/2025\/04\/Kitzsteinhorn.webp\" class=\"attachment-full size-full wp-image-15223\" alt=\"\" srcset=\"https:\/\/haus-piesendorf.gaeste-mappe.at\/wp-content\/uploads\/2025\/04\/Kitzsteinhorn.webp 550w, https:\/\/haus-piesendorf.gaeste-mappe.at\/wp-content\/uploads\/2025\/04\/Kitzsteinhorn-300x202.webp 300w, https:\/\/haus-piesendorf.gaeste-mappe.at\/wp-content\/uploads\/2025\/04\/Kitzsteinhorn-18x12.webp 18w\" sizes=\"(max-width: 550px) 100vw, 550px\" \/>\t\t\t\t\t\t\t\t\t\t\t\t\t\t\t<\/div>\n\t\t\t\t<\/div>\n\t\t\t\t\t<\/div>\n\t\t<\/div>\n\t\t\t\t<div class=\"elementor-column elementor-col-50 elementor-top-column elementor-element elementor-element-f26d383\" data-id=\"f26d383\" data-element_type=\"column\" data-e-type=\"column\">\n\t\t\t<div class=\"elementor-widget-wrap elementor-element-populated\">\n\t\t\t\t\t\t<div class=\"elementor-element elementor-element-5df35492 elementor-widget elementor-widget-text-editor\" data-id=\"5df35492\" data-element_type=\"widget\" data-e-type=\"widget\" data-widget_type=\"text-editor.default\">\n\t\t\t\t<div class=\"elementor-widget-container\">\n\t\t\t\t\t\t\t\t\t<div style=\"overflow-x: auto;\">\n<table>\n<tbody>\n<tr>\n<td><strong>Ontmoetingspunt<\/strong><\/td>\n<td>09.00 uur Kaprun Centrum \/ dalstation MK Maiskogelbahn<\/td>\n<\/tr>\n<tr>\n<td><strong>Duur<\/strong><\/td>\n<td>ongeveer 2,5 uur (gemakkelijk)<\/td>\n<\/tr>\n<tr>\n<td><strong>Kosten<\/strong><\/td>\n<td>per persoon \u20ac 13,00 (excl. skipas)<\/td>\n<\/tr>\n<tr>\n<td><strong>Benodigheden<\/strong><\/td>\n<td>Stevige wandelschoenen, regen- en zonbescherming, rugzak met drinken en proviand, geschikte kleding, zonnebril<\/td>\n<\/tr>\n<tr>\n<td><strong>Registratie<\/strong><\/td>\n<td>Absoluut noodzakelijk op\u00a0\u00a0<a tabindex=\"-1\" href=\"https:\/\/www.kitzsteinhorn.at\/de\/service\/aktuell\/events\/woechentliche-sommer\/explorer-tour\" target=\"_blank\" rel=\"noopener\">kitzsteinhorn.at\/explorer<\/a>\u00a0\u00a0of Tel.\u00a0\u00a0<a tabindex=\"-1\" href=\"tel:004365478700\">+43 6547 8700<\/a><\/td>\n<\/tr>\n<\/tbody>\n<\/table>\t\t\t\t\t\t\t\t<\/div>\n\t\t\t\t<\/div>\n\t\t\t\t\t<\/div>\n\t\t<\/div>\n\t\t\t\t\t<\/div>\n\t\t<\/section>\n\t\t\t\t<section class=\"elementor-section elementor-top-section elementor-element elementor-element-4ba289de elementor-section-boxed elementor-section-height-default elementor-section-height-default\" data-id=\"4ba289de\" data-element_type=\"section\" data-e-type=\"section\">\n\t\t\t\t\t\t<div class=\"elementor-container elementor-column-gap-default\">\n\t\t\t\t\t<div class=\"elementor-column elementor-col-100 elementor-top-column elementor-element elementor-element-46deac32\" data-id=\"46deac32\" data-element_type=\"column\" data-e-type=\"column\">\n\t\t\t<div class=\"elementor-widget-wrap elementor-element-populated\">\n\t\t\t\t\t\t<div class=\"elementor-element elementor-element-175d81e7 elementor-icon-list--layout-traditional elementor-list-item-link-full_width elementor-widget elementor-widget-icon-list\" data-id=\"175d81e7\" data-element_type=\"widget\" data-e-type=\"widget\" data-widget_type=\"icon-list.default\">\n\t\t\t\t<div class=\"elementor-widget-container\">\n\t\t\t\t\t\t\t<ul class=\"elementor-icon-list-items\">\n\t\t\t\t\t\t\t<li class=\"elementor-icon-list-item\">\n\t\t\t\t\t\t\t\t\t\t<span class=\"elementor-icon-list-text\">RONDLEIDING DOOR DE NATIONALE PARKGALERIJ<\/span>\n\t\t\t\t\t\t\t\t\t<\/li>\n\t\t\t\t\t\t<\/ul>\n\t\t\t\t\t\t<\/div>\n\t\t\t\t<\/div>\n\t\t\t\t\t<\/div>\n\t\t<\/div>\n\t\t\t\t\t<\/div>\n\t\t<\/section>\n\t\t\t\t<section class=\"elementor-section elementor-top-section elementor-element elementor-element-339e3f62 elementor-section-boxed elementor-section-height-default elementor-section-height-default\" data-id=\"339e3f62\" data-element_type=\"section\" data-e-type=\"section\">\n\t\t\t\t\t\t<div class=\"elementor-container elementor-column-gap-default\">\n\t\t\t\t\t<div class=\"elementor-column elementor-col-100 elementor-top-column elementor-element elementor-element-2a5aa564\" data-id=\"2a5aa564\" data-element_type=\"column\" data-e-type=\"column\">\n\t\t\t<div class=\"elementor-widget-wrap elementor-element-populated\">\n\t\t\t\t\t\t<div class=\"elementor-element elementor-element-2131008a elementor-widget elementor-widget-text-editor\" data-id=\"2131008a\" data-element_type=\"widget\" data-e-type=\"widget\" data-widget_type=\"text-editor.default\">\n\t\t\t\t<div class=\"elementor-widget-container\">\n\t\t\t\t\t\t\t\t\t<p><strong>10 mei t\/m 14 september 2025 &#8211; Kitzsteinhorn Kaprun<\/strong><\/p><p>De gratis rondleiding neemt u mee op een fascinerende reis door het binnenland van de Kitzsteinhorn. Een National Park Ranger neemt u mee langs de hoogtepunten van TOP OF SALZBURG, met speciale aandacht voor de 360 \u200b\u200bmeter lange informatietunnel van de National Park Gallery &#8211; een mystieke belevenis voor alle zintuigen! Aan het einde van de tunnel wacht u vanaf het platform van de National Park Gallery een adembenemend panoramisch uitzicht. Hier kunt u de Gro\u00dfglockner, de hoogste berg van Oostenrijk, bewonderen.\u00a0<\/p>\t\t\t\t\t\t\t\t<\/div>\n\t\t\t\t<\/div>\n\t\t\t\t\t<\/div>\n\t\t<\/div>\n\t\t\t\t\t<\/div>\n\t\t<\/section>\n\t\t\t\t<section class=\"elementor-section elementor-top-section elementor-element elementor-element-4890b0c4 elementor-section-boxed elementor-section-height-default elementor-section-height-default\" data-id=\"4890b0c4\" data-element_type=\"section\" data-e-type=\"section\">\n\t\t\t\t\t\t<div class=\"elementor-container elementor-column-gap-default\">\n\t\t\t\t\t<div class=\"elementor-column elementor-col-50 elementor-top-column elementor-element elementor-element-6499ad2e\" data-id=\"6499ad2e\" data-element_type=\"column\" data-e-type=\"column\">\n\t\t\t<div class=\"elementor-widget-wrap elementor-element-populated\">\n\t\t\t\t\t\t<div class=\"elementor-element elementor-element-5ec7bcb elementor-widget elementor-widget-image\" data-id=\"5ec7bcb\" data-element_type=\"widget\" data-e-type=\"widget\" data-widget_type=\"image.default\">\n\t\t\t\t<div class=\"elementor-widget-container\">\n\t\t\t\t\t\t\t\t\t\t\t\t\t\t\t<img loading=\"lazy\" decoding=\"async\" width=\"550\" height=\"370\" src=\"https:\/\/haus-piesendorf.gaeste-mappe.at\/wp-content\/uploads\/2025\/04\/NP-Gallery.webp\" class=\"attachment-full size-full wp-image-15222\" alt=\"\" srcset=\"https:\/\/haus-piesendorf.gaeste-mappe.at\/wp-content\/uploads\/2025\/04\/NP-Gallery.webp 550w, https:\/\/haus-piesendorf.gaeste-mappe.at\/wp-content\/uploads\/2025\/04\/NP-Gallery-300x202.webp 300w, https:\/\/haus-piesendorf.gaeste-mappe.at\/wp-content\/uploads\/2025\/04\/NP-Gallery-18x12.webp 18w\" sizes=\"(max-width: 550px) 100vw, 550px\" \/>\t\t\t\t\t\t\t\t\t\t\t\t\t\t\t<\/div>\n\t\t\t\t<\/div>\n\t\t\t\t\t<\/div>\n\t\t<\/div>\n\t\t\t\t<div class=\"elementor-column elementor-col-50 elementor-top-column elementor-element elementor-element-32401edf\" data-id=\"32401edf\" data-element_type=\"column\" data-e-type=\"column\">\n\t\t\t<div class=\"elementor-widget-wrap elementor-element-populated\">\n\t\t\t\t\t\t<div class=\"elementor-element elementor-element-5736761d elementor-widget elementor-widget-text-editor\" data-id=\"5736761d\" data-element_type=\"widget\" data-e-type=\"widget\" data-widget_type=\"text-editor.default\">\n\t\t\t\t<div class=\"elementor-widget-container\">\n\t\t\t\t\t\t\t\t\t<div style=\"overflow-x: auto;\">\n<table>\n<tbody>\n<tr>\n<td><strong>Ontmoetingspunt<\/strong><\/td>\n<td><strong>tot 27 juni:<\/strong>\u00a0\u00a0dagelijks om 10:30 &amp; 13:00 uur\n<strong>vanaf 28 juni:<\/strong>\u00a0\u00a0dagelijks om 13:00 uur\nPanoramaplatform &#8220;TOP OF SALZBURG&#8221;<\/td>\n<\/tr>\n<tr>\n<td><strong>Kennisgeving<\/strong><\/td>\n<td>De tour is geannuleerd van 11 tot en met 13 juni en op 17 en 18 juni<\/td>\n<\/tr>\n<tr>\n<td><strong>Duur<\/strong><\/td>\n<td>ongeveer 40 minuten<\/td>\n<\/tr>\n<tr>\n<td><strong>Kosten<\/strong><\/td>\n<td>Gratis rondleiding! Liftticket vereist!<\/td>\n<\/tr>\n<tr>\n<td><strong>Registratie<\/strong><\/td>\n<td>niet vereist<\/td>\n<\/tr>\n<\/tbody>\n<\/table>\t\t\t\t\t\t\t\t<\/div>\n\t\t\t\t<\/div>\n\t\t\t\t\t<\/div>\n\t\t<\/div>\n\t\t\t\t\t<\/div>\n\t\t<\/section>\n\t\t\t\t<section class=\"elementor-section elementor-top-section elementor-element elementor-element-2fc883cc elementor-section-boxed elementor-section-height-default elementor-section-height-default\" data-id=\"2fc883cc\" data-element_type=\"section\" data-e-type=\"section\">\n\t\t\t\t\t\t<div class=\"elementor-container elementor-column-gap-default\">\n\t\t\t\t\t<div class=\"elementor-column elementor-col-100 elementor-top-column elementor-element elementor-element-3d41129b\" data-id=\"3d41129b\" data-element_type=\"column\" data-e-type=\"column\" id=\"mafr\">\n\t\t\t<div class=\"elementor-widget-wrap elementor-element-populated\">\n\t\t\t\t\t\t<div class=\"elementor-element elementor-element-267a43a7 elementor-widget elementor-widget-heading\" data-id=\"267a43a7\" data-element_type=\"widget\" data-e-type=\"widget\" data-widget_type=\"heading.default\">\n\t\t\t\t<div class=\"elementor-widget-container\">\n\t\t\t\t\t<h2 class=\"elementor-heading-title elementor-size-default\">Maandag tot en met vrijdag<\/h2>\t\t\t\t<\/div>\n\t\t\t\t<\/div>\n\t\t\t\t\t<\/div>\n\t\t<\/div>\n\t\t\t\t\t<\/div>\n\t\t<\/section>\n\t\t\t\t<section class=\"elementor-section elementor-top-section elementor-element elementor-element-4161cf87 elementor-section-boxed elementor-section-height-default elementor-section-height-default\" data-id=\"4161cf87\" data-element_type=\"section\" data-e-type=\"section\">\n\t\t\t\t\t\t<div class=\"elementor-container elementor-column-gap-default\">\n\t\t\t\t\t<div class=\"elementor-column elementor-col-100 elementor-top-column elementor-element elementor-element-1caae4c5\" data-id=\"1caae4c5\" data-element_type=\"column\" data-e-type=\"column\">\n\t\t\t<div class=\"elementor-widget-wrap elementor-element-populated\">\n\t\t\t\t\t\t<div class=\"elementor-element elementor-element-407d2cf7 elementor-icon-list--layout-traditional elementor-list-item-link-full_width elementor-widget elementor-widget-icon-list\" data-id=\"407d2cf7\" data-element_type=\"widget\" data-e-type=\"widget\" data-widget_type=\"icon-list.default\">\n\t\t\t\t<div class=\"elementor-widget-container\">\n\t\t\t\t\t\t\t<ul class=\"elementor-icon-list-items\">\n\t\t\t\t\t\t\t<li class=\"elementor-icon-list-item\">\n\t\t\t\t\t\t\t\t\t\t<span class=\"elementor-icon-list-text\">SCHAPENWOL SPINNEN met een houten spinnewiel<\/span>\n\t\t\t\t\t\t\t\t\t<\/li>\n\t\t\t\t\t\t<\/ul>\n\t\t\t\t\t\t<\/div>\n\t\t\t\t<\/div>\n\t\t\t\t\t<\/div>\n\t\t<\/div>\n\t\t\t\t\t<\/div>\n\t\t<\/section>\n\t\t\t\t<section class=\"elementor-section elementor-top-section elementor-element elementor-element-1923d6a8 elementor-section-boxed elementor-section-height-default elementor-section-height-default\" data-id=\"1923d6a8\" data-element_type=\"section\" data-e-type=\"section\">\n\t\t\t\t\t\t<div class=\"elementor-container elementor-column-gap-default\">\n\t\t\t\t\t<div class=\"elementor-column elementor-col-100 elementor-top-column elementor-element elementor-element-2e568f62\" data-id=\"2e568f62\" data-element_type=\"column\" data-e-type=\"column\">\n\t\t\t<div class=\"elementor-widget-wrap elementor-element-populated\">\n\t\t\t\t\t\t<div class=\"elementor-element elementor-element-79340f9c elementor-widget elementor-widget-text-editor\" data-id=\"79340f9c\" data-element_type=\"widget\" data-e-type=\"widget\" data-widget_type=\"text-editor.default\">\n\t\t\t\t<div class=\"elementor-widget-container\">\n\t\t\t\t\t\t\t\t\t<p><strong><span>Mei tot half oktober 2025 &#8211; Piesendorf<\/span><\/strong><\/p><p><span>Wil jij het eeuwenoude ambacht van het spinnen leren en je verdiepen in de wereld van wol? Je kunt zelf je eerste pogingen doen om te spinnen op het houten spinnewiel en daarbij interessante weetjes over de materialen leren. Ontdek een eeuwenoud ambacht dat al bestaat sinds de mens kleding begon te dragen!\u00a0<\/span><\/p>\t\t\t\t\t\t\t\t<\/div>\n\t\t\t\t<\/div>\n\t\t\t\t\t<\/div>\n\t\t<\/div>\n\t\t\t\t\t<\/div>\n\t\t<\/section>\n\t\t\t\t<section class=\"elementor-section elementor-top-section elementor-element elementor-element-79ad93dc elementor-section-boxed elementor-section-height-default elementor-section-height-default\" data-id=\"79ad93dc\" data-element_type=\"section\" data-e-type=\"section\">\n\t\t\t\t\t\t<div class=\"elementor-container elementor-column-gap-default\">\n\t\t\t\t\t<div class=\"elementor-column elementor-col-50 elementor-top-column elementor-element elementor-element-374ce33b\" data-id=\"374ce33b\" data-element_type=\"column\" data-e-type=\"column\">\n\t\t\t<div class=\"elementor-widget-wrap elementor-element-populated\">\n\t\t\t\t\t\t<div class=\"elementor-element elementor-element-304d7361 elementor-widget elementor-widget-image\" data-id=\"304d7361\" data-element_type=\"widget\" data-e-type=\"widget\" data-widget_type=\"image.default\">\n\t\t\t\t<div class=\"elementor-widget-container\">\n\t\t\t\t\t\t\t\t\t\t\t\t\t\t\t<img loading=\"lazy\" decoding=\"async\" width=\"550\" height=\"370\" src=\"https:\/\/haus-piesendorf.gaeste-mappe.at\/wp-content\/uploads\/2025\/04\/spinnen.webp\" class=\"attachment-full size-full wp-image-15234\" alt=\"\" srcset=\"https:\/\/haus-piesendorf.gaeste-mappe.at\/wp-content\/uploads\/2025\/04\/spinnen.webp 550w, https:\/\/haus-piesendorf.gaeste-mappe.at\/wp-content\/uploads\/2025\/04\/spinnen-300x202.webp 300w, https:\/\/haus-piesendorf.gaeste-mappe.at\/wp-content\/uploads\/2025\/04\/spinnen-18x12.webp 18w\" sizes=\"(max-width: 550px) 100vw, 550px\" \/>\t\t\t\t\t\t\t\t\t\t\t\t\t\t\t<\/div>\n\t\t\t\t<\/div>\n\t\t\t\t\t<\/div>\n\t\t<\/div>\n\t\t\t\t<div class=\"elementor-column elementor-col-50 elementor-top-column elementor-element elementor-element-296e09e0\" data-id=\"296e09e0\" data-element_type=\"column\" data-e-type=\"column\">\n\t\t\t<div class=\"elementor-widget-wrap elementor-element-populated\">\n\t\t\t\t\t\t<div class=\"elementor-element elementor-element-5ed86970 elementor-widget elementor-widget-text-editor\" data-id=\"5ed86970\" data-element_type=\"widget\" data-e-type=\"widget\" data-widget_type=\"text-editor.default\">\n\t\t\t\t<div class=\"elementor-widget-container\">\n\t\t\t\t\t\t\t\t\t<div style=\"overflow-x: auto;\">\n<table>\n<tbody>\n<tr>\n<td>\n<p class=\"lead\"><strong>Ontmoetingspunt<\/strong><\/p>\n<\/td>\n<td>Tijd op aanvraag &#8211; Biologische boerderij Dietlgut<\/td>\n<\/tr>\n<tr>\n<td>\n<p class=\"lead\"><strong>Duur<\/strong><\/p>\n<\/td>\n<td>\n<p class=\"lead\">ongeveer 1,5 uur<\/p>\n<\/td>\n<\/tr>\n<tr>\n<td>\n<p class=\"lead\"><strong>Kosten<\/strong><\/p>\n<\/td>\n<td>\n<p class=\"lead\">per persoon \u20ac 25,00 (incl. materiaal)<\/p>\n<\/td>\n<\/tr>\n<tr>\n<td>\n<p class=\"lead\"><strong>korting<\/strong><\/p>\n<\/td>\n<td>\n<p class=\"lead\">met de Piesendorf Niedernsill gastenkaart per persoon \u20ac 13,00 (incl. materiaal)<\/p>\n<\/td>\n<\/tr>\n<tr>\n<td>\n<p class=\"lead\"><strong>Deelnemer<\/strong><\/p>\n<\/td>\n<td>\n<p class=\"lead\">maximaal 4 personen<\/p>\n<\/td>\n<\/tr>\n<tr>\n<td>\n<p class=\"lead\"><strong>Registratie<\/strong><\/p>\n<\/td>\n<td>\n<p class=\"lead\">Toeristenbureau Piesendorf Tel.\u00a0\u00a0<a tabindex=\"-1\" href=\"tel:004365497239\">+43 6549 7239<\/a><\/p>\n<\/td>\n<\/tr>\n<\/tbody>\n<\/table>\t\t\t\t\t\t\t\t<\/div>\n\t\t\t\t<\/div>\n\t\t\t\t\t<\/div>\n\t\t<\/div>\n\t\t\t\t\t<\/div>\n\t\t<\/section>\n\t\t\t\t<section class=\"elementor-section elementor-top-section elementor-element elementor-element-1b211af elementor-section-boxed elementor-section-height-default elementor-section-height-default\" data-id=\"1b211af\" data-element_type=\"section\" data-e-type=\"section\">\n\t\t\t\t\t\t<div class=\"elementor-container elementor-column-gap-default\">\n\t\t\t\t\t<div class=\"elementor-column elementor-col-100 elementor-top-column elementor-element elementor-element-64ca83a2\" data-id=\"64ca83a2\" data-element_type=\"column\" data-e-type=\"column\">\n\t\t\t<div class=\"elementor-widget-wrap elementor-element-populated\">\n\t\t\t\t\t\t<div class=\"elementor-element elementor-element-7bfdd7d2 elementor-icon-list--layout-traditional elementor-list-item-link-full_width elementor-widget elementor-widget-icon-list\" data-id=\"7bfdd7d2\" data-element_type=\"widget\" data-e-type=\"widget\" data-widget_type=\"icon-list.default\">\n\t\t\t\t<div class=\"elementor-widget-container\">\n\t\t\t\t\t\t\t<ul class=\"elementor-icon-list-items\">\n\t\t\t\t\t\t\t<li class=\"elementor-icon-list-item\">\n\t\t\t\t\t\t\t\t\t\t<span class=\"elementor-icon-list-text\">VILTEN - Het op ambachtelijke wijze verwerken van schapenwol tot vilt<\/span>\n\t\t\t\t\t\t\t\t\t<\/li>\n\t\t\t\t\t\t<\/ul>\n\t\t\t\t\t\t<\/div>\n\t\t\t\t<\/div>\n\t\t\t\t\t<\/div>\n\t\t<\/div>\n\t\t\t\t\t<\/div>\n\t\t<\/section>\n\t\t\t\t<section class=\"elementor-section elementor-top-section elementor-element elementor-element-184f12d7 elementor-section-boxed elementor-section-height-default elementor-section-height-default\" data-id=\"184f12d7\" data-element_type=\"section\" data-e-type=\"section\">\n\t\t\t\t\t\t<div class=\"elementor-container elementor-column-gap-default\">\n\t\t\t\t\t<div class=\"elementor-column elementor-col-100 elementor-top-column elementor-element elementor-element-7dfafe1c\" data-id=\"7dfafe1c\" data-element_type=\"column\" data-e-type=\"column\">\n\t\t\t<div class=\"elementor-widget-wrap elementor-element-populated\">\n\t\t\t\t\t\t<div class=\"elementor-element elementor-element-60e1081d elementor-widget elementor-widget-text-editor\" data-id=\"60e1081d\" data-element_type=\"widget\" data-e-type=\"widget\" data-widget_type=\"text-editor.default\">\n\t\t\t\t<div class=\"elementor-widget-container\">\n\t\t\t\t\t\t\t\t\t<p><strong><span>Mei tot half oktober 2025 &#8211; Piesendorf<\/span><\/strong><\/p><p><span>Voor iedereen die graag creatief bezig is met wol en water. Of het nu gaat om pantoffels, een hoed of een zitkussen: creativiteit kent geen grenzen. Barbara laat je stap voor stap zien hoe je van ruwe schapenwol originele vakantiesouvenirs maakt die je mee naar huis kunt nemen.<\/span><\/p>\t\t\t\t\t\t\t\t<\/div>\n\t\t\t\t<\/div>\n\t\t\t\t\t<\/div>\n\t\t<\/div>\n\t\t\t\t\t<\/div>\n\t\t<\/section>\n\t\t\t\t<section class=\"elementor-section elementor-top-section elementor-element elementor-element-7b4c6bf0 elementor-section-boxed elementor-section-height-default elementor-section-height-default\" data-id=\"7b4c6bf0\" data-element_type=\"section\" data-e-type=\"section\">\n\t\t\t\t\t\t<div class=\"elementor-container elementor-column-gap-default\">\n\t\t\t\t\t<div class=\"elementor-column elementor-col-50 elementor-top-column elementor-element elementor-element-2f043347\" data-id=\"2f043347\" data-element_type=\"column\" data-e-type=\"column\">\n\t\t\t<div class=\"elementor-widget-wrap elementor-element-populated\">\n\t\t\t\t\t\t<div class=\"elementor-element elementor-element-270ce03e elementor-widget elementor-widget-image\" data-id=\"270ce03e\" data-element_type=\"widget\" data-e-type=\"widget\" data-widget_type=\"image.default\">\n\t\t\t\t<div class=\"elementor-widget-container\">\n\t\t\t\t\t\t\t\t\t\t\t\t\t\t\t<img loading=\"lazy\" decoding=\"async\" width=\"550\" height=\"370\" src=\"https:\/\/haus-piesendorf.gaeste-mappe.at\/wp-content\/uploads\/2025\/04\/filzen.webp\" class=\"attachment-full size-full wp-image-15235\" alt=\"\" srcset=\"https:\/\/haus-piesendorf.gaeste-mappe.at\/wp-content\/uploads\/2025\/04\/filzen.webp 550w, https:\/\/haus-piesendorf.gaeste-mappe.at\/wp-content\/uploads\/2025\/04\/filzen-300x202.webp 300w, https:\/\/haus-piesendorf.gaeste-mappe.at\/wp-content\/uploads\/2025\/04\/filzen-18x12.webp 18w\" sizes=\"(max-width: 550px) 100vw, 550px\" \/>\t\t\t\t\t\t\t\t\t\t\t\t\t\t\t<\/div>\n\t\t\t\t<\/div>\n\t\t\t\t\t<\/div>\n\t\t<\/div>\n\t\t\t\t<div class=\"elementor-column elementor-col-50 elementor-top-column elementor-element elementor-element-36499337\" data-id=\"36499337\" data-element_type=\"column\" data-e-type=\"column\">\n\t\t\t<div class=\"elementor-widget-wrap elementor-element-populated\">\n\t\t\t\t\t\t<div class=\"elementor-element elementor-element-256cc081 elementor-widget elementor-widget-text-editor\" data-id=\"256cc081\" data-element_type=\"widget\" data-e-type=\"widget\" data-widget_type=\"text-editor.default\">\n\t\t\t\t<div class=\"elementor-widget-container\">\n\t\t\t\t\t\t\t\t\t<div style=\"overflow-x: auto;\">\n<table>\n<tbody>\n<tr>\n<td><strong>Ontmoetingspunt<\/strong><\/td>\n<td>Tijd op aanvraag &#8211; Biologische boerderij Dietlgut<\/td>\n<\/tr>\n<tr>\n<td><strong>Duur<\/strong><\/td>\n<td>ongeveer 2,5 uur<\/td>\n<\/tr>\n<tr>\n<td><strong>Kosten<\/strong><\/td>\n<td>per persoon \u20ac 50,00 (incl. materiaal)<\/td>\n<\/tr>\n<tr>\n<td><strong>Deelnemer<\/strong><\/td>\n<td>maximaal 5 personen<\/td>\n<\/tr>\n<tr>\n<td><strong>Registratie<\/strong><\/td>\n<td>Toeristenbureau Piesendorf Tel.\u00a0\u00a0<a href=\"tel:004365497239\">+43 6549 7239<\/a><\/td>\n<\/tr>\n<\/tbody>\n<\/table>\t\t\t\t\t\t\t\t<\/div>\n\t\t\t\t<\/div>\n\t\t\t\t\t<\/div>\n\t\t<\/div>\n\t\t\t\t\t<\/div>\n\t\t<\/section>\n\t\t\t\t<\/div>\n\t\t","protected":false},"excerpt":{"rendered":"<p>Zomerprogramma Maandag Dinsdag Woensdag Donderdag Vrijdag Zondag Dagelijks Ma-Fr Maandag MEET A RANGER 7 juli tot 5 september 2025 &#8211; Nationaal Park Valleien Van maandag tot en met vrijdag kunt u de rangers van het Nationaal Park Hohe Tauern direct in hun natuurlijke habitat ontmoeten: in de adembenemende dalen van het Nationaal Park Salzburg.\u00a0 Hier [&hellip;]<\/p>\n","protected":false},"author":2,"featured_media":0,"parent":0,"menu_order":0,"comment_status":"closed","ping_status":"closed","template":"","meta":{"site-sidebar-layout":"no-sidebar","site-content-layout":"page-builder","ast-site-content-layout":"default","site-content-style":"default","site-sidebar-style":"default","ast-global-header-display":"","ast-banner-title-visibility":"","ast-main-header-display":"","ast-hfb-above-header-display":"","ast-hfb-below-header-display":"","ast-hfb-mobile-header-display":"","site-post-title":"disabled","ast-breadcrumbs-content":"","ast-featured-img":"disabled","footer-sml-layout":"","ast-disable-related-posts":"","theme-transparent-header-meta":"","adv-header-id-meta":"","stick-header-meta":"","header-above-stick-meta":"","header-main-stick-meta":"","header-below-stick-meta":"","astra-migrate-meta-layouts":"default","ast-page-background-enabled":"default","ast-page-background-meta":{"desktop":{"background-color":"var(--ast-global-color-4)","background-image":"","background-repeat":"repeat","background-position":"center center","background-size":"auto","background-attachment":"scroll","background-type":"","background-media":"","overlay-type":"","overlay-color":"","overlay-opacity":"","overlay-gradient":""},"tablet":{"background-color":"","background-image":"","background-repeat":"repeat","background-position":"center center","background-size":"auto","background-attachment":"scroll","background-type":"","background-media":"","overlay-type":"","overlay-color":"","overlay-opacity":"","overlay-gradient":""},"mobile":{"background-color":"","background-image":"","background-repeat":"repeat","background-position":"center center","background-size":"auto","background-attachment":"scroll","background-type":"","background-media":"","overlay-type":"","overlay-color":"","overlay-opacity":"","overlay-gradient":""}},"ast-content-background-meta":{"desktop":{"background-color":"var(--ast-global-color-5)","background-image":"","background-repeat":"repeat","background-position":"center center","background-size":"auto","background-attachment":"scroll","background-type":"","background-media":"","overlay-type":"","overlay-color":"","overlay-opacity":"","overlay-gradient":""},"tablet":{"background-color":"var(--ast-global-color-5)","background-image":"","background-repeat":"repeat","background-position":"center center","background-size":"auto","background-attachment":"scroll","background-type":"","background-media":"","overlay-type":"","overlay-color":"","overlay-opacity":"","overlay-gradient":""},"mobile":{"background-color":"var(--ast-global-color-5)","background-image":"","background-repeat":"repeat","background-position":"center center","background-size":"auto","background-attachment":"scroll","background-type":"","background-media":"","overlay-type":"","overlay-color":"","overlay-opacity":"","overlay-gradient":""}},"footnotes":""},"class_list":["post-6619","page","type-page","status-publish","hentry"],"_links":{"self":[{"href":"https:\/\/haus-piesendorf.gaeste-mappe.at\/de\/wp-json\/wp\/v2\/pages\/6619","targetHints":{"allow":["GET"]}}],"collection":[{"href":"https:\/\/haus-piesendorf.gaeste-mappe.at\/de\/wp-json\/wp\/v2\/pages"}],"about":[{"href":"https:\/\/haus-piesendorf.gaeste-mappe.at\/de\/wp-json\/wp\/v2\/types\/page"}],"author":[{"embeddable":true,"href":"https:\/\/haus-piesendorf.gaeste-mappe.at\/de\/wp-json\/wp\/v2\/users\/2"}],"replies":[{"embeddable":true,"href":"https:\/\/haus-piesendorf.gaeste-mappe.at\/de\/wp-json\/wp\/v2\/comments?post=6619"}],"version-history":[{"count":0,"href":"https:\/\/haus-piesendorf.gaeste-mappe.at\/de\/wp-json\/wp\/v2\/pages\/6619\/revisions"}],"wp:attachment":[{"href":"https:\/\/haus-piesendorf.gaeste-mappe.at\/de\/wp-json\/wp\/v2\/media?parent=6619"}],"curies":[{"name":"wp","href":"https:\/\/api.w.org\/{rel}","templated":true}]}}