{"id":15484,"date":"2025-07-13T14:57:06","date_gmt":"2025-07-13T14:57:06","guid":{"rendered":"https:\/\/haus-piesendorf.gaeste-mappe.at\/?page_id=15484"},"modified":"2025-07-13T16:07:19","modified_gmt":"2025-07-13T16:07:19","slug":"radfahren","status":"publish","type":"page","link":"https:\/\/haus-piesendorf.gaeste-mappe.at\/de\/fahrradfahren\/","title":{"rendered":"Fahrradfahren"},"content":{"rendered":"<div data-elementor-type=\"wp-page\" data-elementor-id=\"15484\" class=\"elementor elementor-15484\" data-elementor-post-type=\"page\">\n\t\t\t\t\t\t<section class=\"elementor-section elementor-top-section elementor-element elementor-element-3473c647 elementor-section-boxed elementor-section-height-default elementor-section-height-default\" data-id=\"3473c647\" data-element_type=\"section\" data-e-type=\"section\" data-settings=\"{&quot;background_background&quot;:&quot;classic&quot;}\">\n\t\t\t\t\t\t<div class=\"elementor-container elementor-column-gap-default\">\n\t\t\t\t\t<div class=\"elementor-column elementor-col-100 elementor-top-column elementor-element elementor-element-76038f17\" data-id=\"76038f17\" data-element_type=\"column\" data-e-type=\"column\">\n\t\t\t<div class=\"elementor-widget-wrap elementor-element-populated\">\n\t\t\t\t\t\t<div class=\"elementor-element elementor-element-7b20a10a kopf elementor-icon-list--layout-traditional elementor-list-item-link-full_width elementor-widget elementor-widget-icon-list\" data-id=\"7b20a10a\" data-element_type=\"widget\" data-e-type=\"widget\" data-widget_type=\"icon-list.default\">\n\t\t\t\t<div class=\"elementor-widget-container\">\n\t\t\t\t\t\t\t<ul class=\"elementor-icon-list-items\">\n\t\t\t\t\t\t\t<li class=\"elementor-icon-list-item\">\n\t\t\t\t\t\t\t\t\t\t\t<span class=\"elementor-icon-list-icon\">\n\t\t\t\t\t\t\t<svg xmlns=\"http:\/\/www.w3.org\/2000\/svg\" id=\"Layer_3\" data-name=\"Layer 3\" viewbox=\"0 0 64 64\" width=\"512\" height=\"512\"><path d=\"M51,27a10.965,10.965,0,0,0-3.538.592L48.917,34.5l2.79,2.79-1.414,1.414-3-3a1.008,1.008,0,0,1-.272-.5l-1.427-6.78A10.992,10.992,0,1,0,51,27Z\"><\/path><path d=\"M23.95,37a10.958,10.958,0,0,0-3.066-6.662L15.174,37Z\"><\/path><path d=\"M12.091,38.418a1,1,0,0,1,.15-1.069l7.123-8.31A10.995,10.995,0,1,0,23.95,39H13A1,1,0,0,1,12.091,38.418Z\"><\/path><path d=\"M28.161,40.354,27.279,43H25v2h5V43h-.612l.668-2.006C30.037,41,30.019,41,30,41A2.949,2.949,0,0,1,28.161,40.354Z\"><\/path><path d=\"M45.232,17h5.1a1.667,1.667,0,0,1,1,3L48.4,22.2l1.2,1.6,2.933-2.2a3.667,3.667,0,0,0-2.2-6.6H44a1,1,0,0,0-.979,1.206L44.452,23H26V19.5a4.735,4.735,0,0,1,2.118-.5H30V17a2,2,0,0,0-2-2H22.121a2.121,2.121,0,0,0-1.5,3.621l.048.048A4.545,4.545,0,0,0,23.882,20c.04,0,.079-.006.118-.007V23.63l-4.636,5.409a11.022,11.022,0,0,1,1.52,1.3l3.754-4.379,3.474,9.727A2.983,2.983,0,0,0,27.184,37H23.95c.029.33.05.662.05,1s-.021.67-.05,1h3.234a3.018,3.018,0,0,0,.977,1.354l.89-2.67,1.9.632-.893,2.678a2.991,2.991,0,0,0,2.694-4.188L45.1,26.1l.49,2.326a11,11,0,0,1,1.868-.834ZM31.377,35.35A2.964,2.964,0,0,0,30,35h-.009L26.419,25h16.9Z\"><\/path><\/svg>\t\t\t\t\t\t<\/span>\n\t\t\t\t\t\t\t\t\t\t<span class=\"elementor-icon-list-text\">Radfahren<\/span>\n\t\t\t\t\t\t\t\t\t<\/li>\n\t\t\t\t\t\t<\/ul>\n\t\t\t\t\t\t<\/div>\n\t\t\t\t<\/div>\n\t\t\t\t\t<\/div>\n\t\t<\/div>\n\t\t\t\t\t<\/div>\n\t\t<\/section>\n\t\t\t\t<section class=\"elementor-section elementor-top-section elementor-element elementor-element-3c5c77fc elementor-section-boxed elementor-section-height-default elementor-section-height-default\" data-id=\"3c5c77fc\" data-element_type=\"section\" data-e-type=\"section\">\n\t\t\t\t\t\t<div class=\"elementor-container elementor-column-gap-default\">\n\t\t\t\t\t<div class=\"elementor-column elementor-col-100 elementor-top-column elementor-element elementor-element-1e2f282\" data-id=\"1e2f282\" data-element_type=\"column\" data-e-type=\"column\">\n\t\t\t<div class=\"elementor-widget-wrap elementor-element-populated\">\n\t\t\t\t\t\t<div class=\"elementor-element elementor-element-f4fe969 elementor-widget elementor-widget-text-editor\" data-id=\"f4fe969\" data-element_type=\"widget\" data-e-type=\"widget\" data-widget_type=\"text-editor.default\">\n\t\t\t\t<div class=\"elementor-widget-container\">\n\t\t\t\t\t\t\t\t\t<p class=\"translation-block\">Wir empfehlen das Tragen eines Helms beim Radfahren, insbesondere in den Bergen. Fahren Sie niemals mit einem Citybike in die Berge, sondern w\u00e4hlen Sie ein E-Mountainbike mit breiten Reifen.<br><br> Der Abstieg in die Berge erfordert etwas Radfahrerfahrung, also Vorsicht. Eine gef\u00fchrte Radtour ist unbedingt zu empfehlen.<\/p>\t\t\t\t\t\t\t\t<\/div>\n\t\t\t\t<\/div>\n\t\t\t\t\t<\/div>\n\t\t<\/div>\n\t\t\t\t\t<\/div>\n\t\t<\/section>\n\t\t\t\t<section class=\"elementor-section elementor-top-section elementor-element elementor-element-369fb2da elementor-section-boxed elementor-section-height-default elementor-section-height-default\" data-id=\"369fb2da\" data-element_type=\"section\" data-e-type=\"section\">\n\t\t\t\t\t\t<div class=\"elementor-container elementor-column-gap-default\">\n\t\t\t\t\t<div class=\"elementor-column elementor-col-100 elementor-top-column elementor-element elementor-element-5451e3cb\" data-id=\"5451e3cb\" data-element_type=\"column\" data-e-type=\"column\">\n\t\t\t<div class=\"elementor-widget-wrap elementor-element-populated\">\n\t\t\t\t\t\t<div class=\"elementor-element elementor-element-2b73c807 elementor-icon-list--layout-traditional elementor-list-item-link-full_width elementor-widget elementor-widget-icon-list\" data-id=\"2b73c807\" data-element_type=\"widget\" data-e-type=\"widget\" data-widget_type=\"icon-list.default\">\n\t\t\t\t<div class=\"elementor-widget-container\">\n\t\t\t\t\t\t\t<ul class=\"elementor-icon-list-items\">\n\t\t\t\t\t\t\t<li class=\"elementor-icon-list-item\">\n\t\t\t\t\t\t\t\t\t\t\t<span class=\"elementor-icon-list-icon\">\n\t\t\t\t\t\t\t<svg xmlns=\"http:\/\/www.w3.org\/2000\/svg\" id=\"Layer_3\" data-name=\"Layer 3\" viewbox=\"0 0 64 64\" width=\"512\" height=\"512\"><path d=\"M51,27a10.965,10.965,0,0,0-3.538.592L48.917,34.5l2.79,2.79-1.414,1.414-3-3a1.008,1.008,0,0,1-.272-.5l-1.427-6.78A10.992,10.992,0,1,0,51,27Z\"><\/path><path d=\"M23.95,37a10.958,10.958,0,0,0-3.066-6.662L15.174,37Z\"><\/path><path d=\"M12.091,38.418a1,1,0,0,1,.15-1.069l7.123-8.31A10.995,10.995,0,1,0,23.95,39H13A1,1,0,0,1,12.091,38.418Z\"><\/path><path d=\"M28.161,40.354,27.279,43H25v2h5V43h-.612l.668-2.006C30.037,41,30.019,41,30,41A2.949,2.949,0,0,1,28.161,40.354Z\"><\/path><path d=\"M45.232,17h5.1a1.667,1.667,0,0,1,1,3L48.4,22.2l1.2,1.6,2.933-2.2a3.667,3.667,0,0,0-2.2-6.6H44a1,1,0,0,0-.979,1.206L44.452,23H26V19.5a4.735,4.735,0,0,1,2.118-.5H30V17a2,2,0,0,0-2-2H22.121a2.121,2.121,0,0,0-1.5,3.621l.048.048A4.545,4.545,0,0,0,23.882,20c.04,0,.079-.006.118-.007V23.63l-4.636,5.409a11.022,11.022,0,0,1,1.52,1.3l3.754-4.379,3.474,9.727A2.983,2.983,0,0,0,27.184,37H23.95c.029.33.05.662.05,1s-.021.67-.05,1h3.234a3.018,3.018,0,0,0,.977,1.354l.89-2.67,1.9.632-.893,2.678a2.991,2.991,0,0,0,2.694-4.188L45.1,26.1l.49,2.326a11,11,0,0,1,1.868-.834ZM31.377,35.35A2.964,2.964,0,0,0,30,35h-.009L26.419,25h16.9Z\"><\/path><\/svg>\t\t\t\t\t\t<\/span>\n\t\t\t\t\t\t\t\t\t\t<span class=\"elementor-icon-list-text\">Fahrradverleih<\/span>\n\t\t\t\t\t\t\t\t\t<\/li>\n\t\t\t\t\t\t<\/ul>\n\t\t\t\t\t\t<\/div>\n\t\t\t\t<\/div>\n\t\t\t\t\t<\/div>\n\t\t<\/div>\n\t\t\t\t\t<\/div>\n\t\t<\/section>\n\t\t\t\t<section class=\"elementor-section elementor-top-section elementor-element elementor-element-37fe4b6c elementor-section-boxed elementor-section-height-default elementor-section-height-default\" data-id=\"37fe4b6c\" data-element_type=\"section\" data-e-type=\"section\">\n\t\t\t\t\t\t<div class=\"elementor-container elementor-column-gap-default\">\n\t\t\t\t\t<div class=\"elementor-column elementor-col-100 elementor-top-column elementor-element elementor-element-fdb85d4\" data-id=\"fdb85d4\" data-element_type=\"column\" data-e-type=\"column\">\n\t\t\t<div class=\"elementor-widget-wrap elementor-element-populated\">\n\t\t\t\t\t\t<div class=\"elementor-element elementor-element-7d4d421 elementor-widget elementor-widget-text-editor\" data-id=\"7d4d421\" data-element_type=\"widget\" data-e-type=\"widget\" data-widget_type=\"text-editor.default\">\n\t\t\t\t<div class=\"elementor-widget-container\">\n\t\t\t\t\t\t\t\t\t<p>Wir vermieten mehrere E-Citybikes. Diese eignen sich ideal f\u00fcr flache Strecken (siehe Radtipps). Wir haben auch zwei R\u00fccksitze f\u00fcr Kinder ab 9 Monaten und bis zu 20 kg. Die R\u00e4der sind nicht neu, fahren sich aber immer noch gut. Sie k\u00f6nnen sie gegen eine geringe Geb\u00fchr von 15 \u20ac pro Tag und Fahrrad ausleihen.<\/p><h5><span style=\"color: #5e5e5e;\"><strong>Radverleih in Kaprun<\/strong><\/span><\/h5><p>Fahrradverleih in Kaprun, Pinzgau. Top Mountainbikes &amp; E-Bikes f\u00fcr jedes Abenteuer. Entdecke die sch\u00f6nsten Trails rund um Kaprun mit unseren hochwertigen Leihr\u00e4dern! Egal ob E-MTB f\u00fcr entspannte Ausfahrten oder modernes Enduro-Bike f\u00fcr actionreiche Downhill-Abenteuer \u2013 wir haben das passende Bike f\u00fcr dich. Unsere Marin Bikes aus Kalifornien bieten Fahrspa\u00df und Performance auf h\u00f6chstem Niveau...<\/p><p>G-Out Gartenarbeit<br \/>Gmachlstra\u00dfe 7<br \/>5710 Kaprun<\/p><p>www.g-outtuning.com<\/p>\t\t\t\t\t\t\t\t<\/div>\n\t\t\t\t<\/div>\n\t\t\t\t<div class=\"elementor-element elementor-element-41f9af2 elementor-widget elementor-widget-google_maps\" data-id=\"41f9af2\" data-element_type=\"widget\" data-e-type=\"widget\" data-widget_type=\"google_maps.default\">\n\t\t\t\t<div class=\"elementor-widget-container\">\n\t\t\t\t\t\t\t<div class=\"elementor-custom-embed\">\n\t\t\t<iframe loading=\"lazy\"\n\t\t\t\t\tsrc=\"https:\/\/maps.google.com\/maps?q=G-Out-Tuning%20kaprun&#038;t=m&#038;z=15&#038;output=embed&#038;iwloc=near\"\n\t\t\t\t\ttitle=\"G-Out-Tuning Kaprun\"\n\t\t\t\t\taria-label=\"G-Out-Tuning Kaprun\"\n\t\t\t><\/iframe>\n\t\t<\/div>\n\t\t\t\t\t\t<\/div>\n\t\t\t\t<\/div>\n\t\t\t\t\t<\/div>\n\t\t<\/div>\n\t\t\t\t\t<\/div>\n\t\t<\/section>\n\t\t\t\t<section class=\"elementor-section elementor-top-section elementor-element elementor-element-4fe8b11 elementor-section-boxed elementor-section-height-default elementor-section-height-default\" data-id=\"4fe8b11\" data-element_type=\"section\" data-e-type=\"section\">\n\t\t\t\t\t\t<div class=\"elementor-container elementor-column-gap-default\">\n\t\t\t\t\t<div class=\"elementor-column elementor-col-100 elementor-top-column elementor-element elementor-element-443db6d\" data-id=\"443db6d\" data-element_type=\"column\" data-e-type=\"column\">\n\t\t\t<div class=\"elementor-widget-wrap elementor-element-populated\">\n\t\t\t\t\t\t<div class=\"elementor-element elementor-element-4594528 elementor-widget elementor-widget-text-editor\" data-id=\"4594528\" data-element_type=\"widget\" data-e-type=\"widget\" data-widget_type=\"text-editor.default\">\n\t\t\t\t<div class=\"elementor-widget-container\">\n\t\t\t\t\t\t\t\t\t<h5><span style=\"color: #5e5e5e;\"><strong>Fahrradverleih in Zell am See<\/strong><\/span><\/h5><p><strong>Fahrrad Center Zell am See \u00d6sterreich<\/strong><\/p><p><a href=\"https:\/\/www.fahrrad-center.at\/fahrradverleih-rent-a-bike\/\" target=\"_blank\" rel=\"noopener\">https:\/\/www.fahrrad-center.at\/fahrradverleih-rent-a-bike\/<\/a><\/p><p>Fahrrad-Center Zell am See<br \/>Kitzsteinhornstra\u00dfe 1<br \/>5700 Zell am See \/ Sch\u00fcttdorf<\/p><p>Mobil: 0043 664\/73639936<br \/>Telefon: 0043 6542\/53151<br \/>E-Mail: fahrrad-center@aon.at<\/p>\t\t\t\t\t\t\t\t<\/div>\n\t\t\t\t<\/div>\n\t\t\t\t<div class=\"elementor-element elementor-element-108490b elementor-widget elementor-widget-google_maps\" data-id=\"108490b\" data-element_type=\"widget\" data-e-type=\"widget\" data-widget_type=\"google_maps.default\">\n\t\t\t\t<div class=\"elementor-widget-container\">\n\t\t\t\t\t\t\t<div class=\"elementor-custom-embed\">\n\t\t\t<iframe loading=\"lazy\"\n\t\t\t\t\tsrc=\"https:\/\/maps.google.com\/maps?q=Fahrrad-Center%20Zell%20am%20See%20Kitzsteinhornstra%C3%9Fe%201%205700%20Zell%20am%20See%20%2F%20Sch%C3%BCttdorf&#038;t=m&#038;z=14&#038;output=embed&#038;iwloc=near\"\n\t\t\t\t\ttitle=\"Fahrrad-Center Zell am See Kitzsteinhornstra\u00dfe 1 5700 Zell am See \/ Sch\u00fcttdorf\"\n\t\t\t\t\taria-label=\"Fahrrad-Center Zell am See Kitzsteinhornstra\u00dfe 1 5700 Zell am See \/ Sch\u00fcttdorf\"\n\t\t\t><\/iframe>\n\t\t<\/div>\n\t\t\t\t\t\t<\/div>\n\t\t\t\t<\/div>\n\t\t\t\t\t<\/div>\n\t\t<\/div>\n\t\t\t\t\t<\/div>\n\t\t<\/section>\n\t\t<div class=\"elementor-element elementor-element-a8488d8 e-flex e-con-boxed e-con e-parent\" data-id=\"a8488d8\" data-element_type=\"container\" data-e-type=\"container\">\n\t\t\t\t\t<div class=\"e-con-inner\">\n\t\t\t\t<div class=\"elementor-element elementor-element-2b7a4bf elementor-widget elementor-widget-text-editor\" data-id=\"2b7a4bf\" data-element_type=\"widget\" data-e-type=\"widget\" data-widget_type=\"text-editor.default\">\n\t\t\t\t<div class=\"elementor-widget-container\">\n\t\t\t\t\t\t\t\t\t<p><strong>Brundl Sports<\/strong><\/p><p>Das Unternehmen verf\u00fcgt \u00fcber vier Gesch\u00e4fte in Zell am See und vermietet Fahrr\u00e4der aller Art.<br \/>Genaue Adressen und Preise auf der Homepage<\/p><p><strong>Deutsch:<\/strong> <a href=\"https:\/\/www.bruendl.at\/de\/standorte\/zell-am-see\" target=\"_blank\" rel=\"noopener\">https:\/\/www.bruendl.at\/de\/standorte\/zell-am-see<\/a><br \/><strong>Englisch:<\/strong> <a href=\"https:\/\/www.bruendl.at\/en\/locations\/zell-am-see\" target=\"_blank\" rel=\"noopener\">https:\/\/www.bruendl.at\/en\/locations\/zell-am-see<\/a><\/p>\t\t\t\t\t\t\t\t<\/div>\n\t\t\t\t<\/div>\n\t\t\t\t\t<\/div>\n\t\t\t\t<\/div>\n\t\t\t\t<section class=\"elementor-section elementor-top-section elementor-element elementor-element-f53dd62 elementor-section-boxed elementor-section-height-default elementor-section-height-default\" data-id=\"f53dd62\" data-element_type=\"section\" data-e-type=\"section\">\n\t\t\t\t\t\t<div class=\"elementor-container elementor-column-gap-default\">\n\t\t\t\t\t<div class=\"elementor-column elementor-col-100 elementor-top-column elementor-element elementor-element-0ec07be\" data-id=\"0ec07be\" data-element_type=\"column\" data-e-type=\"column\">\n\t\t\t<div class=\"elementor-widget-wrap elementor-element-populated\">\n\t\t\t\t\t\t<div class=\"elementor-element elementor-element-4867436 elementor-icon-list--layout-traditional elementor-list-item-link-full_width elementor-widget elementor-widget-icon-list\" data-id=\"4867436\" data-element_type=\"widget\" data-e-type=\"widget\" data-widget_type=\"icon-list.default\">\n\t\t\t\t<div class=\"elementor-widget-container\">\n\t\t\t\t\t\t\t<ul class=\"elementor-icon-list-items\">\n\t\t\t\t\t\t\t<li class=\"elementor-icon-list-item\">\n\t\t\t\t\t\t\t\t\t\t\t<span class=\"elementor-icon-list-icon\">\n\t\t\t\t\t\t\t<svg xmlns=\"http:\/\/www.w3.org\/2000\/svg\" id=\"Layer_3\" data-name=\"Layer 3\" viewbox=\"0 0 64 64\" width=\"512\" height=\"512\"><path d=\"M51,27a10.965,10.965,0,0,0-3.538.592L48.917,34.5l2.79,2.79-1.414,1.414-3-3a1.008,1.008,0,0,1-.272-.5l-1.427-6.78A10.992,10.992,0,1,0,51,27Z\"><\/path><path d=\"M23.95,37a10.958,10.958,0,0,0-3.066-6.662L15.174,37Z\"><\/path><path d=\"M12.091,38.418a1,1,0,0,1,.15-1.069l7.123-8.31A10.995,10.995,0,1,0,23.95,39H13A1,1,0,0,1,12.091,38.418Z\"><\/path><path d=\"M28.161,40.354,27.279,43H25v2h5V43h-.612l.668-2.006C30.037,41,30.019,41,30,41A2.949,2.949,0,0,1,28.161,40.354Z\"><\/path><path d=\"M45.232,17h5.1a1.667,1.667,0,0,1,1,3L48.4,22.2l1.2,1.6,2.933-2.2a3.667,3.667,0,0,0-2.2-6.6H44a1,1,0,0,0-.979,1.206L44.452,23H26V19.5a4.735,4.735,0,0,1,2.118-.5H30V17a2,2,0,0,0-2-2H22.121a2.121,2.121,0,0,0-1.5,3.621l.048.048A4.545,4.545,0,0,0,23.882,20c.04,0,.079-.006.118-.007V23.63l-4.636,5.409a11.022,11.022,0,0,1,1.52,1.3l3.754-4.379,3.474,9.727A2.983,2.983,0,0,0,27.184,37H23.95c.029.33.05.662.05,1s-.021.67-.05,1h3.234a3.018,3.018,0,0,0,.977,1.354l.89-2.67,1.9.632-.893,2.678a2.991,2.991,0,0,0,2.694-4.188L45.1,26.1l.49,2.326a11,11,0,0,1,1.868-.834ZM31.377,35.35A2.964,2.964,0,0,0,30,35h-.009L26.419,25h16.9Z\"><\/path><\/svg>\t\t\t\t\t\t<\/span>\n\t\t\t\t\t\t\t\t\t\t<span class=\"elementor-icon-list-text\">Gef\u00fchrte Radtouren<\/span>\n\t\t\t\t\t\t\t\t\t<\/li>\n\t\t\t\t\t\t<\/ul>\n\t\t\t\t\t\t<\/div>\n\t\t\t\t<\/div>\n\t\t\t\t\t<\/div>\n\t\t<\/div>\n\t\t\t\t\t<\/div>\n\t\t<\/section>\n\t\t<div class=\"elementor-element elementor-element-4b68050 e-flex e-con-boxed e-con e-parent\" data-id=\"4b68050\" data-element_type=\"container\" data-e-type=\"container\">\n\t\t\t\t\t<div class=\"e-con-inner\">\n\t\t\t\t<div class=\"elementor-element elementor-element-dd1e062 elementor-widget elementor-widget-text-editor\" data-id=\"dd1e062\" data-element_type=\"widget\" data-e-type=\"widget\" data-widget_type=\"text-editor.default\">\n\t\t\t\t<div class=\"elementor-widget-container\">\n\t\t\t\t\t\t\t\t\t<p>Jeden Dienstag vom 28.06. bis 26.08. E-Bike Radtour zur Hochsonnbergalm <\/p><p><a href=\"https:\/\/www.zellamsee-kaprun.com\/de\/event\/e-bike-tour-hochsonnbergalm~11579\" target=\"_blank\" rel=\"noopener\">https:\/\/www.zellamsee-kaprun.com\/de\/event\/e-bike-tour-hochsonnbergalm~11579<\/a><\/p><p>F\u00fcr viele weitere Touren:<br \/><a href=\"https:\/\/www.einfach-biken.com\/\" target=\"_blank\" rel=\"noopener\">https:\/\/www.einfach-biken.com\/<\/a><\/p>\t\t\t\t\t\t\t\t<\/div>\n\t\t\t\t<\/div>\n\t\t\t\t\t<\/div>\n\t\t\t\t<\/div>\n\t\t\t\t<section class=\"elementor-section elementor-top-section elementor-element elementor-element-8699127 elementor-section-boxed elementor-section-height-default elementor-section-height-default\" data-id=\"8699127\" data-element_type=\"section\" data-e-type=\"section\">\n\t\t\t\t\t\t<div class=\"elementor-container elementor-column-gap-default\">\n\t\t\t\t\t<div class=\"elementor-column elementor-col-100 elementor-top-column elementor-element elementor-element-69ed48b\" data-id=\"69ed48b\" data-element_type=\"column\" data-e-type=\"column\">\n\t\t\t<div class=\"elementor-widget-wrap elementor-element-populated\">\n\t\t\t\t\t\t<div class=\"elementor-element elementor-element-03d8fbd elementor-icon-list--layout-traditional elementor-list-item-link-full_width elementor-widget elementor-widget-icon-list\" data-id=\"03d8fbd\" data-element_type=\"widget\" data-e-type=\"widget\" data-widget_type=\"icon-list.default\">\n\t\t\t\t<div class=\"elementor-widget-container\">\n\t\t\t\t\t\t\t<ul class=\"elementor-icon-list-items\">\n\t\t\t\t\t\t\t<li class=\"elementor-icon-list-item\">\n\t\t\t\t\t\t\t\t\t\t\t<span class=\"elementor-icon-list-icon\">\n\t\t\t\t\t\t\t<svg xmlns=\"http:\/\/www.w3.org\/2000\/svg\" id=\"Layer_3\" data-name=\"Layer 3\" viewbox=\"0 0 64 64\" width=\"512\" height=\"512\"><path d=\"M51,27a10.965,10.965,0,0,0-3.538.592L48.917,34.5l2.79,2.79-1.414,1.414-3-3a1.008,1.008,0,0,1-.272-.5l-1.427-6.78A10.992,10.992,0,1,0,51,27Z\"><\/path><path d=\"M23.95,37a10.958,10.958,0,0,0-3.066-6.662L15.174,37Z\"><\/path><path d=\"M12.091,38.418a1,1,0,0,1,.15-1.069l7.123-8.31A10.995,10.995,0,1,0,23.95,39H13A1,1,0,0,1,12.091,38.418Z\"><\/path><path d=\"M28.161,40.354,27.279,43H25v2h5V43h-.612l.668-2.006C30.037,41,30.019,41,30,41A2.949,2.949,0,0,1,28.161,40.354Z\"><\/path><path d=\"M45.232,17h5.1a1.667,1.667,0,0,1,1,3L48.4,22.2l1.2,1.6,2.933-2.2a3.667,3.667,0,0,0-2.2-6.6H44a1,1,0,0,0-.979,1.206L44.452,23H26V19.5a4.735,4.735,0,0,1,2.118-.5H30V17a2,2,0,0,0-2-2H22.121a2.121,2.121,0,0,0-1.5,3.621l.048.048A4.545,4.545,0,0,0,23.882,20c.04,0,.079-.006.118-.007V23.63l-4.636,5.409a11.022,11.022,0,0,1,1.52,1.3l3.754-4.379,3.474,9.727A2.983,2.983,0,0,0,27.184,37H23.95c.029.33.05.662.05,1s-.021.67-.05,1h3.234a3.018,3.018,0,0,0,.977,1.354l.89-2.67,1.9.632-.893,2.678a2.991,2.991,0,0,0,2.694-4.188L45.1,26.1l.49,2.326a11,11,0,0,1,1.868-.834ZM31.377,35.35A2.964,2.964,0,0,0,30,35h-.009L26.419,25h16.9Z\"><\/path><\/svg>\t\t\t\t\t\t<\/span>\n\t\t\t\t\t\t\t\t\t\t<span class=\"elementor-icon-list-text\">Jeden Freitag: MTB Kids Day bis 5. September<\/span>\n\t\t\t\t\t\t\t\t\t<\/li>\n\t\t\t\t\t\t<\/ul>\n\t\t\t\t\t\t<\/div>\n\t\t\t\t<\/div>\n\t\t\t\t\t<\/div>\n\t\t<\/div>\n\t\t\t\t\t<\/div>\n\t\t<\/section>\n\t\t<div class=\"elementor-element elementor-element-c5031c5 e-flex e-con-boxed e-con e-parent\" data-id=\"c5031c5\" data-element_type=\"container\" data-e-type=\"container\">\n\t\t\t\t\t<div class=\"e-con-inner\">\n\t\t\t\t<div class=\"elementor-element elementor-element-4fbe235 elementor-widget elementor-widget-text-editor\" data-id=\"4fbe235\" data-element_type=\"widget\" data-e-type=\"widget\" data-widget_type=\"text-editor.default\">\n\t\t\t\t<div class=\"elementor-widget-container\">\n\t\t\t\t\t\t\t\t\t<p class=\"translation-block\">F\u00fcr Kinder ab 8 Jahren Mountainbikefahren lernen in den Bergen, Beginn 9:30 Uhr, Dauer ca. 3 Stunden.<br> Eine Anmeldung ist bis zum Donnerstag davor, 16 Uhr, erforderlich.<br> 30 Euro pro Kind exkl. Liftkarte und Fahrradverleih<\/p><p><a href=\"https:\/\/www.zellamsee-kaprun.com\/de\/event\/kids-bike-day~11308\" target=\"_blank\" rel=\"noopener\">https:\/\/www.zellamsee-kaprun.com\/de\/event\/kids-bike-day~11308<\/a><\/p>\t\t\t\t\t\t\t\t<\/div>\n\t\t\t\t<\/div>\n\t\t\t\t\t<\/div>\n\t\t\t\t<\/div>\n\t\t\t\t<section class=\"elementor-section elementor-top-section elementor-element elementor-element-9960d72 elementor-section-boxed elementor-section-height-default elementor-section-height-default\" data-id=\"9960d72\" data-element_type=\"section\" data-e-type=\"section\">\n\t\t\t\t\t\t<div class=\"elementor-container elementor-column-gap-default\">\n\t\t\t\t\t<div class=\"elementor-column elementor-col-100 elementor-top-column elementor-element elementor-element-90ecedd\" data-id=\"90ecedd\" data-element_type=\"column\" data-e-type=\"column\">\n\t\t\t<div class=\"elementor-widget-wrap elementor-element-populated\">\n\t\t\t\t\t\t<div class=\"elementor-element elementor-element-ee25d5c elementor-icon-list--layout-traditional elementor-list-item-link-full_width elementor-widget elementor-widget-icon-list\" data-id=\"ee25d5c\" data-element_type=\"widget\" data-e-type=\"widget\" data-widget_type=\"icon-list.default\">\n\t\t\t\t<div class=\"elementor-widget-container\">\n\t\t\t\t\t\t\t<ul class=\"elementor-icon-list-items\">\n\t\t\t\t\t\t\t<li class=\"elementor-icon-list-item\">\n\t\t\t\t\t\t\t\t\t\t\t<span class=\"elementor-icon-list-icon\">\n\t\t\t\t\t\t\t<svg xmlns=\"http:\/\/www.w3.org\/2000\/svg\" id=\"Layer_3\" data-name=\"Layer 3\" viewbox=\"0 0 64 64\" width=\"512\" height=\"512\"><path d=\"M51,27a10.965,10.965,0,0,0-3.538.592L48.917,34.5l2.79,2.79-1.414,1.414-3-3a1.008,1.008,0,0,1-.272-.5l-1.427-6.78A10.992,10.992,0,1,0,51,27Z\"><\/path><path d=\"M23.95,37a10.958,10.958,0,0,0-3.066-6.662L15.174,37Z\"><\/path><path d=\"M12.091,38.418a1,1,0,0,1,.15-1.069l7.123-8.31A10.995,10.995,0,1,0,23.95,39H13A1,1,0,0,1,12.091,38.418Z\"><\/path><path d=\"M28.161,40.354,27.279,43H25v2h5V43h-.612l.668-2.006C30.037,41,30.019,41,30,41A2.949,2.949,0,0,1,28.161,40.354Z\"><\/path><path d=\"M45.232,17h5.1a1.667,1.667,0,0,1,1,3L48.4,22.2l1.2,1.6,2.933-2.2a3.667,3.667,0,0,0-2.2-6.6H44a1,1,0,0,0-.979,1.206L44.452,23H26V19.5a4.735,4.735,0,0,1,2.118-.5H30V17a2,2,0,0,0-2-2H22.121a2.121,2.121,0,0,0-1.5,3.621l.048.048A4.545,4.545,0,0,0,23.882,20c.04,0,.079-.006.118-.007V23.63l-4.636,5.409a11.022,11.022,0,0,1,1.52,1.3l3.754-4.379,3.474,9.727A2.983,2.983,0,0,0,27.184,37H23.95c.029.33.05.662.05,1s-.021.67-.05,1h3.234a3.018,3.018,0,0,0,.977,1.354l.89-2.67,1.9.632-.893,2.678a2.991,2.991,0,0,0,2.694-4.188L45.1,26.1l.49,2.326a11,11,0,0,1,1.868-.834ZM31.377,35.35A2.964,2.964,0,0,0,30,35h-.009L26.419,25h16.9Z\"><\/path><\/svg>\t\t\t\t\t\t<\/span>\n\t\t\t\t\t\t\t\t\t\t<span class=\"elementor-icon-list-text\">Radtipps (f\u00fcr jeden geeignet)<\/span>\n\t\t\t\t\t\t\t\t\t<\/li>\n\t\t\t\t\t\t<\/ul>\n\t\t\t\t\t\t<\/div>\n\t\t\t\t<\/div>\n\t\t\t\t\t<\/div>\n\t\t<\/div>\n\t\t\t\t\t<\/div>\n\t\t<\/section>\n\t\t<div class=\"elementor-element elementor-element-7a52639 e-flex e-con-boxed e-con e-parent\" data-id=\"7a52639\" data-element_type=\"container\" data-e-type=\"container\">\n\t\t\t\t\t<div class=\"e-con-inner\">\n\t\t\t\t<div class=\"elementor-element elementor-element-61c40e8 elementor-widget elementor-widget-text-editor\" data-id=\"61c40e8\" data-element_type=\"widget\" data-e-type=\"widget\" data-widget_type=\"text-editor.default\">\n\t\t\t\t<div class=\"elementor-widget-container\">\n\t\t\t\t\t\t\t\t\t<p class=\"translation-block\"><strong>Tipp 1<\/strong> : Mit Ihrer Mobilit\u00e4tskarte fahren Sie kostenlos mit der Pinzgaulokalbahn nach Krimml. Nehmen Sie Ihr E-Bike f\u00fcr 9 \u20ac mit und radeln Sie von Krimml \u00fcber den Tauernradweg nach Piesendorf (ca. 50 km) zur\u00fcck. Dies ist auch mit unseren eigenen City-E-Bikes m\u00f6glich. Wichtig: Reservieren Sie Ihr Rad vorab.<\/p><p><a href=\"https:\/\/www.pinzgauerlokalbahn.at\/content\/website_pinzgauerlokalbahn\/de_at\/freizeittipps\/radfahren.html\" target=\"_blank\" rel=\"noopener\">Webseite<\/a><\/p><p class=\"translation-block\"><strong>Radfahren \u2013 Pinzgauer Lokalbahn<\/strong><br> Informationen zur Fahrradmitnahme Zweir\u00e4drige Einpersonenfahrr\u00e4der (Lastenr\u00e4der, Elektrofahrr\u00e4der, Tandems, Lastenr\u00e4der, Dreir\u00e4der f\u00fcr Erwachsene, Einpersonen-Elektroroller)<br> (Schiene und Sattel bzw. Sattel und Fahrradanh\u00e4nger) werden grunds\u00e4tzlich in allen Z\u00fcgen bef\u00f6rdert. Fahrr\u00e4der k\u00f6nnen auch mit einem Elektroantrieb ausgestattet sein, wenn die bauartbedingte H\u00f6chstgeschwindigkeit 25 km\/h betr\u00e4gt.<\/p><p><a href=\"https:\/\/www.pinzgauerlokalbahn.at\/\" target=\"_blank\" rel=\"noopener\">https:\/\/www.pinzgauerlokalbahn.at\/<\/a><\/p><p class=\"translation-block\"><strong>Tipp 2<\/strong> : Radeln Sie rund um den Zeller See, ca. 35 km von unserem Haus entfernt, auf einer relativ ebenen Stra\u00dfe.<\/p><p class=\"translation-block\"><strong>Tipp 3<\/strong> : Ausflug nach Maria Alm (25 km), relativ flache Stra\u00dfe. Einkehr in einem Caf\u00e9 und R\u00fcckfahrt.<\/p><p>Radkarten der Region erhalten Sie in unserem Prospektst\u00e4nder im Haus Piesendorf oder im Tourismusb\u00fcro.<\/p>\t\t\t\t\t\t\t\t<\/div>\n\t\t\t\t<\/div>\n\t\t\t\t\t<\/div>\n\t\t\t\t<\/div>\n\t\t\t\t<\/div>","protected":false},"excerpt":{"rendered":"<p>Fietsen Wij raden het aan om een helm te dragen als je gaat fietsen en zeker als je de bergen in gaat. Ga nooit in de bergen fietsen met een City bike, kies dan voor een E-Mountainbike met dikke banden. Het afdalen in de bergen, vergt wel de nodige fiets ervaring, dus pas op. Een [&hellip;]<\/p>\n","protected":false},"author":2,"featured_media":0,"parent":0,"menu_order":0,"comment_status":"closed","ping_status":"closed","template":"","meta":{"site-sidebar-layout":"no-sidebar","site-content-layout":"page-builder","ast-site-content-layout":"default","site-content-style":"default","site-sidebar-style":"default","ast-global-header-display":"","ast-banner-title-visibility":"","ast-main-header-display":"","ast-hfb-above-header-display":"","ast-hfb-below-header-display":"","ast-hfb-mobile-header-display":"","site-post-title":"disabled","ast-breadcrumbs-content":"","ast-featured-img":"disabled","footer-sml-layout":"","ast-disable-related-posts":"","theme-transparent-header-meta":"","adv-header-id-meta":"","stick-header-meta":"","header-above-stick-meta":"","header-main-stick-meta":"","header-below-stick-meta":"","astra-migrate-meta-layouts":"default","ast-page-background-enabled":"default","ast-page-background-meta":{"desktop":{"background-color":"var(--ast-global-color-4)","background-image":"","background-repeat":"repeat","background-position":"center center","background-size":"auto","background-attachment":"scroll","background-type":"","background-media":"","overlay-type":"","overlay-color":"","overlay-opacity":"","overlay-gradient":""},"tablet":{"background-color":"","background-image":"","background-repeat":"repeat","background-position":"center center","background-size":"auto","background-attachment":"scroll","background-type":"","background-media":"","overlay-type":"","overlay-color":"","overlay-opacity":"","overlay-gradient":""},"mobile":{"background-color":"","background-image":"","background-repeat":"repeat","background-position":"center center","background-size":"auto","background-attachment":"scroll","background-type":"","background-media":"","overlay-type":"","overlay-color":"","overlay-opacity":"","overlay-gradient":""}},"ast-content-background-meta":{"desktop":{"background-color":"var(--ast-global-color-5)","background-image":"","background-repeat":"repeat","background-position":"center center","background-size":"auto","background-attachment":"scroll","background-type":"","background-media":"","overlay-type":"","overlay-color":"","overlay-opacity":"","overlay-gradient":""},"tablet":{"background-color":"var(--ast-global-color-5)","background-image":"","background-repeat":"repeat","background-position":"center center","background-size":"auto","background-attachment":"scroll","background-type":"","background-media":"","overlay-type":"","overlay-color":"","overlay-opacity":"","overlay-gradient":""},"mobile":{"background-color":"var(--ast-global-color-5)","background-image":"","background-repeat":"repeat","background-position":"center center","background-size":"auto","background-attachment":"scroll","background-type":"","background-media":"","overlay-type":"","overlay-color":"","overlay-opacity":"","overlay-gradient":""}},"footnotes":""},"class_list":["post-15484","page","type-page","status-publish","hentry"],"_links":{"self":[{"href":"https:\/\/haus-piesendorf.gaeste-mappe.at\/de\/wp-json\/wp\/v2\/pages\/15484","targetHints":{"allow":["GET"]}}],"collection":[{"href":"https:\/\/haus-piesendorf.gaeste-mappe.at\/de\/wp-json\/wp\/v2\/pages"}],"about":[{"href":"https:\/\/haus-piesendorf.gaeste-mappe.at\/de\/wp-json\/wp\/v2\/types\/page"}],"author":[{"embeddable":true,"href":"https:\/\/haus-piesendorf.gaeste-mappe.at\/de\/wp-json\/wp\/v2\/users\/2"}],"replies":[{"embeddable":true,"href":"https:\/\/haus-piesendorf.gaeste-mappe.at\/de\/wp-json\/wp\/v2\/comments?post=15484"}],"version-history":[{"count":0,"href":"https:\/\/haus-piesendorf.gaeste-mappe.at\/de\/wp-json\/wp\/v2\/pages\/15484\/revisions"}],"wp:attachment":[{"href":"https:\/\/haus-piesendorf.gaeste-mappe.at\/de\/wp-json\/wp\/v2\/media?parent=15484"}],"curies":[{"name":"wp","href":"https:\/\/api.w.org\/{rel}","templated":true}]}}